{"id":695,"date":"2021-02-08T11:43:31","date_gmt":"2021-02-08T10:43:31","guid":{"rendered":"https:\/\/berghaus-edelhirsch.com\/omgeving-karinthie-drielandenpunt\/"},"modified":"2021-05-04T14:47:16","modified_gmt":"2021-05-04T12:47:16","slug":"attivita-natura-e-cultura-in-tripoint-carinzia","status":"publish","type":"page","link":"https:\/\/berghaus-edelhirsch.com\/it\/attivita-natura-e-cultura-in-tripoint-carinzia\/","title":{"rendered":"Carinzia e la zona"},"content":{"rendered":"<div class=\"n2-section-smartslider fitvidsignore  n2_clear\" data-ssid=\"11\" tabindex=\"0\" role=\"region\" aria-label=\"Slider\"><div id=\"n2-ss-11-align\" class=\"n2-ss-align\" style=\"margin: 0 auto; max-width: 1200px;\"><div class=\"n2-padding\"><div id=\"n2-ss-11\" data-creator=\"Smart Slider 3\" data-responsive=\"auto\" class=\"n2-ss-slider n2-ow n2-has-hover n2notransition   n2-ss-slider-carousel-animation-horizontal\">\n\n\n\n<div class=\"n2-ss-slider-wrapper-inside\">        <div class=\"n2-ss-slider-1 n2_ss__touch_element n2-ow\">\n            <div class=\"n2-ss-slider-2 n2-ow\" style=\"\">\n                                <div class=\"n2-ss-slider-3 n2-ow\">\n                    <svg xmlns=\"http:\/\/www.w3.org\/2000\/svg\" viewBox=\"0 0 1200 800\" data-related-device=\"desktopPortrait\" class=\"n2-ow n2-ss-preserve-size n2-ss-preserve-size--slider n2-ss-slide-limiter\" style=\"max-width:1200px\"><\/svg>                    <div class=\"n2-ss-slider-pane-single n2-ow\">\n                        <div class=\"n2-ss-slider-pipeline n2-ow\" style=\"--slide-width:1200px;\">\n                            <svg xmlns=\"http:\/\/www.w3.org\/2000\/svg\" viewBox=\"0 0 1200 800\" class=\"n2-ow n2-ss-preserve-size n2-ss-slide-limiter\"><\/svg>\n                            <div data-first=\"1\" data-slide-duration=\"0\" data-id=\"663\" data-slide-public-id=\"1\" data-title=\"Cervo rosso In Austria Berghaus Edelhirsch\" data-lightbox-image=\"\/\/berghaus-edelhirsch.com\/wp-content\/uploads\/2021\/02\/Edelhert-in-Oostenrijk-Berghaus-Edelhirsch.jpg\" data-lightbox-alt=\"Cervo rosso In Austria Berghaus Edelhirsch\" class=\"n2-ss-slide  n2-ss-slide-663 n2-ow\"><div class=\"n2-ss-slide-background\" data-public-id=\"1\" data-mode=\"fill\"><div class=\"n2-ss-slide-background-image\" data-blur=\"0\" data-opacity=\"100\" data-x=\"50\" data-y=\"50\" data-alt=\"Cervo rosso In Austria Berghaus Edelhirsch\" data-title=\"\"><picture class=\"skip-lazy\" data-skip-lazy=\"1\"><img decoding=\"async\" src=\"\/\/berghaus-edelhirsch.com\/wp-content\/uploads\/2021\/02\/Edelhert-in-Oostenrijk-Berghaus-Edelhirsch.jpg\" alt=\"Cervo rosso In Austria Berghaus Edelhirsch\" title=\"\" loading=\"lazy\" class=\"skip-lazy\" data-skip-lazy=\"1\"><\/picture><\/div><div data-color=\"RGBA(255,255,255,0)\" style=\"background-color: RGBA(255,255,255,0);\" class=\"n2-ss-slide-background-color\"><\/div><\/div><div role=\"note\" class=\"n2-ss-slide--focus\" tabindex=\"-1\">Cervo rosso In Austria Berghaus Edelhirsch<\/div><div class=\"n2-ss-layers-container n2-ss-slide-limiter n2-ow\"><div class=\"n2-ss-layer n2-ow n-uc-sDilHa4PkVsM\" data-sstype=\"slide\" data-pm=\"default\"><\/div><\/div><\/div><div data-slide-duration=\"0\" data-id=\"664\" data-slide-public-id=\"2\" aria-hidden=\"true\" data-title=\"Cascata sulla rotta verso il Weissensee Berghaus Edelhirsch\" data-lightbox-image=\"\/\/berghaus-edelhirsch.com\/wp-content\/uploads\/2021\/02\/Waterval-op-de-route-naar-Weissensee-Berghaus-Edelhirsch.jpg\" data-lightbox-alt=\"Cascata sulla rotta verso il Weissensee Berghaus Edelhirsch\" class=\"n2-ss-slide  n2-ss-slide-664 n2-ow\"><div class=\"n2-ss-slide-background\" data-public-id=\"2\" data-mode=\"fill\"><div class=\"n2-ss-slide-background-image\" data-blur=\"0\" data-opacity=\"100\" data-x=\"50\" data-y=\"50\" data-alt=\"Cascata sulla rotta verso il Weissensee Berghaus Edelhirsch\" data-title=\"\"><picture class=\"skip-lazy\" data-skip-lazy=\"1\"><img decoding=\"async\" src=\"\/\/berghaus-edelhirsch.com\/wp-content\/uploads\/2021\/02\/Waterval-op-de-route-naar-Weissensee-Berghaus-Edelhirsch.jpg\" alt=\"Cascata sulla rotta verso il Weissensee Berghaus Edelhirsch\" title=\"\" loading=\"lazy\" class=\"skip-lazy\" data-skip-lazy=\"1\"><\/picture><\/div><div data-color=\"RGBA(255,255,255,0)\" style=\"background-color: RGBA(255,255,255,0);\" class=\"n2-ss-slide-background-color\"><\/div><\/div><div role=\"note\" class=\"n2-ss-slide--focus\" tabindex=\"-1\">Cascata sulla rotta verso il Weissensee Berghaus Edelhirsch<\/div><div class=\"n2-ss-layers-container n2-ss-slide-limiter n2-ow\"><div class=\"n2-ss-layer n2-ow n-uc-44LLHqJdBgRW\" data-sstype=\"slide\" data-pm=\"default\"><\/div><\/div><\/div><div data-slide-duration=\"0\" data-id=\"666\" data-slide-public-id=\"3\" aria-hidden=\"true\" data-title=\"Passeggiata nel bosco Berghaus Edelhirsch\" data-lightbox-image=\"\/\/berghaus-edelhirsch.com\/wp-content\/uploads\/2021\/04\/boswandeling-berghaus-edelhirsch.jpg\" data-lightbox-alt=\"Passeggiata nel bosco Berghaus Edelhirsch\" class=\"n2-ss-slide  n2-ss-slide-666 n2-ow\"><div class=\"n2-ss-slide-background\" data-public-id=\"3\" data-mode=\"fill\"><div class=\"n2-ss-slide-background-image\" data-blur=\"0\" data-opacity=\"100\" data-x=\"50\" data-y=\"50\" data-alt=\"Passeggiata nel bosco Berghaus Edelhirsch\" data-title=\"\"><picture class=\"skip-lazy\" data-skip-lazy=\"1\"><img decoding=\"async\" src=\"\/\/berghaus-edelhirsch.com\/wp-content\/uploads\/2021\/04\/boswandeling-berghaus-edelhirsch.jpg\" alt=\"Passeggiata nel bosco Berghaus Edelhirsch\" title=\"\" loading=\"lazy\" class=\"skip-lazy\" data-skip-lazy=\"1\"><\/picture><\/div><div data-color=\"RGBA(255,255,255,0)\" style=\"background-color: RGBA(255,255,255,0);\" class=\"n2-ss-slide-background-color\"><\/div><\/div><div role=\"note\" class=\"n2-ss-slide--focus\" tabindex=\"-1\">Passeggiata nel bosco Berghaus Edelhirsch<\/div><div class=\"n2-ss-layers-container n2-ss-slide-limiter n2-ow\"><div class=\"n2-ss-layer n2-ow n-uc-GULVLPosnnCc\" data-sstype=\"slide\" data-pm=\"default\"><\/div><\/div><\/div><div data-slide-duration=\"0\" data-id=\"972\" data-slide-public-id=\"4\" aria-hidden=\"true\" data-title=\"Slovenia, percorso panoramico Vrsic Berghaus Edelhirsch\" data-lightbox-image=\"\/\/berghaus-edelhirsch.com\/wp-content\/uploads\/2021\/07\/Slovenia-panoramaroute-Vrsic-Berghaus-Edelhirsch.jpg\" data-lightbox-alt=\"Slovenia, percorso panoramico Vrsic Berghaus Edelhirsch\" class=\"n2-ss-slide  n2-ss-slide-972 n2-ow\"><div class=\"n2-ss-slide-background\" data-public-id=\"4\" data-mode=\"fill\"><div class=\"n2-ss-slide-background-image\" data-blur=\"0\" data-opacity=\"100\" data-x=\"50\" data-y=\"50\" data-alt=\"Slovenia, percorso panoramico Vrsic Berghaus Edelhirsch\" data-title=\"\"><picture class=\"skip-lazy\" data-skip-lazy=\"1\"><img decoding=\"async\" src=\"\/\/berghaus-edelhirsch.com\/wp-content\/uploads\/2021\/07\/Slovenia-panoramaroute-Vrsic-Berghaus-Edelhirsch.jpg\" alt=\"Slovenia, percorso panoramico Vrsic Berghaus Edelhirsch\" title=\"\" loading=\"lazy\" class=\"skip-lazy\" data-skip-lazy=\"1\"><\/picture><\/div><div data-color=\"RGBA(255,255,255,0)\" style=\"background-color: RGBA(255,255,255,0);\" class=\"n2-ss-slide-background-color\"><\/div><\/div><div role=\"note\" class=\"n2-ss-slide--focus\" tabindex=\"-1\">Slovenia, percorso panoramico Vrsic Berghaus Edelhirsch<\/div><div class=\"n2-ss-layers-container n2-ss-slide-limiter n2-ow\"><div class=\"n2-ss-layer n2-ow n-uc-pAbQ0MaVT6bn\" data-sstype=\"slide\" data-pm=\"default\"><\/div><\/div><\/div><div data-slide-duration=\"0\" data-id=\"973\" data-slide-public-id=\"5\" aria-hidden=\"true\" data-title=\"Percorso attraverso le montagne Slovenia Berghaus Edelhirsch\" data-lightbox-image=\"\/\/berghaus-edelhirsch.com\/wp-content\/uploads\/2021\/07\/Route-door-de-bergen-Slovenie-Berghaus-Edelhirsch.jpg\" data-lightbox-alt=\"Percorso attraverso le montagne Slovenia Berghaus Edelhirsch\" class=\"n2-ss-slide  n2-ss-slide-973 n2-ow\"><div class=\"n2-ss-slide-background\" data-public-id=\"5\" data-mode=\"fill\"><div class=\"n2-ss-slide-background-image\" data-blur=\"0\" data-opacity=\"100\" data-x=\"50\" data-y=\"50\" data-alt=\"Percorso attraverso le montagne Slovenia Berghaus Edelhirsch\" data-title=\"\"><picture class=\"skip-lazy\" data-skip-lazy=\"1\"><img decoding=\"async\" src=\"\/\/berghaus-edelhirsch.com\/wp-content\/uploads\/2021\/07\/Route-door-de-bergen-Slovenie-Berghaus-Edelhirsch.jpg\" alt=\"Percorso attraverso le montagne Slovenia Berghaus Edelhirsch\" title=\"\" loading=\"lazy\" class=\"skip-lazy\" data-skip-lazy=\"1\"><\/picture><\/div><div data-color=\"RGBA(255,255,255,0)\" style=\"background-color: RGBA(255,255,255,0);\" class=\"n2-ss-slide-background-color\"><\/div><\/div><div role=\"note\" class=\"n2-ss-slide--focus\" tabindex=\"-1\">Percorso attraverso le montagne Slovenia Berghaus Edelhirsch<\/div><div class=\"n2-ss-layers-container n2-ss-slide-limiter n2-ow\"><div class=\"n2-ss-layer n2-ow n-uc-yzoe2oyGPyk0\" data-sstype=\"slide\" data-pm=\"default\"><\/div><\/div><\/div><div data-slide-duration=\"0\" data-id=\"667\" data-slide-public-id=\"6\" aria-hidden=\"true\" data-title=\"Gita in barca sul Weissensee Berghaus Edelhirsch\" data-lightbox-image=\"\/\/berghaus-edelhirsch.com\/wp-content\/uploads\/2021\/02\/Rondvaart-op-Weissensee-Berghaus-Edelhirsch.jpg\" data-lightbox-alt=\"Gita in barca sul Weissensee Berghaus Edelhirsch\" class=\"n2-ss-slide  n2-ss-slide-667 n2-ow\"><div class=\"n2-ss-slide-background\" data-public-id=\"6\" data-mode=\"fill\"><div class=\"n2-ss-slide-background-image\" data-blur=\"0\" data-opacity=\"100\" data-x=\"50\" data-y=\"50\" data-alt=\"Gita in barca sul Weissensee Berghaus Edelhirsch\" data-title=\"\"><picture class=\"skip-lazy\" data-skip-lazy=\"1\"><img decoding=\"async\" src=\"\/\/berghaus-edelhirsch.com\/wp-content\/uploads\/2021\/02\/Rondvaart-op-Weissensee-Berghaus-Edelhirsch.jpg\" alt=\"Gita in barca sul Weissensee Berghaus Edelhirsch\" title=\"\" loading=\"lazy\" class=\"skip-lazy\" data-skip-lazy=\"1\"><\/picture><\/div><div data-color=\"RGBA(255,255,255,0)\" style=\"background-color: RGBA(255,255,255,0);\" class=\"n2-ss-slide-background-color\"><\/div><\/div><div role=\"note\" class=\"n2-ss-slide--focus\" tabindex=\"-1\">Gita in barca sul Weissensee Berghaus Edelhirsch<\/div><div class=\"n2-ss-layers-container n2-ss-slide-limiter n2-ow\"><div class=\"n2-ss-layer n2-ow n-uc-k3ascOLPRzv1\" data-sstype=\"slide\" data-pm=\"default\"><\/div><\/div><\/div><div data-slide-duration=\"0\" data-id=\"668\" data-slide-public-id=\"7\" aria-hidden=\"true\" data-title=\"Sentieri escursionistici in cima al Dreilandeneck Berghaus Edelhirsch\" data-lightbox-image=\"\/\/berghaus-edelhirsch.com\/wp-content\/uploads\/2021\/02\/Wandelroutes-boven-op-Dreilandeneck-Berghaus-Edelhirsch.jpg\" data-lightbox-alt=\"Sentieri escursionistici in cima al Dreilandeneck Berghaus Edelhirsch\" class=\"n2-ss-slide  n2-ss-slide-668 n2-ow\"><div class=\"n2-ss-slide-background\" data-public-id=\"7\" data-mode=\"fill\"><div class=\"n2-ss-slide-background-image\" data-blur=\"0\" data-opacity=\"100\" data-x=\"50\" data-y=\"50\" data-alt=\"Sentieri escursionistici in cima al Dreilandeneck Berghaus Edelhirsch\" data-title=\"\"><picture class=\"skip-lazy\" data-skip-lazy=\"1\"><img decoding=\"async\" src=\"\/\/berghaus-edelhirsch.com\/wp-content\/uploads\/2021\/02\/Wandelroutes-boven-op-Dreilandeneck-Berghaus-Edelhirsch.jpg\" alt=\"Sentieri escursionistici in cima al Dreilandeneck Berghaus Edelhirsch\" title=\"\" loading=\"lazy\" class=\"skip-lazy\" data-skip-lazy=\"1\"><\/picture><\/div><div data-color=\"RGBA(255,255,255,0)\" style=\"background-color: RGBA(255,255,255,0);\" class=\"n2-ss-slide-background-color\"><\/div><\/div><div role=\"note\" class=\"n2-ss-slide--focus\" tabindex=\"-1\">Sentieri escursionistici in cima al Dreilandeneck Berghaus Edelhirsch<\/div><div class=\"n2-ss-layers-container n2-ss-slide-limiter n2-ow\"><div class=\"n2-ss-layer n2-ow n-uc-mswQ0FN67pDX\" data-sstype=\"slide\" data-pm=\"default\"><\/div><\/div><\/div><div data-slide-duration=\"0\" data-id=\"971\" data-slide-public-id=\"8\" aria-hidden=\"true\" data-title=\"Escursione da Seltschach fino all'Arnoldstein Berghaus Edelhirsch\" data-lightbox-image=\"\/\/berghaus-edelhirsch.com\/wp-content\/uploads\/2021\/07\/Wandeling-van-Seltschach-omlaag-naar-Arnoldstein-Berghaus-Edelhirsch.jpg\" data-lightbox-alt=\"Escursione da Seltschach fino all'Arnoldstein Berghaus Edelhirsch\" class=\"n2-ss-slide  n2-ss-slide-971 n2-ow\"><div class=\"n2-ss-slide-background\" data-public-id=\"8\" data-mode=\"fill\"><div class=\"n2-ss-slide-background-image\" data-blur=\"0\" data-opacity=\"100\" data-x=\"50\" data-y=\"50\" data-alt=\"Escursione da Seltschach fino all'Arnoldstein Berghaus Edelhirsch\" data-title=\"\"><picture class=\"skip-lazy\" data-skip-lazy=\"1\"><img decoding=\"async\" src=\"\/\/berghaus-edelhirsch.com\/wp-content\/uploads\/2021\/07\/Wandeling-van-Seltschach-omlaag-naar-Arnoldstein-Berghaus-Edelhirsch.jpg\" alt=\"Escursione da Seltschach fino all'Arnoldstein Berghaus Edelhirsch\" title=\"\" loading=\"lazy\" class=\"skip-lazy\" data-skip-lazy=\"1\"><\/picture><\/div><div data-color=\"RGBA(255,255,255,0)\" style=\"background-color: RGBA(255,255,255,0);\" class=\"n2-ss-slide-background-color\"><\/div><\/div><div role=\"note\" class=\"n2-ss-slide--focus\" tabindex=\"-1\">Escursione da Seltschach fino all&#8217;Arnoldstein Berghaus Edelhirsch<\/div><div class=\"n2-ss-layers-container n2-ss-slide-limiter n2-ow\"><div class=\"n2-ss-layer n2-ow n-uc-AFOvgI2RJFFB\" data-sstype=\"slide\" data-pm=\"default\"><\/div><\/div><\/div><div data-slide-duration=\"0\" data-id=\"976\" data-slide-public-id=\"9\" aria-hidden=\"true\" data-title=\"Dreilandeneck in cima al Berghaus Edelhirsch\" data-lightbox-image=\"\/\/berghaus-edelhirsch.com\/wp-content\/uploads\/2021\/07\/Dreilandeneck-boven-op-de-berg-Berghaus-Edelhirsch.jpg\" data-lightbox-alt=\"Dreilandeneck in cima al Berghaus Edelhirsch\" class=\"n2-ss-slide  n2-ss-slide-976 n2-ow\"><div class=\"n2-ss-slide-background\" data-public-id=\"9\" data-mode=\"fill\"><div class=\"n2-ss-slide-background-image\" data-blur=\"0\" data-opacity=\"100\" data-x=\"50\" data-y=\"50\" data-alt=\"Dreilandeneck in cima al Berghaus Edelhirsch\" data-title=\"\"><picture class=\"skip-lazy\" data-skip-lazy=\"1\"><img decoding=\"async\" src=\"\/\/berghaus-edelhirsch.com\/wp-content\/uploads\/2021\/07\/Dreilandeneck-boven-op-de-berg-Berghaus-Edelhirsch.jpg\" alt=\"Dreilandeneck in cima al Berghaus Edelhirsch\" title=\"\" loading=\"lazy\" class=\"skip-lazy\" data-skip-lazy=\"1\"><\/picture><\/div><div data-color=\"RGBA(255,255,255,0)\" style=\"background-color: RGBA(255,255,255,0);\" class=\"n2-ss-slide-background-color\"><\/div><\/div><div role=\"note\" class=\"n2-ss-slide--focus\" tabindex=\"-1\">Dreilandeneck in cima al Berghaus Edelhirsch<\/div><div class=\"n2-ss-layers-container n2-ss-slide-limiter n2-ow\"><div class=\"n2-ss-layer n2-ow n-uc-IZCsfNBzvery\" data-sstype=\"slide\" data-pm=\"default\"><\/div><\/div><\/div><div data-slide-duration=\"0\" data-id=\"669\" data-slide-public-id=\"10\" aria-hidden=\"true\" data-title=\"Camminando in cima al Dreilandeneck Berghaus Edelhirsch\" data-lightbox-image=\"\/\/berghaus-edelhirsch.com\/wp-content\/uploads\/2021\/02\/Wandelen-boven-op-Dreilandeneck-Berghaus-Edelhirsch.jpg\" data-lightbox-alt=\"Camminando in cima al Dreilandeneck Berghaus Edelhirsch\" class=\"n2-ss-slide  n2-ss-slide-669 n2-ow\"><div class=\"n2-ss-slide-background\" data-public-id=\"10\" data-mode=\"fill\"><div class=\"n2-ss-slide-background-image\" data-blur=\"0\" data-opacity=\"100\" data-x=\"50\" data-y=\"50\" data-alt=\"Camminando in cima al Dreilandeneck Berghaus Edelhirsch\" data-title=\"\"><picture class=\"skip-lazy\" data-skip-lazy=\"1\"><img decoding=\"async\" src=\"\/\/berghaus-edelhirsch.com\/wp-content\/uploads\/2021\/02\/Wandelen-boven-op-Dreilandeneck-Berghaus-Edelhirsch.jpg\" alt=\"Camminando in cima al Dreilandeneck Berghaus Edelhirsch\" title=\"\" loading=\"lazy\" class=\"skip-lazy\" data-skip-lazy=\"1\"><\/picture><\/div><div data-color=\"RGBA(255,255,255,0)\" style=\"background-color: RGBA(255,255,255,0);\" class=\"n2-ss-slide-background-color\"><\/div><\/div><div role=\"note\" class=\"n2-ss-slide--focus\" tabindex=\"-1\">Camminando in cima al Dreilandeneck Berghaus Edelhirsch<\/div><div class=\"n2-ss-layers-container n2-ss-slide-limiter n2-ow\"><div class=\"n2-ss-layer n2-ow n-uc-oVIleUjmoUJ1\" data-sstype=\"slide\" data-pm=\"default\"><\/div><\/div><\/div><div data-slide-duration=\"0\" data-id=\"974\" data-slide-public-id=\"11\" aria-hidden=\"true\" data-title=\"Piccolo fiume vicino a Greuth a met\u00e0 strada per Seltschach Berghaus Edelhirsch\" data-lightbox-image=\"\/\/berghaus-edelhirsch.com\/wp-content\/uploads\/2021\/07\/Riviertje-bij-Greuth-halverwege-de-weg-naar-Seltschach-Berghaus-Edelhirsch.jpg\" data-lightbox-alt=\"Piccolo fiume vicino a Greuth a met\u00e0 strada per Seltschach Berghaus Edelhirsch\" class=\"n2-ss-slide  n2-ss-slide-974 n2-ow\"><div class=\"n2-ss-slide-background\" data-public-id=\"11\" data-mode=\"fill\"><div class=\"n2-ss-slide-background-image\" data-blur=\"0\" data-opacity=\"100\" data-x=\"50\" data-y=\"50\" data-alt=\"Piccolo fiume vicino a Greuth a met\u00e0 strada per Seltschach Berghaus Edelhirsch\" data-title=\"\"><picture class=\"skip-lazy\" data-skip-lazy=\"1\"><img decoding=\"async\" src=\"\/\/berghaus-edelhirsch.com\/wp-content\/uploads\/2021\/07\/Riviertje-bij-Greuth-halverwege-de-weg-naar-Seltschach-Berghaus-Edelhirsch.jpg\" alt=\"Piccolo fiume vicino a Greuth a met\u00e0 strada per Seltschach Berghaus Edelhirsch\" title=\"\" loading=\"lazy\" class=\"skip-lazy\" data-skip-lazy=\"1\"><\/picture><\/div><div data-color=\"RGBA(255,255,255,0)\" style=\"background-color: RGBA(255,255,255,0);\" class=\"n2-ss-slide-background-color\"><\/div><\/div><div role=\"note\" class=\"n2-ss-slide--focus\" tabindex=\"-1\">Piccolo fiume vicino a Greuth a met\u00e0 strada per Seltschach Berghaus Edelhirsch<\/div><div class=\"n2-ss-layers-container n2-ss-slide-limiter n2-ow\"><div class=\"n2-ss-layer n2-ow n-uc-OcNRIhrU4tdx\" data-sstype=\"slide\" data-pm=\"default\"><\/div><\/div><\/div><div data-slide-duration=\"0\" data-id=\"670\" data-slide-public-id=\"12\" aria-hidden=\"true\" data-title=\"Preseggersee Berghaus Edelhirsch\" data-lightbox-image=\"\/\/berghaus-edelhirsch.com\/wp-content\/uploads\/2021\/02\/Preseggersee-1-Berghaus-Edelhirsch.jpg\" data-lightbox-alt=\"Preseggersee Berghaus Edelhirsch\" class=\"n2-ss-slide  n2-ss-slide-670 n2-ow\"><div class=\"n2-ss-slide-background\" data-public-id=\"12\" data-mode=\"fill\"><div class=\"n2-ss-slide-background-image\" data-blur=\"0\" data-opacity=\"100\" data-x=\"50\" data-y=\"50\" data-alt=\"Preseggersee Berghaus Edelhirsch\" data-title=\"\"><picture class=\"skip-lazy\" data-skip-lazy=\"1\"><img decoding=\"async\" src=\"\/\/berghaus-edelhirsch.com\/wp-content\/uploads\/2021\/02\/Preseggersee-1-Berghaus-Edelhirsch.jpg\" alt=\"Preseggersee Berghaus Edelhirsch\" title=\"\" loading=\"lazy\" class=\"skip-lazy\" data-skip-lazy=\"1\"><\/picture><\/div><div data-color=\"RGBA(255,255,255,0)\" style=\"background-color: RGBA(255,255,255,0);\" class=\"n2-ss-slide-background-color\"><\/div><\/div><div role=\"note\" class=\"n2-ss-slide--focus\" tabindex=\"-1\">Preseggersee Berghaus Edelhirsch<\/div><div class=\"n2-ss-layers-container n2-ss-slide-limiter n2-ow\"><div class=\"n2-ss-layer n2-ow n-uc-4BpAvZttj38Y\" data-sstype=\"slide\" data-pm=\"default\"><\/div><\/div><\/div><div data-slide-duration=\"0\" data-id=\"977\" data-slide-public-id=\"13\" aria-hidden=\"true\" data-title=\"Affenberg Faaker See Berghaus Edelhirsch\" data-lightbox-image=\"\/\/berghaus-edelhirsch.com\/wp-content\/uploads\/2021\/07\/Affenberg-Faaker-See-Berghaus-Edelhirsch.jpg\" data-lightbox-alt=\"Affenberg Faaker See Berghaus Edelhirsch\" class=\"n2-ss-slide  n2-ss-slide-977 n2-ow\"><div class=\"n2-ss-slide-background\" data-public-id=\"13\" data-mode=\"fill\"><div class=\"n2-ss-slide-background-image\" data-blur=\"0\" data-opacity=\"100\" data-x=\"50\" data-y=\"50\" data-alt=\"Affenberg Faaker See Berghaus Edelhirsch\" data-title=\"\"><picture class=\"skip-lazy\" data-skip-lazy=\"1\"><img decoding=\"async\" src=\"\/\/berghaus-edelhirsch.com\/wp-content\/uploads\/2021\/07\/Affenberg-Faaker-See-Berghaus-Edelhirsch.jpg\" alt=\"Affenberg Faaker See Berghaus Edelhirsch\" title=\"\" loading=\"lazy\" class=\"skip-lazy\" data-skip-lazy=\"1\"><\/picture><\/div><div data-color=\"RGBA(255,255,255,0)\" style=\"background-color: RGBA(255,255,255,0);\" class=\"n2-ss-slide-background-color\"><\/div><\/div><div role=\"note\" class=\"n2-ss-slide--focus\" tabindex=\"-1\">Affenberg Faaker See Berghaus Edelhirsch<\/div><div class=\"n2-ss-layers-container n2-ss-slide-limiter n2-ow\"><div class=\"n2-ss-layer n2-ow n-uc-KlgrTDvqeKao\" data-sstype=\"slide\" data-pm=\"default\"><\/div><\/div><\/div><div data-slide-duration=\"0\" data-id=\"975\" data-slide-public-id=\"14\" aria-hidden=\"true\" data-title=\"Faaker See Affenberg, Berghaus Edelhirsch\" data-lightbox-image=\"\/\/berghaus-edelhirsch.com\/wp-content\/uploads\/2021\/07\/Faaker-See-Affenberg-Berghaus-Edelhirsch.jpg\" data-lightbox-alt=\"Faaker See Affenberg, Berghaus Edelhirsch\" class=\"n2-ss-slide  n2-ss-slide-975 n2-ow\"><div class=\"n2-ss-slide-background\" data-public-id=\"14\" data-mode=\"fill\"><div class=\"n2-ss-slide-background-image\" data-blur=\"0\" data-opacity=\"100\" data-x=\"50\" data-y=\"50\" data-alt=\"Faaker See Affenberg, Berghaus Edelhirsch\" data-title=\"\"><picture class=\"skip-lazy\" data-skip-lazy=\"1\"><img decoding=\"async\" src=\"\/\/berghaus-edelhirsch.com\/wp-content\/uploads\/2021\/07\/Faaker-See-Affenberg-Berghaus-Edelhirsch.jpg\" alt=\"Faaker See Affenberg, Berghaus Edelhirsch\" title=\"\" loading=\"lazy\" class=\"skip-lazy\" data-skip-lazy=\"1\"><\/picture><\/div><div data-color=\"RGBA(255,255,255,0)\" style=\"background-color: RGBA(255,255,255,0);\" class=\"n2-ss-slide-background-color\"><\/div><\/div><div role=\"note\" class=\"n2-ss-slide--focus\" tabindex=\"-1\">Faaker See Affenberg, Berghaus Edelhirsch<\/div><div class=\"n2-ss-layers-container n2-ss-slide-limiter n2-ow\"><div class=\"n2-ss-layer n2-ow n-uc-lCGqZLSDO6Xh\" data-sstype=\"slide\" data-pm=\"default\"><\/div><\/div><\/div><div data-slide-duration=\"0\" data-id=\"671\" data-slide-public-id=\"15\" aria-hidden=\"true\" data-title=\"Cartello Seltschach Berghaus Edelhirsch\" data-lightbox-image=\"\/\/berghaus-edelhirsch.com\/wp-content\/uploads\/2021\/02\/Bord-Seltschach-Berghaus-Edelhirsch.jpg\" data-lightbox-alt=\"Cartello Seltschach Berghaus Edelhirsch\" class=\"n2-ss-slide  n2-ss-slide-671 n2-ow\"><div class=\"n2-ss-slide-background\" data-public-id=\"15\" data-mode=\"fill\"><div class=\"n2-ss-slide-background-image\" data-blur=\"0\" data-opacity=\"100\" data-x=\"50\" data-y=\"50\" data-alt=\"Cartello Seltschach Berghaus Edelhirsch\" data-title=\"\"><picture class=\"skip-lazy\" data-skip-lazy=\"1\"><img decoding=\"async\" src=\"\/\/berghaus-edelhirsch.com\/wp-content\/uploads\/2021\/02\/Bord-Seltschach-Berghaus-Edelhirsch.jpg\" alt=\"Cartello Seltschach Berghaus Edelhirsch\" title=\"\" loading=\"lazy\" class=\"skip-lazy\" data-skip-lazy=\"1\"><\/picture><\/div><div data-color=\"RGBA(255,255,255,0)\" style=\"background-color: RGBA(255,255,255,0);\" class=\"n2-ss-slide-background-color\"><\/div><\/div><div role=\"note\" class=\"n2-ss-slide--focus\" tabindex=\"-1\">Cartello Seltschach Berghaus Edelhirsch<\/div><div class=\"n2-ss-layers-container n2-ss-slide-limiter n2-ow\"><div class=\"n2-ss-layer n2-ow n-uc-ASkfB1GLuMMB\" data-sstype=\"slide\" data-pm=\"default\"><\/div><\/div><\/div><div data-slide-duration=\"0\" data-id=\"672\" data-slide-public-id=\"16\" aria-hidden=\"true\" data-title=\"Pizzico austriaco Berghaus Edelhirsch\" data-lightbox-image=\"\/\/berghaus-edelhirsch.com\/wp-content\/uploads\/2021\/02\/Oer-Oostenrijks-knijpje-Berghaus-Edelhirsch.jpg\" data-lightbox-alt=\"Pizzico austriaco Berghaus Edelhirsch\" class=\"n2-ss-slide  n2-ss-slide-672 n2-ow\"><div class=\"n2-ss-slide-background\" data-public-id=\"16\" data-mode=\"fill\"><div class=\"n2-ss-slide-background-image\" data-blur=\"0\" data-opacity=\"100\" data-x=\"50\" data-y=\"50\" data-alt=\"Pizzico austriaco Berghaus Edelhirsch\" data-title=\"\"><picture class=\"skip-lazy\" data-skip-lazy=\"1\"><img decoding=\"async\" src=\"\/\/berghaus-edelhirsch.com\/wp-content\/uploads\/2021\/02\/Oer-Oostenrijks-knijpje-Berghaus-Edelhirsch.jpg\" alt=\"Pizzico austriaco Berghaus Edelhirsch\" title=\"\" loading=\"lazy\" class=\"skip-lazy\" data-skip-lazy=\"1\"><\/picture><\/div><div data-color=\"RGBA(255,255,255,0)\" style=\"background-color: RGBA(255,255,255,0);\" class=\"n2-ss-slide-background-color\"><\/div><\/div><div role=\"note\" class=\"n2-ss-slide--focus\" tabindex=\"-1\">Pizzico austriaco Berghaus Edelhirsch<\/div><div class=\"n2-ss-layers-container n2-ss-slide-limiter n2-ow\"><div class=\"n2-ss-layer n2-ow n-uc-T4YE25f4vEwl\" data-sstype=\"slide\" data-pm=\"default\"><\/div><\/div><\/div><div data-slide-duration=\"0\" data-id=\"673\" data-slide-public-id=\"17\" aria-hidden=\"true\" data-title=\"Kranjska Gora Slovenia Berghaus Edelhirsch\" data-lightbox-image=\"\/\/berghaus-edelhirsch.com\/wp-content\/uploads\/2021\/02\/Kranjska-Gora-Slovenie-Berghaus-Edelhirsch.jpg\" data-lightbox-alt=\"Kranjska Gora Slovenia Berghaus Edelhirsch\" class=\"n2-ss-slide  n2-ss-slide-673 n2-ow\"><div class=\"n2-ss-slide-background\" data-public-id=\"17\" data-mode=\"fill\"><div class=\"n2-ss-slide-background-image\" data-blur=\"0\" data-opacity=\"100\" data-x=\"50\" data-y=\"50\" data-alt=\"Kranjska Gora Slovenia Berghaus Edelhirsch\" data-title=\"\"><picture class=\"skip-lazy\" data-skip-lazy=\"1\"><img decoding=\"async\" src=\"\/\/berghaus-edelhirsch.com\/wp-content\/uploads\/2021\/02\/Kranjska-Gora-Slovenie-Berghaus-Edelhirsch.jpg\" alt=\"Kranjska Gora Slovenia Berghaus Edelhirsch\" title=\"\" loading=\"lazy\" class=\"skip-lazy\" data-skip-lazy=\"1\"><\/picture><\/div><div data-color=\"RGBA(255,255,255,0)\" style=\"background-color: RGBA(255,255,255,0);\" class=\"n2-ss-slide-background-color\"><\/div><\/div><div role=\"note\" class=\"n2-ss-slide--focus\" tabindex=\"-1\">Kranjska Gora Slovenia Berghaus Edelhirsch<\/div><div class=\"n2-ss-layers-container n2-ss-slide-limiter n2-ow\"><div class=\"n2-ss-layer n2-ow n-uc-7HQU9HeueS7j\" data-sstype=\"slide\" data-pm=\"default\"><\/div><\/div><\/div><div data-slide-duration=\"0\" data-id=\"674\" data-slide-public-id=\"18\" aria-hidden=\"true\" data-title=\"Slittino Alla Pista Berghaus Edelhirsch\" data-lightbox-image=\"\/\/berghaus-edelhirsch.com\/wp-content\/uploads\/2021\/02\/Sleeen-bij-de-piste-Berghaus-Edelhirsch-scaled.jpg\" data-lightbox-alt=\"Slittino Alla Pista Berghaus Edelhirsch\" class=\"n2-ss-slide  n2-ss-slide-674 n2-ow\"><div class=\"n2-ss-slide-background\" data-public-id=\"18\" data-mode=\"fill\"><div class=\"n2-ss-slide-background-image\" data-blur=\"0\" data-opacity=\"100\" data-x=\"50\" data-y=\"50\" data-alt=\"Slittino Alla Pista Berghaus Edelhirsch\" data-title=\"\"><picture class=\"skip-lazy\" data-skip-lazy=\"1\"><img decoding=\"async\" src=\"\/\/berghaus-edelhirsch.com\/wp-content\/uploads\/2021\/02\/Sleeen-bij-de-piste-Berghaus-Edelhirsch-scaled.jpg\" alt=\"Slittino Alla Pista Berghaus Edelhirsch\" title=\"\" loading=\"lazy\" class=\"skip-lazy\" data-skip-lazy=\"1\"><\/picture><\/div><div data-color=\"RGBA(255,255,255,0)\" style=\"background-color: RGBA(255,255,255,0);\" class=\"n2-ss-slide-background-color\"><\/div><\/div><div role=\"note\" class=\"n2-ss-slide--focus\" tabindex=\"-1\">Slittino Alla Pista Berghaus Edelhirsch<\/div><div class=\"n2-ss-layers-container n2-ss-slide-limiter n2-ow\"><div class=\"n2-ss-layer n2-ow n-uc-lCWX9dY5Icoe\" data-sstype=\"slide\" data-pm=\"default\"><\/div><\/div><\/div><div data-slide-duration=\"0\" data-id=\"675\" data-slide-public-id=\"19\" aria-hidden=\"true\" data-title=\"Corso di sci per bambini Berghaus Edelhirsch\" data-lightbox-image=\"\/\/berghaus-edelhirsch.com\/wp-content\/uploads\/2021\/02\/Jong-geleerd-Berghaus-Edelhirsch.jpg\" data-lightbox-alt=\"Corso di sci per bambini Berghaus Edelhirsch\" class=\"n2-ss-slide  n2-ss-slide-675 n2-ow\"><div class=\"n2-ss-slide-background\" data-public-id=\"19\" data-mode=\"fill\"><div class=\"n2-ss-slide-background-image\" data-blur=\"0\" data-opacity=\"100\" data-x=\"50\" data-y=\"50\" data-alt=\"Corso di sci per bambini Berghaus Edelhirsch\" data-title=\"\"><picture class=\"skip-lazy\" data-skip-lazy=\"1\"><img decoding=\"async\" src=\"\/\/berghaus-edelhirsch.com\/wp-content\/uploads\/2021\/02\/Jong-geleerd-Berghaus-Edelhirsch.jpg\" alt=\"Corso di sci per bambini Berghaus Edelhirsch\" title=\"\" loading=\"lazy\" class=\"skip-lazy\" data-skip-lazy=\"1\"><\/picture><\/div><div data-color=\"RGBA(255,255,255,0)\" style=\"background-color: RGBA(255,255,255,0);\" class=\"n2-ss-slide-background-color\"><\/div><\/div><div role=\"note\" class=\"n2-ss-slide--focus\" tabindex=\"-1\">Corso di sci per bambini Berghaus Edelhirsch<\/div><div class=\"n2-ss-layers-container n2-ss-slide-limiter n2-ow\"><div class=\"n2-ss-layer n2-ow n-uc-GskuYaq3jPSK\" data-sstype=\"slide\" data-pm=\"default\"><\/div><\/div><\/div><div data-slide-duration=\"0\" data-id=\"676\" data-slide-public-id=\"20\" aria-hidden=\"true\" data-title=\"Sciatori del Monte Lussari Berghaus Edelhirsch\" data-lightbox-image=\"\/\/berghaus-edelhirsch.com\/wp-content\/uploads\/2021\/02\/Monte-Lussari-skiers-Berghaus-Edelhirsch.jpg\" data-lightbox-alt=\"Sciatori del Monte Lussari Berghaus Edelhirsch\" class=\"n2-ss-slide  n2-ss-slide-676 n2-ow\"><div class=\"n2-ss-slide-background\" data-public-id=\"20\" data-mode=\"fill\"><div class=\"n2-ss-slide-background-image\" data-blur=\"0\" data-opacity=\"100\" data-x=\"50\" data-y=\"50\" data-alt=\"Sciatori del Monte Lussari Berghaus Edelhirsch\" data-title=\"\"><picture class=\"skip-lazy\" data-skip-lazy=\"1\"><img decoding=\"async\" src=\"\/\/berghaus-edelhirsch.com\/wp-content\/uploads\/2021\/02\/Monte-Lussari-skiers-Berghaus-Edelhirsch.jpg\" alt=\"Sciatori del Monte Lussari Berghaus Edelhirsch\" title=\"\" loading=\"lazy\" class=\"skip-lazy\" data-skip-lazy=\"1\"><\/picture><\/div><div data-color=\"RGBA(255,255,255,0)\" style=\"background-color: RGBA(255,255,255,0);\" class=\"n2-ss-slide-background-color\"><\/div><\/div><div role=\"note\" class=\"n2-ss-slide--focus\" tabindex=\"-1\">Sciatori del Monte Lussari Berghaus Edelhirsch<\/div><div class=\"n2-ss-layers-container n2-ss-slide-limiter n2-ow\"><div class=\"n2-ss-layer n2-ow n-uc-DPay3hKz2i6j\" data-sstype=\"slide\" data-pm=\"default\"><\/div><\/div><\/div><div data-slide-duration=\"0\" data-id=\"665\" data-slide-public-id=\"21\" aria-hidden=\"true\" data-title=\"Cascata Berghaus Edelhirsch\" data-lightbox-image=\"\/\/berghaus-edelhirsch.com\/wp-content\/uploads\/2021\/04\/waterval-berghaus-edelhirsch.jpg\" data-lightbox-alt=\"Cascata Berghaus Edelhirsch\" class=\"n2-ss-slide  n2-ss-slide-665 n2-ow\"><div class=\"n2-ss-slide-background\" data-public-id=\"21\" data-mode=\"fill\"><div class=\"n2-ss-slide-background-image\" data-blur=\"0\" data-opacity=\"100\" data-x=\"50\" data-y=\"50\" data-alt=\"Cascata Berghaus Edelhirsch\" data-title=\"\"><picture class=\"skip-lazy\" data-skip-lazy=\"1\"><img decoding=\"async\" src=\"\/\/berghaus-edelhirsch.com\/wp-content\/uploads\/2021\/04\/waterval-berghaus-edelhirsch.jpg\" alt=\"Cascata Berghaus Edelhirsch\" title=\"\" loading=\"lazy\" class=\"skip-lazy\" data-skip-lazy=\"1\"><\/picture><\/div><div data-color=\"RGBA(255,255,255,0)\" style=\"background-color: RGBA(255,255,255,0);\" class=\"n2-ss-slide-background-color\"><\/div><\/div><div role=\"note\" class=\"n2-ss-slide--focus\" tabindex=\"-1\">Cascata Berghaus Edelhirsch<\/div><div class=\"n2-ss-layers-container n2-ss-slide-limiter n2-ow\"><div class=\"n2-ss-layer n2-ow n-uc-YwuzmGvP70Wg\" data-sstype=\"slide\" data-pm=\"default\"><\/div><\/div><\/div><div data-slide-duration=\"0\" data-id=\"677\" data-slide-public-id=\"22\" aria-hidden=\"true\" data-title=\"Nockalm Weg Carinzia Berghaus Edelhirsch\" data-lightbox-image=\"\/\/berghaus-edelhirsch.com\/wp-content\/uploads\/2021\/03\/Nockalm-weg-Karinthie-Berghaus-Edelhirsch.jpg\" data-lightbox-alt=\"Nockalm Weg Carinzia Berghaus Edelhirsch\" class=\"n2-ss-slide  n2-ss-slide-677 n2-ow\"><div class=\"n2-ss-slide-background\" data-public-id=\"22\" data-mode=\"fill\"><div class=\"n2-ss-slide-background-image\" data-blur=\"0\" data-opacity=\"100\" data-x=\"50\" data-y=\"50\" data-alt=\"Nockalm Weg Carinzia Berghaus Edelhirsch\" data-title=\"\"><picture class=\"skip-lazy\" data-skip-lazy=\"1\"><img decoding=\"async\" src=\"\/\/berghaus-edelhirsch.com\/wp-content\/uploads\/2021\/03\/Nockalm-weg-Karinthie-Berghaus-Edelhirsch.jpg\" alt=\"Nockalm Weg Carinzia Berghaus Edelhirsch\" title=\"\" loading=\"lazy\" class=\"skip-lazy\" data-skip-lazy=\"1\"><\/picture><\/div><div data-color=\"RGBA(255,255,255,0)\" style=\"background-color: RGBA(255,255,255,0);\" class=\"n2-ss-slide-background-color\"><\/div><\/div><div role=\"note\" class=\"n2-ss-slide--focus\" tabindex=\"-1\">Nockalm Weg Carinzia Berghaus Edelhirsch<\/div><div class=\"n2-ss-layers-container n2-ss-slide-limiter n2-ow\"><div class=\"n2-ss-layer n2-ow n-uc-eDtarClShJLa\" data-sstype=\"slide\" data-pm=\"default\"><\/div><\/div><\/div><div data-slide-duration=\"0\" data-id=\"680\" data-slide-public-id=\"23\" aria-hidden=\"true\" data-title=\"Cime innevate Berghaus Edelhirsch\" data-lightbox-image=\"\/\/berghaus-edelhirsch.com\/wp-content\/uploads\/2021\/03\/Besneeuwde-pieken-Berghaus-Edelhirsch.jpg\" data-lightbox-alt=\"Cime innevate Berghaus Edelhirsch\" class=\"n2-ss-slide  n2-ss-slide-680 n2-ow\"><div class=\"n2-ss-slide-background\" data-public-id=\"23\" data-mode=\"fill\"><div class=\"n2-ss-slide-background-image\" data-blur=\"0\" data-opacity=\"100\" data-x=\"50\" data-y=\"50\" data-alt=\"Cime innevate Berghaus Edelhirsch\" data-title=\"\"><picture class=\"skip-lazy\" data-skip-lazy=\"1\"><img decoding=\"async\" src=\"\/\/berghaus-edelhirsch.com\/wp-content\/uploads\/2021\/03\/Besneeuwde-pieken-Berghaus-Edelhirsch.jpg\" alt=\"Cime innevate Berghaus Edelhirsch\" title=\"\" loading=\"lazy\" class=\"skip-lazy\" data-skip-lazy=\"1\"><\/picture><\/div><div data-color=\"RGBA(255,255,255,0)\" style=\"background-color: RGBA(255,255,255,0);\" class=\"n2-ss-slide-background-color\"><\/div><\/div><div role=\"note\" class=\"n2-ss-slide--focus\" tabindex=\"-1\">Cime innevate Berghaus Edelhirsch<\/div><div class=\"n2-ss-layers-container n2-ss-slide-limiter n2-ow\"><div class=\"n2-ss-layer n2-ow n-uc-ghm6bcJJBAn1\" data-sstype=\"slide\" data-pm=\"default\"><\/div><\/div><\/div><div data-slide-duration=\"0\" data-id=\"681\" data-slide-public-id=\"24\" aria-hidden=\"true\" data-title=\"Lago di montagna in Carinzia\" data-lightbox-image=\"\/\/berghaus-edelhirsch.com\/wp-content\/uploads\/2021\/03\/Bergmeer-Berghaus-Edelhirsch.jpg\" data-lightbox-alt=\"Lago di montagna in Carinzia\" class=\"n2-ss-slide  n2-ss-slide-681 n2-ow\"><div class=\"n2-ss-slide-background\" data-public-id=\"24\" data-mode=\"fill\"><div class=\"n2-ss-slide-background-image\" data-blur=\"0\" data-opacity=\"100\" data-x=\"50\" data-y=\"50\" data-alt=\"Lago di montagna in Carinzia\" data-title=\"\"><picture class=\"skip-lazy\" data-skip-lazy=\"1\"><img decoding=\"async\" src=\"\/\/berghaus-edelhirsch.com\/wp-content\/uploads\/2021\/03\/Bergmeer-Berghaus-Edelhirsch.jpg\" alt=\"Lago di montagna in Carinzia\" title=\"\" loading=\"lazy\" class=\"skip-lazy\" data-skip-lazy=\"1\"><\/picture><\/div><div data-color=\"RGBA(255,255,255,0)\" style=\"background-color: RGBA(255,255,255,0);\" class=\"n2-ss-slide-background-color\"><\/div><\/div><div role=\"note\" class=\"n2-ss-slide--focus\" tabindex=\"-1\">Lago di montagna in Carinzia<\/div><div class=\"n2-ss-layers-container n2-ss-slide-limiter n2-ow\"><div class=\"n2-ss-layer n2-ow n-uc-vNy2HxPoyy6N\" data-sstype=\"slide\" data-pm=\"default\"><\/div><\/div><\/div><div data-slide-duration=\"0\" data-id=\"843\" data-slide-public-id=\"25\" aria-hidden=\"true\" data-title=\"Vista di Arnoldstein\" data-lightbox-image=\"\/\/berghaus-edelhirsch.com\/wp-content\/uploads\/slider6\/Uitzicht-op-Arnoldstein.jpeg\" data-lightbox-alt=\"Vista di Arnoldstein\" class=\"n2-ss-slide  n2-ss-slide-843 n2-ow\"><div class=\"n2-ss-slide-background\" data-public-id=\"25\" data-mode=\"fill\"><div class=\"n2-ss-slide-background-image\" data-blur=\"0\" data-opacity=\"100\" data-x=\"50\" data-y=\"50\" data-alt=\"Vista di Arnoldstein\" data-title=\"\"><picture class=\"skip-lazy\" data-skip-lazy=\"1\"><img decoding=\"async\" src=\"\/\/berghaus-edelhirsch.com\/wp-content\/uploads\/slider6\/Uitzicht-op-Arnoldstein.jpeg\" alt=\"Vista di Arnoldstein\" title=\"\" loading=\"lazy\" class=\"skip-lazy\" data-skip-lazy=\"1\"><\/picture><\/div><div data-color=\"RGBA(255,255,255,0)\" style=\"background-color: RGBA(255,255,255,0);\" class=\"n2-ss-slide-background-color\"><\/div><\/div><div role=\"note\" class=\"n2-ss-slide--focus\" tabindex=\"-1\">Vista di Arnoldstein<\/div><div class=\"n2-ss-layers-container n2-ss-slide-limiter n2-ow\"><div class=\"n2-ss-layer n2-ow n-uc-hzqOPWhcehBk\" data-sstype=\"slide\" data-pm=\"default\"><\/div><\/div><\/div><div data-slide-duration=\"0\" data-id=\"848\" data-slide-public-id=\"26\" aria-hidden=\"true\" data-title=\"Ruscello vicino a Seltschach-1\" data-lightbox-image=\"\/\/berghaus-edelhirsch.com\/wp-content\/uploads\/slider6\/Beekje-Omgeving-Seltschach-1.jpeg\" data-lightbox-alt=\"Ruscello vicino a Seltschach-1\" class=\"n2-ss-slide  n2-ss-slide-848 n2-ow\"><div class=\"n2-ss-slide-background\" data-public-id=\"26\" data-mode=\"fill\"><div class=\"n2-ss-slide-background-image\" data-blur=\"0\" data-opacity=\"100\" data-x=\"50\" data-y=\"50\" data-alt=\"Ruscello vicino a Seltschach-1\" data-title=\"\"><picture class=\"skip-lazy\" data-skip-lazy=\"1\"><img decoding=\"async\" src=\"\/\/berghaus-edelhirsch.com\/wp-content\/uploads\/slider6\/Beekje-Omgeving-Seltschach-1.jpeg\" alt=\"Ruscello vicino a Seltschach-1\" title=\"\" loading=\"lazy\" class=\"skip-lazy\" data-skip-lazy=\"1\"><\/picture><\/div><div data-color=\"RGBA(255,255,255,0)\" style=\"background-color: RGBA(255,255,255,0);\" class=\"n2-ss-slide-background-color\"><\/div><\/div><div role=\"note\" class=\"n2-ss-slide--focus\" tabindex=\"-1\">Ruscello vicino a Seltschach-1<\/div><div class=\"n2-ss-layers-container n2-ss-slide-limiter n2-ow\"><div class=\"n2-ss-layer n2-ow n-uc-900gXIsJXWSl\" data-sstype=\"slide\" data-pm=\"default\"><\/div><\/div><\/div><div data-slide-duration=\"0\" data-id=\"849\" data-slide-public-id=\"27\" aria-hidden=\"true\" data-title=\"Villaggio di montagna Seltschach-1\" data-lightbox-image=\"\/\/berghaus-edelhirsch.com\/wp-content\/uploads\/slider6\/Bergdorp-Seltschach-1.jpeg\" data-lightbox-alt=\"Villaggio di montagna Seltschach-1\" class=\"n2-ss-slide  n2-ss-slide-849 n2-ow\"><div class=\"n2-ss-slide-background\" data-public-id=\"27\" data-mode=\"fill\"><div class=\"n2-ss-slide-background-image\" data-blur=\"0\" data-opacity=\"100\" data-x=\"50\" data-y=\"50\" data-alt=\"Villaggio di montagna Seltschach-1\" data-title=\"\"><picture class=\"skip-lazy\" data-skip-lazy=\"1\"><img decoding=\"async\" src=\"\/\/berghaus-edelhirsch.com\/wp-content\/uploads\/slider6\/Bergdorp-Seltschach-1.jpeg\" alt=\"Villaggio di montagna Seltschach-1\" title=\"\" loading=\"lazy\" class=\"skip-lazy\" data-skip-lazy=\"1\"><\/picture><\/div><div data-color=\"RGBA(255,255,255,0)\" style=\"background-color: RGBA(255,255,255,0);\" class=\"n2-ss-slide-background-color\"><\/div><\/div><div role=\"note\" class=\"n2-ss-slide--focus\" tabindex=\"-1\">Villaggio di montagna Seltschach-1<\/div><div class=\"n2-ss-layers-container n2-ss-slide-limiter n2-ow\"><div class=\"n2-ss-layer n2-ow n-uc-dCY7YOgzyW0M\" data-sstype=\"slide\" data-pm=\"default\"><\/div><\/div><\/div><div data-slide-duration=\"0\" data-id=\"844\" data-slide-public-id=\"28\" aria-hidden=\"true\" data-title=\"Residente Seltschach\" data-lightbox-image=\"\/\/berghaus-edelhirsch.com\/wp-content\/uploads\/slider6\/Inwoner-Seltschach.jpeg\" data-lightbox-alt=\"Residente Seltschach\" class=\"n2-ss-slide  n2-ss-slide-844 n2-ow\"><div class=\"n2-ss-slide-background\" data-public-id=\"28\" data-mode=\"fill\"><div class=\"n2-ss-slide-background-image\" data-blur=\"0\" data-opacity=\"100\" data-x=\"50\" data-y=\"50\" data-alt=\"Residente Seltschach\" data-title=\"\"><picture class=\"skip-lazy\" data-skip-lazy=\"1\"><img decoding=\"async\" src=\"\/\/berghaus-edelhirsch.com\/wp-content\/uploads\/slider6\/Inwoner-Seltschach.jpeg\" alt=\"Residente Seltschach\" title=\"\" loading=\"lazy\" class=\"skip-lazy\" data-skip-lazy=\"1\"><\/picture><\/div><div data-color=\"RGBA(255,255,255,0)\" style=\"background-color: RGBA(255,255,255,0);\" class=\"n2-ss-slide-background-color\"><\/div><\/div><div role=\"note\" class=\"n2-ss-slide--focus\" tabindex=\"-1\">Residente Seltschach<\/div><div class=\"n2-ss-layers-container n2-ss-slide-limiter n2-ow\"><div class=\"n2-ss-layer n2-ow n-uc-lD1mHW9Nu9Zn\" data-sstype=\"slide\" data-pm=\"default\"><\/div><\/div><\/div><div data-slide-duration=\"0\" data-id=\"842\" data-slide-public-id=\"29\" aria-hidden=\"true\" data-title=\"Seltschach-3 Ruscello stretto\" data-lightbox-image=\"\/\/berghaus-edelhirsch.com\/wp-content\/uploads\/slider6\/Seltschach-3.jpeg\" data-lightbox-alt=\"Seltschach-3 Ruscello stretto\" class=\"n2-ss-slide  n2-ss-slide-842 n2-ow\"><div class=\"n2-ss-slide-background\" data-public-id=\"29\" data-mode=\"fill\"><div class=\"n2-ss-slide-background-image\" data-blur=\"0\" data-opacity=\"100\" data-x=\"50\" data-y=\"50\" data-alt=\"Seltschach-3 Ruscello stretto\" data-title=\"\"><picture class=\"skip-lazy\" data-skip-lazy=\"1\"><img decoding=\"async\" src=\"\/\/berghaus-edelhirsch.com\/wp-content\/uploads\/slider6\/Seltschach-3.jpeg\" alt=\"Seltschach-3 Ruscello stretto\" title=\"\" loading=\"lazy\" class=\"skip-lazy\" data-skip-lazy=\"1\"><\/picture><\/div><div data-color=\"RGBA(255,255,255,0)\" style=\"background-color: RGBA(255,255,255,0);\" class=\"n2-ss-slide-background-color\"><\/div><\/div><div role=\"note\" class=\"n2-ss-slide--focus\" tabindex=\"-1\">Seltschach-3 Ruscello stretto<\/div><div class=\"n2-ss-layers-container n2-ss-slide-limiter n2-ow\"><div class=\"n2-ss-layer n2-ow n-uc-mCPwoEcmMz93\" data-sstype=\"slide\" data-pm=\"default\"><\/div><\/div><\/div><div data-slide-duration=\"0\" data-id=\"847\" data-slide-public-id=\"30\" aria-hidden=\"true\" data-title=\"Camminare nella zona 2\" data-lightbox-image=\"\/\/berghaus-edelhirsch.com\/wp-content\/uploads\/slider6\/Wandeling-in-de-omgeving-2.jpeg\" data-lightbox-alt=\"Camminare nella zona 2\" class=\"n2-ss-slide  n2-ss-slide-847 n2-ow\"><div class=\"n2-ss-slide-background\" data-public-id=\"30\" data-mode=\"fill\"><div class=\"n2-ss-slide-background-image\" data-blur=\"0\" data-opacity=\"100\" data-x=\"50\" data-y=\"50\" data-alt=\"Camminare nella zona 2\" data-title=\"\"><picture class=\"skip-lazy\" data-skip-lazy=\"1\"><img decoding=\"async\" src=\"\/\/berghaus-edelhirsch.com\/wp-content\/uploads\/slider6\/Wandeling-in-de-omgeving-2.jpeg\" alt=\"Camminare nella zona 2\" title=\"\" loading=\"lazy\" class=\"skip-lazy\" data-skip-lazy=\"1\"><\/picture><\/div><div data-color=\"RGBA(255,255,255,0)\" style=\"background-color: RGBA(255,255,255,0);\" class=\"n2-ss-slide-background-color\"><\/div><\/div><div role=\"note\" class=\"n2-ss-slide--focus\" tabindex=\"-1\">Camminare nella zona 2<\/div><div class=\"n2-ss-layers-container n2-ss-slide-limiter n2-ow\"><div class=\"n2-ss-layer n2-ow n-uc-ohneNBYSupNp\" data-sstype=\"slide\" data-pm=\"default\"><\/div><\/div><\/div><div data-slide-duration=\"0\" data-id=\"845\" data-slide-public-id=\"31\" aria-hidden=\"true\" data-title=\"Camminare nella zona 3\" data-lightbox-image=\"\/\/berghaus-edelhirsch.com\/wp-content\/uploads\/slider6\/Wandelin-in-de-omgeving-3.jpeg\" data-lightbox-alt=\"Camminare nella zona 3\" class=\"n2-ss-slide  n2-ss-slide-845 n2-ow\"><div class=\"n2-ss-slide-background\" data-public-id=\"31\" data-mode=\"fill\"><div class=\"n2-ss-slide-background-image\" data-blur=\"0\" data-opacity=\"100\" data-x=\"50\" data-y=\"50\" data-alt=\"Camminare nella zona 3\" data-title=\"\"><picture class=\"skip-lazy\" data-skip-lazy=\"1\"><img decoding=\"async\" src=\"\/\/berghaus-edelhirsch.com\/wp-content\/uploads\/slider6\/Wandelin-in-de-omgeving-3.jpeg\" alt=\"Camminare nella zona 3\" title=\"\" loading=\"lazy\" class=\"skip-lazy\" data-skip-lazy=\"1\"><\/picture><\/div><div data-color=\"RGBA(255,255,255,0)\" style=\"background-color: RGBA(255,255,255,0);\" class=\"n2-ss-slide-background-color\"><\/div><\/div><div role=\"note\" class=\"n2-ss-slide--focus\" tabindex=\"-1\">Camminare nella zona 3<\/div><div class=\"n2-ss-layers-container n2-ss-slide-limiter n2-ow\"><div class=\"n2-ss-layer n2-ow n-uc-sdCUmZEogAPh\" data-sstype=\"slide\" data-pm=\"default\"><\/div><\/div><\/div><div data-slide-duration=\"0\" data-id=\"846\" data-slide-public-id=\"32\" aria-hidden=\"true\" data-title=\"Camminare nella zone 4\" data-lightbox-image=\"\/\/berghaus-edelhirsch.com\/wp-content\/uploads\/slider6\/Wandeling-Omgeving-Seltschach-4.jpeg\" data-lightbox-alt=\"Camminare nella zone 4\" class=\"n2-ss-slide  n2-ss-slide-846 n2-ow\"><div class=\"n2-ss-slide-background\" data-public-id=\"32\" data-mode=\"fill\"><div class=\"n2-ss-slide-background-image\" data-blur=\"0\" data-opacity=\"100\" data-x=\"50\" data-y=\"50\" data-alt=\"Camminare nella zone 4\" data-title=\"\"><picture class=\"skip-lazy\" data-skip-lazy=\"1\"><img decoding=\"async\" src=\"\/\/berghaus-edelhirsch.com\/wp-content\/uploads\/slider6\/Wandeling-Omgeving-Seltschach-4.jpeg\" alt=\"Camminare nella zone 4\" title=\"\" loading=\"lazy\" class=\"skip-lazy\" data-skip-lazy=\"1\"><\/picture><\/div><div data-color=\"RGBA(255,255,255,0)\" style=\"background-color: RGBA(255,255,255,0);\" class=\"n2-ss-slide-background-color\"><\/div><\/div><div role=\"note\" class=\"n2-ss-slide--focus\" tabindex=\"-1\">Camminare nella zone 4<\/div><div class=\"n2-ss-layers-container n2-ss-slide-limiter n2-ow\"><div class=\"n2-ss-layer n2-ow n-uc-bCEaZJGcfpwd\" data-sstype=\"slide\" data-pm=\"default\"><\/div><\/div><\/div><div data-slide-duration=\"0\" data-id=\"850\" data-slide-public-id=\"33\" aria-hidden=\"true\" data-title=\"Escursione in montagna Seltschach-1\" data-lightbox-image=\"\/\/berghaus-edelhirsch.com\/wp-content\/uploads\/slider6\/Bergwandeling-Seltschach-1.jpeg\" data-lightbox-alt=\"Escursione in montagna Seltschach-1\" class=\"n2-ss-slide  n2-ss-slide-850 n2-ow\"><div class=\"n2-ss-slide-background\" data-public-id=\"33\" data-mode=\"fill\"><div class=\"n2-ss-slide-background-image\" data-blur=\"0\" data-opacity=\"100\" data-x=\"50\" data-y=\"50\" data-alt=\"Escursione in montagna Seltschach-1\" data-title=\"\"><picture class=\"skip-lazy\" data-skip-lazy=\"1\"><img decoding=\"async\" src=\"\/\/berghaus-edelhirsch.com\/wp-content\/uploads\/slider6\/Bergwandeling-Seltschach-1.jpeg\" alt=\"Escursione in montagna Seltschach-1\" title=\"\" loading=\"lazy\" class=\"skip-lazy\" data-skip-lazy=\"1\"><\/picture><\/div><div data-color=\"RGBA(255,255,255,0)\" style=\"background-color: RGBA(255,255,255,0);\" class=\"n2-ss-slide-background-color\"><\/div><\/div><div role=\"note\" class=\"n2-ss-slide--focus\" tabindex=\"-1\">Escursione in montagna Seltschach-1<\/div><div class=\"n2-ss-layers-container n2-ss-slide-limiter n2-ow\"><div class=\"n2-ss-layer n2-ow n-uc-JPp5A1q6XT0u\" data-sstype=\"slide\" data-pm=\"default\"><\/div><\/div><\/div><div data-slide-duration=\"0\" data-id=\"851\" data-slide-public-id=\"34\" aria-hidden=\"true\" data-title=\"Burcht Arena Finkenstein\" data-lightbox-image=\"\/\/berghaus-edelhirsch.com\/wp-content\/uploads\/slider6\/Burchtarena-Finkenstein-rout-naar-Faaker-See.jpeg\" data-lightbox-alt=\"Burcht Arena Finkenstein\" class=\"n2-ss-slide  n2-ss-slide-851 n2-ow\"><div class=\"n2-ss-slide-background\" data-public-id=\"34\" data-mode=\"fill\"><div class=\"n2-ss-slide-background-image\" data-blur=\"0\" data-opacity=\"100\" data-x=\"50\" data-y=\"50\" data-alt=\"Burcht Arena Finkenstein\" data-title=\"\"><picture class=\"skip-lazy\" data-skip-lazy=\"1\"><img decoding=\"async\" src=\"\/\/berghaus-edelhirsch.com\/wp-content\/uploads\/slider6\/Burchtarena-Finkenstein-rout-naar-Faaker-See.jpeg\" alt=\"Burcht Arena Finkenstein\" title=\"\" loading=\"lazy\" class=\"skip-lazy\" data-skip-lazy=\"1\"><\/picture><\/div><div data-color=\"RGBA(255,255,255,0)\" style=\"background-color: RGBA(255,255,255,0);\" class=\"n2-ss-slide-background-color\"><\/div><\/div><div role=\"note\" class=\"n2-ss-slide--focus\" tabindex=\"-1\">Burcht Arena Finkenstein<\/div><div class=\"n2-ss-layers-container n2-ss-slide-limiter n2-ow\"><div class=\"n2-ss-layer n2-ow n-uc-jP4uHp7hNqiy\" data-sstype=\"slide\" data-pm=\"default\"><\/div><\/div><\/div><div data-slide-duration=\"0\" data-id=\"852\" data-slide-public-id=\"35\" aria-hidden=\"true\" data-title=\"Pascolo alpino Seltschach\" data-lightbox-image=\"\/\/berghaus-edelhirsch.com\/wp-content\/uploads\/2021\/05\/Alpenweide-Seltschach.jpg\" data-lightbox-alt=\"Pascolo alpino Seltschach\" class=\"n2-ss-slide  n2-ss-slide-852 n2-ow\"><div class=\"n2-ss-slide-background\" data-public-id=\"35\" data-mode=\"fill\"><div class=\"n2-ss-slide-background-image\" data-blur=\"0\" data-opacity=\"100\" data-x=\"50\" data-y=\"50\" data-alt=\"Pascolo alpino Seltschach\" data-title=\"\"><picture class=\"skip-lazy\" data-skip-lazy=\"1\"><img decoding=\"async\" src=\"\/\/berghaus-edelhirsch.com\/wp-content\/uploads\/2021\/05\/Alpenweide-Seltschach.jpg\" alt=\"Pascolo alpino Seltschach\" title=\"\" loading=\"lazy\" class=\"skip-lazy\" data-skip-lazy=\"1\"><\/picture><\/div><div data-color=\"RGBA(255,255,255,0)\" style=\"background-color: RGBA(255,255,255,0);\" class=\"n2-ss-slide-background-color\"><\/div><\/div><div role=\"note\" class=\"n2-ss-slide--focus\" tabindex=\"-1\">Pascolo alpino Seltschach<\/div><div class=\"n2-ss-layers-container n2-ss-slide-limiter n2-ow\"><div class=\"n2-ss-layer n2-ow n-uc-550aFlON3tcf\" data-sstype=\"slide\" data-pm=\"default\"><\/div><\/div><\/div><\/div>\n                    <\/div>\n                <\/div>\n                            <\/div>\n        <\/div>\n        <div class=\"n2-ss-slider-controls n2-ss-slider-controls-absolute-left-center\"><div style=\"--widget-offset:15px;\" class=\"n2-ss-widget nextend-arrow n2-ow-all nextend-arrow-previous  nextend-arrow-animated-fade\" data-hide-mobileportrait=\"1\" id=\"n2-ss-11-arrow-previous\" role=\"button\" aria-label=\"previous arrow\" tabindex=\"0\"><img loading=\"lazy\" decoding=\"async\" width=\"32\" height=\"32\" class=\"skip-lazy\" data-skip-lazy=\"1\" src=\"data:image\/svg+xml;base64,PHN2ZyB3aWR0aD0iMzIiIGhlaWdodD0iMzIiIHZpZXdCb3g9IjAgMCAzMiAzMiIgeG1sbnM9Imh0dHA6Ly93d3cudzMub3JnLzIwMDAvc3ZnIj4KICAgIDxwYXRoIGQ9Ik0xMS40MzMgMTUuOTkyTDIyLjY5IDUuNzEyYy4zOTMtLjM5LjM5My0xLjAzIDAtMS40Mi0uMzkzLS4zOS0xLjAzLS4zOS0xLjQyMyAwbC0xMS45OCAxMC45NGMtLjIxLjIxLS4zLjQ5LS4yODUuNzYtLjAxNS4yOC4wNzUuNTYuMjg0Ljc3bDExLjk4IDEwLjk0Yy4zOTMuMzkgMS4wMy4zOSAxLjQyNCAwIC4zOTMtLjQuMzkzLTEuMDMgMC0xLjQybC0xMS4yNTctMTAuMjkiCiAgICAgICAgICBmaWxsPSIjZmY4ZTY4IiBvcGFjaXR5PSIxIiBmaWxsLXJ1bGU9ImV2ZW5vZGQiLz4KPC9zdmc+\" alt=\"previous arrow\"><\/div><\/div><div class=\"n2-ss-slider-controls n2-ss-slider-controls-absolute-right-center\"><div style=\"--widget-offset:15px;\" class=\"n2-ss-widget nextend-arrow n2-ow-all nextend-arrow-next  nextend-arrow-animated-fade\" data-hide-mobileportrait=\"1\" id=\"n2-ss-11-arrow-next\" role=\"button\" aria-label=\"next arrow\" tabindex=\"0\"><img loading=\"lazy\" decoding=\"async\" width=\"32\" height=\"32\" class=\"skip-lazy\" data-skip-lazy=\"1\" src=\"data:image\/svg+xml;base64,PHN2ZyB3aWR0aD0iMzIiIGhlaWdodD0iMzIiIHZpZXdCb3g9IjAgMCAzMiAzMiIgeG1sbnM9Imh0dHA6Ly93d3cudzMub3JnLzIwMDAvc3ZnIj4KICAgIDxwYXRoIGQ9Ik0xMC43MjIgNC4yOTNjLS4zOTQtLjM5LTEuMDMyLS4zOS0xLjQyNyAwLS4zOTMuMzktLjM5MyAxLjAzIDAgMS40MmwxMS4yODMgMTAuMjgtMTEuMjgzIDEwLjI5Yy0uMzkzLjM5LS4zOTMgMS4wMiAwIDEuNDIuMzk1LjM5IDEuMDMzLjM5IDEuNDI3IDBsMTIuMDA3LTEwLjk0Yy4yMS0uMjEuMy0uNDkuMjg0LS43Ny4wMTQtLjI3LS4wNzYtLjU1LS4yODYtLjc2TDEwLjcyIDQuMjkzeiIKICAgICAgICAgIGZpbGw9IiNmZjhlNjgiIG9wYWNpdHk9IjEiIGZpbGwtcnVsZT0iZXZlbm9kZCIvPgo8L3N2Zz4=\" alt=\"next arrow\"><\/div><\/div><div class=\"n2-ss-slider-controls n2-ss-slider-controls-absolute-center-bottom\"><div style=\"--widget-offset:10px;\" class=\"n2-ss-widget n2-ss-control-bullet n2-ow-all n2-ss-control-bullet-horizontal\"><div class=\" nextend-bullet-bar n2-bar-justify-content-center\" role=\"group\" aria-label=\"Choose slide to display.\"><div class=\"n2-bullet n2-style-c12f302588813d34c0c5d9de2517a3ee-dot \" style=\"visibility:hidden;\"><\/div><\/div><\/div><\/div><\/div><\/div><ss3-loader><\/ss3-loader><\/div><\/div><div class=\"n2_clear\"><\/div><\/div>\n\n\n<p class=\"has-text-align-center\">Clicca su un&#8217;immagine per ingrandire e visualizzare l&#8217;intera serie.<\/p>\n\n\n\n<div class=\"wp-block-group subject intro\"><div class=\"wp-block-group__inner-container is-layout-flow wp-block-group-is-layout-flow\">\n<h1 class=\"wp-block-heading\">La Carinzia \u00e8 un piacere in agni stagione<\/h1>\n\n\n\n<p>Il nostro chalet per le vacanze si trova ad un&#8217;altitudine di 680 metri, nel villaggio di Seltschach ea 150 metri dalla stazione a valle con la seggiovia che porta al triangolo di confine tra Austria, Italia e Slovenia ad un&#8217;altitudine di 1560 metri. \u00c8 una meta con innevamento sicuro, lo sci \u00e8 quasi garantito in inverno. Inoltre, ci sono altre aree sciistiche della zona per variet\u00e0.<\/p>\n\n\n\n<p>La Carinzia \u00e8 nota per i suoi numerosi laghi di montagna splendidamente situati e per un paesaggio unico. Una destinazione di viaggio di alto livello dove gli avventurieri possono spingersi al limite e i borgognoni possono gustare le specialit\u00e0 locali.<\/p>\n\n\n\n<p>In vacanza in Carinzia puoi divertirti in qualsiasi periodo dell&#8217;anno, grazie alla gamma molto diversificata di attivit\u00e0, cultura e natura per grandi e piccini.<\/p>\n\n\n\n<p>Si inizia gi\u00e0 con l&#8217;ottimo clima del versante sud delle Alpi. Quasi da nessuna parte ci sono tante ore di sole come qui.<\/p>\n\n\n\n<p>I carinziani sono molto amichevoli e ospitali e ogni settimana in primavera e in estate c&#8217;\u00e8 un festival o un altro evento da qualche parte, dove c&#8217;\u00e8 molto da vivere e da gustare. E non dimenticare i tanti mercatini di Natale a novembre e dicembre!<\/p>\n\n\n\n<p>Le persone qui si preoccupano anche della natura che li circonda. Molti prodotti locali e tradizionali e aziende che producono in modo sostenibile.<\/p>\n\n\n\n<p>Le valli fluviali della Drava e del Gail sono ideali per andare in bicicletta e camminare. I dintorni aspri delle catene montuose sono pieni di sentieri escursionistici e pedonali e ci sono diverse organizzazioni dove puoi arrampicare o via ferrata.<\/p>\n\n\n\n<p>Nelle vicinanze di Arnoldstein passa anche il sentiero AlpeAdria, per ciclisti ed escursionisti.<\/p>\n\n\n\n<ul class=\"wp-block-list\"><li><a href=\"http:\/\/www.vakantiesite-karinthie.com\" target=\"_blank\" rel=\"noreferrer noopener\">www.vakantiesite-karinthie.com<\/a><\/li><li><a href=\"http:\/\/www.touren.kaernten.at\/nl\/tours\" target=\"_blank\" rel=\"noreferrer noopener\">www.touren.kaernten.at\/nl\/tours<\/a><\/li><\/ul>\n\n\n\n<h4 class=\"wp-block-heading\"><a href=\"#winter\">Inverno<\/a><\/h4>\n\n\n\n<p>Molte opportunit\u00e0 per lo sci, lo sci di fondo, lo snowboard, lo slittino e lo sci alpinismo.<\/p>\n\n\n\n<h4 class=\"wp-block-heading\"><a href=\"#lzh\">Primavera<\/a><\/h4>\n\n\n\n<p>Quando la natura sboccia in primavera dopo il freddo inverno, \u00e8 meraviglioso passeggiare, andare in bicicletta o in mountain bike qui! Goditi l&#8217;ospitalit\u00e0 e il cibo delizioso nei tre diversi paesi.<\/p>\n\n\n\n<h4 class=\"wp-block-heading\"><a href=\"#lzh\">Estate<\/a> <\/h4>\n\n\n\n<p>Goditi il \u200b\u200bcaldo clima mediterraneo con notti fresche e molte opportunit\u00e0 per essere attivo, tra le altre cose, oltre al ciclismo e alle passeggiate, al nuoto e agli sport acquatici nei numerosi laghi caldi della zona.<\/p>\n\n\n\n<h4 class=\"wp-block-heading\"><a href=\"#lzh\">Autunno<\/a><\/h4>\n\n\n\n<p>Quando le giornate si accorciano dopo i caldi mesi estivi, il paesaggio della Carinzia si trasforma in uno splendore travolgente di colori attraverso gli alberi che mostrano i loro colori pi\u00f9 belli. Questo \u00e8 il momento perfetto per scoprire le montagne e le citt\u00e0 della Carinzia e vivere le numerose feste tradizionali del raccolto con le loro prelibatezze locali.<\/p>\n\n\n\n<p>Ma oltre a tutte le possibilit\u00e0 di essere attivi, \u00e8 anche un ambiente per rilassarsi e godersi l&#8217;un l&#8217;altro e le esperienze culinarie e culturali dei tre diversi paesi.<\/p>\n\n\n\n<h4 class=\"wp-block-heading\">Suggerimento<\/h4>\n\n\n\n<p>Se rimani nella nostra casa per una settimana o pi\u00f9, si consiglia di acquistare una carta K\u00e4rnten per l&#8217;estate o l&#8217;inverno. Questo \u00e8 un pass che offre molti sconti su tutti i tipi di attivit\u00e0 nella zona: <a rel=\"noreferrer noopener\" href=\"http:\/\/www.Kaerntencard.at\/sommer\/wochenkarten\" target=\"_blank\">www.Kaerntencard.at\/sommer\/wochenkarten<\/a>.<\/p>\n<\/div><\/div>\n\n\n\n<div id=\"winter\" class=\"wp-block-group subject winter\"><div class=\"wp-block-group__inner-container is-layout-flow wp-block-group-is-layout-flow\">\n<h2><i class=\"fal fa-skiing\"><\/i> Attivit\u00e0 invernali<\/h2>\n\n\n\n<ul class=\"wp-block-list\"><li>Il comprensorio sciistico dista solo 150 metri a piedi. C&#8217;\u00e8 una scuola di sci, noleggio sci e un servizio di ristorazione nella stazione a valle vicino alla seggiovia: <a rel=\"noreferrer noopener\" href=\"http:\/\/www.3laendereck.at\" target=\"_blank\">www.3laendereck.at<\/a>.<\/li><li>\u00c8 un comprensorio sciistico relativamente piccolo, con 17 km di piste interconnesse da 7 impianti di risalita. Molto bello e adatto alle famiglie, ma allo stesso tempo anche un comprensorio sciistico con molte variazioni sulle piste.<\/li><li>Ci sono 6 piste blu, 4 rosse e 3 nere.<\/li><li>In cima alla montagna c&#8217;\u00e8 un ristorante e una serie di piccoli pizzichi dove ci si pu\u00f2 sistemare per coccolare l&#8217;uomo interiore. Una di queste \u00e8 la Mittereh\u00fctte, da dove si pu\u00f2 scendere con la pista per slittini. Questa discesa di 8,5 km che ti porta gi\u00f9 con lo slittino tra pendii e sentieri di montagna \u00e8 un&#8217;esperienza da non perdere!<\/li><li>Numerose possibilit\u00e0 anche per lo sci di fondo sulla pista Seltschach lunga 10 km, con partenza e arrivo alla stazione a valle.<\/li><li>C&#8217;\u00e8 anche un&#8217;area per bambini nella stazione a valle. Lezioni di sci e divertimento sulla neve per i pi\u00f9 piccoli.<\/li><li>Inoltre, con il tuo skipass, dalla card 4 giorni, puoi sciare anche a <a href=\"http:\/\/www.turismofvg.it\/montagna365\/tarvisio\">Tarvisio, Italia<\/a>, e a <a href=\"http:\/\/www.ski-kranjska-gora.com\/\">Kranjska Gora, Slovenia<\/a>.<\/li><li>La stessa Carinzia ha anche una vasta gamma di comprensori sciistici, con molti chilometri di piste preparate e piste incontaminate. Ovunque si usano i pi\u00f9 moderni cannoni da neve, cos\u00ec anche se Madre Natura non aiuta, si pu\u00f2 comunque sciare da novembre fino alla primavera inoltrata. Due aree che consigliamo sono:<ul><li><a href=\"http:\/\/www.gerlitzen.com\">Gerlitzen<\/a> &#8211; 40 km di piste a 20 minuti di macchina<\/li><li><a href=\"http:\/\/www.nassfeld.at\">Nassfeld<\/a> &#8211; 110 km di piste a 30 minuti di macchina<\/li><\/ul><\/li><li>Si raccomanda anche il pattinaggio sul ghiaccio sul Weissensee, fatto da molti olandesi ogni anno!<\/li><li>Vuoi rilassarti dopo una giornata ricca di sport? Cosa c&#8217;\u00e8 di meglio che andare in un centro benessere? Un&#8217;area benessere molto ampia \u00e8 la K\u00e4rnten Therme Warmbad-Villach, ma molti hotel offrono anche l&#8217;opportunit\u00e0 di utilizzare le loro strutture per il benessere. Per esempio. al Ramada Resort a Kranjska Gora e al Villach Thermenhotel a Karawankenhof.<\/li><\/ul>\n<\/div><\/div>\n\n\n\n<div id=\"lzh\" class=\"wp-block-group subject zomder\"><div class=\"wp-block-group__inner-container is-layout-flow wp-block-group-is-layout-flow\">\n<h2><i class=\"fal fa-hiking\"><\/i> Attivit\u00e0 primaverili, estive e autunnali<\/h2>\n\n\n\n<p>C&#8217;\u00e8 un&#8217;abbondanza di attivit\u00e0, attrazioni e luoghi di interesse disponibili da aprile \/ maggio a ottobre e facilmente accessibili da casa nostra.<\/p>\n\n\n\n<p>Ecco alcuni suggerimenti:<\/p>\n\n\n\n<ul class=\"wp-block-list\"><li><a rel=\"noreferrer noopener\" href=\"http:\/\/www.karinthie.com\" target=\"_blank\">www.karinthie.com<\/a><\/li><li>Il portale turistico ufficiale <a rel=\"noreferrer noopener\" href=\"https:\/\/www.touren.kaernten.at\/nl\/tours\" target=\"_blank\">www.touren.kaernten.at\/nl\/tours<\/a><\/li><\/ul>\n\n\n\n<h3 class=\"wp-block-heading\">Sport acquatici sui laghi di montagna<\/h3>\n\n\n\n<p>Vari laghi con acque meravigliosamente calde per nuotare e varie possibilit\u00e0 di sport acquatici:<\/p>\n\n\n\n<ul class=\"wp-block-list\"><li><strong><a href=\"https:\/\/presseggersee.jimdofree.com\/\" target=\"_blank\" rel=\"noreferrer noopener\">Presegger See<\/a><\/strong><ul><li>Lago caldo, temperatura intorno ai 28 \u00b0<\/li><li>Molti parchi giochi per bambini<\/li><li>Bel slowtrail per attraversare i bordi di canne con panorami sorprendenti (6 km o parte di esso)<\/li><\/ul><\/li><li><a href=\"https:\/\/www.faakersee.at\/\" target=\"_blank\" rel=\"noreferrer noopener\"><strong>Faaker See<\/strong><\/a><ul><li>Molte belle spiagge tra cui Erlebnisbad Gemeinde Wernberg.<\/li><li>Puoi fare bellissime gite in bicicletta, vari percorsi a piedi. Vari zoo di piccole dimensioni, tra cui Tierpark Rosegg, dove tutti i tipi di animali vagano liberamente e Abbenteuer Affenberg, un grande divertimento per i pi\u00f9 piccoli.<\/li><li>Puoi anche visitare un asilo nido, ci sono mercati degli agricoltori, puoi fare una gita in barca, kayak, visitare il castello di Landskron con uno spettacolo di uccelli rapaci.<\/li><\/ul><\/li><li><strong><a href=\"http:\/\/www.ossiachersee.net\/\" target=\"_blank\" rel=\"noreferrer noopener\">Ossiacher See<\/a><\/strong><ul><li>Lago caldo incantevole per nuotare o fare una gita in barca.<\/li><li>Bei villaggi e varie attrazioni della zona.<\/li><\/ul><\/li><li><strong><a href=\"http:\/\/www.woerthersee.com\/\" target=\"_blank\" rel=\"noreferrer noopener\">W\u00f6rther See<\/a><\/strong><ul><li>Molti sport acquatici come nuoto, immersioni, sci nautico, parasailing, wakeboard, banana boat ecc.<\/li><\/ul><\/li><\/ul>\n\n\n\n<h3 class=\"wp-block-heading\">Gite in barca<\/h3>\n\n\n\n<ul class=\"wp-block-list\"><li><a href=\"https:\/\/www.schifffahrt-velden.at\/\" target=\"_blank\" rel=\"noreferrer noopener\">W\u00f6rther See<\/a><\/li><li><a href=\"https:\/\/www.weissensee.com\/\" target=\"_blank\" rel=\"noreferrer noopener\">Weissensee<\/a><\/li><li><a href=\"http:\/\/www.schifffahrt.at\/ossiachersee\" target=\"_blank\" rel=\"noreferrer noopener\">Ossiacher See<\/a><\/li><li><a href=\"http:\/\/www.millstaettersee.at\/\" target=\"_blank\" rel=\"noreferrer noopener\">Milst\u00e4tter See<\/a><\/li><\/ul>\n\n\n\n<h3 class=\"wp-block-heading\">Zoo<\/h3>\n\n\n\n<ul class=\"wp-block-list\"><li><a rel=\"noreferrer noopener\" href=\"https:\/\/www.rosegg.at\/\" target=\"_blank\">Parco degli animali, castello e labirinto Rosegg<\/a> (Rosegg)<\/li><li><a rel=\"noreferrer noopener\" href=\"https:\/\/www.reptilienzoo.at\/en\/\" target=\"_blank\">Happ Reptile Zoo<\/a> (Klagenfurt)<\/li><li><a rel=\"noreferrer noopener\" href=\"https:\/\/www.affenberg.com\/\" target=\"_blank\">Abenteur Affenberg<\/a> (Landskron)<\/li><li><a rel=\"noreferrer noopener\" href=\"https:\/\/www.burg-landskron.at\/\" target=\"_blank\">Burg Landskron<\/a>, castello con <a rel=\"noreferrer noopener\" href=\"https:\/\/adlerarena.com\/\" target=\"_blank\">spettacolo di ucceli rapaci<\/a> (Landskron)<\/li><li><a rel=\"noreferrer noopener\" href=\"http:\/\/www.reptilienzoonockalm.at\/index.htm\" target=\"_blank\">Reptile Zoo Nockalm<\/a> (Patergassen)<\/li><\/ul>\n\n\n\n<h3 class=\"wp-block-heading\">Itinerari panoramici<\/h3>\n\n\n\n<ul class=\"wp-block-list\"><li><a rel=\"noreferrer noopener\" href=\"https:\/\/www.villacher-alpenstrasse.at\/va\/de\/index\" target=\"_blank\">Villacher Alpenstrasse<\/a><\/li><li><a rel=\"noreferrer noopener\" href=\"https:\/\/www.nockalmstrasse.at\/na\/de\/index\" target=\"_blank\">Nockalmstrasse<\/a><\/li><li><a rel=\"noreferrer noopener\" href=\"https:\/\/www.grossglockner.at\/gg\/en\/index\" target=\"_blank\">GrossGlockner<\/a><\/li><li><a rel=\"noreferrer noopener\" href=\"https:\/\/www.goldeck-panoramastrasse.at\/gp\/de\/index\" target=\"_blank\">Goldeck Panoramaroute<\/a><\/li><li><a rel=\"noreferrer noopener\" href=\"http:\/\/vitranc-mojcindom.si\/en\/panorama-route\/\" target=\"_blank\">Panoramaroute Vr\u0161i\u010d<\/a> appena oltre il confine con la Slovenia, a Kranjska Gora<\/li><\/ul>\n\n\n\n<h3 class=\"wp-block-heading\">Vai all&#8217;avventura<\/h3>\n\n\n\n<ul class=\"wp-block-list\"><li>Con il <a href=\"https:\/\/www.nassfeld.at\/en\/Summer-World\/Hike-World\/Sommerbergbahnen\/Tickets-Preise\/\">Millenium Express<\/a> per <a href=\"https:\/\/www.nassfeld.at\/en\/\">Outdoorpark Nassfeld<\/a> con slittino estivo \u201cPendolino\u201c (Nassfeld).<\/li><li><a href=\"https:\/\/www.hochhinauf.at\/\">Hochhinauf<\/a>,&nbsp;Taborh\u00f6he, arrampicata e tiro con l&#8217;arco per tutte le et\u00e0 (Faakersee)<\/li><li><a href=\"https:\/\/www.kajak-faak.com\/de\/\">Kayak Centrum Faak<\/a>,&nbsp;canoa e rafting, anche corsi (Faakersee)<\/li><li><a href=\"https:\/\/www.kletterwald.at\/\">Kletterwald<\/a>,&nbsp;arrampicata con altopiani e ponti di corda tra gli alberi. Dai 6 anni (Ossiachersee)<\/li><li><a href=\"https:\/\/waldseilpark-tscheppaschlucht.at\/\">Tscheppaschlucht Waldseilpark<\/a>, sentiero da 4 anni (Ferlach)<\/li><li>Canoa, rafting, tubing al <a href=\"https:\/\/rafting-carnica.at\/\">Rafting Carnica<\/a> (N\u00f6tsch, vicino ad Arnoldstein)<\/li><li><a href=\"https:\/\/www.kaernten-radreisen.at\/nl\/detail\/fietskano-op-land-en-watertour\/\">Pagaiare sulla Drava<\/a> (Villach, Wasenboden, Rosegg)<\/li><li><a href=\"https:\/\/www.geopark-karawanken.at\/en\/home.html\">Geopark Karawanken<\/a> con le grotte stalattite Obir (Bad Eisenkappel)<\/li><li>Parco divertimenti <a href=\"http:\/\/www.erlebnispark.cc\/\">K\u00e4rnter Erlebnispark<\/a> (Hermagor)<\/li><\/ul>\n\n\n\n<h3 class=\"wp-block-heading\">Indaga e scopri<\/h3>\n\n\n\n<ul class=\"wp-block-list\"><li><a href=\"http:\/\/www.planetarium-klagenfurt.at\/\">Planetario<\/a> (Klagenfurt)<\/li><li><a href=\"https:\/\/www.minimundus.at\/\">Minimundus<\/a>, il mondo in miniatura (Klagenfurt)<\/li><li><a href=\"https:\/\/www.terra-mystica.at\/\">Terry Mystica<\/a>, museo minerario (Bad Bleiberg)<\/li><li><a href=\"https:\/\/www.villacherfahrzeugmuseum.com\/\">Fahrzeugmuseum<\/a><strong> <\/strong>(Villach)<\/li><li><a href=\"http:\/\/www.automuseum-villach.at\/\">Taf-Timer Automuseum<\/a><strong> <\/strong>(Villach)<\/li><li>Tagliati ricco nella miniera di gemme <a href=\"https:\/\/www.granatium.at\/\">Granatium<\/a>! (Radenthein)<\/li><li><a href=\"https:\/\/www.keltenwelt.at\/\">Keltenwelt<\/a>, museo storico sui Celti (Fr\u00f6g-Rosegg)<\/li><\/ul>\n\n\n\n<h3 class=\"wp-block-heading\">Giocare a golf nella zona di Villach<\/h3>\n\n\n\n<p>Guarda per esempio su <a rel=\"noreferrer noopener\" href=\"http:\/\/www.leadingcourses.com\" target=\"_blank\">www.leadingcourses.com<\/a>per trovare i campi da golf della zona.<\/p>\n\n\n\n<h3 class=\"wp-block-heading\">Passegiata ed escursioni<\/h3>\n\n\n\n<p>Sono possibili molti tour a piedi. Per tutte le et\u00e0 e da una meravigliosa passeggiata rilassante a tour molto intensivi per escursionisti esperti, con pernottamenti in arrivo per tour di pi\u00f9 giorni. C&#8217;\u00e8 gi\u00e0 un&#8217;ampia scelta tra Arnoldstein e il Dreil\u00e4ndereck. Suggerimenti:<\/p>\n\n\n\n<ul class=\"wp-block-list\"><li><a rel=\"noreferrer noopener\" href=\"http:\/\/www.bijzonderplekje.nl\/oostenrijk-wandelen-in-karinthie\/\" target=\"_blank\">www.bijzonderplekje.nl\/oostenrijk-wandelen-in-karinthie\/<\/a><\/li><li><a rel=\"noreferrer noopener\" href=\"http:\/\/www.indebergen.nl\" target=\"_blank\">www.indebergen.nl<\/a> camminare e giocare a golf<\/li><li><a rel=\"noreferrer noopener\" href=\"http:\/\/www.wandelen.karinthie.com\" target=\"_blank\">www.wandelen.karinthie.com<\/a><\/li><\/ul>\n\n\n\n<h3 class=\"wp-block-heading\">Ciclismo e mountain bike<\/h3>\n\n\n\n<p>La Carinzia \u00e8 ricca di piste ciclabili e mountain bike, puoi esplorare infiniti nuovi percorsi nella natura selvaggia o fare un giro in bicicletta con la famiglia a tuo piacimento! Alcuni link con percorsi e consigli utili:<\/p>\n\n\n\n<ul class=\"wp-block-list\"><li><a rel=\"noreferrer noopener\" href=\"https:\/\/www.indebergen.nl\/vakantie\/oostenrijk\/karinthie\/themas\/fietsen\/\" target=\"_blank\">www.indebergen.nl\/vakantie\/oostenrijk\/karinthie\/themas\/fietsen\/<\/a><\/li><li><a rel=\"noreferrer noopener\" href=\"https:\/\/www.komoot.nl\/guide\/626\/mtb-routes-in-karinthie\" target=\"_blank\">www.komoot.nl\/guide\/626\/mtb-routes-in-karinthie<\/a><\/li><li><a rel=\"noreferrer noopener\" href=\"https:\/\/www.austria.info\/nl\/activiteiten\/fietsen\/mountainbiken-in-oostenrijk\" target=\"_blank\">www.austria.info\/nl\/activiteiten\/fietsen\/mountainbiken-in-oostenrijk<\/a><\/li><li><a rel=\"noreferrer noopener\" href=\"https:\/\/velo.woerthersee.com\/nl\/mountainbike\/\" target=\"_blank\">velo.woerthersee.com\/nl\/mountainbike\/<\/a><\/li><li><a rel=\"noreferrer noopener\" href=\"https:\/\/nl.wikiloc.com\/routes\/fietsen\/oostenrijk\/karinthie\" target=\"_blank\">nl.wikiloc.com\/routes\/fietsen\/oostenrijk\/karinthie<\/a><\/li><\/ul>\n<\/div><\/div>\n","protected":false},"excerpt":{"rendered":"Clicca su un&#8217;immagine per ingrandire e visualizzare l&#8217;intera serie. La Carinzia \u00e8 un piacere in agni stagione Il nostro chalet per le vacanze si trova ad un&#8217;altitudine di 680 metri, nel villaggio di Seltschach ea 150 metri dalla stazione a valle con la seggiovia che porta al triangolo di confine tra Austria, Italia e Slovenia&#8230; <a class=\"view-article\" href=\"https:\/\/berghaus-edelhirsch.com\/it\/attivita-natura-e-cultura-in-tripoint-carinzia\/\">\u279c Continua a leggere<\/a>","protected":false},"author":2,"featured_media":0,"parent":0,"menu_order":0,"comment_status":"closed","ping_status":"open","template":"","meta":{"_seopress_robots_primary_cat":"","_seopress_titles_title":"Scopri la diversit\u00e0 della natura e delle attivit\u00e0 in Carinzia","_seopress_titles_desc":"Nelle vicinanze della nostra casa per le vacanze e in Carinzia ci sono molte attivit\u00e0, cultura e bellezze naturali: escursionismo, laghi, sport invernali...","_seopress_robots_index":"","footnotes":""},"class_list":["post-695","page","type-page","status-publish","hentry"],"_links":{"self":[{"href":"https:\/\/berghaus-edelhirsch.com\/it\/wp-json\/wp\/v2\/pages\/695","targetHints":{"allow":["GET"]}}],"collection":[{"href":"https:\/\/berghaus-edelhirsch.com\/it\/wp-json\/wp\/v2\/pages"}],"about":[{"href":"https:\/\/berghaus-edelhirsch.com\/it\/wp-json\/wp\/v2\/types\/page"}],"author":[{"embeddable":true,"href":"https:\/\/berghaus-edelhirsch.com\/it\/wp-json\/wp\/v2\/users\/2"}],"replies":[{"embeddable":true,"href":"https:\/\/berghaus-edelhirsch.com\/it\/wp-json\/wp\/v2\/comments?post=695"}],"version-history":[{"count":5,"href":"https:\/\/berghaus-edelhirsch.com\/it\/wp-json\/wp\/v2\/pages\/695\/revisions"}],"predecessor-version":[{"id":1436,"href":"https:\/\/berghaus-edelhirsch.com\/it\/wp-json\/wp\/v2\/pages\/695\/revisions\/1436"}],"wp:attachment":[{"href":"https:\/\/berghaus-edelhirsch.com\/it\/wp-json\/wp\/v2\/media?parent=695"}],"curies":[{"name":"wp","href":"https:\/\/api.w.org\/{rel}","templated":true}]}}