{"id":693,"date":"2021-02-08T11:42:56","date_gmt":"2021-02-08T10:42:56","guid":{"rendered":"https:\/\/berghaus-edelhirsch.com\/berghaus-edelhirsch\/"},"modified":"2024-04-04T17:19:33","modified_gmt":"2024-04-04T15:19:33","slug":"berghaus-edelhirsch-casa-vacanza-in-carinzia","status":"publish","type":"page","link":"https:\/\/berghaus-edelhirsch.com\/it\/berghaus-edelhirsch-casa-vacanza-in-carinzia\/","title":{"rendered":"La casa di montagna"},"content":{"rendered":"<div class=\"n2-section-smartslider fitvidsignore  n2_clear\" data-ssid=\"9\" tabindex=\"0\" role=\"region\" aria-label=\"Slider\"><div id=\"n2-ss-9-align\" class=\"n2-ss-align\" style=\"margin: 0 auto; max-width: 1200px;\"><div class=\"n2-padding\"><div id=\"n2-ss-9\" data-creator=\"Smart Slider 3\" data-responsive=\"auto\" class=\"n2-ss-slider n2-ow n2-has-hover n2notransition   n2-ss-slider-carousel-animation-horizontal\">\n\n\n\n<div class=\"n2-ss-slider-wrapper-inside\">        <div class=\"n2-ss-slider-1 n2_ss__touch_element n2-ow\">\n            <div class=\"n2-ss-slider-2 n2-ow\" style=\"\">\n                                <div class=\"n2-ss-slider-3 n2-ow\">\n                    <svg xmlns=\"http:\/\/www.w3.org\/2000\/svg\" viewBox=\"0 0 1200 800\" data-related-device=\"desktopPortrait\" class=\"n2-ow n2-ss-preserve-size n2-ss-preserve-size--slider n2-ss-slide-limiter\" style=\"max-width:1200px\"><\/svg>                    <div class=\"n2-ss-slider-pane-single n2-ow\">\n                        <div class=\"n2-ss-slider-pipeline n2-ow\" style=\"--slide-width:1200px;\">\n                            <svg xmlns=\"http:\/\/www.w3.org\/2000\/svg\" viewBox=\"0 0 1200 800\" class=\"n2-ow n2-ss-preserve-size n2-ss-slide-limiter\"><\/svg>\n                            <div data-first=\"1\" data-slide-duration=\"0\" data-id=\"1116\" data-slide-public-id=\"1\" data-title=\"posteriore con vasca idromassaggio Berghaus Edelhirsch\" data-lightbox-image=\"\/\/berghaus-edelhirsch.com\/wp-content\/uploads\/2024\/04\/achterkant-met-hot-tub-berghaus-edelhirsch.jpg\" data-lightbox-alt=\"posteriore con vasca idromassaggio Berghaus Edelhirsch\" class=\"n2-ss-slide  n2-ss-slide-1116 n2-ow\"><div class=\"n2-ss-slide-background\" data-public-id=\"1\" data-mode=\"fill\"><div class=\"n2-ss-slide-background-image\" data-blur=\"0\" data-opacity=\"100\" data-x=\"50\" data-y=\"50\" data-alt=\"posteriore con vasca idromassaggio Berghaus Edelhirsch\" data-title=\"\"><picture class=\"skip-lazy\" data-skip-lazy=\"1\"><img decoding=\"async\" src=\"\/\/berghaus-edelhirsch.com\/wp-content\/uploads\/2024\/04\/achterkant-met-hot-tub-berghaus-edelhirsch.jpg\" alt=\"posteriore con vasca idromassaggio Berghaus Edelhirsch\" title=\"\" loading=\"lazy\" class=\"skip-lazy\" data-skip-lazy=\"1\"><\/picture><\/div><div data-color=\"RGBA(255,255,255,0)\" style=\"background-color: RGBA(255,255,255,0);\" class=\"n2-ss-slide-background-color\"><\/div><\/div><div role=\"note\" class=\"n2-ss-slide--focus\" tabindex=\"-1\">posteriore con vasca idromassaggio Berghaus Edelhirsch<\/div><div class=\"n2-ss-layers-container n2-ss-slide-limiter n2-ow\"><div class=\"n2-ss-layer n2-ow n-uc-4CGAXUdN96rv\" data-sstype=\"slide\" data-pm=\"default\"><\/div><\/div><\/div><div data-slide-duration=\"0\" data-id=\"937\" data-slide-public-id=\"2\" aria-hidden=\"true\" data-title=\"Davanti al Berghaus Edelhirsch\" data-lightbox-image=\"\/\/berghaus-edelhirsch.com\/wp-content\/uploads\/2021\/07\/Voorkant-Berghaus-Edelhirsch.jpg\" data-lightbox-alt=\"Davanti al Berghaus Edelhirsch\" class=\"n2-ss-slide  n2-ss-slide-937 n2-ow\"><div class=\"n2-ss-slide-background\" data-public-id=\"2\" data-mode=\"fill\"><div class=\"n2-ss-slide-background-image\" data-blur=\"0\" data-opacity=\"100\" data-x=\"50\" data-y=\"50\" data-alt=\"Davanti al Berghaus Edelhirsch\" data-title=\"\"><picture class=\"skip-lazy\" data-skip-lazy=\"1\"><img decoding=\"async\" src=\"\/\/berghaus-edelhirsch.com\/wp-content\/uploads\/2021\/07\/Voorkant-Berghaus-Edelhirsch.jpg\" alt=\"Davanti al Berghaus Edelhirsch\" title=\"\" loading=\"lazy\" class=\"skip-lazy\" data-skip-lazy=\"1\"><\/picture><\/div><div data-color=\"RGBA(255,255,255,0)\" style=\"background-color: RGBA(255,255,255,0);\" class=\"n2-ss-slide-background-color\"><\/div><\/div><div role=\"note\" class=\"n2-ss-slide--focus\" tabindex=\"-1\">Davanti al Berghaus Edelhirsch<\/div><div class=\"n2-ss-layers-container n2-ss-slide-limiter n2-ow\"><div class=\"n2-ss-layer n2-ow n-uc-y41IOpQTE6yw\" data-sstype=\"slide\" data-pm=\"default\"><\/div><\/div><\/div><div data-slide-duration=\"0\" data-id=\"938\" data-slide-public-id=\"3\" aria-hidden=\"true\" data-title=\"Ingresso anteriore Berghaus Edelhirsch\" data-lightbox-image=\"\/\/berghaus-edelhirsch.com\/wp-content\/uploads\/2021\/07\/Vooringang-Berghaus-Edelhirsch.jpg\" data-lightbox-alt=\"Ingresso anteriore Berghaus Edelhirsch\" class=\"n2-ss-slide  n2-ss-slide-938 n2-ow\"><div class=\"n2-ss-slide-background\" data-public-id=\"3\" data-mode=\"fill\"><div class=\"n2-ss-slide-background-image\" data-blur=\"0\" data-opacity=\"100\" data-x=\"50\" data-y=\"50\" data-alt=\"Ingresso anteriore Berghaus Edelhirsch\" data-title=\"\"><picture class=\"skip-lazy\" data-skip-lazy=\"1\"><img decoding=\"async\" src=\"\/\/berghaus-edelhirsch.com\/wp-content\/uploads\/2021\/07\/Vooringang-Berghaus-Edelhirsch.jpg\" alt=\"Ingresso anteriore Berghaus Edelhirsch\" title=\"\" loading=\"lazy\" class=\"skip-lazy\" data-skip-lazy=\"1\"><\/picture><\/div><div data-color=\"RGBA(255,255,255,0)\" style=\"background-color: RGBA(255,255,255,0);\" class=\"n2-ss-slide-background-color\"><\/div><\/div><div role=\"note\" class=\"n2-ss-slide--focus\" tabindex=\"-1\">Ingresso anteriore Berghaus Edelhirsch<\/div><div class=\"n2-ss-layers-container n2-ss-slide-limiter n2-ow\"><div class=\"n2-ss-layer n2-ow n-uc-tO0uNTHkaigu\" data-sstype=\"slide\" data-pm=\"default\"><\/div><\/div><\/div><div data-slide-duration=\"0\" data-id=\"939\" data-slide-public-id=\"4\" aria-hidden=\"true\" data-title=\"Vista frontale Berghaus Edelhirsch\" data-lightbox-image=\"\/\/berghaus-edelhirsch.com\/wp-content\/uploads\/2021\/07\/Vooraanzicht-Berghaus-Edelhirsch.jpg\" data-lightbox-alt=\"Vista frontale Berghaus Edelhirsch\" class=\"n2-ss-slide  n2-ss-slide-939 n2-ow\"><div class=\"n2-ss-slide-background\" data-public-id=\"4\" data-mode=\"fill\"><div class=\"n2-ss-slide-background-image\" data-blur=\"0\" data-opacity=\"100\" data-x=\"50\" data-y=\"50\" data-alt=\"Vista frontale Berghaus Edelhirsch\" data-title=\"\"><picture class=\"skip-lazy\" data-skip-lazy=\"1\"><img decoding=\"async\" src=\"\/\/berghaus-edelhirsch.com\/wp-content\/uploads\/2021\/07\/Vooraanzicht-Berghaus-Edelhirsch.jpg\" alt=\"Vista frontale Berghaus Edelhirsch\" title=\"\" loading=\"lazy\" class=\"skip-lazy\" data-skip-lazy=\"1\"><\/picture><\/div><div data-color=\"RGBA(255,255,255,0)\" style=\"background-color: RGBA(255,255,255,0);\" class=\"n2-ss-slide-background-color\"><\/div><\/div><div role=\"note\" class=\"n2-ss-slide--focus\" tabindex=\"-1\">Vista frontale Berghaus Edelhirsch<\/div><div class=\"n2-ss-layers-container n2-ss-slide-limiter n2-ow\"><div class=\"n2-ss-layer n2-ow n-uc-YLPB0xRm60nz\" data-sstype=\"slide\" data-pm=\"default\"><\/div><\/div><\/div><div data-slide-duration=\"0\" data-id=\"1121\" data-slide-public-id=\"5\" aria-hidden=\"true\" data-title=\"stazione di ricarica per ricarica auto elettriche Berghaus Edelhirsch\" data-lightbox-image=\"\/\/berghaus-edelhirsch.com\/wp-content\/uploads\/2024\/04\/laadpaal-opladen-electrische-auto-berghaus-edelhirsch.jpg\" data-lightbox-alt=\"stazione di ricarica per ricarica auto elettriche Berghaus Edelhirsch\" class=\"n2-ss-slide  n2-ss-slide-1121 n2-ow\"><div class=\"n2-ss-slide-background\" data-public-id=\"5\" data-mode=\"fill\"><div class=\"n2-ss-slide-background-image\" data-blur=\"0\" data-opacity=\"100\" data-x=\"50\" data-y=\"50\" data-alt=\"stazione di ricarica per ricarica auto elettriche Berghaus Edelhirsch\" data-title=\"\"><picture class=\"skip-lazy\" data-skip-lazy=\"1\"><img decoding=\"async\" src=\"\/\/berghaus-edelhirsch.com\/wp-content\/uploads\/2024\/04\/laadpaal-opladen-electrische-auto-berghaus-edelhirsch.jpg\" alt=\"stazione di ricarica per ricarica auto elettriche Berghaus Edelhirsch\" title=\"\" loading=\"lazy\" class=\"skip-lazy\" data-skip-lazy=\"1\"><\/picture><\/div><div data-color=\"RGBA(255,255,255,0)\" style=\"background-color: RGBA(255,255,255,0);\" class=\"n2-ss-slide-background-color\"><\/div><\/div><div role=\"note\" class=\"n2-ss-slide--focus\" tabindex=\"-1\">stazione di ricarica per ricarica auto elettriche Berghaus Edelhirsch<\/div><div class=\"n2-ss-layers-container n2-ss-slide-limiter n2-ow\"><div class=\"n2-ss-layer n2-ow n-uc-KASYYZUQYBy4\" data-sstype=\"slide\" data-pm=\"default\"><\/div><\/div><\/div><div data-slide-duration=\"0\" data-id=\"1117\" data-slide-public-id=\"6\" aria-hidden=\"true\" data-title=\"divertimento nella vasca idromassaggio berghaus edelhirsch\" data-lightbox-image=\"\/\/berghaus-edelhirsch.com\/wp-content\/uploads\/2024\/04\/fun-in-the-hot-tub-berghaus-edelhirsch.jpg\" data-lightbox-alt=\"divertimento nella vasca idromassaggio berghaus edelhirsch\" class=\"n2-ss-slide  n2-ss-slide-1117 n2-ow\"><div class=\"n2-ss-slide-background\" data-public-id=\"6\" data-mode=\"fill\"><div class=\"n2-ss-slide-background-image\" data-blur=\"0\" data-opacity=\"100\" data-x=\"50\" data-y=\"50\" data-alt=\"divertimento nella vasca idromassaggio berghaus edelhirsch\" data-title=\"\"><picture class=\"skip-lazy\" data-skip-lazy=\"1\"><img decoding=\"async\" src=\"\/\/berghaus-edelhirsch.com\/wp-content\/uploads\/2024\/04\/fun-in-the-hot-tub-berghaus-edelhirsch.jpg\" alt=\"divertimento nella vasca idromassaggio berghaus edelhirsch\" title=\"\" loading=\"lazy\" class=\"skip-lazy\" data-skip-lazy=\"1\"><\/picture><\/div><div data-color=\"RGBA(255,255,255,0)\" style=\"background-color: RGBA(255,255,255,0);\" class=\"n2-ss-slide-background-color\"><\/div><\/div><div role=\"note\" class=\"n2-ss-slide--focus\" tabindex=\"-1\">divertimento nella vasca idromassaggio berghaus edelhirsch<\/div><div class=\"n2-ss-layers-container n2-ss-slide-limiter n2-ow\"><div class=\"n2-ss-layer n2-ow n-uc-XinwHXSrfA87\" data-sstype=\"slide\" data-pm=\"default\"><\/div><\/div><\/div><div data-slide-duration=\"0\" data-id=\"1119\" data-slide-public-id=\"7\" aria-hidden=\"true\" data-title=\"patio sul retro Berghaus Edelhirsch\" data-lightbox-image=\"\/\/berghaus-edelhirsch.com\/wp-content\/uploads\/2024\/04\/patio-achtertuin-berghaus-edelhirsch.jpg\" data-lightbox-alt=\"patio sul retro Berghaus Edelhirsch\" class=\"n2-ss-slide  n2-ss-slide-1119 n2-ow\"><div class=\"n2-ss-slide-background\" data-public-id=\"7\" data-mode=\"fill\"><div class=\"n2-ss-slide-background-image\" data-blur=\"0\" data-opacity=\"100\" data-x=\"50\" data-y=\"50\" data-alt=\"patio sul retro Berghaus Edelhirsch\" data-title=\"\"><picture class=\"skip-lazy\" data-skip-lazy=\"1\"><img decoding=\"async\" src=\"\/\/berghaus-edelhirsch.com\/wp-content\/uploads\/2024\/04\/patio-achtertuin-berghaus-edelhirsch.jpg\" alt=\"patio sul retro Berghaus Edelhirsch\" title=\"\" loading=\"lazy\" class=\"skip-lazy\" data-skip-lazy=\"1\"><\/picture><\/div><div data-color=\"RGBA(255,255,255,0)\" style=\"background-color: RGBA(255,255,255,0);\" class=\"n2-ss-slide-background-color\"><\/div><\/div><div role=\"note\" class=\"n2-ss-slide--focus\" tabindex=\"-1\">patio sul retro Berghaus Edelhirsch<\/div><div class=\"n2-ss-layers-container n2-ss-slide-limiter n2-ow\"><div class=\"n2-ss-layer n2-ow n-uc-08AylegLcuDP\" data-sstype=\"slide\" data-pm=\"default\"><\/div><\/div><\/div><div data-slide-duration=\"0\" data-id=\"949\" data-slide-public-id=\"8\" aria-hidden=\"true\" data-title=\"Sabbiera copribile Berghaus Edelhirsch\" data-lightbox-image=\"\/\/berghaus-edelhirsch.com\/wp-content\/uploads\/2021\/07\/Berghaus-Edelhirsch-Afdekbare-Zandbak.jpg\" data-lightbox-alt=\"Sabbiera copribile Berghaus Edelhirsch\" class=\"n2-ss-slide  n2-ss-slide-949 n2-ow\"><div class=\"n2-ss-slide-background\" data-public-id=\"8\" data-mode=\"fill\"><div class=\"n2-ss-slide-background-image\" data-blur=\"0\" data-opacity=\"100\" data-x=\"50\" data-y=\"50\" data-alt=\"Sabbiera copribile Berghaus Edelhirsch\" data-title=\"\"><picture class=\"skip-lazy\" data-skip-lazy=\"1\"><img decoding=\"async\" src=\"\/\/berghaus-edelhirsch.com\/wp-content\/uploads\/2021\/07\/Berghaus-Edelhirsch-Afdekbare-Zandbak.jpg\" alt=\"Sabbiera copribile Berghaus Edelhirsch\" title=\"\" loading=\"lazy\" class=\"skip-lazy\" data-skip-lazy=\"1\"><\/picture><\/div><div data-color=\"RGBA(255,255,255,0)\" style=\"background-color: RGBA(255,255,255,0);\" class=\"n2-ss-slide-background-color\"><\/div><\/div><div role=\"note\" class=\"n2-ss-slide--focus\" tabindex=\"-1\">Sabbiera copribile Berghaus Edelhirsch<\/div><div class=\"n2-ss-layers-container n2-ss-slide-limiter n2-ow\"><div class=\"n2-ss-layer n2-ow n-uc-Y9MuPQwCIcYM\" data-sstype=\"slide\" data-pm=\"default\"><\/div><\/div><\/div><div data-slide-duration=\"0\" data-id=\"947\" data-slide-public-id=\"9\" aria-hidden=\"true\" data-title=\"Berghaus Edelhirsch il barbecue (BBQ)\" data-lightbox-image=\"\/\/berghaus-edelhirsch.com\/wp-content\/uploads\/2021\/07\/Berghaus-Edelhirsch-De-BBQ.jpg\" data-lightbox-alt=\"Berghaus Edelhirsch il barbecue (BBQ)\" class=\"n2-ss-slide  n2-ss-slide-947 n2-ow\"><div class=\"n2-ss-slide-background\" data-public-id=\"9\" data-mode=\"fill\"><div class=\"n2-ss-slide-background-image\" data-blur=\"0\" data-opacity=\"100\" data-x=\"50\" data-y=\"50\" data-alt=\"Berghaus Edelhirsch il barbecue (BBQ)\" data-title=\"\"><picture class=\"skip-lazy\" data-skip-lazy=\"1\"><img decoding=\"async\" src=\"\/\/berghaus-edelhirsch.com\/wp-content\/uploads\/2021\/07\/Berghaus-Edelhirsch-De-BBQ.jpg\" alt=\"Berghaus Edelhirsch il barbecue (BBQ)\" title=\"\" loading=\"lazy\" class=\"skip-lazy\" data-skip-lazy=\"1\"><\/picture><\/div><div data-color=\"RGBA(255,255,255,0)\" style=\"background-color: RGBA(255,255,255,0);\" class=\"n2-ss-slide-background-color\"><\/div><\/div><div role=\"note\" class=\"n2-ss-slide--focus\" tabindex=\"-1\">Berghaus Edelhirsch il barbecue (BBQ)<\/div><div class=\"n2-ss-layers-container n2-ss-slide-limiter n2-ow\"><div class=\"n2-ss-layer n2-ow n-uc-d5nmxrqVap3E\" data-sstype=\"slide\" data-pm=\"default\"><\/div><\/div><\/div><div data-slide-duration=\"0\" data-id=\"1026\" data-slide-public-id=\"10\" aria-hidden=\"true\" data-title=\"Cervi nel cortile anteriore Berghaus Edelhirsch\" data-lightbox-image=\"\/\/berghaus-edelhirsch.com\/wp-content\/uploads\/2022\/06\/Herten-in-de-voortuin-Berghaus-Edelhirsch.jpg\" data-lightbox-alt=\"Cervi nel cortile anteriore Berghaus Edelhirsch\" class=\"n2-ss-slide  n2-ss-slide-1026 n2-ow\"><div class=\"n2-ss-slide-background\" data-public-id=\"10\" data-mode=\"fill\"><div class=\"n2-ss-slide-background-image\" data-blur=\"0\" data-opacity=\"100\" data-x=\"50\" data-y=\"50\" data-alt=\"Cervi nel cortile anteriore Berghaus Edelhirsch\" data-title=\"\"><picture class=\"skip-lazy\" data-skip-lazy=\"1\"><img decoding=\"async\" src=\"\/\/berghaus-edelhirsch.com\/wp-content\/uploads\/2022\/06\/Herten-in-de-voortuin-Berghaus-Edelhirsch.jpg\" alt=\"Cervi nel cortile anteriore Berghaus Edelhirsch\" title=\"\" loading=\"lazy\" class=\"skip-lazy\" data-skip-lazy=\"1\"><\/picture><\/div><div data-color=\"RGBA(255,255,255,0)\" style=\"background-color: RGBA(255,255,255,0);\" class=\"n2-ss-slide-background-color\"><\/div><\/div><div role=\"note\" class=\"n2-ss-slide--focus\" tabindex=\"-1\">Cervi nel cortile anteriore Berghaus Edelhirsch<\/div><div class=\"n2-ss-layers-container n2-ss-slide-limiter n2-ow\"><div class=\"n2-ss-layer n2-ow n-uc-Wh23FWNRxG2t\" data-sstype=\"slide\" data-pm=\"default\"><\/div><\/div><\/div><div data-slide-duration=\"0\" data-id=\"1118\" data-slide-public-id=\"11\" aria-hidden=\"true\" data-title=\"luce radente contro le montagne Berghaus Edelhirsch\" data-lightbox-image=\"\/\/berghaus-edelhirsch.com\/wp-content\/uploads\/2024\/04\/strijklicht-tegen-de-bergen-berghaus-edelhirsch.jpg\" data-lightbox-alt=\"luce radente contro le montagne Berghaus Edelhirsch\" class=\"n2-ss-slide  n2-ss-slide-1118 n2-ow\"><div class=\"n2-ss-slide-background\" data-public-id=\"11\" data-mode=\"fill\"><div class=\"n2-ss-slide-background-image\" data-blur=\"0\" data-opacity=\"100\" data-x=\"50\" data-y=\"50\" data-alt=\"luce radente contro le montagne Berghaus Edelhirsch\" data-title=\"\"><picture class=\"skip-lazy\" data-skip-lazy=\"1\"><img decoding=\"async\" src=\"\/\/berghaus-edelhirsch.com\/wp-content\/uploads\/2024\/04\/strijklicht-tegen-de-bergen-berghaus-edelhirsch.jpg\" alt=\"luce radente contro le montagne Berghaus Edelhirsch\" title=\"\" loading=\"lazy\" class=\"skip-lazy\" data-skip-lazy=\"1\"><\/picture><\/div><div data-color=\"RGBA(255,255,255,0)\" style=\"background-color: RGBA(255,255,255,0);\" class=\"n2-ss-slide-background-color\"><\/div><\/div><div role=\"note\" class=\"n2-ss-slide--focus\" tabindex=\"-1\">luce radente contro le montagne Berghaus Edelhirsch<\/div><div class=\"n2-ss-layers-container n2-ss-slide-limiter n2-ow\"><div class=\"n2-ss-layer n2-ow n-uc-WQRQldXFX9UG\" data-sstype=\"slide\" data-pm=\"default\"><\/div><\/div><\/div><div data-slide-duration=\"0\" data-id=\"942\" data-slide-public-id=\"12\" aria-hidden=\"true\" data-title=\"Berghaus Edelhirsch tramonto\" data-lightbox-image=\"\/\/berghaus-edelhirsch.com\/wp-content\/uploads\/2021\/07\/Berghaus-Edelhirsch-Zonsondergang.jpg\" data-lightbox-alt=\"Berghaus Edelhirsch tramonto\" class=\"n2-ss-slide  n2-ss-slide-942 n2-ow\"><div class=\"n2-ss-slide-background\" data-public-id=\"12\" data-mode=\"fill\"><div class=\"n2-ss-slide-background-image\" data-blur=\"0\" data-opacity=\"100\" data-x=\"50\" data-y=\"50\" data-alt=\"Berghaus Edelhirsch tramonto\" data-title=\"\"><picture class=\"skip-lazy\" data-skip-lazy=\"1\"><img decoding=\"async\" src=\"\/\/berghaus-edelhirsch.com\/wp-content\/uploads\/2021\/07\/Berghaus-Edelhirsch-Zonsondergang.jpg\" alt=\"Berghaus Edelhirsch tramonto\" title=\"\" loading=\"lazy\" class=\"skip-lazy\" data-skip-lazy=\"1\"><\/picture><\/div><div data-color=\"RGBA(255,255,255,0)\" style=\"background-color: RGBA(255,255,255,0);\" class=\"n2-ss-slide-background-color\"><\/div><\/div><div role=\"note\" class=\"n2-ss-slide--focus\" tabindex=\"-1\">Berghaus Edelhirsch tramonto<\/div><div class=\"n2-ss-layers-container n2-ss-slide-limiter n2-ow\"><div class=\"n2-ss-layer n2-ow n-uc-VnBJpx1cKosX\" data-sstype=\"slide\" data-pm=\"default\"><\/div><\/div><\/div><div data-slide-duration=\"0\" data-id=\"624\" data-slide-public-id=\"13\" aria-hidden=\"true\" data-title=\"Facciata Posteriore Di Notte Berghaus Edelhirsch\" data-lightbox-image=\"\/\/berghaus-edelhirsch.com\/wp-content\/uploads\/2021\/04\/achtergevel-bij-nacht-berghaus-edelhirsch.jpg\" data-lightbox-alt=\"Facciata Posteriore Di Notte Berghaus Edelhirsch\" class=\"n2-ss-slide  n2-ss-slide-624 n2-ow\"><div class=\"n2-ss-slide-background\" data-public-id=\"13\" data-mode=\"fill\"><div class=\"n2-ss-slide-background-image\" data-blur=\"0\" data-opacity=\"100\" data-x=\"50\" data-y=\"50\" data-alt=\"Facciata Posteriore Di Notte Berghaus Edelhirsch\" data-title=\"\"><picture class=\"skip-lazy\" data-skip-lazy=\"1\"><img decoding=\"async\" src=\"\/\/berghaus-edelhirsch.com\/wp-content\/uploads\/2021\/04\/achtergevel-bij-nacht-berghaus-edelhirsch.jpg\" alt=\"Facciata Posteriore Di Notte Berghaus Edelhirsch\" title=\"\" loading=\"lazy\" class=\"skip-lazy\" data-skip-lazy=\"1\"><\/picture><\/div><div data-color=\"RGBA(255,255,255,0)\" style=\"background-color: RGBA(255,255,255,0);\" class=\"n2-ss-slide-background-color\"><\/div><\/div><div role=\"note\" class=\"n2-ss-slide--focus\" tabindex=\"-1\">Facciata Posteriore Di Notte Berghaus Edelhirsch<\/div><div class=\"n2-ss-layers-container n2-ss-slide-limiter n2-ow\"><div class=\"n2-ss-layer n2-ow n-uc-D6PCqdsmBfMz\" data-sstype=\"slide\" data-pm=\"default\"><\/div><\/div><\/div><div data-slide-duration=\"0\" data-id=\"625\" data-slide-public-id=\"14\" aria-hidden=\"true\" data-title=\"Vista attraverso la porta d'ingresso Inverno Berghaus Edelhirsch\" data-lightbox-image=\"\/\/berghaus-edelhirsch.com\/wp-content\/uploads\/2021\/02\/Uitzicht-door-voordeur-winter-Berghaus-Edelhirsch.jpg\" data-lightbox-alt=\"Vista attraverso la porta d'ingresso Inverno Berghaus Edelhirsch\" class=\"n2-ss-slide  n2-ss-slide-625 n2-ow\"><div class=\"n2-ss-slide-background\" data-public-id=\"14\" data-mode=\"fill\"><div class=\"n2-ss-slide-background-image\" data-blur=\"0\" data-opacity=\"100\" data-x=\"50\" data-y=\"50\" data-alt=\"Vista attraverso la porta d'ingresso Inverno Berghaus Edelhirsch\" data-title=\"\"><picture class=\"skip-lazy\" data-skip-lazy=\"1\"><img decoding=\"async\" src=\"\/\/berghaus-edelhirsch.com\/wp-content\/uploads\/2021\/02\/Uitzicht-door-voordeur-winter-Berghaus-Edelhirsch.jpg\" alt=\"Vista attraverso la porta d'ingresso Inverno Berghaus Edelhirsch\" title=\"\" loading=\"lazy\" class=\"skip-lazy\" data-skip-lazy=\"1\"><\/picture><\/div><div data-color=\"RGBA(255,255,255,0)\" style=\"background-color: RGBA(255,255,255,0);\" class=\"n2-ss-slide-background-color\"><\/div><\/div><div role=\"note\" class=\"n2-ss-slide--focus\" tabindex=\"-1\">Vista attraverso la porta d&#8217;ingresso Inverno Berghaus Edelhirsch<\/div><div class=\"n2-ss-layers-container n2-ss-slide-limiter n2-ow\"><div class=\"n2-ss-layer n2-ow n-uc-JuCOgqCE27sJ\" data-sstype=\"slide\" data-pm=\"default\"><\/div><\/div><\/div><div data-slide-duration=\"0\" data-id=\"1022\" data-slide-public-id=\"15\" aria-hidden=\"true\" data-title=\"Vista invernale Berghaus Edelhirsch\" data-lightbox-image=\"\/\/berghaus-edelhirsch.com\/wp-content\/uploads\/2022\/06\/Utizcht-in-de-winter-Berghaus-Edelhirsch.jpg\" data-lightbox-alt=\"Vista invernale Berghaus Edelhirsch\" class=\"n2-ss-slide  n2-ss-slide-1022 n2-ow\"><div class=\"n2-ss-slide-background\" data-public-id=\"15\" data-mode=\"fill\"><div class=\"n2-ss-slide-background-image\" data-blur=\"0\" data-opacity=\"100\" data-x=\"50\" data-y=\"50\" data-alt=\"Vista invernale Berghaus Edelhirsch\" data-title=\"\"><picture class=\"skip-lazy\" data-skip-lazy=\"1\"><img decoding=\"async\" src=\"\/\/berghaus-edelhirsch.com\/wp-content\/uploads\/2022\/06\/Utizcht-in-de-winter-Berghaus-Edelhirsch.jpg\" alt=\"Vista invernale Berghaus Edelhirsch\" title=\"\" loading=\"lazy\" class=\"skip-lazy\" data-skip-lazy=\"1\"><\/picture><\/div><div data-color=\"RGBA(255,255,255,0)\" style=\"background-color: RGBA(255,255,255,0);\" class=\"n2-ss-slide-background-color\"><\/div><\/div><div role=\"note\" class=\"n2-ss-slide--focus\" tabindex=\"-1\">Vista invernale Berghaus Edelhirsch<\/div><div class=\"n2-ss-layers-container n2-ss-slide-limiter n2-ow\"><div class=\"n2-ss-layer n2-ow n-uc-3yzXIBMDw565\" data-sstype=\"slide\" data-pm=\"default\"><\/div><\/div><\/div><div data-slide-duration=\"0\" data-id=\"626\" data-slide-public-id=\"16\" aria-hidden=\"true\" data-title=\"Visualizza op Villacher Alpenstrasse in inverno Berghaus Edelhirsch\" data-lightbox-image=\"\/\/berghaus-edelhirsch.com\/wp-content\/uploads\/2021\/02\/Uitzicht-op-Villacher-Alpenstrasse-winter-Berghaus-Edelhirsch.jpg\" data-lightbox-alt=\"Visualizza op Villacher Alpenstrasse in inverno Berghaus Edelhirsch\" class=\"n2-ss-slide  n2-ss-slide-626 n2-ow\"><div class=\"n2-ss-slide-background\" data-public-id=\"16\" data-mode=\"fill\"><div class=\"n2-ss-slide-background-image\" data-blur=\"0\" data-opacity=\"100\" data-x=\"50\" data-y=\"50\" data-alt=\"Visualizza op Villacher Alpenstrasse in inverno Berghaus Edelhirsch\" data-title=\"\"><picture class=\"skip-lazy\" data-skip-lazy=\"1\"><img decoding=\"async\" src=\"\/\/berghaus-edelhirsch.com\/wp-content\/uploads\/2021\/02\/Uitzicht-op-Villacher-Alpenstrasse-winter-Berghaus-Edelhirsch.jpg\" alt=\"Visualizza op Villacher Alpenstrasse in inverno Berghaus Edelhirsch\" title=\"\" loading=\"lazy\" class=\"skip-lazy\" data-skip-lazy=\"1\"><\/picture><\/div><div data-color=\"RGBA(255,255,255,0)\" style=\"background-color: RGBA(255,255,255,0);\" class=\"n2-ss-slide-background-color\"><\/div><\/div><div role=\"note\" class=\"n2-ss-slide--focus\" tabindex=\"-1\">Visualizza op Villacher Alpenstrasse in inverno Berghaus Edelhirsch<\/div><div class=\"n2-ss-layers-container n2-ss-slide-limiter n2-ow\"><div class=\"n2-ss-layer n2-ow n-uc-IMTrgREXFvbs\" data-sstype=\"slide\" data-pm=\"default\"><\/div><\/div><\/div><div data-slide-duration=\"0\" data-id=\"1024\" data-slide-public-id=\"17\" aria-hidden=\"true\" data-title=\"Divertimento sugli sci per principianti e avanzati Berghaus Edelhirsch\" data-lightbox-image=\"\/\/berghaus-edelhirsch.com\/wp-content\/uploads\/2022\/06\/Skieplezier-voor-beginners-en-gevorderden-Berghaus-Edelhirsch.jpg\" data-lightbox-alt=\"Divertimento sugli sci per principianti e avanzati Berghaus Edelhirsch\" class=\"n2-ss-slide  n2-ss-slide-1024 n2-ow\"><div class=\"n2-ss-slide-background\" data-public-id=\"17\" data-mode=\"fill\"><div class=\"n2-ss-slide-background-image\" data-blur=\"0\" data-opacity=\"100\" data-x=\"50\" data-y=\"50\" data-alt=\"Divertimento sugli sci per principianti e avanzati Berghaus Edelhirsch\" data-title=\"\"><picture class=\"skip-lazy\" data-skip-lazy=\"1\"><img decoding=\"async\" src=\"\/\/berghaus-edelhirsch.com\/wp-content\/uploads\/2022\/06\/Skieplezier-voor-beginners-en-gevorderden-Berghaus-Edelhirsch.jpg\" alt=\"Divertimento sugli sci per principianti e avanzati Berghaus Edelhirsch\" title=\"\" loading=\"lazy\" class=\"skip-lazy\" data-skip-lazy=\"1\"><\/picture><\/div><div data-color=\"RGBA(255,255,255,0)\" style=\"background-color: RGBA(255,255,255,0);\" class=\"n2-ss-slide-background-color\"><\/div><\/div><div role=\"note\" class=\"n2-ss-slide--focus\" tabindex=\"-1\">Divertimento sugli sci per principianti e avanzati Berghaus Edelhirsch<\/div><div class=\"n2-ss-layers-container n2-ss-slide-limiter n2-ow\"><div class=\"n2-ss-layer n2-ow n-uc-loJ7kzV0QLNn\" data-sstype=\"slide\" data-pm=\"default\"><\/div><\/div><\/div><div data-slide-duration=\"0\" data-id=\"1023\" data-slide-public-id=\"18\" aria-hidden=\"true\" data-title=\"Armadio per gli sci con riscaldamento delle scarpe Berghaus Edelhirsch\" data-lightbox-image=\"\/\/berghaus-edelhirsch.com\/wp-content\/uploads\/2022\/06\/Skikast-met-schoenverwarming-Berghaus-Edelhirsch.jpg\" data-lightbox-alt=\"Armadio per gli sci con riscaldamento delle scarpe Berghaus Edelhirsch\" class=\"n2-ss-slide  n2-ss-slide-1023 n2-ow\"><div class=\"n2-ss-slide-background\" data-public-id=\"18\" data-mode=\"fill\"><div class=\"n2-ss-slide-background-image\" data-blur=\"0\" data-opacity=\"100\" data-x=\"50\" data-y=\"50\" data-alt=\"Armadio per gli sci con riscaldamento delle scarpe Berghaus Edelhirsch\" data-title=\"\"><picture class=\"skip-lazy\" data-skip-lazy=\"1\"><img decoding=\"async\" src=\"\/\/berghaus-edelhirsch.com\/wp-content\/uploads\/2022\/06\/Skikast-met-schoenverwarming-Berghaus-Edelhirsch.jpg\" alt=\"Armadio per gli sci con riscaldamento delle scarpe Berghaus Edelhirsch\" title=\"\" loading=\"lazy\" class=\"skip-lazy\" data-skip-lazy=\"1\"><\/picture><\/div><div data-color=\"RGBA(255,255,255,0)\" style=\"background-color: RGBA(255,255,255,0);\" class=\"n2-ss-slide-background-color\"><\/div><\/div><div role=\"note\" class=\"n2-ss-slide--focus\" tabindex=\"-1\">Armadio per gli sci con riscaldamento delle scarpe Berghaus Edelhirsch<\/div><div class=\"n2-ss-layers-container n2-ss-slide-limiter n2-ow\"><div class=\"n2-ss-layer n2-ow n-uc-Y4iBsOda56E8\" data-sstype=\"slide\" data-pm=\"default\"><\/div><\/div><\/div><div data-slide-duration=\"0\" data-id=\"627\" data-slide-public-id=\"19\" aria-hidden=\"true\" data-title=\"Alberi innevati Berghaus Edelhirsch\" data-lightbox-image=\"\/\/berghaus-edelhirsch.com\/wp-content\/uploads\/2021\/04\/besneeuwde-bomen-berghaus-edelhirsch.jpg\" data-lightbox-alt=\"Alberi innevati Berghaus Edelhirsch\" class=\"n2-ss-slide  n2-ss-slide-627 n2-ow\"><div class=\"n2-ss-slide-background\" data-public-id=\"19\" data-mode=\"fill\"><div class=\"n2-ss-slide-background-image\" data-blur=\"0\" data-opacity=\"100\" data-x=\"50\" data-y=\"50\" data-alt=\"Alberi innevati Berghaus Edelhirsch\" data-title=\"\"><picture class=\"skip-lazy\" data-skip-lazy=\"1\"><img decoding=\"async\" src=\"\/\/berghaus-edelhirsch.com\/wp-content\/uploads\/2021\/04\/besneeuwde-bomen-berghaus-edelhirsch.jpg\" alt=\"Alberi innevati Berghaus Edelhirsch\" title=\"\" loading=\"lazy\" class=\"skip-lazy\" data-skip-lazy=\"1\"><\/picture><\/div><div data-color=\"RGBA(255,255,255,0)\" style=\"background-color: RGBA(255,255,255,0);\" class=\"n2-ss-slide-background-color\"><\/div><\/div><div role=\"note\" class=\"n2-ss-slide--focus\" tabindex=\"-1\">Alberi innevati Berghaus Edelhirsch<\/div><div class=\"n2-ss-layers-container n2-ss-slide-limiter n2-ow\"><div class=\"n2-ss-layer n2-ow n-uc-0l0Pw7SdcxdR\" data-sstype=\"slide\" data-pm=\"default\"><\/div><\/div><\/div><div data-slide-duration=\"0\" data-id=\"1021\" data-slide-public-id=\"20\" aria-hidden=\"true\" data-title=\"Divertimento invernale con il braciere Berghaus Edelhirsch\" data-lightbox-image=\"\/\/berghaus-edelhirsch.com\/wp-content\/uploads\/2022\/06\/Winterse-gezelligheid-met-vuurkorf-Berghaus-Edelhirsch.jpg\" data-lightbox-alt=\"Divertimento invernale con il braciere Berghaus Edelhirsch\" class=\"n2-ss-slide  n2-ss-slide-1021 n2-ow\"><div class=\"n2-ss-slide-background\" data-public-id=\"20\" data-mode=\"fill\"><div class=\"n2-ss-slide-background-image\" data-blur=\"0\" data-opacity=\"100\" data-x=\"50\" data-y=\"50\" data-alt=\"Divertimento invernale con il braciere Berghaus Edelhirsch\" data-title=\"\"><picture class=\"skip-lazy\" data-skip-lazy=\"1\"><img decoding=\"async\" src=\"\/\/berghaus-edelhirsch.com\/wp-content\/uploads\/2022\/06\/Winterse-gezelligheid-met-vuurkorf-Berghaus-Edelhirsch.jpg\" alt=\"Divertimento invernale con il braciere Berghaus Edelhirsch\" title=\"\" loading=\"lazy\" class=\"skip-lazy\" data-skip-lazy=\"1\"><\/picture><\/div><div data-color=\"RGBA(255,255,255,0)\" style=\"background-color: RGBA(255,255,255,0);\" class=\"n2-ss-slide-background-color\"><\/div><\/div><div role=\"note\" class=\"n2-ss-slide--focus\" tabindex=\"-1\">Divertimento invernale con il braciere Berghaus Edelhirsch<\/div><div class=\"n2-ss-layers-container n2-ss-slide-limiter n2-ow\"><div class=\"n2-ss-layer n2-ow n-uc-DYIqEy20EVOj\" data-sstype=\"slide\" data-pm=\"default\"><\/div><\/div><\/div><div data-slide-duration=\"0\" data-id=\"628\" data-slide-public-id=\"21\" aria-hidden=\"true\" data-title=\"Vista dalla finestra laterale della camera da letto Berghaus Edelhirsch\" data-lightbox-image=\"\/\/berghaus-edelhirsch.com\/wp-content\/uploads\/2021\/02\/Uitzicht-uit-slaapkamer-zijraam-Berghaus-Edelhirsch.jpg\" data-lightbox-alt=\"Vista dalla finestra laterale della camera da letto Berghaus Edelhirsch\" class=\"n2-ss-slide  n2-ss-slide-628 n2-ow\"><div class=\"n2-ss-slide-background\" data-public-id=\"21\" data-mode=\"fill\"><div class=\"n2-ss-slide-background-image\" data-blur=\"0\" data-opacity=\"100\" data-x=\"50\" data-y=\"50\" data-alt=\"Vista dalla finestra laterale della camera da letto Berghaus Edelhirsch\" data-title=\"\"><picture class=\"skip-lazy\" data-skip-lazy=\"1\"><img decoding=\"async\" src=\"\/\/berghaus-edelhirsch.com\/wp-content\/uploads\/2021\/02\/Uitzicht-uit-slaapkamer-zijraam-Berghaus-Edelhirsch.jpg\" alt=\"Vista dalla finestra laterale della camera da letto Berghaus Edelhirsch\" title=\"\" loading=\"lazy\" class=\"skip-lazy\" data-skip-lazy=\"1\"><\/picture><\/div><div data-color=\"RGBA(255,255,255,0)\" style=\"background-color: RGBA(255,255,255,0);\" class=\"n2-ss-slide-background-color\"><\/div><\/div><div role=\"note\" class=\"n2-ss-slide--focus\" tabindex=\"-1\">Vista dalla finestra laterale della camera da letto Berghaus Edelhirsch<\/div><div class=\"n2-ss-layers-container n2-ss-slide-limiter n2-ow\"><div class=\"n2-ss-layer n2-ow n-uc-ODM1dCIlB1hZ\" data-sstype=\"slide\" data-pm=\"default\"><\/div><\/div><\/div><div data-slide-duration=\"0\" data-id=\"629\" data-slide-public-id=\"22\" aria-hidden=\"true\" data-title=\"Panoramica del soggiorno Berghaus Edelhirsch\" data-lightbox-image=\"\/\/berghaus-edelhirsch.com\/wp-content\/uploads\/2021\/04\/woonkamer-overzicht-berghaus-edelhirsch.jpg\" data-lightbox-alt=\"Panoramica del soggiorno Berghaus Edelhirsch\" class=\"n2-ss-slide  n2-ss-slide-629 n2-ow\"><div class=\"n2-ss-slide-background\" data-public-id=\"22\" data-mode=\"fill\"><div class=\"n2-ss-slide-background-image\" data-blur=\"0\" data-opacity=\"100\" data-x=\"50\" data-y=\"50\" data-alt=\"Panoramica del soggiorno Berghaus Edelhirsch\" data-title=\"\"><picture class=\"skip-lazy\" data-skip-lazy=\"1\"><img decoding=\"async\" src=\"\/\/berghaus-edelhirsch.com\/wp-content\/uploads\/2021\/04\/woonkamer-overzicht-berghaus-edelhirsch.jpg\" alt=\"Panoramica del soggiorno Berghaus Edelhirsch\" title=\"\" loading=\"lazy\" class=\"skip-lazy\" data-skip-lazy=\"1\"><\/picture><\/div><div data-color=\"RGBA(255,255,255,0)\" style=\"background-color: RGBA(255,255,255,0);\" class=\"n2-ss-slide-background-color\"><\/div><\/div><div role=\"note\" class=\"n2-ss-slide--focus\" tabindex=\"-1\">Panoramica del soggiorno Berghaus Edelhirsch<\/div><div class=\"n2-ss-layers-container n2-ss-slide-limiter n2-ow\"><div class=\"n2-ss-layer n2-ow n-uc-gjeKOwdiSOuV\" data-sstype=\"slide\" data-pm=\"default\"><\/div><\/div><\/div><div data-slide-duration=\"0\" data-id=\"630\" data-slide-public-id=\"23\" aria-hidden=\"true\" data-title=\"Soggiorno zona soggiorno Berghaus Edelhirsch\" data-lightbox-image=\"\/\/berghaus-edelhirsch.com\/wp-content\/uploads\/2021\/04\/woonkamer-zithoek-berghaus-edelhirsch.jpg\" data-lightbox-alt=\"Soggiorno zona soggiorno Berghaus Edelhirsch\" class=\"n2-ss-slide  n2-ss-slide-630 n2-ow\"><div class=\"n2-ss-slide-background\" data-public-id=\"23\" data-mode=\"fill\"><div class=\"n2-ss-slide-background-image\" data-blur=\"0\" data-opacity=\"100\" data-x=\"50\" data-y=\"50\" data-alt=\"Soggiorno zona soggiorno Berghaus Edelhirsch\" data-title=\"\"><picture class=\"skip-lazy\" data-skip-lazy=\"1\"><img decoding=\"async\" src=\"\/\/berghaus-edelhirsch.com\/wp-content\/uploads\/2021\/04\/woonkamer-zithoek-berghaus-edelhirsch.jpg\" alt=\"Soggiorno zona soggiorno Berghaus Edelhirsch\" title=\"\" loading=\"lazy\" class=\"skip-lazy\" data-skip-lazy=\"1\"><\/picture><\/div><div data-color=\"RGBA(255,255,255,0)\" style=\"background-color: RGBA(255,255,255,0);\" class=\"n2-ss-slide-background-color\"><\/div><\/div><div role=\"note\" class=\"n2-ss-slide--focus\" tabindex=\"-1\">Soggiorno zona soggiorno Berghaus Edelhirsch<\/div><div class=\"n2-ss-layers-container n2-ss-slide-limiter n2-ow\"><div class=\"n2-ss-layer n2-ow n-uc-l9cIUClbJsYR\" data-sstype=\"slide\" data-pm=\"default\"><\/div><\/div><\/div><div data-slide-duration=\"0\" data-id=\"631\" data-slide-public-id=\"24\" aria-hidden=\"true\" data-title=\"Stufa da soggiorno Berghaus Edelhirsch\" data-lightbox-image=\"\/\/berghaus-edelhirsch.com\/wp-content\/uploads\/2021\/04\/woonkamer-kachel-berghaus-edelhirsch.jpg\" data-lightbox-alt=\"Stufa da soggiorno Berghaus Edelhirsch\" class=\"n2-ss-slide  n2-ss-slide-631 n2-ow\"><div class=\"n2-ss-slide-background\" data-public-id=\"24\" data-mode=\"fill\"><div class=\"n2-ss-slide-background-image\" data-blur=\"0\" data-opacity=\"100\" data-x=\"50\" data-y=\"50\" data-alt=\"Stufa da soggiorno Berghaus Edelhirsch\" data-title=\"\"><picture class=\"skip-lazy\" data-skip-lazy=\"1\"><img decoding=\"async\" src=\"\/\/berghaus-edelhirsch.com\/wp-content\/uploads\/2021\/04\/woonkamer-kachel-berghaus-edelhirsch.jpg\" alt=\"Stufa da soggiorno Berghaus Edelhirsch\" title=\"\" loading=\"lazy\" class=\"skip-lazy\" data-skip-lazy=\"1\"><\/picture><\/div><div data-color=\"RGBA(255,255,255,0)\" style=\"background-color: RGBA(255,255,255,0);\" class=\"n2-ss-slide-background-color\"><\/div><\/div><div role=\"note\" class=\"n2-ss-slide--focus\" tabindex=\"-1\">Stufa da soggiorno Berghaus Edelhirsch<\/div><div class=\"n2-ss-layers-container n2-ss-slide-limiter n2-ow\"><div class=\"n2-ss-layer n2-ow n-uc-czFoSsAWww3R\" data-sstype=\"slide\" data-pm=\"default\"><\/div><\/div><\/div><div data-slide-duration=\"0\" data-id=\"632\" data-slide-public-id=\"25\" aria-hidden=\"true\" data-title=\"Soggiorno con stufa e TV Berghaus Edelhirsch\" data-lightbox-image=\"\/\/berghaus-edelhirsch.com\/wp-content\/uploads\/2021\/04\/woonkamer-met-kachel-en-tv-berghaus-edelhirsch.jpg\" data-lightbox-alt=\"Soggiorno con stufa e TV Berghaus Edelhirsch\" class=\"n2-ss-slide  n2-ss-slide-632 n2-ow\"><div class=\"n2-ss-slide-background\" data-public-id=\"25\" data-mode=\"fill\"><div class=\"n2-ss-slide-background-image\" data-blur=\"0\" data-opacity=\"100\" data-x=\"50\" data-y=\"50\" data-alt=\"Soggiorno con stufa e TV Berghaus Edelhirsch\" data-title=\"\"><picture class=\"skip-lazy\" data-skip-lazy=\"1\"><img decoding=\"async\" src=\"\/\/berghaus-edelhirsch.com\/wp-content\/uploads\/2021\/04\/woonkamer-met-kachel-en-tv-berghaus-edelhirsch.jpg\" alt=\"Soggiorno con stufa e TV Berghaus Edelhirsch\" title=\"\" loading=\"lazy\" class=\"skip-lazy\" data-skip-lazy=\"1\"><\/picture><\/div><div data-color=\"RGBA(255,255,255,0)\" style=\"background-color: RGBA(255,255,255,0);\" class=\"n2-ss-slide-background-color\"><\/div><\/div><div role=\"note\" class=\"n2-ss-slide--focus\" tabindex=\"-1\">Soggiorno con stufa e TV Berghaus Edelhirsch<\/div><div class=\"n2-ss-layers-container n2-ss-slide-limiter n2-ow\"><div class=\"n2-ss-layer n2-ow n-uc-0JcAnK36TZh2\" data-sstype=\"slide\" data-pm=\"default\"><\/div><\/div><\/div><div data-slide-duration=\"0\" data-id=\"633\" data-slide-public-id=\"26\" aria-hidden=\"true\" data-title=\"Soggiorno la stufa brucia - Berghaus Edelhirsch\" data-lightbox-image=\"\/\/berghaus-edelhirsch.com\/wp-content\/uploads\/2021\/04\/woonkamer-kachel-aan-berghaus-edelhirsch.jpg\" data-lightbox-alt=\"Soggiorno la stufa brucia - Berghaus Edelhirsch\" class=\"n2-ss-slide  n2-ss-slide-633 n2-ow\"><div class=\"n2-ss-slide-background\" data-public-id=\"26\" data-mode=\"fill\"><div class=\"n2-ss-slide-background-image\" data-blur=\"0\" data-opacity=\"100\" data-x=\"50\" data-y=\"50\" data-alt=\"Soggiorno la stufa brucia - Berghaus Edelhirsch\" data-title=\"\"><picture class=\"skip-lazy\" data-skip-lazy=\"1\"><img decoding=\"async\" src=\"\/\/berghaus-edelhirsch.com\/wp-content\/uploads\/2021\/04\/woonkamer-kachel-aan-berghaus-edelhirsch.jpg\" alt=\"Soggiorno la stufa brucia - Berghaus Edelhirsch\" title=\"\" loading=\"lazy\" class=\"skip-lazy\" data-skip-lazy=\"1\"><\/picture><\/div><div data-color=\"RGBA(255,255,255,0)\" style=\"background-color: RGBA(255,255,255,0);\" class=\"n2-ss-slide-background-color\"><\/div><\/div><div role=\"note\" class=\"n2-ss-slide--focus\" tabindex=\"-1\">Soggiorno la stufa brucia &#8211; Berghaus Edelhirsch<\/div><div class=\"n2-ss-layers-container n2-ss-slide-limiter n2-ow\"><div class=\"n2-ss-layer n2-ow n-uc-0Ydy9vgQ2KGk\" data-sstype=\"slide\" data-pm=\"default\"><\/div><\/div><\/div><div data-slide-duration=\"0\" data-id=\"634\" data-slide-public-id=\"27\" aria-hidden=\"true\" data-title=\"Soggiorno Salotto con stufa a legna al Berghaus Edelhirsch\" data-lightbox-image=\"\/\/berghaus-edelhirsch.com\/wp-content\/uploads\/2021\/04\/woonkamer-zithoek-met-houtkachel-aan-berghaus-edelhirsch.jpg\" data-lightbox-alt=\"Soggiorno Salotto con stufa a legna al Berghaus Edelhirsch\" class=\"n2-ss-slide  n2-ss-slide-634 n2-ow\"><div class=\"n2-ss-slide-background\" data-public-id=\"27\" data-mode=\"fill\"><div class=\"n2-ss-slide-background-image\" data-blur=\"0\" data-opacity=\"100\" data-x=\"50\" data-y=\"50\" data-alt=\"Soggiorno Salotto con stufa a legna al Berghaus Edelhirsch\" data-title=\"\"><picture class=\"skip-lazy\" data-skip-lazy=\"1\"><img decoding=\"async\" src=\"\/\/berghaus-edelhirsch.com\/wp-content\/uploads\/2021\/04\/woonkamer-zithoek-met-houtkachel-aan-berghaus-edelhirsch.jpg\" alt=\"Soggiorno Salotto con stufa a legna al Berghaus Edelhirsch\" title=\"\" loading=\"lazy\" class=\"skip-lazy\" data-skip-lazy=\"1\"><\/picture><\/div><div data-color=\"RGBA(255,255,255,0)\" style=\"background-color: RGBA(255,255,255,0);\" class=\"n2-ss-slide-background-color\"><\/div><\/div><div role=\"note\" class=\"n2-ss-slide--focus\" tabindex=\"-1\">Soggiorno Salotto con stufa a legna al Berghaus Edelhirsch<\/div><div class=\"n2-ss-layers-container n2-ss-slide-limiter n2-ow\"><div class=\"n2-ss-layer n2-ow n-uc-Gfbp18oGDVEq\" data-sstype=\"slide\" data-pm=\"default\"><\/div><\/div><\/div><div data-slide-duration=\"0\" data-id=\"941\" data-slide-public-id=\"28\" aria-hidden=\"true\" data-title=\"Cassapanca con giocattoli e Duplo, Berghaus Edelhirsch\" data-lightbox-image=\"\/\/berghaus-edelhirsch.com\/wp-content\/uploads\/2021\/07\/Kist-met-speelgoed-Duplo-Berghaus-Edelhirsch.jpg\" data-lightbox-alt=\"Cassapanca con giocattoli e Duplo, Berghaus Edelhirsch\" class=\"n2-ss-slide  n2-ss-slide-941 n2-ow\"><div class=\"n2-ss-slide-background\" data-public-id=\"28\" data-mode=\"fill\"><div class=\"n2-ss-slide-background-image\" data-blur=\"0\" data-opacity=\"100\" data-x=\"50\" data-y=\"50\" data-alt=\"Cassapanca con giocattoli e Duplo, Berghaus Edelhirsch\" data-title=\"\"><picture class=\"skip-lazy\" data-skip-lazy=\"1\"><img decoding=\"async\" src=\"\/\/berghaus-edelhirsch.com\/wp-content\/uploads\/2021\/07\/Kist-met-speelgoed-Duplo-Berghaus-Edelhirsch.jpg\" alt=\"Cassapanca con giocattoli e Duplo, Berghaus Edelhirsch\" title=\"\" loading=\"lazy\" class=\"skip-lazy\" data-skip-lazy=\"1\"><\/picture><\/div><div data-color=\"RGBA(255,255,255,0)\" style=\"background-color: RGBA(255,255,255,0);\" class=\"n2-ss-slide-background-color\"><\/div><\/div><div role=\"note\" class=\"n2-ss-slide--focus\" tabindex=\"-1\">Cassapanca con giocattoli e Duplo, Berghaus Edelhirsch<\/div><div class=\"n2-ss-layers-container n2-ss-slide-limiter n2-ow\"><div class=\"n2-ss-layer n2-ow n-uc-oLzcdVqiIZNk\" data-sstype=\"slide\" data-pm=\"default\"><\/div><\/div><\/div><div data-slide-duration=\"0\" data-id=\"635\" data-slide-public-id=\"29\" aria-hidden=\"true\" data-title=\"Zona pranzo Berghaus Edelhirsch\" data-lightbox-image=\"\/\/berghaus-edelhirsch.com\/wp-content\/uploads\/2021\/04\/eethoek-berghaus-edelhirsch.jpg\" data-lightbox-alt=\"Zona pranzo Berghaus Edelhirsch\" class=\"n2-ss-slide  n2-ss-slide-635 n2-ow\"><div class=\"n2-ss-slide-background\" data-public-id=\"29\" data-mode=\"fill\"><div class=\"n2-ss-slide-background-image\" data-blur=\"0\" data-opacity=\"100\" data-x=\"50\" data-y=\"50\" data-alt=\"Zona pranzo Berghaus Edelhirsch\" data-title=\"\"><picture class=\"skip-lazy\" data-skip-lazy=\"1\"><img decoding=\"async\" src=\"\/\/berghaus-edelhirsch.com\/wp-content\/uploads\/2021\/04\/eethoek-berghaus-edelhirsch.jpg\" alt=\"Zona pranzo Berghaus Edelhirsch\" title=\"\" loading=\"lazy\" class=\"skip-lazy\" data-skip-lazy=\"1\"><\/picture><\/div><div data-color=\"RGBA(255,255,255,0)\" style=\"background-color: RGBA(255,255,255,0);\" class=\"n2-ss-slide-background-color\"><\/div><\/div><div role=\"note\" class=\"n2-ss-slide--focus\" tabindex=\"-1\">Zona pranzo Berghaus Edelhirsch<\/div><div class=\"n2-ss-layers-container n2-ss-slide-limiter n2-ow\"><div class=\"n2-ss-layer n2-ow n-uc-aarcxy9erLrA\" data-sstype=\"slide\" data-pm=\"default\"><\/div><\/div><\/div><div data-slide-duration=\"0\" data-id=\"636\" data-slide-public-id=\"30\" aria-hidden=\"true\" data-title=\"Zona pranzo e cucina Berghaus Edelhirsch\" data-lightbox-image=\"\/\/berghaus-edelhirsch.com\/wp-content\/uploads\/2021\/04\/eethoek-en-keuken-berghaus-edelhirsch.jpg\" data-lightbox-alt=\"Zona pranzo e cucina Berghaus Edelhirsch\" class=\"n2-ss-slide  n2-ss-slide-636 n2-ow\"><div class=\"n2-ss-slide-background\" data-public-id=\"30\" data-mode=\"fill\"><div class=\"n2-ss-slide-background-image\" data-blur=\"0\" data-opacity=\"100\" data-x=\"50\" data-y=\"50\" data-alt=\"Zona pranzo e cucina Berghaus Edelhirsch\" data-title=\"\"><picture class=\"skip-lazy\" data-skip-lazy=\"1\"><img decoding=\"async\" src=\"\/\/berghaus-edelhirsch.com\/wp-content\/uploads\/2021\/04\/eethoek-en-keuken-berghaus-edelhirsch.jpg\" alt=\"Zona pranzo e cucina Berghaus Edelhirsch\" title=\"\" loading=\"lazy\" class=\"skip-lazy\" data-skip-lazy=\"1\"><\/picture><\/div><div data-color=\"RGBA(255,255,255,0)\" style=\"background-color: RGBA(255,255,255,0);\" class=\"n2-ss-slide-background-color\"><\/div><\/div><div role=\"note\" class=\"n2-ss-slide--focus\" tabindex=\"-1\">Zona pranzo e cucina Berghaus Edelhirsch<\/div><div class=\"n2-ss-layers-container n2-ss-slide-limiter n2-ow\"><div class=\"n2-ss-layer n2-ow n-uc-VkgeZsgtancq\" data-sstype=\"slide\" data-pm=\"default\"><\/div><\/div><\/div><div data-slide-duration=\"0\" data-id=\"637\" data-slide-public-id=\"31\" aria-hidden=\"true\" data-title=\"Zona pranzo atmosferica Berghaus Edelhirsch\" data-lightbox-image=\"\/\/berghaus-edelhirsch.com\/wp-content\/uploads\/2021\/04\/eethoek-sfeervol-berghaus-edelhirsch.jpg\" data-lightbox-alt=\"Zona pranzo atmosferica Berghaus Edelhirsch\" class=\"n2-ss-slide  n2-ss-slide-637 n2-ow\"><div class=\"n2-ss-slide-background\" data-public-id=\"31\" data-mode=\"fill\"><div class=\"n2-ss-slide-background-image\" data-blur=\"0\" data-opacity=\"100\" data-x=\"50\" data-y=\"50\" data-alt=\"Zona pranzo atmosferica Berghaus Edelhirsch\" data-title=\"\"><picture class=\"skip-lazy\" data-skip-lazy=\"1\"><img decoding=\"async\" src=\"\/\/berghaus-edelhirsch.com\/wp-content\/uploads\/2021\/04\/eethoek-sfeervol-berghaus-edelhirsch.jpg\" alt=\"Zona pranzo atmosferica Berghaus Edelhirsch\" title=\"\" loading=\"lazy\" class=\"skip-lazy\" data-skip-lazy=\"1\"><\/picture><\/div><div data-color=\"RGBA(255,255,255,0)\" style=\"background-color: RGBA(255,255,255,0);\" class=\"n2-ss-slide-background-color\"><\/div><\/div><div role=\"note\" class=\"n2-ss-slide--focus\" tabindex=\"-1\">Zona pranzo atmosferica Berghaus Edelhirsch<\/div><div class=\"n2-ss-layers-container n2-ss-slide-limiter n2-ow\"><div class=\"n2-ss-layer n2-ow n-uc-rYuOuJszXT1y\" data-sstype=\"slide\" data-pm=\"default\"><\/div><\/div><\/div><div data-slide-duration=\"0\" data-id=\"638\" data-slide-public-id=\"32\" aria-hidden=\"true\" data-title=\"Cucina con forno Berghaus Edelhirsch\" data-lightbox-image=\"\/\/berghaus-edelhirsch.com\/wp-content\/uploads\/2021\/04\/keuken-met-oven-berghaus-edelhirsch.jpg\" data-lightbox-alt=\"Cucina con forno Berghaus Edelhirsch\" class=\"n2-ss-slide  n2-ss-slide-638 n2-ow\"><div class=\"n2-ss-slide-background\" data-public-id=\"32\" data-mode=\"fill\"><div class=\"n2-ss-slide-background-image\" data-blur=\"0\" data-opacity=\"100\" data-x=\"50\" data-y=\"50\" data-alt=\"Cucina con forno Berghaus Edelhirsch\" data-title=\"\"><picture class=\"skip-lazy\" data-skip-lazy=\"1\"><img decoding=\"async\" src=\"\/\/berghaus-edelhirsch.com\/wp-content\/uploads\/2021\/04\/keuken-met-oven-berghaus-edelhirsch.jpg\" alt=\"Cucina con forno Berghaus Edelhirsch\" title=\"\" loading=\"lazy\" class=\"skip-lazy\" data-skip-lazy=\"1\"><\/picture><\/div><div data-color=\"RGBA(255,255,255,0)\" style=\"background-color: RGBA(255,255,255,0);\" class=\"n2-ss-slide-background-color\"><\/div><\/div><div role=\"note\" class=\"n2-ss-slide--focus\" tabindex=\"-1\">Cucina con forno Berghaus Edelhirsch<\/div><div class=\"n2-ss-layers-container n2-ss-slide-limiter n2-ow\"><div class=\"n2-ss-layer n2-ow n-uc-BwKkeHIwhjE9\" data-sstype=\"slide\" data-pm=\"default\"><\/div><\/div><\/div><div data-slide-duration=\"0\" data-id=\"639\" data-slide-public-id=\"33\" aria-hidden=\"true\" data-title=\"Stoviglie da cucina Berghaus Edelhirsch\" data-lightbox-image=\"\/\/berghaus-edelhirsch.com\/wp-content\/uploads\/2021\/04\/keuken-servies-berghaus-edelhirsch.jpg\" data-lightbox-alt=\"Stoviglie da cucina Berghaus Edelhirsch\" class=\"n2-ss-slide  n2-ss-slide-639 n2-ow\"><div class=\"n2-ss-slide-background\" data-public-id=\"33\" data-mode=\"fill\"><div class=\"n2-ss-slide-background-image\" data-blur=\"0\" data-opacity=\"100\" data-x=\"50\" data-y=\"50\" data-alt=\"Stoviglie da cucina Berghaus Edelhirsch\" data-title=\"\"><picture class=\"skip-lazy\" data-skip-lazy=\"1\"><img decoding=\"async\" src=\"\/\/berghaus-edelhirsch.com\/wp-content\/uploads\/2021\/04\/keuken-servies-berghaus-edelhirsch.jpg\" alt=\"Stoviglie da cucina Berghaus Edelhirsch\" title=\"\" loading=\"lazy\" class=\"skip-lazy\" data-skip-lazy=\"1\"><\/picture><\/div><div data-color=\"RGBA(255,255,255,0)\" style=\"background-color: RGBA(255,255,255,0);\" class=\"n2-ss-slide-background-color\"><\/div><\/div><div role=\"note\" class=\"n2-ss-slide--focus\" tabindex=\"-1\">Stoviglie da cucina Berghaus Edelhirsch<\/div><div class=\"n2-ss-layers-container n2-ss-slide-limiter n2-ow\"><div class=\"n2-ss-layer n2-ow n-uc-TlO5EuDhtPP7\" data-sstype=\"slide\" data-pm=\"default\"><\/div><\/div><\/div><div data-slide-duration=\"0\" data-id=\"640\" data-slide-public-id=\"34\" aria-hidden=\"true\" data-title=\"Servizi igienici al piano terra Berghaus Edelhirsch\" data-lightbox-image=\"\/\/berghaus-edelhirsch.com\/wp-content\/uploads\/2021\/04\/toilet-begane-grond-berghaus-edelhirsch.jpg\" data-lightbox-alt=\"Servizi igienici al piano terra Berghaus Edelhirsch\" class=\"n2-ss-slide  n2-ss-slide-640 n2-ow\"><div class=\"n2-ss-slide-background\" data-public-id=\"34\" data-mode=\"fill\"><div class=\"n2-ss-slide-background-image\" data-blur=\"0\" data-opacity=\"100\" data-x=\"50\" data-y=\"50\" data-alt=\"Servizi igienici al piano terra Berghaus Edelhirsch\" data-title=\"\"><picture class=\"skip-lazy\" data-skip-lazy=\"1\"><img decoding=\"async\" src=\"\/\/berghaus-edelhirsch.com\/wp-content\/uploads\/2021\/04\/toilet-begane-grond-berghaus-edelhirsch.jpg\" alt=\"Servizi igienici al piano terra Berghaus Edelhirsch\" title=\"\" loading=\"lazy\" class=\"skip-lazy\" data-skip-lazy=\"1\"><\/picture><\/div><div data-color=\"RGBA(255,255,255,0)\" style=\"background-color: RGBA(255,255,255,0);\" class=\"n2-ss-slide-background-color\"><\/div><\/div><div role=\"note\" class=\"n2-ss-slide--focus\" tabindex=\"-1\">Servizi igienici al piano terra Berghaus Edelhirsch<\/div><div class=\"n2-ss-layers-container n2-ss-slide-limiter n2-ow\"><div class=\"n2-ss-layer n2-ow n-uc-mOnnHG0nZM2y\" data-sstype=\"slide\" data-pm=\"default\"><\/div><\/div><\/div><div data-slide-duration=\"0\" data-id=\"641\" data-slide-public-id=\"35\" aria-hidden=\"true\" data-title=\"WC Piano terra lavatrice asciugatrice Berghaus Edelhirsch\" data-lightbox-image=\"\/\/berghaus-edelhirsch.com\/wp-content\/uploads\/2021\/04\/toilet-begane-grond-wasmachine-wasdroger-berghaus-edelhirsch.jpg\" data-lightbox-alt=\"WC Piano terra lavatrice asciugatrice Berghaus Edelhirsch\" class=\"n2-ss-slide  n2-ss-slide-641 n2-ow\"><div class=\"n2-ss-slide-background\" data-public-id=\"35\" data-mode=\"fill\"><div class=\"n2-ss-slide-background-image\" data-blur=\"0\" data-opacity=\"100\" data-x=\"50\" data-y=\"50\" data-alt=\"WC Piano terra lavatrice asciugatrice Berghaus Edelhirsch\" data-title=\"\"><picture class=\"skip-lazy\" data-skip-lazy=\"1\"><img decoding=\"async\" src=\"\/\/berghaus-edelhirsch.com\/wp-content\/uploads\/2021\/04\/toilet-begane-grond-wasmachine-wasdroger-berghaus-edelhirsch.jpg\" alt=\"WC Piano terra lavatrice asciugatrice Berghaus Edelhirsch\" title=\"\" loading=\"lazy\" class=\"skip-lazy\" data-skip-lazy=\"1\"><\/picture><\/div><div data-color=\"RGBA(255,255,255,0)\" style=\"background-color: RGBA(255,255,255,0);\" class=\"n2-ss-slide-background-color\"><\/div><\/div><div role=\"note\" class=\"n2-ss-slide--focus\" tabindex=\"-1\">WC Piano terra lavatrice asciugatrice Berghaus Edelhirsch<\/div><div class=\"n2-ss-layers-container n2-ss-slide-limiter n2-ow\"><div class=\"n2-ss-layer n2-ow n-uc-xfmLCutPIi4B\" data-sstype=\"slide\" data-pm=\"default\"><\/div><\/div><\/div><div data-slide-duration=\"0\" data-id=\"642\" data-slide-public-id=\"36\" aria-hidden=\"true\" data-title=\"Cartelle con informazioni turistiche Berghaus Edelhirsch\" data-lightbox-image=\"\/\/berghaus-edelhirsch.com\/wp-content\/uploads\/2021\/04\/mappen-met-touristische-informatie-berghaus-edelhirsch.jpg\" data-lightbox-alt=\"Cartelle con informazioni turistiche Berghaus Edelhirsch\" class=\"n2-ss-slide  n2-ss-slide-642 n2-ow\"><div class=\"n2-ss-slide-background\" data-public-id=\"36\" data-mode=\"fill\"><div class=\"n2-ss-slide-background-image\" data-blur=\"0\" data-opacity=\"100\" data-x=\"50\" data-y=\"50\" data-alt=\"Cartelle con informazioni turistiche Berghaus Edelhirsch\" data-title=\"\"><picture class=\"skip-lazy\" data-skip-lazy=\"1\"><img decoding=\"async\" src=\"\/\/berghaus-edelhirsch.com\/wp-content\/uploads\/2021\/04\/mappen-met-touristische-informatie-berghaus-edelhirsch.jpg\" alt=\"Cartelle con informazioni turistiche Berghaus Edelhirsch\" title=\"\" loading=\"lazy\" class=\"skip-lazy\" data-skip-lazy=\"1\"><\/picture><\/div><div data-color=\"RGBA(255,255,255,0)\" style=\"background-color: RGBA(255,255,255,0);\" class=\"n2-ss-slide-background-color\"><\/div><\/div><div role=\"note\" class=\"n2-ss-slide--focus\" tabindex=\"-1\">Cartelle con informazioni turistiche Berghaus Edelhirsch<\/div><div class=\"n2-ss-layers-container n2-ss-slide-limiter n2-ow\"><div class=\"n2-ss-layer n2-ow n-uc-JdcfPVj45umF\" data-sstype=\"slide\" data-pm=\"default\"><\/div><\/div><\/div><div data-slide-duration=\"0\" data-id=\"643\" data-slide-public-id=\"37\" aria-hidden=\"true\" data-title=\"Camera da letto 1 Berghaus Edelhirsch\" data-lightbox-image=\"\/\/berghaus-edelhirsch.com\/wp-content\/uploads\/2021\/04\/slaapkamer-1-berghaus-edelhirsch.jpg\" data-lightbox-alt=\"Camera da letto 1 Berghaus Edelhirsch\" class=\"n2-ss-slide  n2-ss-slide-643 n2-ow\"><div class=\"n2-ss-slide-background\" data-public-id=\"37\" data-mode=\"fill\"><div class=\"n2-ss-slide-background-image\" data-blur=\"0\" data-opacity=\"100\" data-x=\"50\" data-y=\"50\" data-alt=\"Camera da letto 1 Berghaus Edelhirsch\" data-title=\"\"><picture class=\"skip-lazy\" data-skip-lazy=\"1\"><img decoding=\"async\" src=\"\/\/berghaus-edelhirsch.com\/wp-content\/uploads\/2021\/04\/slaapkamer-1-berghaus-edelhirsch.jpg\" alt=\"Camera da letto 1 Berghaus Edelhirsch\" title=\"\" loading=\"lazy\" class=\"skip-lazy\" data-skip-lazy=\"1\"><\/picture><\/div><div data-color=\"RGBA(255,255,255,0)\" style=\"background-color: RGBA(255,255,255,0);\" class=\"n2-ss-slide-background-color\"><\/div><\/div><div role=\"note\" class=\"n2-ss-slide--focus\" tabindex=\"-1\">Camera da letto 1 Berghaus Edelhirsch<\/div><div class=\"n2-ss-layers-container n2-ss-slide-limiter n2-ow\"><div class=\"n2-ss-layer n2-ow n-uc-3SG7wAo84Mxf\" data-sstype=\"slide\" data-pm=\"default\"><\/div><\/div><\/div><div data-slide-duration=\"0\" data-id=\"644\" data-slide-public-id=\"38\" aria-hidden=\"true\" data-title=\"Camera da letto 1 con porte del balcone Berghaus Edelhirsch\" data-lightbox-image=\"\/\/berghaus-edelhirsch.com\/wp-content\/uploads\/2021\/04\/slaapkamer-1-met-balkondeuren-berghaus-edelhirsch.jpg\" data-lightbox-alt=\"Camera da letto 1 con porte del balcone Berghaus Edelhirsch\" class=\"n2-ss-slide  n2-ss-slide-644 n2-ow\"><div class=\"n2-ss-slide-background\" data-public-id=\"38\" data-mode=\"fill\"><div class=\"n2-ss-slide-background-image\" data-blur=\"0\" data-opacity=\"100\" data-x=\"50\" data-y=\"50\" data-alt=\"Camera da letto 1 con porte del balcone Berghaus Edelhirsch\" data-title=\"\"><picture class=\"skip-lazy\" data-skip-lazy=\"1\"><img decoding=\"async\" src=\"\/\/berghaus-edelhirsch.com\/wp-content\/uploads\/2021\/04\/slaapkamer-1-met-balkondeuren-berghaus-edelhirsch.jpg\" alt=\"Camera da letto 1 con porte del balcone Berghaus Edelhirsch\" title=\"\" loading=\"lazy\" class=\"skip-lazy\" data-skip-lazy=\"1\"><\/picture><\/div><div data-color=\"RGBA(255,255,255,0)\" style=\"background-color: RGBA(255,255,255,0);\" class=\"n2-ss-slide-background-color\"><\/div><\/div><div role=\"note\" class=\"n2-ss-slide--focus\" tabindex=\"-1\">Camera da letto 1 con porte del balcone Berghaus Edelhirsch<\/div><div class=\"n2-ss-layers-container n2-ss-slide-limiter n2-ow\"><div class=\"n2-ss-layer n2-ow n-uc-BpYsNRPgAldI\" data-sstype=\"slide\" data-pm=\"default\"><\/div><\/div><\/div><div data-slide-duration=\"0\" data-id=\"645\" data-slide-public-id=\"39\" aria-hidden=\"true\" data-title=\"Camera da letto 1 con porte del balcone aperte Berghaus Edelhirsch\" data-lightbox-image=\"\/\/berghaus-edelhirsch.com\/wp-content\/uploads\/2021\/04\/slaapkamer-1-met-balkondeuren-open-berghaus-edelhirsch.jpg\" data-lightbox-alt=\"Camera da letto 1 con porte del balcone aperte Berghaus Edelhirsch\" class=\"n2-ss-slide  n2-ss-slide-645 n2-ow\"><div class=\"n2-ss-slide-background\" data-public-id=\"39\" data-mode=\"fill\"><div class=\"n2-ss-slide-background-image\" data-blur=\"0\" data-opacity=\"100\" data-x=\"50\" data-y=\"50\" data-alt=\"Camera da letto 1 con porte del balcone aperte Berghaus Edelhirsch\" data-title=\"\"><picture class=\"skip-lazy\" data-skip-lazy=\"1\"><img decoding=\"async\" src=\"\/\/berghaus-edelhirsch.com\/wp-content\/uploads\/2021\/04\/slaapkamer-1-met-balkondeuren-open-berghaus-edelhirsch.jpg\" alt=\"Camera da letto 1 con porte del balcone aperte Berghaus Edelhirsch\" title=\"\" loading=\"lazy\" class=\"skip-lazy\" data-skip-lazy=\"1\"><\/picture><\/div><div data-color=\"RGBA(255,255,255,0)\" style=\"background-color: RGBA(255,255,255,0);\" class=\"n2-ss-slide-background-color\"><\/div><\/div><div role=\"note\" class=\"n2-ss-slide--focus\" tabindex=\"-1\">Camera da letto 1 con porte del balcone aperte Berghaus Edelhirsch<\/div><div class=\"n2-ss-layers-container n2-ss-slide-limiter n2-ow\"><div class=\"n2-ss-layer n2-ow n-uc-6BZ8Av0zPc1O\" data-sstype=\"slide\" data-pm=\"default\"><\/div><\/div><\/div><div data-slide-duration=\"0\" data-id=\"646\" data-slide-public-id=\"40\" aria-hidden=\"true\" data-title=\"Camera da letto 1 con lettino per bambini Berghaus Edelhirsch\" data-lightbox-image=\"\/\/berghaus-edelhirsch.com\/wp-content\/uploads\/2021\/04\/slaapkamer-1-met-babybed-berghaus-edelhirsch.jpg\" data-lightbox-alt=\"Camera da letto 1 con lettino per bambini Berghaus Edelhirsch\" class=\"n2-ss-slide  n2-ss-slide-646 n2-ow\"><div class=\"n2-ss-slide-background\" data-public-id=\"40\" data-mode=\"fill\"><div class=\"n2-ss-slide-background-image\" data-blur=\"0\" data-opacity=\"100\" data-x=\"50\" data-y=\"50\" data-alt=\"Camera da letto 1 con lettino per bambini Berghaus Edelhirsch\" data-title=\"\"><picture class=\"skip-lazy\" data-skip-lazy=\"1\"><img decoding=\"async\" src=\"\/\/berghaus-edelhirsch.com\/wp-content\/uploads\/2021\/04\/slaapkamer-1-met-babybed-berghaus-edelhirsch.jpg\" alt=\"Camera da letto 1 con lettino per bambini Berghaus Edelhirsch\" title=\"\" loading=\"lazy\" class=\"skip-lazy\" data-skip-lazy=\"1\"><\/picture><\/div><div data-color=\"RGBA(255,255,255,0)\" style=\"background-color: RGBA(255,255,255,0);\" class=\"n2-ss-slide-background-color\"><\/div><\/div><div role=\"note\" class=\"n2-ss-slide--focus\" tabindex=\"-1\">Camera da letto 1 con lettino per bambini Berghaus Edelhirsch<\/div><div class=\"n2-ss-layers-container n2-ss-slide-limiter n2-ow\"><div class=\"n2-ss-layer n2-ow n-uc-OESfr50woea3\" data-sstype=\"slide\" data-pm=\"default\"><\/div><\/div><\/div><div data-slide-duration=\"0\" data-id=\"647\" data-slide-public-id=\"41\" aria-hidden=\"true\" data-title=\"Camera da letto 1 lettino per bambini Berghaus Edelhirsch\" data-lightbox-image=\"\/\/berghaus-edelhirsch.com\/wp-content\/uploads\/2021\/04\/slaapkamer-1-babybed-berghaus-edelhirsch.jpg\" data-lightbox-alt=\"Camera da letto 1 lettino per bambini Berghaus Edelhirsch\" class=\"n2-ss-slide  n2-ss-slide-647 n2-ow\"><div class=\"n2-ss-slide-background\" data-public-id=\"41\" data-mode=\"fill\"><div class=\"n2-ss-slide-background-image\" data-blur=\"0\" data-opacity=\"100\" data-x=\"50\" data-y=\"50\" data-alt=\"Camera da letto 1 lettino per bambini Berghaus Edelhirsch\" data-title=\"\"><picture class=\"skip-lazy\" data-skip-lazy=\"1\"><img decoding=\"async\" src=\"\/\/berghaus-edelhirsch.com\/wp-content\/uploads\/2021\/04\/slaapkamer-1-babybed-berghaus-edelhirsch.jpg\" alt=\"Camera da letto 1 lettino per bambini Berghaus Edelhirsch\" title=\"\" loading=\"lazy\" class=\"skip-lazy\" data-skip-lazy=\"1\"><\/picture><\/div><div data-color=\"RGBA(255,255,255,0)\" style=\"background-color: RGBA(255,255,255,0);\" class=\"n2-ss-slide-background-color\"><\/div><\/div><div role=\"note\" class=\"n2-ss-slide--focus\" tabindex=\"-1\">Camera da letto 1 lettino per bambini Berghaus Edelhirsch<\/div><div class=\"n2-ss-layers-container n2-ss-slide-limiter n2-ow\"><div class=\"n2-ss-layer n2-ow n-uc-7xqJYVjQykdu\" data-sstype=\"slide\" data-pm=\"default\"><\/div><\/div><\/div><div data-slide-duration=\"0\" data-id=\"944\" data-slide-public-id=\"42\" aria-hidden=\"true\" data-title=\"Berghaus Edelhirsch ampio balcone\" data-lightbox-image=\"\/\/berghaus-edelhirsch.com\/wp-content\/uploads\/2021\/07\/Berghaus-Edelhirsch-ruim-balkon.jpg\" data-lightbox-alt=\"Berghaus Edelhirsch ampio balcone\" class=\"n2-ss-slide  n2-ss-slide-944 n2-ow\"><div class=\"n2-ss-slide-background\" data-public-id=\"42\" data-mode=\"fill\"><div class=\"n2-ss-slide-background-image\" data-blur=\"0\" data-opacity=\"100\" data-x=\"50\" data-y=\"50\" data-alt=\"Berghaus Edelhirsch ampio balcone\" data-title=\"\"><picture class=\"skip-lazy\" data-skip-lazy=\"1\"><img decoding=\"async\" src=\"\/\/berghaus-edelhirsch.com\/wp-content\/uploads\/2021\/07\/Berghaus-Edelhirsch-ruim-balkon.jpg\" alt=\"Berghaus Edelhirsch ampio balcone\" title=\"\" loading=\"lazy\" class=\"skip-lazy\" data-skip-lazy=\"1\"><\/picture><\/div><div data-color=\"RGBA(255,255,255,0)\" style=\"background-color: RGBA(255,255,255,0);\" class=\"n2-ss-slide-background-color\"><\/div><\/div><div role=\"note\" class=\"n2-ss-slide--focus\" tabindex=\"-1\">Berghaus Edelhirsch ampio balcone<\/div><div class=\"n2-ss-layers-container n2-ss-slide-limiter n2-ow\"><div class=\"n2-ss-layer n2-ow n-uc-RqKCUIVw73DM\" data-sstype=\"slide\" data-pm=\"default\"><\/div><\/div><\/div><div data-slide-duration=\"0\" data-id=\"948\" data-slide-public-id=\"43\" aria-hidden=\"true\" data-title=\"Fioriere Berghaus Edelhirsch\" data-lightbox-image=\"\/\/berghaus-edelhirsch.com\/wp-content\/uploads\/2021\/07\/Berghaus-Edelhirsch-Bloembakken.jpg\" data-lightbox-alt=\"Fioriere Berghaus Edelhirsch\" class=\"n2-ss-slide  n2-ss-slide-948 n2-ow\"><div class=\"n2-ss-slide-background\" data-public-id=\"43\" data-mode=\"fill\"><div class=\"n2-ss-slide-background-image\" data-blur=\"0\" data-opacity=\"100\" data-x=\"50\" data-y=\"50\" data-alt=\"Fioriere Berghaus Edelhirsch\" data-title=\"\"><picture class=\"skip-lazy\" data-skip-lazy=\"1\"><img decoding=\"async\" src=\"\/\/berghaus-edelhirsch.com\/wp-content\/uploads\/2021\/07\/Berghaus-Edelhirsch-Bloembakken.jpg\" alt=\"Fioriere Berghaus Edelhirsch\" title=\"\" loading=\"lazy\" class=\"skip-lazy\" data-skip-lazy=\"1\"><\/picture><\/div><div data-color=\"RGBA(255,255,255,0)\" style=\"background-color: RGBA(255,255,255,0);\" class=\"n2-ss-slide-background-color\"><\/div><\/div><div role=\"note\" class=\"n2-ss-slide--focus\" tabindex=\"-1\">Fioriere Berghaus Edelhirsch<\/div><div class=\"n2-ss-layers-container n2-ss-slide-limiter n2-ow\"><div class=\"n2-ss-layer n2-ow n-uc-Fx76Yn5k8ryf\" data-sstype=\"slide\" data-pm=\"default\"><\/div><\/div><\/div><div data-slide-duration=\"0\" data-id=\"649\" data-slide-public-id=\"44\" aria-hidden=\"true\" data-title=\"Bagno 1 \u00b0 piano doccia e servizi igienici Berghaus Edelhirsch\" data-lightbox-image=\"\/\/berghaus-edelhirsch.com\/wp-content\/uploads\/2021\/04\/badkamer-1e-verdieping-douche-en-toilet-berghaus-edelhirsch.jpg\" data-lightbox-alt=\"Bagno 1 \u00b0 piano doccia e servizi igienici Berghaus Edelhirsch\" class=\"n2-ss-slide  n2-ss-slide-649 n2-ow\"><div class=\"n2-ss-slide-background\" data-public-id=\"44\" data-mode=\"fill\"><div class=\"n2-ss-slide-background-image\" data-blur=\"0\" data-opacity=\"100\" data-x=\"50\" data-y=\"50\" data-alt=\"Bagno 1 \u00b0 piano doccia e servizi igienici Berghaus Edelhirsch\" data-title=\"\"><picture class=\"skip-lazy\" data-skip-lazy=\"1\"><img decoding=\"async\" src=\"\/\/berghaus-edelhirsch.com\/wp-content\/uploads\/2021\/04\/badkamer-1e-verdieping-douche-en-toilet-berghaus-edelhirsch.jpg\" alt=\"Bagno 1 \u00b0 piano doccia e servizi igienici Berghaus Edelhirsch\" title=\"\" loading=\"lazy\" class=\"skip-lazy\" data-skip-lazy=\"1\"><\/picture><\/div><div data-color=\"RGBA(255,255,255,0)\" style=\"background-color: RGBA(255,255,255,0);\" class=\"n2-ss-slide-background-color\"><\/div><\/div><div role=\"note\" class=\"n2-ss-slide--focus\" tabindex=\"-1\">Bagno 1 \u00b0 piano doccia e servizi igienici Berghaus Edelhirsch<\/div><div class=\"n2-ss-layers-container n2-ss-slide-limiter n2-ow\"><div class=\"n2-ss-layer n2-ow n-uc-YFm2w2j0xkBJ\" data-sstype=\"slide\" data-pm=\"default\"><\/div><\/div><\/div><div data-slide-duration=\"0\" data-id=\"650\" data-slide-public-id=\"45\" aria-hidden=\"true\" data-title=\"Bagno 1 \u00b0 piano WC Berghaus Edelhirsch\" data-lightbox-image=\"\/\/berghaus-edelhirsch.com\/wp-content\/uploads\/2021\/04\/badkamer-1e-verdieping-toilet-berghaus-edelhirsch.jpg\" data-lightbox-alt=\"Bagno 1 \u00b0 piano WC Berghaus Edelhirsch\" class=\"n2-ss-slide  n2-ss-slide-650 n2-ow\"><div class=\"n2-ss-slide-background\" data-public-id=\"45\" data-mode=\"fill\"><div class=\"n2-ss-slide-background-image\" data-blur=\"0\" data-opacity=\"100\" data-x=\"50\" data-y=\"50\" data-alt=\"Bagno 1 \u00b0 piano WC Berghaus Edelhirsch\" data-title=\"\"><picture class=\"skip-lazy\" data-skip-lazy=\"1\"><img decoding=\"async\" src=\"\/\/berghaus-edelhirsch.com\/wp-content\/uploads\/2021\/04\/badkamer-1e-verdieping-toilet-berghaus-edelhirsch.jpg\" alt=\"Bagno 1 \u00b0 piano WC Berghaus Edelhirsch\" title=\"\" loading=\"lazy\" class=\"skip-lazy\" data-skip-lazy=\"1\"><\/picture><\/div><div data-color=\"RGBA(255,255,255,0)\" style=\"background-color: RGBA(255,255,255,0);\" class=\"n2-ss-slide-background-color\"><\/div><\/div><div role=\"note\" class=\"n2-ss-slide--focus\" tabindex=\"-1\">Bagno 1 \u00b0 piano WC Berghaus Edelhirsch<\/div><div class=\"n2-ss-layers-container n2-ss-slide-limiter n2-ow\"><div class=\"n2-ss-layer n2-ow n-uc-JvuPwMOZbxkE\" data-sstype=\"slide\" data-pm=\"default\"><\/div><\/div><\/div><div data-slide-duration=\"0\" data-id=\"651\" data-slide-public-id=\"46\" aria-hidden=\"true\" data-title=\"Bagno lavabo primo piano Berghaus Edelhirsch\" data-lightbox-image=\"\/\/berghaus-edelhirsch.com\/wp-content\/uploads\/2021\/04\/badkamer-1e-verdieping-wastafel-berghaus-edelhirsch.jpg\" data-lightbox-alt=\"Bagno lavabo primo piano Berghaus Edelhirsch\" class=\"n2-ss-slide  n2-ss-slide-651 n2-ow\"><div class=\"n2-ss-slide-background\" data-public-id=\"46\" data-mode=\"fill\"><div class=\"n2-ss-slide-background-image\" data-blur=\"0\" data-opacity=\"100\" data-x=\"50\" data-y=\"50\" data-alt=\"Bagno lavabo primo piano Berghaus Edelhirsch\" data-title=\"\"><picture class=\"skip-lazy\" data-skip-lazy=\"1\"><img decoding=\"async\" src=\"\/\/berghaus-edelhirsch.com\/wp-content\/uploads\/2021\/04\/badkamer-1e-verdieping-wastafel-berghaus-edelhirsch.jpg\" alt=\"Bagno lavabo primo piano Berghaus Edelhirsch\" title=\"\" loading=\"lazy\" class=\"skip-lazy\" data-skip-lazy=\"1\"><\/picture><\/div><div data-color=\"RGBA(255,255,255,0)\" style=\"background-color: RGBA(255,255,255,0);\" class=\"n2-ss-slide-background-color\"><\/div><\/div><div role=\"note\" class=\"n2-ss-slide--focus\" tabindex=\"-1\">Bagno lavabo primo piano Berghaus Edelhirsch<\/div><div class=\"n2-ss-layers-container n2-ss-slide-limiter n2-ow\"><div class=\"n2-ss-layer n2-ow n-uc-mLxRFZBLffko\" data-sstype=\"slide\" data-pm=\"default\"><\/div><\/div><\/div><div data-slide-duration=\"0\" data-id=\"654\" data-slide-public-id=\"47\" aria-hidden=\"true\" data-title=\"Camera da letto 2 - letti a castello - Berghaus Edelhirsch\" data-lightbox-image=\"\/\/berghaus-edelhirsch.com\/wp-content\/uploads\/2021\/04\/slaapkamer-2-stapelbedden-berghaus-edelhirsch.jpg\" data-lightbox-alt=\"Camera da letto 2 - letti a castello - Berghaus Edelhirsch\" class=\"n2-ss-slide  n2-ss-slide-654 n2-ow\"><div class=\"n2-ss-slide-background\" data-public-id=\"47\" data-mode=\"fill\"><div class=\"n2-ss-slide-background-image\" data-blur=\"0\" data-opacity=\"100\" data-x=\"50\" data-y=\"50\" data-alt=\"Camera da letto 2 - letti a castello - Berghaus Edelhirsch\" data-title=\"\"><picture class=\"skip-lazy\" data-skip-lazy=\"1\"><img decoding=\"async\" src=\"\/\/berghaus-edelhirsch.com\/wp-content\/uploads\/2021\/04\/slaapkamer-2-stapelbedden-berghaus-edelhirsch.jpg\" alt=\"Camera da letto 2 - letti a castello - Berghaus Edelhirsch\" title=\"\" loading=\"lazy\" class=\"skip-lazy\" data-skip-lazy=\"1\"><\/picture><\/div><div data-color=\"RGBA(255,255,255,0)\" style=\"background-color: RGBA(255,255,255,0);\" class=\"n2-ss-slide-background-color\"><\/div><\/div><div role=\"note\" class=\"n2-ss-slide--focus\" tabindex=\"-1\">Camera da letto 2 &#8211; letti a castello &#8211; Berghaus Edelhirsch<\/div><div class=\"n2-ss-layers-container n2-ss-slide-limiter n2-ow\"><div class=\"n2-ss-layer n2-ow n-uc-NPpdvP2vxlUP\" data-sstype=\"slide\" data-pm=\"default\"><\/div><\/div><\/div><div data-slide-duration=\"0\" data-id=\"855\" data-slide-public-id=\"48\" aria-hidden=\"true\" data-title=\"letto singolo da camera 2\" data-lightbox-image=\"\/\/berghaus-edelhirsch.com\/wp-content\/uploads\/2021\/05\/1-persoonsbed-slaapkamer-2.jpg\" data-lightbox-alt=\"letto singolo da camera 2\" class=\"n2-ss-slide  n2-ss-slide-855 n2-ow\"><div class=\"n2-ss-slide-background\" data-public-id=\"48\" data-mode=\"fill\"><div class=\"n2-ss-slide-background-image\" data-blur=\"0\" data-opacity=\"100\" data-x=\"50\" data-y=\"50\" data-alt=\"letto singolo da camera 2\" data-title=\"\"><picture class=\"skip-lazy\" data-skip-lazy=\"1\"><img decoding=\"async\" src=\"\/\/berghaus-edelhirsch.com\/wp-content\/uploads\/2021\/05\/1-persoonsbed-slaapkamer-2.jpg\" alt=\"letto singolo da camera 2\" title=\"\" loading=\"lazy\" class=\"skip-lazy\" data-skip-lazy=\"1\"><\/picture><\/div><div data-color=\"RGBA(255,255,255,0)\" style=\"background-color: RGBA(255,255,255,0);\" class=\"n2-ss-slide-background-color\"><\/div><\/div><div role=\"note\" class=\"n2-ss-slide--focus\" tabindex=\"-1\">letto singolo da camera 2<\/div><div class=\"n2-ss-layers-container n2-ss-slide-limiter n2-ow\"><div class=\"n2-ss-layer n2-ow n-uc-uiAK3TxEGadJ\" data-sstype=\"slide\" data-pm=\"default\"><\/div><\/div><\/div><div data-slide-duration=\"0\" data-id=\"856\" data-slide-public-id=\"49\" aria-hidden=\"true\" data-title=\"letto matriomoniala da camera 2\" data-lightbox-image=\"\/\/berghaus-edelhirsch.com\/wp-content\/uploads\/2021\/05\/2-persoonsbed-slaapkamer-2.jpg\" data-lightbox-alt=\"letto matriomoniala da camera 2\" class=\"n2-ss-slide  n2-ss-slide-856 n2-ow\"><div class=\"n2-ss-slide-background\" data-public-id=\"49\" data-mode=\"fill\"><div class=\"n2-ss-slide-background-image\" data-blur=\"0\" data-opacity=\"100\" data-x=\"50\" data-y=\"50\" data-alt=\"letto matriomoniala da camera 2\" data-title=\"\"><picture class=\"skip-lazy\" data-skip-lazy=\"1\"><img decoding=\"async\" src=\"\/\/berghaus-edelhirsch.com\/wp-content\/uploads\/2021\/05\/2-persoonsbed-slaapkamer-2.jpg\" alt=\"letto matriomoniala da camera 2\" title=\"\" loading=\"lazy\" class=\"skip-lazy\" data-skip-lazy=\"1\"><\/picture><\/div><div data-color=\"RGBA(255,255,255,0)\" style=\"background-color: RGBA(255,255,255,0);\" class=\"n2-ss-slide-background-color\"><\/div><\/div><div role=\"note\" class=\"n2-ss-slide--focus\" tabindex=\"-1\">letto matriomoniala da camera 2<\/div><div class=\"n2-ss-layers-container n2-ss-slide-limiter n2-ow\"><div class=\"n2-ss-layer n2-ow n-uc-oSnm6EKCIWIC\" data-sstype=\"slide\" data-pm=\"default\"><\/div><\/div><\/div><div data-slide-duration=\"0\" data-id=\"656\" data-slide-public-id=\"50\" aria-hidden=\"true\" data-title=\"Camera da letto 2 armadio a muro Berghaus Edelhirsch\" data-lightbox-image=\"\/\/berghaus-edelhirsch.com\/wp-content\/uploads\/2021\/04\/slaapkamer-2-kastenwand-berghaus-edelhirsch.jpg\" data-lightbox-alt=\"Camera da letto 2 armadio a muro Berghaus Edelhirsch\" class=\"n2-ss-slide  n2-ss-slide-656 n2-ow\"><div class=\"n2-ss-slide-background\" data-public-id=\"50\" data-mode=\"fill\"><div class=\"n2-ss-slide-background-image\" data-blur=\"0\" data-opacity=\"100\" data-x=\"50\" data-y=\"50\" data-alt=\"Camera da letto 2 armadio a muro Berghaus Edelhirsch\" data-title=\"\"><picture class=\"skip-lazy\" data-skip-lazy=\"1\"><img decoding=\"async\" src=\"\/\/berghaus-edelhirsch.com\/wp-content\/uploads\/2021\/04\/slaapkamer-2-kastenwand-berghaus-edelhirsch.jpg\" alt=\"Camera da letto 2 armadio a muro Berghaus Edelhirsch\" title=\"\" loading=\"lazy\" class=\"skip-lazy\" data-skip-lazy=\"1\"><\/picture><\/div><div data-color=\"RGBA(255,255,255,0)\" style=\"background-color: RGBA(255,255,255,0);\" class=\"n2-ss-slide-background-color\"><\/div><\/div><div role=\"note\" class=\"n2-ss-slide--focus\" tabindex=\"-1\">Camera da letto 2 armadio a muro Berghaus Edelhirsch<\/div><div class=\"n2-ss-layers-container n2-ss-slide-limiter n2-ow\"><div class=\"n2-ss-layer n2-ow n-uc-PKMdAX0yGVMg\" data-sstype=\"slide\" data-pm=\"default\"><\/div><\/div><\/div><div data-slide-duration=\"0\" data-id=\"657\" data-slide-public-id=\"51\" aria-hidden=\"true\" data-title=\"Bagno 2 \u00b0 piano Berghaus Edelhirsch\" data-lightbox-image=\"\/\/berghaus-edelhirsch.com\/wp-content\/uploads\/2021\/04\/badkamer-2e-verdieping-berghaus-edelhirsch.jpg\" data-lightbox-alt=\"Bagno 2 \u00b0 piano Berghaus Edelhirsch\" class=\"n2-ss-slide  n2-ss-slide-657 n2-ow\"><div class=\"n2-ss-slide-background\" data-public-id=\"51\" data-mode=\"fill\"><div class=\"n2-ss-slide-background-image\" data-blur=\"0\" data-opacity=\"100\" data-x=\"50\" data-y=\"50\" data-alt=\"Bagno 2 \u00b0 piano Berghaus Edelhirsch\" data-title=\"\"><picture class=\"skip-lazy\" data-skip-lazy=\"1\"><img decoding=\"async\" src=\"\/\/berghaus-edelhirsch.com\/wp-content\/uploads\/2021\/04\/badkamer-2e-verdieping-berghaus-edelhirsch.jpg\" alt=\"Bagno 2 \u00b0 piano Berghaus Edelhirsch\" title=\"\" loading=\"lazy\" class=\"skip-lazy\" data-skip-lazy=\"1\"><\/picture><\/div><div data-color=\"RGBA(255,255,255,0)\" style=\"background-color: RGBA(255,255,255,0);\" class=\"n2-ss-slide-background-color\"><\/div><\/div><div role=\"note\" class=\"n2-ss-slide--focus\" tabindex=\"-1\">Bagno 2 \u00b0 piano Berghaus Edelhirsch<\/div><div class=\"n2-ss-layers-container n2-ss-slide-limiter n2-ow\"><div class=\"n2-ss-layer n2-ow n-uc-AqlMsBQm1vqY\" data-sstype=\"slide\" data-pm=\"default\"><\/div><\/div><\/div><div data-slide-duration=\"0\" data-id=\"658\" data-slide-public-id=\"52\" aria-hidden=\"true\" data-title=\"Camera da letto 3 mansarda Berghaus Edelhirsch\" data-lightbox-image=\"\/\/berghaus-edelhirsch.com\/wp-content\/uploads\/2021\/04\/slaapkamer-3-zolder-berghaus-edelhirsch.jpg\" data-lightbox-alt=\"Camera da letto 3 mansarda Berghaus Edelhirsch\" class=\"n2-ss-slide  n2-ss-slide-658 n2-ow\"><div class=\"n2-ss-slide-background\" data-public-id=\"52\" data-mode=\"fill\"><div class=\"n2-ss-slide-background-image\" data-blur=\"0\" data-opacity=\"100\" data-x=\"50\" data-y=\"50\" data-alt=\"Camera da letto 3 mansarda Berghaus Edelhirsch\" data-title=\"\"><picture class=\"skip-lazy\" data-skip-lazy=\"1\"><img decoding=\"async\" src=\"\/\/berghaus-edelhirsch.com\/wp-content\/uploads\/2021\/04\/slaapkamer-3-zolder-berghaus-edelhirsch.jpg\" alt=\"Camera da letto 3 mansarda Berghaus Edelhirsch\" title=\"\" loading=\"lazy\" class=\"skip-lazy\" data-skip-lazy=\"1\"><\/picture><\/div><div data-color=\"RGBA(255,255,255,0)\" style=\"background-color: RGBA(255,255,255,0);\" class=\"n2-ss-slide-background-color\"><\/div><\/div><div role=\"note\" class=\"n2-ss-slide--focus\" tabindex=\"-1\">Camera da letto 3 mansarda Berghaus Edelhirsch<\/div><div class=\"n2-ss-layers-container n2-ss-slide-limiter n2-ow\"><div class=\"n2-ss-layer n2-ow n-uc-Ykc0WR5u32CH\" data-sstype=\"slide\" data-pm=\"default\"><\/div><\/div><\/div><div data-slide-duration=\"0\" data-id=\"661\" data-slide-public-id=\"53\" aria-hidden=\"true\" data-title=\"Mappa piano terra Berghaus Edelhirsch\" data-lightbox-image=\"\/\/berghaus-edelhirsch.com\/wp-content\/uploads\/2021\/02\/Plattegrond-begane-grond-Berghaus-Edelhirsch.jpg\" data-lightbox-alt=\"Mappa piano terra Berghaus Edelhirsch\" class=\"n2-ss-slide  n2-ss-slide-661 n2-ow\"><div class=\"n2-ss-slide-background\" data-public-id=\"53\" data-mode=\"fill\"><div class=\"n2-ss-slide-background-image\" data-blur=\"0\" data-opacity=\"100\" data-x=\"50\" data-y=\"50\" data-alt=\"Mappa piano terra Berghaus Edelhirsch\" data-title=\"\"><picture class=\"skip-lazy\" data-skip-lazy=\"1\"><img decoding=\"async\" src=\"\/\/berghaus-edelhirsch.com\/wp-content\/uploads\/2021\/02\/Plattegrond-begane-grond-Berghaus-Edelhirsch.jpg\" alt=\"Mappa piano terra Berghaus Edelhirsch\" title=\"\" loading=\"lazy\" class=\"skip-lazy\" data-skip-lazy=\"1\"><\/picture><\/div><div data-color=\"RGBA(255,255,255,0)\" style=\"background-color: RGBA(255,255,255,0);\" class=\"n2-ss-slide-background-color\"><\/div><\/div><div role=\"note\" class=\"n2-ss-slide--focus\" tabindex=\"-1\">Mappa piano terra Berghaus Edelhirsch<\/div><div class=\"n2-ss-layers-container n2-ss-slide-limiter n2-ow\"><div class=\"n2-ss-layer n2-ow n-uc-wQfp1FRyz7CI\" data-sstype=\"slide\" data-pm=\"default\"><\/div><\/div><\/div><div data-slide-duration=\"0\" data-id=\"659\" data-slide-public-id=\"54\" aria-hidden=\"true\" data-title=\"Planimetria 1 \u00b0 piano Berghaus Edelhirsch\" data-lightbox-image=\"\/\/berghaus-edelhirsch.com\/wp-content\/uploads\/2021\/02\/Plattegrond-1e-verdieping-Berghaus-Edelhirsch.jpg\" data-lightbox-alt=\"Planimetria 1 \u00b0 piano Berghaus Edelhirsch\" class=\"n2-ss-slide  n2-ss-slide-659 n2-ow\"><div class=\"n2-ss-slide-background\" data-public-id=\"54\" data-mode=\"fill\"><div class=\"n2-ss-slide-background-image\" data-blur=\"0\" data-opacity=\"100\" data-x=\"50\" data-y=\"50\" data-alt=\"Planimetria 1 \u00b0 piano Berghaus Edelhirsch\" data-title=\"\"><picture class=\"skip-lazy\" data-skip-lazy=\"1\"><img decoding=\"async\" src=\"\/\/berghaus-edelhirsch.com\/wp-content\/uploads\/2021\/02\/Plattegrond-1e-verdieping-Berghaus-Edelhirsch.jpg\" alt=\"Planimetria 1 \u00b0 piano Berghaus Edelhirsch\" title=\"\" loading=\"lazy\" class=\"skip-lazy\" data-skip-lazy=\"1\"><\/picture><\/div><div data-color=\"RGBA(255,255,255,0)\" style=\"background-color: RGBA(255,255,255,0);\" class=\"n2-ss-slide-background-color\"><\/div><\/div><div role=\"note\" class=\"n2-ss-slide--focus\" tabindex=\"-1\">Planimetria 1 \u00b0 piano Berghaus Edelhirsch<\/div><div class=\"n2-ss-layers-container n2-ss-slide-limiter n2-ow\"><div class=\"n2-ss-layer n2-ow n-uc-obUVJUrJSVRx\" data-sstype=\"slide\" data-pm=\"default\"><\/div><\/div><\/div><div data-slide-duration=\"0\" data-id=\"660\" data-slide-public-id=\"55\" aria-hidden=\"true\" data-title=\"Planimetria 2 \u00b0 piano Berghaus Edelhirsch\" data-lightbox-image=\"\/\/berghaus-edelhirsch.com\/wp-content\/uploads\/2021\/02\/Plattegrond-2e-verdieping-Berghaus-Edelhirsch.jpg\" data-lightbox-alt=\"Planimetria 2 \u00b0 piano Berghaus Edelhirsch\" class=\"n2-ss-slide  n2-ss-slide-660 n2-ow\"><div class=\"n2-ss-slide-background\" data-public-id=\"55\" data-mode=\"fill\"><div class=\"n2-ss-slide-background-image\" data-blur=\"0\" data-opacity=\"100\" data-x=\"50\" data-y=\"50\" data-alt=\"Planimetria 2 \u00b0 piano Berghaus Edelhirsch\" data-title=\"\"><picture class=\"skip-lazy\" data-skip-lazy=\"1\"><img decoding=\"async\" src=\"\/\/berghaus-edelhirsch.com\/wp-content\/uploads\/2021\/02\/Plattegrond-2e-verdieping-Berghaus-Edelhirsch.jpg\" alt=\"Planimetria 2 \u00b0 piano Berghaus Edelhirsch\" title=\"\" loading=\"lazy\" class=\"skip-lazy\" data-skip-lazy=\"1\"><\/picture><\/div><div data-color=\"RGBA(255,255,255,0)\" style=\"background-color: RGBA(255,255,255,0);\" class=\"n2-ss-slide-background-color\"><\/div><\/div><div role=\"note\" class=\"n2-ss-slide--focus\" tabindex=\"-1\">Planimetria 2 \u00b0 piano Berghaus Edelhirsch<\/div><div class=\"n2-ss-layers-container n2-ss-slide-limiter n2-ow\"><div class=\"n2-ss-layer n2-ow n-uc-CR4jVuelbHZq\" data-sstype=\"slide\" data-pm=\"default\"><\/div><\/div><\/div><\/div>\n                    <\/div>\n                <\/div>\n                            <\/div>\n        <\/div>\n        <div class=\"n2-ss-slider-controls n2-ss-slider-controls-absolute-left-center\"><div style=\"--widget-offset:15px;\" class=\"n2-ss-widget nextend-arrow n2-ow-all nextend-arrow-previous  nextend-arrow-animated-fade\" data-hide-mobileportrait=\"1\" id=\"n2-ss-9-arrow-previous\" role=\"button\" aria-label=\"previous arrow\" tabindex=\"0\"><img loading=\"lazy\" decoding=\"async\" width=\"32\" height=\"32\" class=\"skip-lazy\" data-skip-lazy=\"1\" src=\"data:image\/svg+xml;base64,PHN2ZyB3aWR0aD0iMzIiIGhlaWdodD0iMzIiIHZpZXdCb3g9IjAgMCAzMiAzMiIgeG1sbnM9Imh0dHA6Ly93d3cudzMub3JnLzIwMDAvc3ZnIj4KICAgIDxwYXRoIGQ9Ik0xMS40MzMgMTUuOTkyTDIyLjY5IDUuNzEyYy4zOTMtLjM5LjM5My0xLjAzIDAtMS40Mi0uMzkzLS4zOS0xLjAzLS4zOS0xLjQyMyAwbC0xMS45OCAxMC45NGMtLjIxLjIxLS4zLjQ5LS4yODUuNzYtLjAxNS4yOC4wNzUuNTYuMjg0Ljc3bDExLjk4IDEwLjk0Yy4zOTMuMzkgMS4wMy4zOSAxLjQyNCAwIC4zOTMtLjQuMzkzLTEuMDMgMC0xLjQybC0xMS4yNTctMTAuMjkiCiAgICAgICAgICBmaWxsPSIjZmY4ZTY4IiBvcGFjaXR5PSIxIiBmaWxsLXJ1bGU9ImV2ZW5vZGQiLz4KPC9zdmc+\" alt=\"previous arrow\"><\/div><\/div><div class=\"n2-ss-slider-controls n2-ss-slider-controls-absolute-right-center\"><div style=\"--widget-offset:15px;\" class=\"n2-ss-widget nextend-arrow n2-ow-all nextend-arrow-next  nextend-arrow-animated-fade\" data-hide-mobileportrait=\"1\" id=\"n2-ss-9-arrow-next\" role=\"button\" aria-label=\"next arrow\" tabindex=\"0\"><img loading=\"lazy\" decoding=\"async\" width=\"32\" height=\"32\" class=\"skip-lazy\" data-skip-lazy=\"1\" src=\"data:image\/svg+xml;base64,PHN2ZyB3aWR0aD0iMzIiIGhlaWdodD0iMzIiIHZpZXdCb3g9IjAgMCAzMiAzMiIgeG1sbnM9Imh0dHA6Ly93d3cudzMub3JnLzIwMDAvc3ZnIj4KICAgIDxwYXRoIGQ9Ik0xMC43MjIgNC4yOTNjLS4zOTQtLjM5LTEuMDMyLS4zOS0xLjQyNyAwLS4zOTMuMzktLjM5MyAxLjAzIDAgMS40MmwxMS4yODMgMTAuMjgtMTEuMjgzIDEwLjI5Yy0uMzkzLjM5LS4zOTMgMS4wMiAwIDEuNDIuMzk1LjM5IDEuMDMzLjM5IDEuNDI3IDBsMTIuMDA3LTEwLjk0Yy4yMS0uMjEuMy0uNDkuMjg0LS43Ny4wMTQtLjI3LS4wNzYtLjU1LS4yODYtLjc2TDEwLjcyIDQuMjkzeiIKICAgICAgICAgIGZpbGw9IiNmZjhlNjgiIG9wYWNpdHk9IjEiIGZpbGwtcnVsZT0iZXZlbm9kZCIvPgo8L3N2Zz4=\" alt=\"next arrow\"><\/div><\/div><div class=\"n2-ss-slider-controls n2-ss-slider-controls-absolute-center-bottom\"><div style=\"--widget-offset:10px;\" class=\"n2-ss-widget n2-ss-control-bullet n2-ow-all n2-ss-control-bullet-horizontal\"><div class=\" nextend-bullet-bar n2-bar-justify-content-center\" role=\"group\" aria-label=\"Choose slide to display.\"><div class=\"n2-bullet n2-style-c12f302588813d34c0c5d9de2517a3ee-dot \" style=\"visibility:hidden;\"><\/div><\/div><\/div><\/div><\/div><\/div><ss3-loader><\/ss3-loader><\/div><\/div><div class=\"n2_clear\"><\/div><\/div>\n\n\n<p class=\"has-text-align-center\">Clicca su un&#8217;immagine per ingrandire e visualizzare l&#8217;intera serie.<\/p>\n\n\n\n<div class=\"wp-block-group subject intro\"><div class=\"wp-block-group__inner-container is-layout-flow wp-block-group-is-layout-flow\">\n<h1 class=\"wp-block-heading\">Tutto su Berghaus Edelhirsch<\/h1>\n\n\n\n<p>Siamo Coty e Jan van Rijssel, proprietari della casa vacanze privato Berghaus Edelhirsch nella Carinzia soleggiata e innevata, sulla punta dei tre paesi (Dreil\u00e4ndereck) Austria &#8211; Italia &#8211; Slovenia.<\/p>\n\n\n\n<figure class=\"wp-block-image size-large is-style-default\"><img loading=\"lazy\" decoding=\"async\" width=\"900\" height=\"589\" itemprop=\"image\" src=\"https:\/\/berghaus-edelhirsch.com\/wp-content\/uploads\/2021\/07\/Berghaus-Edelhirsch-en-de-Villacher-Alpenstrasse.jpg\" alt=\"Berghaus Edelhirsch e Villacher Alpenstrasse\" class=\"wp-image-1842\" srcset=\"https:\/\/berghaus-edelhirsch.com\/wp-content\/uploads\/2021\/07\/Berghaus-Edelhirsch-en-de-Villacher-Alpenstrasse.jpg 900w, https:\/\/berghaus-edelhirsch.com\/wp-content\/uploads\/2021\/07\/Berghaus-Edelhirsch-en-de-Villacher-Alpenstrasse-300x196.jpg 300w, https:\/\/berghaus-edelhirsch.com\/wp-content\/uploads\/2021\/07\/Berghaus-Edelhirsch-en-de-Villacher-Alpenstrasse-768x503.jpg 768w\" sizes=\"auto, (max-width: 900px) 100vw, 900px\" \/><\/figure>\n\n\n\n<p>La nostra spaziosa casa per le vacanze (120 metri quadrati) \u00e8 situata in una splendida posizione con vista su due catene montuose, il massiccio delle Alpi Villacher e le Caravanche.<\/p>\n\n\n\n<p>Abbiamo arredato la casa vacanze in modo molto completo, con molti extra, in modo che non ti manchi nulla. E &#8216;riscaldato con riscaldamento a pavimento e una stufa a legna (legna libera si trova sul lato della casa) per creare un piacevole tepore. La casa in pietra \u00e8 di tradizionale costruzione austriaca e quindi ben isolata, risultando meravigliosamente calda in inverno e fresca in estate. La casa \u00e8 inoltre dotata di persiane integrate, in modo che le camere da letto possano essere ben oscurate.<\/p>\n\n\n\n<p>Nel soggiorno ci si pu\u00f2 rilassare nell&#8217;accogliente salottino e c&#8217;\u00e8 una Smart TV 4K con Netflix e Canal Digital. C&#8217;\u00e8 Wi-Fi e connessione internet gratuita in tutta la casa. Negli armadi ci sono giochi, puzzle, Duplo e altri giocattoli per i bambini, e c&#8217;\u00e8 anche una slitta.<\/p>\n\n\n\n<p>La moderna cucina \u00e8 completamente attrezzata: frigorifero, congelatore, forno, piano cottura a induzione, microonde, lavastoviglie, tostapane, Nespresso e una normale macchina per il caff\u00e8 e bollitore. C&#8217;\u00e8 un seggiolone per il tavolo da pranzo.<\/p>\n\n\n\n<p>L&#8217;ampio giardino si affaccia a sud, con un&#8217;altalena e una sabbiera che pu\u00f2 essere coperta e si trova un ampio terrazzo parzialmente coperto con vasca idromassaggio riscaldata a legna, per rilassarsi tutto l&#8217;anno. Molto spazio per sedersi al sole o all&#8217;ombra, se fa troppo caldo. La sera si pu\u00f2 godere di un barbecue in giardino. Un posto auto coperto con spazio per posizionare le biciclette e una tettoia per, tra l&#8217;altro, il deposito di mobili da giardino. Accanto alla porta d&#8217;ingresso si trova un armadio per gli sci riscaldato sotto la tettoia. In questo modo i tuoi scarponi da sci saranno di nuovo asciutti il \u200b\u200bgiorno successivo! C&#8217;\u00e8 anche una stazione di ricarica per la tua auto elettrica.<\/p>\n\n\n\n<p>Nel corridoio troverete un bagno e accanto ad esso la lavanderia con combinazione lavatrice \/ asciugatrice, ferro da stiro, asse da stiro e aspirapolvere.<\/p>\n\n\n\n<p>Al primo piano ci sono due ampie camere da letto:<\/p>\n\n\n\n<ul class=\"wp-block-list\">\n<li>Camera da letto 1: un letto matrimoniale boxspring + un lettino per bambini (la camera con balcone).<\/li>\n\n\n\n<li>Camera da letto 2: un letto matrimoniale boxspring + un letto singolo con sponde alte che si bloccano da un lato, ideale per i bambini pi\u00f9 piccoli (e pi\u00f9 grandi).<\/li>\n<\/ul>\n\n\n\n<p>E due bagni (uno en suite), ognuno con una meravigliosa doccia a pioggia, lavabo e wc, e un ampio balcone meravigliosamente soleggiato (2,5 x 8,5 metri).<\/p>\n\n\n\n<p>C&#8217;\u00e8 anche un lettino pieghevole per il tuo bambino a disposizione.<\/p>\n\n\n\n<p>Una scala facilmente accessibile al secondo piano, dove si trova una terza, spaziosa camera da letto completamente arredata con tre letti singoli a molle.<\/p>\n\n\n\n<p>Al momento della prenotazione \u00e8 possibile indicare se si desidera utilizzare la biancheria da bagno, da letto e se si desidera che i letti siano rifatti.<\/p>\n\n\n\n<p>Insomma, non ti mancher\u00e0 nulla. Vorremmo quindi accogliervi nella nostra villa per le vacanze in questa splendida localit\u00e0!<\/p>\n\n\n\n<div class=\"wp-block-buttons is-layout-flex wp-block-buttons-is-layout-flex\">\n<div class=\"wp-block-button\"><a class=\"wp-block-button__link wp-element-button\" href=\"https:\/\/berghaus-edelhirsch.com\/it\/prenota-la-casa-vacanza-in-carinzia\/\">Prenota direttamente<\/a><\/div>\n<\/div>\n<\/div><\/div>\n","protected":false},"excerpt":{"rendered":"Clicca su un&#8217;immagine per ingrandire e visualizzare l&#8217;intera serie. Tutto su Berghaus Edelhirsch Siamo Coty e Jan van Rijssel, proprietari della casa vacanze privato Berghaus Edelhirsch nella Carinzia soleggiata e innevata, sulla punta dei tre paesi (Dreil\u00e4ndereck) Austria &#8211; Italia &#8211; Slovenia. La nostra spaziosa casa per le vacanze (120 metri quadrati) \u00e8 situata in&#8230; <a class=\"view-article\" href=\"https:\/\/berghaus-edelhirsch.com\/it\/berghaus-edelhirsch-casa-vacanza-in-carinzia\/\">\u279c Continua a leggere<\/a>","protected":false},"author":2,"featured_media":0,"parent":0,"menu_order":0,"comment_status":"closed","ping_status":"open","template":"","meta":{"_seopress_robots_primary_cat":"","_seopress_titles_title":"Nostra casa per le vacanze in Carinzia \u2600 Berghaus Edelhirsch","_seopress_titles_desc":"Tutto quello che vuoi sapere sulla nostra casa vacanze privata in Carinzia, bella in inverno e in estate. Prenotate ora la vostra vacanza indimenticabile!","_seopress_robots_index":"","footnotes":""},"class_list":["post-693","page","type-page","status-publish","hentry"],"_links":{"self":[{"href":"https:\/\/berghaus-edelhirsch.com\/it\/wp-json\/wp\/v2\/pages\/693","targetHints":{"allow":["GET"]}}],"collection":[{"href":"https:\/\/berghaus-edelhirsch.com\/it\/wp-json\/wp\/v2\/pages"}],"about":[{"href":"https:\/\/berghaus-edelhirsch.com\/it\/wp-json\/wp\/v2\/types\/page"}],"author":[{"embeddable":true,"href":"https:\/\/berghaus-edelhirsch.com\/it\/wp-json\/wp\/v2\/users\/2"}],"replies":[{"embeddable":true,"href":"https:\/\/berghaus-edelhirsch.com\/it\/wp-json\/wp\/v2\/comments?post=693"}],"version-history":[{"count":9,"href":"https:\/\/berghaus-edelhirsch.com\/it\/wp-json\/wp\/v2\/pages\/693\/revisions"}],"predecessor-version":[{"id":1955,"href":"https:\/\/berghaus-edelhirsch.com\/it\/wp-json\/wp\/v2\/pages\/693\/revisions\/1955"}],"wp:attachment":[{"href":"https:\/\/berghaus-edelhirsch.com\/it\/wp-json\/wp\/v2\/media?parent=693"}],"curies":[{"name":"wp","href":"https:\/\/api.w.org\/{rel}","templated":true}]}}