{"id":663,"date":"2021-02-08T11:43:31","date_gmt":"2021-02-08T10:43:31","guid":{"rendered":"https:\/\/berghaus-edelhirsch.com\/omgeving-karinthie-drielandenpunt\/"},"modified":"2021-05-04T14:47:37","modified_gmt":"2021-05-04T12:47:37","slug":"aktivitaeten-natur-und-kultur-in-dreilaendereck-kaernten","status":"publish","type":"page","link":"https:\/\/berghaus-edelhirsch.com\/de\/aktivitaeten-natur-und-kultur-in-dreilaendereck-kaernten\/","title":{"rendered":"Die Umgebung"},"content":{"rendered":"<div class=\"n2-section-smartslider fitvidsignore  n2_clear\" data-ssid=\"10\" tabindex=\"0\" role=\"region\" aria-label=\"Slider\"><div id=\"n2-ss-10-align\" class=\"n2-ss-align\" style=\"margin: 0 auto; max-width: 1200px;\"><div class=\"n2-padding\"><div id=\"n2-ss-10\" data-creator=\"Smart Slider 3\" data-responsive=\"auto\" class=\"n2-ss-slider n2-ow n2-has-hover n2notransition   n2-ss-slider-carousel-animation-horizontal\">\n\n\n\n<div class=\"n2-ss-slider-wrapper-inside\">        <div class=\"n2-ss-slider-1 n2_ss__touch_element n2-ow\">\n            <div class=\"n2-ss-slider-2 n2-ow\" style=\"\">\n                                <div class=\"n2-ss-slider-3 n2-ow\">\n                    <svg xmlns=\"http:\/\/www.w3.org\/2000\/svg\" viewBox=\"0 0 1200 800\" data-related-device=\"desktopPortrait\" class=\"n2-ow n2-ss-preserve-size n2-ss-preserve-size--slider n2-ss-slide-limiter\" style=\"max-width:1200px\"><\/svg>                    <div class=\"n2-ss-slider-pane-single n2-ow\">\n                        <div class=\"n2-ss-slider-pipeline n2-ow\" style=\"--slide-width:1200px;\">\n                            <svg xmlns=\"http:\/\/www.w3.org\/2000\/svg\" viewBox=\"0 0 1200 800\" class=\"n2-ow n2-ss-preserve-size n2-ss-slide-limiter\"><\/svg>\n                            <div data-first=\"1\" data-slide-duration=\"0\" data-id=\"706\" data-slide-public-id=\"1\" data-title=\"Rotwild In \u00d6sterreich Berghaus Edelhirsch\" data-lightbox-image=\"\/\/berghaus-edelhirsch.com\/wp-content\/uploads\/2021\/02\/Edelhert-in-Oostenrijk-Berghaus-Edelhirsch.jpg\" data-lightbox-alt=\"Rotwild In \u00d6sterreich Berghaus Edelhirsch\" class=\"n2-ss-slide  n2-ss-slide-706 n2-ow\"><div class=\"n2-ss-slide-background\" data-public-id=\"1\" data-mode=\"fill\"><div class=\"n2-ss-slide-background-image\" data-blur=\"0\" data-opacity=\"100\" data-x=\"50\" data-y=\"50\" data-alt=\"Rotwild In \u00d6sterreich Berghaus Edelhirsch\" data-title=\"\"><picture class=\"skip-lazy\" data-skip-lazy=\"1\"><img decoding=\"async\" src=\"\/\/berghaus-edelhirsch.com\/wp-content\/uploads\/2021\/02\/Edelhert-in-Oostenrijk-Berghaus-Edelhirsch.jpg\" alt=\"Rotwild In \u00d6sterreich Berghaus Edelhirsch\" title=\"\" loading=\"lazy\" class=\"skip-lazy\" data-skip-lazy=\"1\"><\/picture><\/div><div data-color=\"RGBA(255,255,255,0)\" style=\"background-color: RGBA(255,255,255,0);\" class=\"n2-ss-slide-background-color\"><\/div><\/div><div role=\"note\" class=\"n2-ss-slide--focus\" tabindex=\"-1\">Rotwild In \u00d6sterreich Berghaus Edelhirsch<\/div><div class=\"n2-ss-layers-container n2-ss-slide-limiter n2-ow\"><div class=\"n2-ss-layer n2-ow n-uc-hazVnDAs4CpG\" data-sstype=\"slide\" data-pm=\"default\"><\/div><\/div><\/div><div data-slide-duration=\"0\" data-id=\"704\" data-slide-public-id=\"2\" aria-hidden=\"true\" data-title=\"Wasserfall Berghaus Edelhirsch\" data-lightbox-image=\"\/\/berghaus-edelhirsch.com\/wp-content\/uploads\/2021\/04\/waterval-berghaus-edelhirsch.jpg\" data-lightbox-alt=\"Wasserfall Berghaus Edelhirsch\" class=\"n2-ss-slide  n2-ss-slide-704 n2-ow\"><div class=\"n2-ss-slide-background\" data-public-id=\"2\" data-mode=\"fill\"><div class=\"n2-ss-slide-background-image\" data-blur=\"0\" data-opacity=\"100\" data-x=\"50\" data-y=\"50\" data-alt=\"Wasserfall Berghaus Edelhirsch\" data-title=\"\"><picture class=\"skip-lazy\" data-skip-lazy=\"1\"><img decoding=\"async\" src=\"\/\/berghaus-edelhirsch.com\/wp-content\/uploads\/2021\/04\/waterval-berghaus-edelhirsch.jpg\" alt=\"Wasserfall Berghaus Edelhirsch\" title=\"\" loading=\"lazy\" class=\"skip-lazy\" data-skip-lazy=\"1\"><\/picture><\/div><div data-color=\"RGBA(255,255,255,0)\" style=\"background-color: RGBA(255,255,255,0);\" class=\"n2-ss-slide-background-color\"><\/div><\/div><div role=\"note\" class=\"n2-ss-slide--focus\" tabindex=\"-1\">Wasserfall Berghaus Edelhirsch<\/div><div class=\"n2-ss-layers-container n2-ss-slide-limiter n2-ow\"><div class=\"n2-ss-layer n2-ow n-uc-KorWwvejDKln\" data-sstype=\"slide\" data-pm=\"default\"><\/div><\/div><\/div><div data-slide-duration=\"0\" data-id=\"703\" data-slide-public-id=\"3\" aria-hidden=\"true\" data-title=\"Waldspaziergang Berghaus Edelhirsch\" data-lightbox-image=\"\/\/berghaus-edelhirsch.com\/wp-content\/uploads\/2021\/04\/boswandeling-berghaus-edelhirsch.jpg\" data-lightbox-alt=\"Waldspaziergang Berghaus Edelhirsch\" class=\"n2-ss-slide  n2-ss-slide-703 n2-ow\"><div class=\"n2-ss-slide-background\" data-public-id=\"3\" data-mode=\"fill\"><div class=\"n2-ss-slide-background-image\" data-blur=\"0\" data-opacity=\"100\" data-x=\"50\" data-y=\"50\" data-alt=\"Waldspaziergang Berghaus Edelhirsch\" data-title=\"\"><picture class=\"skip-lazy\" data-skip-lazy=\"1\"><img decoding=\"async\" src=\"\/\/berghaus-edelhirsch.com\/wp-content\/uploads\/2021\/04\/boswandeling-berghaus-edelhirsch.jpg\" alt=\"Waldspaziergang Berghaus Edelhirsch\" title=\"\" loading=\"lazy\" class=\"skip-lazy\" data-skip-lazy=\"1\"><\/picture><\/div><div data-color=\"RGBA(255,255,255,0)\" style=\"background-color: RGBA(255,255,255,0);\" class=\"n2-ss-slide-background-color\"><\/div><\/div><div role=\"note\" class=\"n2-ss-slide--focus\" tabindex=\"-1\">Waldspaziergang Berghaus Edelhirsch<\/div><div class=\"n2-ss-layers-container n2-ss-slide-limiter n2-ow\"><div class=\"n2-ss-layer n2-ow n-uc-HhoHJWMXT4oD\" data-sstype=\"slide\" data-pm=\"default\"><\/div><\/div><\/div><div data-slide-duration=\"0\" data-id=\"965\" data-slide-public-id=\"4\" aria-hidden=\"true\" data-title=\"Slowenien, Panoramaroute Vrsic Berghaus Edelhirsch\" data-lightbox-image=\"\/\/berghaus-edelhirsch.com\/wp-content\/uploads\/2021\/07\/Slovenia-panoramaroute-Vrsic-Berghaus-Edelhirsch.jpg\" data-lightbox-alt=\"Slowenien, Panoramaroute Vrsic Berghaus Edelhirsch\" class=\"n2-ss-slide  n2-ss-slide-965 n2-ow\"><div class=\"n2-ss-slide-background\" data-public-id=\"4\" data-mode=\"fill\"><div class=\"n2-ss-slide-background-image\" data-blur=\"0\" data-opacity=\"100\" data-x=\"50\" data-y=\"50\" data-alt=\"Slowenien, Panoramaroute Vrsic Berghaus Edelhirsch\" data-title=\"\"><picture class=\"skip-lazy\" data-skip-lazy=\"1\"><img decoding=\"async\" src=\"\/\/berghaus-edelhirsch.com\/wp-content\/uploads\/2021\/07\/Slovenia-panoramaroute-Vrsic-Berghaus-Edelhirsch.jpg\" alt=\"Slowenien, Panoramaroute Vrsic Berghaus Edelhirsch\" title=\"\" loading=\"lazy\" class=\"skip-lazy\" data-skip-lazy=\"1\"><\/picture><\/div><div data-color=\"RGBA(255,255,255,0)\" style=\"background-color: RGBA(255,255,255,0);\" class=\"n2-ss-slide-background-color\"><\/div><\/div><div role=\"note\" class=\"n2-ss-slide--focus\" tabindex=\"-1\">Slowenien, Panoramaroute Vrsic Berghaus Edelhirsch<\/div><div class=\"n2-ss-layers-container n2-ss-slide-limiter n2-ow\"><div class=\"n2-ss-layer n2-ow n-uc-QJdgNq5Vlknd\" data-sstype=\"slide\" data-pm=\"default\"><\/div><\/div><\/div><div data-slide-duration=\"0\" data-id=\"966\" data-slide-public-id=\"5\" aria-hidden=\"true\" data-title=\"Route durch die Berge Slowenien Berghaus Edelhirsch\" data-lightbox-image=\"\/\/berghaus-edelhirsch.com\/wp-content\/uploads\/2021\/07\/Route-door-de-bergen-Slovenie-Berghaus-Edelhirsch.jpg\" data-lightbox-alt=\"Route durch die Berge Slowenien Berghaus Edelhirsch\" class=\"n2-ss-slide  n2-ss-slide-966 n2-ow\"><div class=\"n2-ss-slide-background\" data-public-id=\"5\" data-mode=\"fill\"><div class=\"n2-ss-slide-background-image\" data-blur=\"0\" data-opacity=\"100\" data-x=\"50\" data-y=\"50\" data-alt=\"Route durch die Berge Slowenien Berghaus Edelhirsch\" data-title=\"\"><picture class=\"skip-lazy\" data-skip-lazy=\"1\"><img decoding=\"async\" src=\"\/\/berghaus-edelhirsch.com\/wp-content\/uploads\/2021\/07\/Route-door-de-bergen-Slovenie-Berghaus-Edelhirsch.jpg\" alt=\"Route durch die Berge Slowenien Berghaus Edelhirsch\" title=\"\" loading=\"lazy\" class=\"skip-lazy\" data-skip-lazy=\"1\"><\/picture><\/div><div data-color=\"RGBA(255,255,255,0)\" style=\"background-color: RGBA(255,255,255,0);\" class=\"n2-ss-slide-background-color\"><\/div><\/div><div role=\"note\" class=\"n2-ss-slide--focus\" tabindex=\"-1\">Route durch die Berge Slowenien Berghaus Edelhirsch<\/div><div class=\"n2-ss-layers-container n2-ss-slide-limiter n2-ow\"><div class=\"n2-ss-layer n2-ow n-uc-9oCyGgvXg4yU\" data-sstype=\"slide\" data-pm=\"default\"><\/div><\/div><\/div><div data-slide-duration=\"0\" data-id=\"716\" data-slide-public-id=\"6\" aria-hidden=\"true\" data-title=\"Bootsfahrt Auf dem Weissensee Berghaus Edelhirsch\" data-lightbox-image=\"\/\/berghaus-edelhirsch.com\/wp-content\/uploads\/2021\/02\/Rondvaart-op-Weissensee-Berghaus-Edelhirsch.jpg\" data-lightbox-alt=\"Bootsfahrt Auf dem Weissensee Berghaus Edelhirsch\" class=\"n2-ss-slide  n2-ss-slide-716 n2-ow\"><div class=\"n2-ss-slide-background\" data-public-id=\"6\" data-mode=\"fill\"><div class=\"n2-ss-slide-background-image\" data-blur=\"0\" data-opacity=\"100\" data-x=\"50\" data-y=\"50\" data-alt=\"Bootsfahrt Auf dem Weissensee Berghaus Edelhirsch\" data-title=\"\"><picture class=\"skip-lazy\" data-skip-lazy=\"1\"><img decoding=\"async\" src=\"\/\/berghaus-edelhirsch.com\/wp-content\/uploads\/2021\/02\/Rondvaart-op-Weissensee-Berghaus-Edelhirsch.jpg\" alt=\"Bootsfahrt Auf dem Weissensee Berghaus Edelhirsch\" title=\"\" loading=\"lazy\" class=\"skip-lazy\" data-skip-lazy=\"1\"><\/picture><\/div><div data-color=\"RGBA(255,255,255,0)\" style=\"background-color: RGBA(255,255,255,0);\" class=\"n2-ss-slide-background-color\"><\/div><\/div><div role=\"note\" class=\"n2-ss-slide--focus\" tabindex=\"-1\">Bootsfahrt Auf dem Weissensee Berghaus Edelhirsch<\/div><div class=\"n2-ss-layers-container n2-ss-slide-limiter n2-ow\"><div class=\"n2-ss-layer n2-ow n-uc-SPVnhpggrn9O\" data-sstype=\"slide\" data-pm=\"default\"><\/div><\/div><\/div><div data-slide-duration=\"0\" data-id=\"713\" data-slide-public-id=\"7\" aria-hidden=\"true\" data-title=\"Wanderwege auf dem Dreilandeneck Berghaus Edelhirsch\" data-lightbox-image=\"\/\/berghaus-edelhirsch.com\/wp-content\/uploads\/2021\/02\/Wandelroutes-boven-op-Dreilandeneck-Berghaus-Edelhirsch.jpg\" data-lightbox-alt=\"Wanderwege auf dem Dreilandeneck Berghaus Edelhirsch\" class=\"n2-ss-slide  n2-ss-slide-713 n2-ow\"><div class=\"n2-ss-slide-background\" data-public-id=\"7\" data-mode=\"fill\"><div class=\"n2-ss-slide-background-image\" data-blur=\"0\" data-opacity=\"100\" data-x=\"50\" data-y=\"50\" data-alt=\"Wanderwege auf dem Dreilandeneck Berghaus Edelhirsch\" data-title=\"\"><picture class=\"skip-lazy\" data-skip-lazy=\"1\"><img decoding=\"async\" src=\"\/\/berghaus-edelhirsch.com\/wp-content\/uploads\/2021\/02\/Wandelroutes-boven-op-Dreilandeneck-Berghaus-Edelhirsch.jpg\" alt=\"Wanderwege auf dem Dreilandeneck Berghaus Edelhirsch\" title=\"\" loading=\"lazy\" class=\"skip-lazy\" data-skip-lazy=\"1\"><\/picture><\/div><div data-color=\"RGBA(255,255,255,0)\" style=\"background-color: RGBA(255,255,255,0);\" class=\"n2-ss-slide-background-color\"><\/div><\/div><div role=\"note\" class=\"n2-ss-slide--focus\" tabindex=\"-1\">Wanderwege auf dem Dreilandeneck Berghaus Edelhirsch<\/div><div class=\"n2-ss-layers-container n2-ss-slide-limiter n2-ow\"><div class=\"n2-ss-layer n2-ow n-uc-8MHx5sHNAIxy\" data-sstype=\"slide\" data-pm=\"default\"><\/div><\/div><\/div><div data-slide-duration=\"0\" data-id=\"964\" data-slide-public-id=\"8\" aria-hidden=\"true\" data-title=\"Wanderung von Seltschach hinunter zum Arnoldstein Berghaus Edelhirsch\" data-lightbox-image=\"\/\/berghaus-edelhirsch.com\/wp-content\/uploads\/2021\/07\/Wandeling-van-Seltschach-omlaag-naar-Arnoldstein-Berghaus-Edelhirsch.jpg\" data-lightbox-alt=\"Wanderung von Seltschach hinunter zum Arnoldstein Berghaus Edelhirsch\" class=\"n2-ss-slide  n2-ss-slide-964 n2-ow\"><div class=\"n2-ss-slide-background\" data-public-id=\"8\" data-mode=\"fill\"><div class=\"n2-ss-slide-background-image\" data-blur=\"0\" data-opacity=\"100\" data-x=\"50\" data-y=\"50\" data-alt=\"Wanderung von Seltschach hinunter zum Arnoldstein Berghaus Edelhirsch\" data-title=\"\"><picture class=\"skip-lazy\" data-skip-lazy=\"1\"><img decoding=\"async\" src=\"\/\/berghaus-edelhirsch.com\/wp-content\/uploads\/2021\/07\/Wandeling-van-Seltschach-omlaag-naar-Arnoldstein-Berghaus-Edelhirsch.jpg\" alt=\"Wanderung von Seltschach hinunter zum Arnoldstein Berghaus Edelhirsch\" title=\"\" loading=\"lazy\" class=\"skip-lazy\" data-skip-lazy=\"1\"><\/picture><\/div><div data-color=\"RGBA(255,255,255,0)\" style=\"background-color: RGBA(255,255,255,0);\" class=\"n2-ss-slide-background-color\"><\/div><\/div><div role=\"note\" class=\"n2-ss-slide--focus\" tabindex=\"-1\">Wanderung von Seltschach hinunter zum Arnoldstein Berghaus Edelhirsch<\/div><div class=\"n2-ss-layers-container n2-ss-slide-limiter n2-ow\"><div class=\"n2-ss-layer n2-ow n-uc-EOtUZnTHvLQg\" data-sstype=\"slide\" data-pm=\"default\"><\/div><\/div><\/div><div data-slide-duration=\"0\" data-id=\"969\" data-slide-public-id=\"9\" aria-hidden=\"true\" data-title=\"Dreilandeneck auf dem Berghaus Edelhirsch\" data-lightbox-image=\"\/\/berghaus-edelhirsch.com\/wp-content\/uploads\/2021\/07\/Dreilandeneck-boven-op-de-berg-Berghaus-Edelhirsch.jpg\" data-lightbox-alt=\"Dreilandeneck auf dem Berghaus Edelhirsch\" class=\"n2-ss-slide  n2-ss-slide-969 n2-ow\"><div class=\"n2-ss-slide-background\" data-public-id=\"9\" data-mode=\"fill\"><div class=\"n2-ss-slide-background-image\" data-blur=\"0\" data-opacity=\"100\" data-x=\"50\" data-y=\"50\" data-alt=\"Dreilandeneck auf dem Berghaus Edelhirsch\" data-title=\"\"><picture class=\"skip-lazy\" data-skip-lazy=\"1\"><img decoding=\"async\" src=\"\/\/berghaus-edelhirsch.com\/wp-content\/uploads\/2021\/07\/Dreilandeneck-boven-op-de-berg-Berghaus-Edelhirsch.jpg\" alt=\"Dreilandeneck auf dem Berghaus Edelhirsch\" title=\"\" loading=\"lazy\" class=\"skip-lazy\" data-skip-lazy=\"1\"><\/picture><\/div><div data-color=\"RGBA(255,255,255,0)\" style=\"background-color: RGBA(255,255,255,0);\" class=\"n2-ss-slide-background-color\"><\/div><\/div><div role=\"note\" class=\"n2-ss-slide--focus\" tabindex=\"-1\">Dreilandeneck auf dem Berghaus Edelhirsch<\/div><div class=\"n2-ss-layers-container n2-ss-slide-limiter n2-ow\"><div class=\"n2-ss-layer n2-ow n-uc-bAEOZGWaTi3w\" data-sstype=\"slide\" data-pm=\"default\"><\/div><\/div><\/div><div data-slide-duration=\"0\" data-id=\"714\" data-slide-public-id=\"10\" aria-hidden=\"true\" data-title=\"Wandern auf dem Dreilandeneck Berghaus Edelhirsch\" data-lightbox-image=\"\/\/berghaus-edelhirsch.com\/wp-content\/uploads\/2021\/02\/Wandelen-boven-op-Dreilandeneck-Berghaus-Edelhirsch.jpg\" data-lightbox-alt=\"Wandern auf dem Dreilandeneck Berghaus Edelhirsch\" class=\"n2-ss-slide  n2-ss-slide-714 n2-ow\"><div class=\"n2-ss-slide-background\" data-public-id=\"10\" data-mode=\"fill\"><div class=\"n2-ss-slide-background-image\" data-blur=\"0\" data-opacity=\"100\" data-x=\"50\" data-y=\"50\" data-alt=\"Wandern auf dem Dreilandeneck Berghaus Edelhirsch\" data-title=\"\"><picture class=\"skip-lazy\" data-skip-lazy=\"1\"><img decoding=\"async\" src=\"\/\/berghaus-edelhirsch.com\/wp-content\/uploads\/2021\/02\/Wandelen-boven-op-Dreilandeneck-Berghaus-Edelhirsch.jpg\" alt=\"Wandern auf dem Dreilandeneck Berghaus Edelhirsch\" title=\"\" loading=\"lazy\" class=\"skip-lazy\" data-skip-lazy=\"1\"><\/picture><\/div><div data-color=\"RGBA(255,255,255,0)\" style=\"background-color: RGBA(255,255,255,0);\" class=\"n2-ss-slide-background-color\"><\/div><\/div><div role=\"note\" class=\"n2-ss-slide--focus\" tabindex=\"-1\">Wandern auf dem Dreilandeneck Berghaus Edelhirsch<\/div><div class=\"n2-ss-layers-container n2-ss-slide-limiter n2-ow\"><div class=\"n2-ss-layer n2-ow n-uc-45AkT7S9zoh7\" data-sstype=\"slide\" data-pm=\"default\"><\/div><\/div><\/div><div data-slide-duration=\"0\" data-id=\"967\" data-slide-public-id=\"11\" aria-hidden=\"true\" data-title=\"Kleiner Fluss bei Greuth auf halbem Weg nach Seltschach Berghaus Edelhirsch\" data-lightbox-image=\"\/\/berghaus-edelhirsch.com\/wp-content\/uploads\/2021\/07\/Riviertje-bij-Greuth-halverwege-de-weg-naar-Seltschach-Berghaus-Edelhirsch.jpg\" data-lightbox-alt=\"Kleiner Fluss bei Greuth auf halbem Weg nach Seltschach Berghaus Edelhirsch\" class=\"n2-ss-slide  n2-ss-slide-967 n2-ow\"><div class=\"n2-ss-slide-background\" data-public-id=\"11\" data-mode=\"fill\"><div class=\"n2-ss-slide-background-image\" data-blur=\"0\" data-opacity=\"100\" data-x=\"50\" data-y=\"50\" data-alt=\"Kleiner Fluss bei Greuth auf halbem Weg nach Seltschach Berghaus Edelhirsch\" data-title=\"\"><picture class=\"skip-lazy\" data-skip-lazy=\"1\"><img decoding=\"async\" src=\"\/\/berghaus-edelhirsch.com\/wp-content\/uploads\/2021\/07\/Riviertje-bij-Greuth-halverwege-de-weg-naar-Seltschach-Berghaus-Edelhirsch.jpg\" alt=\"Kleiner Fluss bei Greuth auf halbem Weg nach Seltschach Berghaus Edelhirsch\" title=\"\" loading=\"lazy\" class=\"skip-lazy\" data-skip-lazy=\"1\"><\/picture><\/div><div data-color=\"RGBA(255,255,255,0)\" style=\"background-color: RGBA(255,255,255,0);\" class=\"n2-ss-slide-background-color\"><\/div><\/div><div role=\"note\" class=\"n2-ss-slide--focus\" tabindex=\"-1\">Kleiner Fluss bei Greuth auf halbem Weg nach Seltschach Berghaus Edelhirsch<\/div><div class=\"n2-ss-layers-container n2-ss-slide-limiter n2-ow\"><div class=\"n2-ss-layer n2-ow n-uc-whaz9I66B0DE\" data-sstype=\"slide\" data-pm=\"default\"><\/div><\/div><\/div><div data-slide-duration=\"0\" data-id=\"711\" data-slide-public-id=\"12\" aria-hidden=\"true\" data-title=\"Preseggersee Berghaus Edelhirsch\" data-lightbox-image=\"\/\/berghaus-edelhirsch.com\/wp-content\/uploads\/2021\/02\/Preseggersee-1-Berghaus-Edelhirsch.jpg\" data-lightbox-alt=\"Preseggersee Berghaus Edelhirsch\" class=\"n2-ss-slide  n2-ss-slide-711 n2-ow\"><div class=\"n2-ss-slide-background\" data-public-id=\"12\" data-mode=\"fill\"><div class=\"n2-ss-slide-background-image\" data-blur=\"0\" data-opacity=\"100\" data-x=\"50\" data-y=\"50\" data-alt=\"Preseggersee Berghaus Edelhirsch\" data-title=\"\"><picture class=\"skip-lazy\" data-skip-lazy=\"1\"><img decoding=\"async\" src=\"\/\/berghaus-edelhirsch.com\/wp-content\/uploads\/2021\/02\/Preseggersee-1-Berghaus-Edelhirsch.jpg\" alt=\"Preseggersee Berghaus Edelhirsch\" title=\"\" loading=\"lazy\" class=\"skip-lazy\" data-skip-lazy=\"1\"><\/picture><\/div><div data-color=\"RGBA(255,255,255,0)\" style=\"background-color: RGBA(255,255,255,0);\" class=\"n2-ss-slide-background-color\"><\/div><\/div><div role=\"note\" class=\"n2-ss-slide--focus\" tabindex=\"-1\">Preseggersee Berghaus Edelhirsch<\/div><div class=\"n2-ss-layers-container n2-ss-slide-limiter n2-ow\"><div class=\"n2-ss-layer n2-ow n-uc-LTC2XV97DxVd\" data-sstype=\"slide\" data-pm=\"default\"><\/div><\/div><\/div><div data-slide-duration=\"0\" data-id=\"970\" data-slide-public-id=\"13\" aria-hidden=\"true\" data-title=\"Affenberg Faaker See Berghaus Edelhirsch\" data-lightbox-image=\"\/\/berghaus-edelhirsch.com\/wp-content\/uploads\/2021\/07\/Affenberg-Faaker-See-Berghaus-Edelhirsch.jpg\" data-lightbox-alt=\"Affenberg Faaker See Berghaus Edelhirsch\" class=\"n2-ss-slide  n2-ss-slide-970 n2-ow\"><div class=\"n2-ss-slide-background\" data-public-id=\"13\" data-mode=\"fill\"><div class=\"n2-ss-slide-background-image\" data-blur=\"0\" data-opacity=\"100\" data-x=\"50\" data-y=\"50\" data-alt=\"Affenberg Faaker See Berghaus Edelhirsch\" data-title=\"\"><picture class=\"skip-lazy\" data-skip-lazy=\"1\"><img decoding=\"async\" src=\"\/\/berghaus-edelhirsch.com\/wp-content\/uploads\/2021\/07\/Affenberg-Faaker-See-Berghaus-Edelhirsch.jpg\" alt=\"Affenberg Faaker See Berghaus Edelhirsch\" title=\"\" loading=\"lazy\" class=\"skip-lazy\" data-skip-lazy=\"1\"><\/picture><\/div><div data-color=\"RGBA(255,255,255,0)\" style=\"background-color: RGBA(255,255,255,0);\" class=\"n2-ss-slide-background-color\"><\/div><\/div><div role=\"note\" class=\"n2-ss-slide--focus\" tabindex=\"-1\">Affenberg Faaker See Berghaus Edelhirsch<\/div><div class=\"n2-ss-layers-container n2-ss-slide-limiter n2-ow\"><div class=\"n2-ss-layer n2-ow n-uc-ZLKHcF37t7Gm\" data-sstype=\"slide\" data-pm=\"default\"><\/div><\/div><\/div><div data-slide-duration=\"0\" data-id=\"968\" data-slide-public-id=\"14\" aria-hidden=\"true\" data-title=\"Faaker See Affenberg, Berghaus Edelhirsch\" data-lightbox-image=\"\/\/berghaus-edelhirsch.com\/wp-content\/uploads\/2021\/07\/Faaker-See-Affenberg-Berghaus-Edelhirsch.jpg\" data-lightbox-alt=\"Faaker See Affenberg, Berghaus Edelhirsch\" class=\"n2-ss-slide  n2-ss-slide-968 n2-ow\"><div class=\"n2-ss-slide-background\" data-public-id=\"14\" data-mode=\"fill\"><div class=\"n2-ss-slide-background-image\" data-blur=\"0\" data-opacity=\"100\" data-x=\"50\" data-y=\"50\" data-alt=\"Faaker See Affenberg, Berghaus Edelhirsch\" data-title=\"\"><picture class=\"skip-lazy\" data-skip-lazy=\"1\"><img decoding=\"async\" src=\"\/\/berghaus-edelhirsch.com\/wp-content\/uploads\/2021\/07\/Faaker-See-Affenberg-Berghaus-Edelhirsch.jpg\" alt=\"Faaker See Affenberg, Berghaus Edelhirsch\" title=\"\" loading=\"lazy\" class=\"skip-lazy\" data-skip-lazy=\"1\"><\/picture><\/div><div data-color=\"RGBA(255,255,255,0)\" style=\"background-color: RGBA(255,255,255,0);\" class=\"n2-ss-slide-background-color\"><\/div><\/div><div role=\"note\" class=\"n2-ss-slide--focus\" tabindex=\"-1\">Faaker See Affenberg, Berghaus Edelhirsch<\/div><div class=\"n2-ss-layers-container n2-ss-slide-limiter n2-ow\"><div class=\"n2-ss-layer n2-ow n-uc-18ttlmWflEVY\" data-sstype=\"slide\" data-pm=\"default\"><\/div><\/div><\/div><div data-slide-duration=\"0\" data-id=\"705\" data-slide-public-id=\"15\" aria-hidden=\"true\" data-title=\"Schild Seltschach Berghaus Edelhirsch\" data-lightbox-image=\"\/\/berghaus-edelhirsch.com\/wp-content\/uploads\/2021\/02\/Bord-Seltschach-Berghaus-Edelhirsch.jpg\" data-lightbox-alt=\"Schild Seltschach Berghaus Edelhirsch\" class=\"n2-ss-slide  n2-ss-slide-705 n2-ow\"><div class=\"n2-ss-slide-background\" data-public-id=\"15\" data-mode=\"fill\"><div class=\"n2-ss-slide-background-image\" data-blur=\"0\" data-opacity=\"100\" data-x=\"50\" data-y=\"50\" data-alt=\"Schild Seltschach Berghaus Edelhirsch\" data-title=\"\"><picture class=\"skip-lazy\" data-skip-lazy=\"1\"><img decoding=\"async\" src=\"\/\/berghaus-edelhirsch.com\/wp-content\/uploads\/2021\/02\/Bord-Seltschach-Berghaus-Edelhirsch.jpg\" alt=\"Schild Seltschach Berghaus Edelhirsch\" title=\"\" loading=\"lazy\" class=\"skip-lazy\" data-skip-lazy=\"1\"><\/picture><\/div><div data-color=\"RGBA(255,255,255,0)\" style=\"background-color: RGBA(255,255,255,0);\" class=\"n2-ss-slide-background-color\"><\/div><\/div><div role=\"note\" class=\"n2-ss-slide--focus\" tabindex=\"-1\">Schild Seltschach Berghaus Edelhirsch<\/div><div class=\"n2-ss-layers-container n2-ss-slide-limiter n2-ow\"><div class=\"n2-ss-layer n2-ow n-uc-yLBE1kRW8dfY\" data-sstype=\"slide\" data-pm=\"default\"><\/div><\/div><\/div><div data-slide-duration=\"0\" data-id=\"710\" data-slide-public-id=\"16\" aria-hidden=\"true\" data-title=\"Urspr\u00fcngliche \u00f6sterreichische Prise Berghaus Edelhirsch\" data-lightbox-image=\"\/\/berghaus-edelhirsch.com\/wp-content\/uploads\/2021\/02\/Oer-Oostenrijks-knijpje-Berghaus-Edelhirsch.jpg\" data-lightbox-alt=\"Urspr\u00fcngliche \u00f6sterreichische Prise Berghaus Edelhirsch\" class=\"n2-ss-slide  n2-ss-slide-710 n2-ow\"><div class=\"n2-ss-slide-background\" data-public-id=\"16\" data-mode=\"fill\"><div class=\"n2-ss-slide-background-image\" data-blur=\"0\" data-opacity=\"100\" data-x=\"50\" data-y=\"50\" data-alt=\"Urspr\u00fcngliche \u00f6sterreichische Prise Berghaus Edelhirsch\" data-title=\"\"><picture class=\"skip-lazy\" data-skip-lazy=\"1\"><img decoding=\"async\" src=\"\/\/berghaus-edelhirsch.com\/wp-content\/uploads\/2021\/02\/Oer-Oostenrijks-knijpje-Berghaus-Edelhirsch.jpg\" alt=\"Urspr\u00fcngliche \u00f6sterreichische Prise Berghaus Edelhirsch\" title=\"\" loading=\"lazy\" class=\"skip-lazy\" data-skip-lazy=\"1\"><\/picture><\/div><div data-color=\"RGBA(255,255,255,0)\" style=\"background-color: RGBA(255,255,255,0);\" class=\"n2-ss-slide-background-color\"><\/div><\/div><div role=\"note\" class=\"n2-ss-slide--focus\" tabindex=\"-1\">Urspr\u00fcngliche \u00f6sterreichische Prise Berghaus Edelhirsch<\/div><div class=\"n2-ss-layers-container n2-ss-slide-limiter n2-ow\"><div class=\"n2-ss-layer n2-ow n-uc-YSsRR714xdu4\" data-sstype=\"slide\" data-pm=\"default\"><\/div><\/div><\/div><div data-slide-duration=\"0\" data-id=\"708\" data-slide-public-id=\"17\" aria-hidden=\"true\" data-title=\"Kranjska Gora Slowenien Berghaus Edelhirsch\" data-lightbox-image=\"\/\/berghaus-edelhirsch.com\/wp-content\/uploads\/2021\/02\/Kranjska-Gora-Slovenie-Berghaus-Edelhirsch.jpg\" data-lightbox-alt=\"Kranjska Gora Slowenien Berghaus Edelhirsch\" class=\"n2-ss-slide  n2-ss-slide-708 n2-ow\"><div class=\"n2-ss-slide-background\" data-public-id=\"17\" data-mode=\"fill\"><div class=\"n2-ss-slide-background-image\" data-blur=\"0\" data-opacity=\"100\" data-x=\"50\" data-y=\"50\" data-alt=\"Kranjska Gora Slowenien Berghaus Edelhirsch\" data-title=\"\"><picture class=\"skip-lazy\" data-skip-lazy=\"1\"><img decoding=\"async\" src=\"\/\/berghaus-edelhirsch.com\/wp-content\/uploads\/2021\/02\/Kranjska-Gora-Slovenie-Berghaus-Edelhirsch.jpg\" alt=\"Kranjska Gora Slowenien Berghaus Edelhirsch\" title=\"\" loading=\"lazy\" class=\"skip-lazy\" data-skip-lazy=\"1\"><\/picture><\/div><div data-color=\"RGBA(255,255,255,0)\" style=\"background-color: RGBA(255,255,255,0);\" class=\"n2-ss-slide-background-color\"><\/div><\/div><div role=\"note\" class=\"n2-ss-slide--focus\" tabindex=\"-1\">Kranjska Gora Slowenien Berghaus Edelhirsch<\/div><div class=\"n2-ss-layers-container n2-ss-slide-limiter n2-ow\"><div class=\"n2-ss-layer n2-ow n-uc-8Xhnh6QoH6FL\" data-sstype=\"slide\" data-pm=\"default\"><\/div><\/div><\/div><div data-slide-duration=\"0\" data-id=\"707\" data-slide-public-id=\"18\" aria-hidden=\"true\" data-title=\"Kinderskikurs Berghaus Edelhirsch\" data-lightbox-image=\"\/\/berghaus-edelhirsch.com\/wp-content\/uploads\/2021\/02\/Jong-geleerd-Berghaus-Edelhirsch.jpg\" data-lightbox-alt=\"Kinderskikurs Berghaus Edelhirsch\" class=\"n2-ss-slide  n2-ss-slide-707 n2-ow\"><div class=\"n2-ss-slide-background\" data-public-id=\"18\" data-mode=\"fill\"><div class=\"n2-ss-slide-background-image\" data-blur=\"0\" data-opacity=\"100\" data-x=\"50\" data-y=\"50\" data-alt=\"Kinderskikurs Berghaus Edelhirsch\" data-title=\"\"><picture class=\"skip-lazy\" data-skip-lazy=\"1\"><img decoding=\"async\" src=\"\/\/berghaus-edelhirsch.com\/wp-content\/uploads\/2021\/02\/Jong-geleerd-Berghaus-Edelhirsch.jpg\" alt=\"Kinderskikurs Berghaus Edelhirsch\" title=\"\" loading=\"lazy\" class=\"skip-lazy\" data-skip-lazy=\"1\"><\/picture><\/div><div data-color=\"RGBA(255,255,255,0)\" style=\"background-color: RGBA(255,255,255,0);\" class=\"n2-ss-slide-background-color\"><\/div><\/div><div role=\"note\" class=\"n2-ss-slide--focus\" tabindex=\"-1\">Kinderskikurs Berghaus Edelhirsch<\/div><div class=\"n2-ss-layers-container n2-ss-slide-limiter n2-ow\"><div class=\"n2-ss-layer n2-ow n-uc-iQcinhKzfZC4\" data-sstype=\"slide\" data-pm=\"default\"><\/div><\/div><\/div><div data-slide-duration=\"0\" data-id=\"715\" data-slide-public-id=\"19\" aria-hidden=\"true\" data-title=\"Rodeln an der Piste Berghaus Edelhirsch\" data-lightbox-image=\"\/\/berghaus-edelhirsch.com\/wp-content\/uploads\/2021\/02\/Sleeen-bij-de-piste-Berghaus-Edelhirsch-scaled.jpg\" data-lightbox-alt=\"Rodeln an der Piste Berghaus Edelhirsch\" class=\"n2-ss-slide  n2-ss-slide-715 n2-ow\"><div class=\"n2-ss-slide-background\" data-public-id=\"19\" data-mode=\"fill\"><div class=\"n2-ss-slide-background-image\" data-blur=\"0\" data-opacity=\"100\" data-x=\"50\" data-y=\"50\" data-alt=\"Rodeln an der Piste Berghaus Edelhirsch\" data-title=\"\"><picture class=\"skip-lazy\" data-skip-lazy=\"1\"><img decoding=\"async\" src=\"\/\/berghaus-edelhirsch.com\/wp-content\/uploads\/2021\/02\/Sleeen-bij-de-piste-Berghaus-Edelhirsch-scaled.jpg\" alt=\"Rodeln an der Piste Berghaus Edelhirsch\" title=\"\" loading=\"lazy\" class=\"skip-lazy\" data-skip-lazy=\"1\"><\/picture><\/div><div data-color=\"RGBA(255,255,255,0)\" style=\"background-color: RGBA(255,255,255,0);\" class=\"n2-ss-slide-background-color\"><\/div><\/div><div role=\"note\" class=\"n2-ss-slide--focus\" tabindex=\"-1\">Rodeln an der Piste Berghaus Edelhirsch<\/div><div class=\"n2-ss-layers-container n2-ss-slide-limiter n2-ow\"><div class=\"n2-ss-layer n2-ow n-uc-HIUI0CFuaDYh\" data-sstype=\"slide\" data-pm=\"default\"><\/div><\/div><\/div><div data-slide-duration=\"0\" data-id=\"709\" data-slide-public-id=\"20\" aria-hidden=\"true\" data-title=\"Monte Lussari Skifahrer Berghaus Edelhirsch\" data-lightbox-image=\"\/\/berghaus-edelhirsch.com\/wp-content\/uploads\/2021\/02\/Monte-Lussari-skiers-Berghaus-Edelhirsch.jpg\" data-lightbox-alt=\"Monte Lussari Skifahrer Berghaus Edelhirsch\" class=\"n2-ss-slide  n2-ss-slide-709 n2-ow\"><div class=\"n2-ss-slide-background\" data-public-id=\"20\" data-mode=\"fill\"><div class=\"n2-ss-slide-background-image\" data-blur=\"0\" data-opacity=\"100\" data-x=\"50\" data-y=\"50\" data-alt=\"Monte Lussari Skifahrer Berghaus Edelhirsch\" data-title=\"\"><picture class=\"skip-lazy\" data-skip-lazy=\"1\"><img decoding=\"async\" src=\"\/\/berghaus-edelhirsch.com\/wp-content\/uploads\/2021\/02\/Monte-Lussari-skiers-Berghaus-Edelhirsch.jpg\" alt=\"Monte Lussari Skifahrer Berghaus Edelhirsch\" title=\"\" loading=\"lazy\" class=\"skip-lazy\" data-skip-lazy=\"1\"><\/picture><\/div><div data-color=\"RGBA(255,255,255,0)\" style=\"background-color: RGBA(255,255,255,0);\" class=\"n2-ss-slide-background-color\"><\/div><\/div><div role=\"note\" class=\"n2-ss-slide--focus\" tabindex=\"-1\">Monte Lussari Skifahrer Berghaus Edelhirsch<\/div><div class=\"n2-ss-layers-container n2-ss-slide-limiter n2-ow\"><div class=\"n2-ss-layer n2-ow n-uc-fFKZTa7ItfvP\" data-sstype=\"slide\" data-pm=\"default\"><\/div><\/div><\/div><div data-slide-duration=\"0\" data-id=\"712\" data-slide-public-id=\"21\" aria-hidden=\"true\" data-title=\"Wasserfall auf dem Weg zum Wei\u00dfensee Berghaus Edelhirsch\" data-lightbox-image=\"\/\/berghaus-edelhirsch.com\/wp-content\/uploads\/2021\/02\/Waterval-op-de-route-naar-Weissensee-Berghaus-Edelhirsch.jpg\" data-lightbox-alt=\"Wasserfall auf dem Weg zum Wei\u00dfensee Berghaus Edelhirsch\" class=\"n2-ss-slide  n2-ss-slide-712 n2-ow\"><div class=\"n2-ss-slide-background\" data-public-id=\"21\" data-mode=\"fill\"><div class=\"n2-ss-slide-background-image\" data-blur=\"0\" data-opacity=\"100\" data-x=\"50\" data-y=\"50\" data-alt=\"Wasserfall auf dem Weg zum Wei\u00dfensee Berghaus Edelhirsch\" data-title=\"\"><picture class=\"skip-lazy\" data-skip-lazy=\"1\"><img decoding=\"async\" src=\"\/\/berghaus-edelhirsch.com\/wp-content\/uploads\/2021\/02\/Waterval-op-de-route-naar-Weissensee-Berghaus-Edelhirsch.jpg\" alt=\"Wasserfall auf dem Weg zum Wei\u00dfensee Berghaus Edelhirsch\" title=\"\" loading=\"lazy\" class=\"skip-lazy\" data-skip-lazy=\"1\"><\/picture><\/div><div data-color=\"RGBA(255,255,255,0)\" style=\"background-color: RGBA(255,255,255,0);\" class=\"n2-ss-slide-background-color\"><\/div><\/div><div role=\"note\" class=\"n2-ss-slide--focus\" tabindex=\"-1\">Wasserfall auf dem Weg zum Wei\u00dfensee Berghaus Edelhirsch<\/div><div class=\"n2-ss-layers-container n2-ss-slide-limiter n2-ow\"><div class=\"n2-ss-layer n2-ow n-uc-CGzP0F8eGBgJ\" data-sstype=\"slide\" data-pm=\"default\"><\/div><\/div><\/div><div data-slide-duration=\"0\" data-id=\"717\" data-slide-public-id=\"22\" aria-hidden=\"true\" data-title=\"Bergsee in K\u00e4rnten\" data-lightbox-image=\"\/\/berghaus-edelhirsch.com\/wp-content\/uploads\/2021\/03\/Bergmeer-Berghaus-Edelhirsch.jpg\" data-lightbox-alt=\"Bergsee in K\u00e4rnten\" class=\"n2-ss-slide  n2-ss-slide-717 n2-ow\"><div class=\"n2-ss-slide-background\" data-public-id=\"22\" data-mode=\"fill\"><div class=\"n2-ss-slide-background-image\" data-blur=\"0\" data-opacity=\"100\" data-x=\"50\" data-y=\"50\" data-alt=\"Bergsee in K\u00e4rnten\" data-title=\"\"><picture class=\"skip-lazy\" data-skip-lazy=\"1\"><img decoding=\"async\" src=\"\/\/berghaus-edelhirsch.com\/wp-content\/uploads\/2021\/03\/Bergmeer-Berghaus-Edelhirsch.jpg\" alt=\"Bergsee in K\u00e4rnten\" title=\"\" loading=\"lazy\" class=\"skip-lazy\" data-skip-lazy=\"1\"><\/picture><\/div><div data-color=\"RGBA(255,255,255,0)\" style=\"background-color: RGBA(255,255,255,0);\" class=\"n2-ss-slide-background-color\"><\/div><\/div><div role=\"note\" class=\"n2-ss-slide--focus\" tabindex=\"-1\">Bergsee in K\u00e4rnten<\/div><div class=\"n2-ss-layers-container n2-ss-slide-limiter n2-ow\"><div class=\"n2-ss-layer n2-ow n-uc-FOU3UtVuQNaj\" data-sstype=\"slide\" data-pm=\"default\"><\/div><\/div><\/div><div data-slide-duration=\"0\" data-id=\"718\" data-slide-public-id=\"23\" aria-hidden=\"true\" data-title=\"Schneegipfel Berghaus Edelhirsch\" data-lightbox-image=\"\/\/berghaus-edelhirsch.com\/wp-content\/uploads\/2021\/03\/Besneeuwde-pieken-Berghaus-Edelhirsch.jpg\" data-lightbox-alt=\"Schneegipfel Berghaus Edelhirsch\" class=\"n2-ss-slide  n2-ss-slide-718 n2-ow\"><div class=\"n2-ss-slide-background\" data-public-id=\"23\" data-mode=\"fill\"><div class=\"n2-ss-slide-background-image\" data-blur=\"0\" data-opacity=\"100\" data-x=\"50\" data-y=\"50\" data-alt=\"Schneegipfel Berghaus Edelhirsch\" data-title=\"\"><picture class=\"skip-lazy\" data-skip-lazy=\"1\"><img decoding=\"async\" src=\"\/\/berghaus-edelhirsch.com\/wp-content\/uploads\/2021\/03\/Besneeuwde-pieken-Berghaus-Edelhirsch.jpg\" alt=\"Schneegipfel Berghaus Edelhirsch\" title=\"\" loading=\"lazy\" class=\"skip-lazy\" data-skip-lazy=\"1\"><\/picture><\/div><div data-color=\"RGBA(255,255,255,0)\" style=\"background-color: RGBA(255,255,255,0);\" class=\"n2-ss-slide-background-color\"><\/div><\/div><div role=\"note\" class=\"n2-ss-slide--focus\" tabindex=\"-1\">Schneegipfel Berghaus Edelhirsch<\/div><div class=\"n2-ss-layers-container n2-ss-slide-limiter n2-ow\"><div class=\"n2-ss-layer n2-ow n-uc-oyYr0svfnj3W\" data-sstype=\"slide\" data-pm=\"default\"><\/div><\/div><\/div><div data-slide-duration=\"0\" data-id=\"721\" data-slide-public-id=\"24\" aria-hidden=\"true\" data-title=\"Nockalm Weg K\u00e4rnten Berghaus Edelhirsch\" data-lightbox-image=\"\/\/berghaus-edelhirsch.com\/wp-content\/uploads\/2021\/03\/Nockalm-weg-Karinthie-Berghaus-Edelhirsch.jpg\" data-lightbox-alt=\"Nockalm Weg K\u00e4rnten Berghaus Edelhirsch\" class=\"n2-ss-slide  n2-ss-slide-721 n2-ow\"><div class=\"n2-ss-slide-background\" data-public-id=\"24\" data-mode=\"fill\"><div class=\"n2-ss-slide-background-image\" data-blur=\"0\" data-opacity=\"100\" data-x=\"50\" data-y=\"50\" data-alt=\"Nockalm Weg K\u00e4rnten Berghaus Edelhirsch\" data-title=\"\"><picture class=\"skip-lazy\" data-skip-lazy=\"1\"><img decoding=\"async\" src=\"\/\/berghaus-edelhirsch.com\/wp-content\/uploads\/2021\/03\/Nockalm-weg-Karinthie-Berghaus-Edelhirsch.jpg\" alt=\"Nockalm Weg K\u00e4rnten Berghaus Edelhirsch\" title=\"\" loading=\"lazy\" class=\"skip-lazy\" data-skip-lazy=\"1\"><\/picture><\/div><div data-color=\"RGBA(255,255,255,0)\" style=\"background-color: RGBA(255,255,255,0);\" class=\"n2-ss-slide-background-color\"><\/div><\/div><div role=\"note\" class=\"n2-ss-slide--focus\" tabindex=\"-1\">Nockalm Weg K\u00e4rnten Berghaus Edelhirsch<\/div><div class=\"n2-ss-layers-container n2-ss-slide-limiter n2-ow\"><div class=\"n2-ss-layer n2-ow n-uc-RRa4Ulvsyzfq\" data-sstype=\"slide\" data-pm=\"default\"><\/div><\/div><\/div><div data-slide-duration=\"0\" data-id=\"827\" data-slide-public-id=\"25\" aria-hidden=\"true\" data-title=\"Seltschach-3 schmaler Strom\" data-lightbox-image=\"\/\/berghaus-edelhirsch.com\/wp-content\/uploads\/slider6\/Seltschach-3.jpeg\" data-lightbox-alt=\"Seltschach-3 schmaler Strom\" class=\"n2-ss-slide  n2-ss-slide-827 n2-ow\"><div class=\"n2-ss-slide-background\" data-public-id=\"25\" data-mode=\"fill\"><div class=\"n2-ss-slide-background-image\" data-blur=\"0\" data-opacity=\"100\" data-x=\"50\" data-y=\"50\" data-alt=\"Seltschach-3 schmaler Strom\" data-title=\"\"><picture class=\"skip-lazy\" data-skip-lazy=\"1\"><img decoding=\"async\" src=\"\/\/berghaus-edelhirsch.com\/wp-content\/uploads\/slider6\/Seltschach-3.jpeg\" alt=\"Seltschach-3 schmaler Strom\" title=\"\" loading=\"lazy\" class=\"skip-lazy\" data-skip-lazy=\"1\"><\/picture><\/div><div data-color=\"RGBA(255,255,255,0)\" style=\"background-color: RGBA(255,255,255,0);\" class=\"n2-ss-slide-background-color\"><\/div><\/div><div role=\"note\" class=\"n2-ss-slide--focus\" tabindex=\"-1\">Seltschach-3 schmaler Strom<\/div><div class=\"n2-ss-layers-container n2-ss-slide-limiter n2-ow\"><div class=\"n2-ss-layer n2-ow n-uc-GgBnKmUzVTRQ\" data-sstype=\"slide\" data-pm=\"default\"><\/div><\/div><\/div><div data-slide-duration=\"0\" data-id=\"828\" data-slide-public-id=\"26\" aria-hidden=\"true\" data-title=\"Ansicht von Arnoldstein\" data-lightbox-image=\"\/\/berghaus-edelhirsch.com\/wp-content\/uploads\/slider6\/Uitzicht-op-Arnoldstein.jpeg\" data-lightbox-alt=\"Ansicht von Arnoldstein\" class=\"n2-ss-slide  n2-ss-slide-828 n2-ow\"><div class=\"n2-ss-slide-background\" data-public-id=\"26\" data-mode=\"fill\"><div class=\"n2-ss-slide-background-image\" data-blur=\"0\" data-opacity=\"100\" data-x=\"50\" data-y=\"50\" data-alt=\"Ansicht von Arnoldstein\" data-title=\"\"><picture class=\"skip-lazy\" data-skip-lazy=\"1\"><img decoding=\"async\" src=\"\/\/berghaus-edelhirsch.com\/wp-content\/uploads\/slider6\/Uitzicht-op-Arnoldstein.jpeg\" alt=\"Ansicht von Arnoldstein\" title=\"\" loading=\"lazy\" class=\"skip-lazy\" data-skip-lazy=\"1\"><\/picture><\/div><div data-color=\"RGBA(255,255,255,0)\" style=\"background-color: RGBA(255,255,255,0);\" class=\"n2-ss-slide-background-color\"><\/div><\/div><div role=\"note\" class=\"n2-ss-slide--focus\" tabindex=\"-1\">Ansicht von Arnoldstein<\/div><div class=\"n2-ss-layers-container n2-ss-slide-limiter n2-ow\"><div class=\"n2-ss-layer n2-ow n-uc-ViQnzrW8bsxM\" data-sstype=\"slide\" data-pm=\"default\"><\/div><\/div><\/div><div data-slide-duration=\"0\" data-id=\"834\" data-slide-public-id=\"27\" aria-hidden=\"true\" data-title=\"Bergdorf-Seltschach-1\" data-lightbox-image=\"\/\/berghaus-edelhirsch.com\/wp-content\/uploads\/slider6\/Bergdorp-Seltschach-1.jpeg\" data-lightbox-alt=\"Bergdorf-Seltschach-1\" class=\"n2-ss-slide  n2-ss-slide-834 n2-ow\"><div class=\"n2-ss-slide-background\" data-public-id=\"27\" data-mode=\"fill\"><div class=\"n2-ss-slide-background-image\" data-blur=\"0\" data-opacity=\"100\" data-x=\"50\" data-y=\"50\" data-alt=\"Bergdorf-Seltschach-1\" data-title=\"\"><picture class=\"skip-lazy\" data-skip-lazy=\"1\"><img decoding=\"async\" src=\"\/\/berghaus-edelhirsch.com\/wp-content\/uploads\/slider6\/Bergdorp-Seltschach-1.jpeg\" alt=\"Bergdorf-Seltschach-1\" title=\"\" loading=\"lazy\" class=\"skip-lazy\" data-skip-lazy=\"1\"><\/picture><\/div><div data-color=\"RGBA(255,255,255,0)\" style=\"background-color: RGBA(255,255,255,0);\" class=\"n2-ss-slide-background-color\"><\/div><\/div><div role=\"note\" class=\"n2-ss-slide--focus\" tabindex=\"-1\">Bergdorf-Seltschach-1<\/div><div class=\"n2-ss-layers-container n2-ss-slide-limiter n2-ow\"><div class=\"n2-ss-layer n2-ow n-uc-G7Xa3aDAGrin\" data-sstype=\"slide\" data-pm=\"default\"><\/div><\/div><\/div><div data-slide-duration=\"0\" data-id=\"829\" data-slide-public-id=\"28\" aria-hidden=\"true\" data-title=\"Wohnhaft inSeltschach\" data-lightbox-image=\"\/\/berghaus-edelhirsch.com\/wp-content\/uploads\/slider6\/Inwoner-Seltschach.jpeg\" data-lightbox-alt=\"Wohnhaft inSeltschach\" class=\"n2-ss-slide  n2-ss-slide-829 n2-ow\"><div class=\"n2-ss-slide-background\" data-public-id=\"28\" data-mode=\"fill\"><div class=\"n2-ss-slide-background-image\" data-blur=\"0\" data-opacity=\"100\" data-x=\"50\" data-y=\"50\" data-alt=\"Wohnhaft inSeltschach\" data-title=\"\"><picture class=\"skip-lazy\" data-skip-lazy=\"1\"><img decoding=\"async\" src=\"\/\/berghaus-edelhirsch.com\/wp-content\/uploads\/slider6\/Inwoner-Seltschach.jpeg\" alt=\"Wohnhaft inSeltschach\" title=\"\" loading=\"lazy\" class=\"skip-lazy\" data-skip-lazy=\"1\"><\/picture><\/div><div data-color=\"RGBA(255,255,255,0)\" style=\"background-color: RGBA(255,255,255,0);\" class=\"n2-ss-slide-background-color\"><\/div><\/div><div role=\"note\" class=\"n2-ss-slide--focus\" tabindex=\"-1\">Wohnhaft inSeltschach<\/div><div class=\"n2-ss-layers-container n2-ss-slide-limiter n2-ow\"><div class=\"n2-ss-layer n2-ow n-uc-bn4DSsrOYXaC\" data-sstype=\"slide\" data-pm=\"default\"><\/div><\/div><\/div><div data-slide-duration=\"0\" data-id=\"832\" data-slide-public-id=\"29\" aria-hidden=\"true\" data-title=\"In der Gegend spazieren gehen 2\" data-lightbox-image=\"\/\/berghaus-edelhirsch.com\/wp-content\/uploads\/slider6\/Wandeling-in-de-omgeving-2.jpeg\" data-lightbox-alt=\"In der Gegend spazieren gehen 2\" class=\"n2-ss-slide  n2-ss-slide-832 n2-ow\"><div class=\"n2-ss-slide-background\" data-public-id=\"29\" data-mode=\"fill\"><div class=\"n2-ss-slide-background-image\" data-blur=\"0\" data-opacity=\"100\" data-x=\"50\" data-y=\"50\" data-alt=\"In der Gegend spazieren gehen 2\" data-title=\"\"><picture class=\"skip-lazy\" data-skip-lazy=\"1\"><img decoding=\"async\" src=\"\/\/berghaus-edelhirsch.com\/wp-content\/uploads\/slider6\/Wandeling-in-de-omgeving-2.jpeg\" alt=\"In der Gegend spazieren gehen 2\" title=\"\" loading=\"lazy\" class=\"skip-lazy\" data-skip-lazy=\"1\"><\/picture><\/div><div data-color=\"RGBA(255,255,255,0)\" style=\"background-color: RGBA(255,255,255,0);\" class=\"n2-ss-slide-background-color\"><\/div><\/div><div role=\"note\" class=\"n2-ss-slide--focus\" tabindex=\"-1\">In der Gegend spazieren gehen 2<\/div><div class=\"n2-ss-layers-container n2-ss-slide-limiter n2-ow\"><div class=\"n2-ss-layer n2-ow n-uc-DDZ6Heemow10\" data-sstype=\"slide\" data-pm=\"default\"><\/div><\/div><\/div><div data-slide-duration=\"0\" data-id=\"830\" data-slide-public-id=\"30\" aria-hidden=\"true\" data-title=\"In der Gegend spazieren gehen 3\" data-lightbox-image=\"\/\/berghaus-edelhirsch.com\/wp-content\/uploads\/slider6\/Wandelin-in-de-omgeving-3.jpeg\" data-lightbox-alt=\"In der Gegend spazieren gehen 3\" class=\"n2-ss-slide  n2-ss-slide-830 n2-ow\"><div class=\"n2-ss-slide-background\" data-public-id=\"30\" data-mode=\"fill\"><div class=\"n2-ss-slide-background-image\" data-blur=\"0\" data-opacity=\"100\" data-x=\"50\" data-y=\"50\" data-alt=\"In der Gegend spazieren gehen 3\" data-title=\"\"><picture class=\"skip-lazy\" data-skip-lazy=\"1\"><img decoding=\"async\" src=\"\/\/berghaus-edelhirsch.com\/wp-content\/uploads\/slider6\/Wandelin-in-de-omgeving-3.jpeg\" alt=\"In der Gegend spazieren gehen 3\" title=\"\" loading=\"lazy\" class=\"skip-lazy\" data-skip-lazy=\"1\"><\/picture><\/div><div data-color=\"RGBA(255,255,255,0)\" style=\"background-color: RGBA(255,255,255,0);\" class=\"n2-ss-slide-background-color\"><\/div><\/div><div role=\"note\" class=\"n2-ss-slide--focus\" tabindex=\"-1\">In der Gegend spazieren gehen 3<\/div><div class=\"n2-ss-layers-container n2-ss-slide-limiter n2-ow\"><div class=\"n2-ss-layer n2-ow n-uc-ucSaRsGsda4T\" data-sstype=\"slide\" data-pm=\"default\"><\/div><\/div><\/div><div data-slide-duration=\"0\" data-id=\"831\" data-slide-public-id=\"31\" aria-hidden=\"true\" data-title=\"In der Gegend spazieren gehen 4\" data-lightbox-image=\"\/\/berghaus-edelhirsch.com\/wp-content\/uploads\/slider6\/Wandeling-Omgeving-Seltschach-4.jpeg\" data-lightbox-alt=\"In der Gegend spazieren gehen 4\" class=\"n2-ss-slide  n2-ss-slide-831 n2-ow\"><div class=\"n2-ss-slide-background\" data-public-id=\"31\" data-mode=\"fill\"><div class=\"n2-ss-slide-background-image\" data-blur=\"0\" data-opacity=\"100\" data-x=\"50\" data-y=\"50\" data-alt=\"In der Gegend spazieren gehen 4\" data-title=\"\"><picture class=\"skip-lazy\" data-skip-lazy=\"1\"><img decoding=\"async\" src=\"\/\/berghaus-edelhirsch.com\/wp-content\/uploads\/slider6\/Wandeling-Omgeving-Seltschach-4.jpeg\" alt=\"In der Gegend spazieren gehen 4\" title=\"\" loading=\"lazy\" class=\"skip-lazy\" data-skip-lazy=\"1\"><\/picture><\/div><div data-color=\"RGBA(255,255,255,0)\" style=\"background-color: RGBA(255,255,255,0);\" class=\"n2-ss-slide-background-color\"><\/div><\/div><div role=\"note\" class=\"n2-ss-slide--focus\" tabindex=\"-1\">In der Gegend spazieren gehen 4<\/div><div class=\"n2-ss-layers-container n2-ss-slide-limiter n2-ow\"><div class=\"n2-ss-layer n2-ow n-uc-OEkq7qi7aehj\" data-sstype=\"slide\" data-pm=\"default\"><\/div><\/div><\/div><div data-slide-duration=\"0\" data-id=\"833\" data-slide-public-id=\"32\" aria-hidden=\"true\" data-title=\"Bach bei Seltschach-1\" data-lightbox-image=\"\/\/berghaus-edelhirsch.com\/wp-content\/uploads\/slider6\/Beekje-Omgeving-Seltschach-1.jpeg\" data-lightbox-alt=\"Bach bei Seltschach-1\" class=\"n2-ss-slide  n2-ss-slide-833 n2-ow\"><div class=\"n2-ss-slide-background\" data-public-id=\"32\" data-mode=\"fill\"><div class=\"n2-ss-slide-background-image\" data-blur=\"0\" data-opacity=\"100\" data-x=\"50\" data-y=\"50\" data-alt=\"Bach bei Seltschach-1\" data-title=\"\"><picture class=\"skip-lazy\" data-skip-lazy=\"1\"><img decoding=\"async\" src=\"\/\/berghaus-edelhirsch.com\/wp-content\/uploads\/slider6\/Beekje-Omgeving-Seltschach-1.jpeg\" alt=\"Bach bei Seltschach-1\" title=\"\" loading=\"lazy\" class=\"skip-lazy\" data-skip-lazy=\"1\"><\/picture><\/div><div data-color=\"RGBA(255,255,255,0)\" style=\"background-color: RGBA(255,255,255,0);\" class=\"n2-ss-slide-background-color\"><\/div><\/div><div role=\"note\" class=\"n2-ss-slide--focus\" tabindex=\"-1\">Bach bei Seltschach-1<\/div><div class=\"n2-ss-layers-container n2-ss-slide-limiter n2-ow\"><div class=\"n2-ss-layer n2-ow n-uc-rj0D28IHVW5k\" data-sstype=\"slide\" data-pm=\"default\"><\/div><\/div><\/div><div data-slide-duration=\"0\" data-id=\"835\" data-slide-public-id=\"33\" aria-hidden=\"true\" data-title=\"Bergwanderung Seltschach-1\" data-lightbox-image=\"\/\/berghaus-edelhirsch.com\/wp-content\/uploads\/slider6\/Bergwandeling-Seltschach-1.jpeg\" data-lightbox-alt=\"Bergwanderung Seltschach-1\" class=\"n2-ss-slide  n2-ss-slide-835 n2-ow\"><div class=\"n2-ss-slide-background\" data-public-id=\"33\" data-mode=\"fill\"><div class=\"n2-ss-slide-background-image\" data-blur=\"0\" data-opacity=\"100\" data-x=\"50\" data-y=\"50\" data-alt=\"Bergwanderung Seltschach-1\" data-title=\"\"><picture class=\"skip-lazy\" data-skip-lazy=\"1\"><img decoding=\"async\" src=\"\/\/berghaus-edelhirsch.com\/wp-content\/uploads\/slider6\/Bergwandeling-Seltschach-1.jpeg\" alt=\"Bergwanderung Seltschach-1\" title=\"\" loading=\"lazy\" class=\"skip-lazy\" data-skip-lazy=\"1\"><\/picture><\/div><div data-color=\"RGBA(255,255,255,0)\" style=\"background-color: RGBA(255,255,255,0);\" class=\"n2-ss-slide-background-color\"><\/div><\/div><div role=\"note\" class=\"n2-ss-slide--focus\" tabindex=\"-1\">Bergwanderung Seltschach-1<\/div><div class=\"n2-ss-layers-container n2-ss-slide-limiter n2-ow\"><div class=\"n2-ss-layer n2-ow n-uc-ev9dY6HoOk2w\" data-sstype=\"slide\" data-pm=\"default\"><\/div><\/div><\/div><div data-slide-duration=\"0\" data-id=\"836\" data-slide-public-id=\"34\" aria-hidden=\"true\" data-title=\"Burcht Arena-Finkenstein\" data-lightbox-image=\"\/\/berghaus-edelhirsch.com\/wp-content\/uploads\/slider6\/Burchtarena-Finkenstein-rout-naar-Faaker-See.jpeg\" data-lightbox-alt=\"Burcht Arena-Finkenstein\" class=\"n2-ss-slide  n2-ss-slide-836 n2-ow\"><div class=\"n2-ss-slide-background\" data-public-id=\"34\" data-mode=\"fill\"><div class=\"n2-ss-slide-background-image\" data-blur=\"0\" data-opacity=\"100\" data-x=\"50\" data-y=\"50\" data-alt=\"Burcht Arena-Finkenstein\" data-title=\"\"><picture class=\"skip-lazy\" data-skip-lazy=\"1\"><img decoding=\"async\" src=\"\/\/berghaus-edelhirsch.com\/wp-content\/uploads\/slider6\/Burchtarena-Finkenstein-rout-naar-Faaker-See.jpeg\" alt=\"Burcht Arena-Finkenstein\" title=\"\" loading=\"lazy\" class=\"skip-lazy\" data-skip-lazy=\"1\"><\/picture><\/div><div data-color=\"RGBA(255,255,255,0)\" style=\"background-color: RGBA(255,255,255,0);\" class=\"n2-ss-slide-background-color\"><\/div><\/div><div role=\"note\" class=\"n2-ss-slide--focus\" tabindex=\"-1\">Burcht Arena-Finkenstein<\/div><div class=\"n2-ss-layers-container n2-ss-slide-limiter n2-ow\"><div class=\"n2-ss-layer n2-ow n-uc-0NGAHXwq1JLj\" data-sstype=\"slide\" data-pm=\"default\"><\/div><\/div><\/div><div data-slide-duration=\"0\" data-id=\"837\" data-slide-public-id=\"35\" aria-hidden=\"true\" data-title=\"Alm Seltschach\" data-lightbox-image=\"\/\/berghaus-edelhirsch.com\/wp-content\/uploads\/2021\/05\/Alpenweide-Seltschach.jpg\" data-lightbox-alt=\"Alm Seltschach\" class=\"n2-ss-slide  n2-ss-slide-837 n2-ow\"><div class=\"n2-ss-slide-background\" data-public-id=\"35\" data-mode=\"fill\"><div class=\"n2-ss-slide-background-image\" data-blur=\"0\" data-opacity=\"100\" data-x=\"50\" data-y=\"50\" data-alt=\"Alm Seltschach\" data-title=\"\"><picture class=\"skip-lazy\" data-skip-lazy=\"1\"><img decoding=\"async\" src=\"\/\/berghaus-edelhirsch.com\/wp-content\/uploads\/2021\/05\/Alpenweide-Seltschach.jpg\" alt=\"Alm Seltschach\" title=\"\" loading=\"lazy\" class=\"skip-lazy\" data-skip-lazy=\"1\"><\/picture><\/div><div data-color=\"RGBA(255,255,255,0)\" style=\"background-color: RGBA(255,255,255,0);\" class=\"n2-ss-slide-background-color\"><\/div><\/div><div role=\"note\" class=\"n2-ss-slide--focus\" tabindex=\"-1\">Alm Seltschach<\/div><div class=\"n2-ss-layers-container n2-ss-slide-limiter n2-ow\"><div class=\"n2-ss-layer n2-ow n-uc-qcOH6fJGW667\" data-sstype=\"slide\" data-pm=\"default\"><\/div><\/div><\/div><\/div>\n                    <\/div>\n                <\/div>\n                            <\/div>\n        <\/div>\n        <div class=\"n2-ss-slider-controls n2-ss-slider-controls-absolute-left-center\"><div style=\"--widget-offset:15px;\" class=\"n2-ss-widget nextend-arrow n2-ow-all nextend-arrow-previous  nextend-arrow-animated-fade\" data-hide-mobileportrait=\"1\" id=\"n2-ss-10-arrow-previous\" role=\"button\" aria-label=\"previous arrow\" tabindex=\"0\"><img loading=\"lazy\" decoding=\"async\" width=\"32\" height=\"32\" class=\"skip-lazy\" data-skip-lazy=\"1\" src=\"data:image\/svg+xml;base64,PHN2ZyB3aWR0aD0iMzIiIGhlaWdodD0iMzIiIHZpZXdCb3g9IjAgMCAzMiAzMiIgeG1sbnM9Imh0dHA6Ly93d3cudzMub3JnLzIwMDAvc3ZnIj4KICAgIDxwYXRoIGQ9Ik0xMS40MzMgMTUuOTkyTDIyLjY5IDUuNzEyYy4zOTMtLjM5LjM5My0xLjAzIDAtMS40Mi0uMzkzLS4zOS0xLjAzLS4zOS0xLjQyMyAwbC0xMS45OCAxMC45NGMtLjIxLjIxLS4zLjQ5LS4yODUuNzYtLjAxNS4yOC4wNzUuNTYuMjg0Ljc3bDExLjk4IDEwLjk0Yy4zOTMuMzkgMS4wMy4zOSAxLjQyNCAwIC4zOTMtLjQuMzkzLTEuMDMgMC0xLjQybC0xMS4yNTctMTAuMjkiCiAgICAgICAgICBmaWxsPSIjZmY4ZTY4IiBvcGFjaXR5PSIxIiBmaWxsLXJ1bGU9ImV2ZW5vZGQiLz4KPC9zdmc+\" alt=\"previous arrow\"><\/div><\/div><div class=\"n2-ss-slider-controls n2-ss-slider-controls-absolute-right-center\"><div style=\"--widget-offset:15px;\" class=\"n2-ss-widget nextend-arrow n2-ow-all nextend-arrow-next  nextend-arrow-animated-fade\" data-hide-mobileportrait=\"1\" id=\"n2-ss-10-arrow-next\" role=\"button\" aria-label=\"next arrow\" tabindex=\"0\"><img loading=\"lazy\" decoding=\"async\" width=\"32\" height=\"32\" class=\"skip-lazy\" data-skip-lazy=\"1\" src=\"data:image\/svg+xml;base64,PHN2ZyB3aWR0aD0iMzIiIGhlaWdodD0iMzIiIHZpZXdCb3g9IjAgMCAzMiAzMiIgeG1sbnM9Imh0dHA6Ly93d3cudzMub3JnLzIwMDAvc3ZnIj4KICAgIDxwYXRoIGQ9Ik0xMC43MjIgNC4yOTNjLS4zOTQtLjM5LTEuMDMyLS4zOS0xLjQyNyAwLS4zOTMuMzktLjM5MyAxLjAzIDAgMS40MmwxMS4yODMgMTAuMjgtMTEuMjgzIDEwLjI5Yy0uMzkzLjM5LS4zOTMgMS4wMiAwIDEuNDIuMzk1LjM5IDEuMDMzLjM5IDEuNDI3IDBsMTIuMDA3LTEwLjk0Yy4yMS0uMjEuMy0uNDkuMjg0LS43Ny4wMTQtLjI3LS4wNzYtLjU1LS4yODYtLjc2TDEwLjcyIDQuMjkzeiIKICAgICAgICAgIGZpbGw9IiNmZjhlNjgiIG9wYWNpdHk9IjEiIGZpbGwtcnVsZT0iZXZlbm9kZCIvPgo8L3N2Zz4=\" alt=\"next arrow\"><\/div><\/div><div class=\"n2-ss-slider-controls n2-ss-slider-controls-absolute-center-bottom\"><div style=\"--widget-offset:10px;\" class=\"n2-ss-widget n2-ss-control-bullet n2-ow-all n2-ss-control-bullet-horizontal\"><div class=\" nextend-bullet-bar n2-bar-justify-content-center\" role=\"group\" aria-label=\"Choose slide to display.\"><div class=\"n2-bullet n2-style-c12f302588813d34c0c5d9de2517a3ee-dot \" style=\"visibility:hidden;\"><\/div><\/div><\/div><\/div><\/div><\/div><ss3-loader><\/ss3-loader><\/div><\/div><div class=\"n2_clear\"><\/div><\/div>\n\n\n<p class=\"has-text-align-center\">Klicken Sie auf ein Bild, um eine Vergr\u00f6\u00dferung und die gesamte Serie anzuzeigen.<\/p>\n\n\n\n<div class=\"wp-block-group subject intro\"><div class=\"wp-block-group__inner-container is-layout-flow wp-block-group-is-layout-flow\">\n<h1 class=\"wp-block-heading\">K\u00e4rnten ist zu jeder Jahreszeit angenehm<\/h1>\n\n\n\n<p>Unser Ferienhaus befindet sich auf einer H\u00f6he von 680 Metern im Dorf Seltschach und 150 Meter von der Talstation entfernt. Der Sessellift f\u00e4hrt auf einer H\u00f6he von 1560 Metern direkt am Grenzdreieck zwischen \u00d6sterreich, Italien und Slowenien nach oben. Es ist ein schneesicheres Ziel, Skifahren ist im Winter fast garantiert. Dar\u00fcber hinaus gibt es in der Umgebung weitere Skigebiete f\u00fcr Abwechslung.<\/p>\n\n\n\n<p>K\u00e4rnten ist bekannt f\u00fcr seine vielen wundersch\u00f6n gelegenen Bergseen und eine einzigartige Landschaft. Ein Top-Reiseziel, in dem Abenteurer an ihre Grenzen gehen und Burgunder lokale Spezialit\u00e4ten genie\u00dfen k\u00f6nnen.<\/p>\n\n\n\n<p>Aufgrund des vielf\u00e4ltigen Angebots an Aktivit\u00e4ten, Kultur und Natur f\u00fcr Jung und Alt ist es zu jeder Jahreszeit angenehm, Ihren Urlaub in K\u00e4rnten zu verbringen.<\/p>\n\n\n\n<p>F\u00fcr den Anfang haben wir das tolle Klima auf der S\u00fcdseite der Alpen. Es wird Ihnen schwer fallen, irgendwo in Europa einen Ort mit mehr Sonnenstunden zu finden.<\/p>\n\n\n\n<p>Die K\u00e4rntner sind sehr freundlich und gastfreundlich, und im Fr\u00fchling und Sommer gibt es jede Woche Feste, M\u00e4rkte und andere Veranstaltungen mit viel Erfahrung und Geschmack. Und vergessen wir nicht die F\u00fclle an Weihnachtsm\u00e4rkten im November und Dezember!<\/p>\n\n\n\n<p>Die Menschen hier k\u00fcmmern sich sehr um die Natur um sie herum. Hier finden Sie viele lokale, traditionelle Unternehmen, die nachhaltig produzieren.<\/p>\n\n\n\n<p>Die Flusst\u00e4ler von Drau und Gail eignen sich gut zum Radfahren und Wandern. Die raue Umgebung der Bergketten ist voll von Wander- und Spazierwegen und es gibt verschiedene Organisationen, in denen Sie Bergsteigen oder Klettersteigern gehen k\u00f6nnen.<\/p>\n\n\n\n<p>Der AlpeAdria-Trail, ideal f\u00fcr Radfahrer und Wanderer, f\u00fchrt auch am nahe gelegenen Arnoldstein vorbei.<\/p>\n\n\n\n<ul class=\"wp-block-list\"><li><a href=\"http:\/\/www.vakantiesite-karinthie.com\" target=\"_blank\" rel=\"noreferrer noopener\">www.vakantiesite-karinthie.com<\/a><\/li><li><a href=\"http:\/\/www.touren.kaernten.at\/nl\/tours\" target=\"_blank\" rel=\"noreferrer noopener\">www.touren.kaernten.at\/nl\/tours<\/a><\/li><\/ul>\n\n\n\n<h4 class=\"wp-block-heading\"><a href=\"#winter\">Winter<\/a><\/h4>\n\n\n\n<p>Viele M\u00f6glichkeiten zum Skifahren, Langlaufen, Snowboarden, Rodeln und Skitourengehen.<\/p>\n\n\n\n<h4 class=\"wp-block-heading\"><a href=\"#lzh\">Fr\u00fchling<\/a><\/h4>\n\n\n\n<p>Wenn nach dem kalten Winter die Natur im Fr\u00fchling zu bl\u00fchen anfangt, ist es unglaublich sch\u00f6n, hier zu wandern, Rad zu fahren oder Mountainbike zu fahren! Genie\u00dfen Sie die Gastfreundschaft und das leckere Essen in den drei verschiedenen L\u00e4ndern.<\/p>\n\n\n\n<h4 class=\"wp-block-heading\"><a href=\"#lzh\">Sommer<\/a> <\/h4>\n\n\n\n<p>Genie\u00dfen Sie das warme mediterrane Klima mit k\u00fchlen N\u00e4chten und vielen M\u00f6glichkeiten f\u00fcr Aktivit\u00e4ten. Neben Radfahren und Wandern gibt es in den vielen warmen Seen der Region viele M\u00f6glichkeiten zum Schwimmen und Wassersport.<\/p>\n\n\n\n<h4 class=\"wp-block-heading\"><a href=\"#lzh\">Herbst<\/a><\/h4>\n\n\n\n<p>Wenn sich die Tage nach den warmen Sommermonaten verk\u00fcrzen, verwandelt sich die k\u00e4rntische Landschaft in eine \u00fcberw\u00e4ltigende Pracht, da die B\u00e4ume ihre sch\u00f6nsten Farben zeigen. Dies ist die perfekte Zeit, um die Berge und St\u00e4dte K\u00e4rntens zu entdecken und die vielen traditionellen Erntefeste mit ihren lokalen K\u00f6stlichkeiten zu erleben.<\/p>\n\n\n\n<p>Neben all den Aktivit\u00e4tsm\u00f6glichkeiten ist es auch ein Ort zum Entspannen und Genie\u00dfen sowie f\u00fcr die kulinarischen und kulturellen Erlebnisse der drei verschiedenen L\u00e4nder.<\/p>\n\n\n\n<h4 class=\"wp-block-heading\">Vorschlag<\/h4>\n\n\n\n<p>Wenn Sie eine Woche oder l\u00e4nger in unserem Haus bleiben, empfehlen wir auf jeden Fall, eine K\u00e4rnten-Karte f\u00fcr den Sommer oder Winter zu kaufen. Dies ist ein Pass, mit dem Sie viele Erm\u00e4\u00dfigungen f\u00fcr alle Arten von Aktivit\u00e4ten in der Region erhalten: <a rel=\"noreferrer noopener\" href=\"http:\/\/www.Kaerntencard.at\/sommer\/wochenkarten\" target=\"_blank\">www.Kaerntencard.at\/sommer\/wochenkarten<\/a>.<\/p>\n<\/div><\/div>\n\n\n\n<div id=\"winter\" class=\"wp-block-group subject winter\"><div class=\"wp-block-group__inner-container is-layout-flow wp-block-group-is-layout-flow\">\n<h2><i class=\"fal fa-skiing\"><\/i> Winter Aktivit\u00e4ten<\/h2>\n\n\n\n<ul class=\"wp-block-list\"><li>Das Skigebiet ist nur 150 Meter zu Fu\u00df entfernt. In der Talstation in der N\u00e4he des Sessellifts gibt es eine Skischule, einen Skiverleih und eine Catering-Einrichtung: <a rel=\"noreferrer noopener\" href=\"http:\/\/www.3laendereck.at\" target=\"_blank\">www.3laendereck.at<\/a>.<\/li><li>Es ist ein relativ kleines Skigebiet mit 17 km Pisten, die durch 7 Lifte miteinander verbunden sind. Sehr sch\u00f6n und familienfreundlich, gleichzeitig aber auch ein Skigebiet mit viel Abwechslung auf den Pisten.<\/li><li>Es gibt 6 blaue, 4 rote und 3 schwarze L\u00e4ufe.<\/li><li>Auf dem Berg finden Sie ein Restaurant und eine Reihe kleiner Kneipen, in denen Sie sich f\u00fcr einen kleinen Schluck niederlassen k\u00f6nnen. Eine davon ist die Mittereh\u00fctte, von wo aus Sie mit der Rodelbahn hinunterfahren k\u00f6nnen. Diese 8,5 km lange Abfahrt, die Sie \u00fcber H\u00e4nge und Bergpfade auf Ihren Schlitten f\u00fchrt, ist ein Erlebnis, das Sie auf keinen Fall verpassen sollten!<\/li><li>Auf dem 10 km langen Seltschach-Trail mit Start und Ziel an der Talstation gibt es auch viele M\u00f6glichkeiten zum Langlaufen.<\/li><li>In der Talstation gibt es auch einen Kinderbereich. Skikurse und Schneespa\u00df f\u00fcr die Kleinen.<\/li><li>Wenn Sie einen Skipass haben f\u00fcr mindestens 4 Tage, k\u00f6nnen Sie auch in <a rel=\"noreferrer noopener\" href=\"http:\/\/www.turismofvg.it\/montagna365\/tarvisio\" target=\"_blank\">Tarvisio, Italien<\/a> und in <a rel=\"noreferrer noopener\" href=\"http:\/\/www.ski-kranjska-gora.com\" target=\"_blank\">Kranjska Gora, Slowenien<\/a> Ski fahren.<\/li><li>K\u00e4rnten selbst hat auch eine gro\u00dfe Auswahl an Skigebieten mit vielen Kilometern pr\u00e4parierter Pisten und unber\u00fchrter Pisten. Die modernsten Schneekanonen werden \u00fcberall eingesetzt. Selbst wenn Mutter Natur dies nicht bietet, k\u00f6nnen Sie von November bis weit in den Fr\u00fchling hinein Skifahren. Zwei Bereiche, die wir empfehlen k\u00f6nnen, sind:<ul><li><a rel=\"noreferrer noopener\" href=\"http:\/\/www.gerlitzen.com\" target=\"_blank\">Gerlitzen<\/a> &#8211; 40km Pisten in 20 min. Fahrt<\/li><li><a rel=\"noreferrer noopener\" href=\"http:\/\/www.nassfeld.at\" target=\"_blank\">Nassfeld<\/a> &#8211; 110 km Pisten in 30 min. Fahrt<\/li><\/ul><\/li><li>Eislaufen auf dem Wei\u00dfensee ist ebenfalls sehr zu empfehlen, dies wird jedes Jahr von vielen Niederl\u00e4ndern durchgef\u00fchrt!<\/li><li>M\u00f6chten Sie sich nach einem Tag voller intensiver Aktivit\u00e4ten entspannen? Was gibt es Sch\u00f6neres als in ein Wellnesscenter zu gehen? Ein sehr weitl\u00e4ufiger Wellnessbereich ist die K\u00e4rnten Therme Warmbad-Villach, aber viele Hotels bieten auch die M\u00f6glichkeit, ihre Wellnesseinrichtungen zu nutzen. Z.B. im Ramada Resort in Kranjska Gora und im Villach Thermenhotel im Karawankenhof.<\/li><\/ul>\n<\/div><\/div>\n\n\n\n<div id=\"lzh\" class=\"wp-block-group subject zomder\"><div class=\"wp-block-group__inner-container is-layout-flow wp-block-group-is-layout-flow\">\n<h2><i class=\"fal fa-hiking\"><\/i> Aktivit\u00e4ten im Fr\u00fchling, Sommer und Herbst<\/h2>\n\n\n\n<p>Zwischen April \/ Mai und November steht Ihnen eine Vielzahl von Aktivit\u00e4ten, Attraktionen und Sehensw\u00fcrdigkeiten zur Verf\u00fcgung, die sich in Reichweite unseres Ferienhauses befinden.<\/p>\n\n\n\n<p>Einige Vorschl\u00e4ge:<\/p>\n\n\n\n<ul class=\"wp-block-list\"><li><a rel=\"noreferrer noopener\" href=\"http:\/\/www.karinthie.com\" target=\"_blank\">www.karinthie.com<\/a><\/li><li>Das offizielle Tourismusportal <a rel=\"noreferrer noopener\" href=\"https:\/\/www.touren.kaernten.at\/nl\/tours\" target=\"_blank\">www.touren.kaernten.at\/nl\/tours<\/a><\/li><\/ul>\n\n\n\n<h3 class=\"wp-block-heading\">Wassersport auf den Bergseen<\/h3>\n\n\n\n<p>Diverse meren met heerlijk warm water om te zwemmen en verschillende watersportmogelijkheden:<\/p>\n\n\n\n<ul class=\"wp-block-list\"><li><strong><a rel=\"noreferrer noopener\" href=\"https:\/\/presseggersee.jimdofree.com\/\" target=\"_blank\">Presegger See<\/a><\/strong> <ul><li>Warmer See, Temperaturen um 28 \u00b0 Celsius.<\/li><\/ul><ul><li>Viele Spielpl\u00e4tze f\u00fcr Kinder.<\/li><li>Sch\u00f6ner slow trail durch die Schilfgrenzen mit \u00fcberraschenden Aussichten (6 km oder ein Teil davon)<\/li><li>Leuke slowtrail om te lopen door de rietkragen met verrassende uitzichten (6 km. of een gedeelte ervan).<\/li><\/ul><\/li><li><strong><a rel=\"noreferrer noopener\" href=\"http:\/\/www.faakersee.at\/\" target=\"_blank\" data-type=\"URL\" data-id=\"http:\/\/www.faakersee.at\/\">Faaker See<\/a><\/strong> <ul><li>Viele sch\u00f6ne Str\u00e4nde einschlie\u00dflich Erlebnisbad Gemeinde Wernberg.<\/li><\/ul><ul><li>Sie k\u00f6nnen sch\u00f6ne Radtouren unternehmen, und eine Reihe von Wanderrouten. Verschiedene kleine Zoos, darunter der <a rel=\"noreferrer noopener\" href=\"https:\/\/www.rosegg.at\/\" target=\"_blank\">Tierpark Rosegg<\/a>, in dem sich alle Arten von Tieren frei bewegen, und der <a rel=\"noreferrer noopener\" href=\"https:\/\/www.affenberg.com\/\" target=\"_blank\">Abenteur Affenberg<\/a>, machen den Kleinen gro\u00dfen Spa\u00df.<\/li><li>Sie k\u00f6nnen auch einen Klettergarten besuchen, es gibt Bauernm\u00e4rkte, Sie k\u00f6nnen eine Bootsfahrt machen, Kajak fahren oder das Schloss Landskron mit einer Greifvogelshow (Adler!) besuchen.<\/li><\/ul><\/li><li><strong><a rel=\"noreferrer noopener\" href=\"http:\/\/www.ossiachersee.net\/\" target=\"_blank\">Ossiacher See<\/a><\/strong> <ul><li>Hervorragend warm zum Schwimmen oder f\u00fcr eine Seekreuzfahrt.<\/li><li>Malerische D\u00f6rfer und verschiedene Sehensw\u00fcrdigkeiten in der Umgebung.<\/li><\/ul><\/li><li><strong><a rel=\"noreferrer noopener\" href=\"http:\/\/www.woerthersee.com\/\" target=\"_blank\">W\u00f6rther See<\/a><\/strong><ul><li>Viele Wassersportm\u00f6glichkeiten wie Schwimmen, Tauchen, Wasserski, Parasailing, Wakeboarden, Bananenboot usw.<\/li><\/ul><\/li><\/ul>\n\n\n\n<h3 class=\"wp-block-heading\">Seekreuzfahrten<\/h3>\n\n\n\n<ul class=\"wp-block-list\"><li><a href=\"https:\/\/www.schifffahrt-velden.at\/\" target=\"_blank\" rel=\"noreferrer noopener\">W\u00f6rther See<\/a><\/li><li><a href=\"https:\/\/www.weissensee.com\/\" target=\"_blank\" rel=\"noreferrer noopener\">Weissensee<\/a><\/li><li><a href=\"http:\/\/www.schifffahrt.at\/ossiachersee\" target=\"_blank\" rel=\"noreferrer noopener\">Ossiacher See<\/a><\/li><li><a href=\"http:\/\/www.millstaettersee.at\/\" target=\"_blank\" rel=\"noreferrer noopener\">Milst\u00e4tter See<\/a><\/li><\/ul>\n\n\n\n<h3 class=\"wp-block-heading\">Zoos<\/h3>\n\n\n\n<ul class=\"wp-block-list\"><li><a rel=\"noreferrer noopener\" href=\"https:\/\/www.rosegg.at\/\" target=\"_blank\">Tierpark, Schloss und Labyrinth Rosegg<\/a> (Rosegg)<\/li><li><a rel=\"noreferrer noopener\" href=\"https:\/\/www.reptilienzoo.at\/en\/\" target=\"_blank\">Happ Reptile Zoo<\/a> (Klagenfurt)<\/li><li><a rel=\"noreferrer noopener\" href=\"https:\/\/www.affenberg.com\/\" target=\"_blank\">Abenteur Affenberg<\/a> (Landskron)<\/li><li><a rel=\"noreferrer noopener\" href=\"https:\/\/www.burg-landskron.at\/\" target=\"_blank\">Burg Landskron<\/a>, Schloss mit <a rel=\"noreferrer noopener\" href=\"https:\/\/adlerarena.com\/\" target=\"_blank\">Greifvogelshow<\/a> (Landskron)<\/li><li><a rel=\"noreferrer noopener\" href=\"http:\/\/www.reptilienzoonockalm.at\/index.htm\" target=\"_blank\">Reptile Zoo Nockalm<\/a> (Patergassen)<\/li><\/ul>\n\n\n\n<h3 class=\"wp-block-heading\">Panorama-Routen<\/h3>\n\n\n\n<ul class=\"wp-block-list\"><li><a rel=\"noreferrer noopener\" href=\"https:\/\/www.villacher-alpenstrasse.at\/va\/de\/index\" target=\"_blank\">Villacher Alpenstrasse<\/a><\/li><li><a rel=\"noreferrer noopener\" href=\"https:\/\/www.nockalmstrasse.at\/na\/de\/index\" target=\"_blank\">Nockalmstrasse<\/a><\/li><li><a rel=\"noreferrer noopener\" href=\"https:\/\/www.grossglockner.at\/gg\/en\/index\" target=\"_blank\">GrossGlockner<\/a><\/li><li><a rel=\"noreferrer noopener\" href=\"https:\/\/www.goldeck-panoramastrasse.at\/gp\/de\/index\" target=\"_blank\">Goldeck Panoramaroute<\/a><\/li><li><a rel=\"noreferrer noopener\" href=\"http:\/\/vitranc-mojcindom.si\/en\/panorama-route\/\" target=\"_blank\">Panoramaroute Vr\u0161i\u010d<\/a> gerade \u00fcber die Grenze met Slowenien, in die N\u00e4he von Krasnjka Gora<\/li><\/ul>\n\n\n\n<h3 class=\"wp-block-heading\">Auf ein Abenteur gehen<\/h3>\n\n\n\n<ul class=\"wp-block-list\"><li>Fahren Sie miet dem <a rel=\"noreferrer noopener\" href=\"https:\/\/www.nassfeld.at\/en\/Summer-World\/Hike-World\/Sommerbergbahnen\/Tickets-Preise\/\" target=\"_blank\">Millenium Express<\/a> zum <a rel=\"noreferrer noopener\" href=\"https:\/\/www.nassfeld.at\/en\/\" target=\"_blank\">Outdoorpark Nassfeld<\/a> unter anderem mit der Sommerrodelbahn \u201cPendolino\u201c (Nassfeld).<\/li><li><a rel=\"noreferrer noopener\" href=\"https:\/\/www.hochhinauf.at\/\" target=\"_blank\">Hochhinauf<\/a>,&nbsp;Taborh\u00f6he, Klettern und Bogenschie\u00dfen f\u00fcr alle Altersgruppen (Faakersee)<\/li><li><a rel=\"noreferrer noopener\" href=\"https:\/\/www.kajak-faak.com\/\" target=\"_blank\">Kayak Centrum Faak<\/a>,&nbsp;Kanufahren und Rafting, auch Kurse (Faakersee)<\/li><li><a rel=\"noreferrer noopener\" href=\"https:\/\/www.kletterwald.at\/\" target=\"_blank\">Kletterwald<\/a>,&nbsp;Klettern mit Hochebenen und Seilbr\u00fccken zwischen den B\u00e4umen. Ab 6 Jahren (Ossiachersee)<\/li><li><a rel=\"noreferrer noopener\" href=\"https:\/\/waldseilpark-tscheppaschlucht.at\/\" target=\"_blank\">Tscheppaschlucht Waldseilpark<\/a>, Kurs ab 4 Jahren (Ferlach)<\/li><li>Kanufahren, Rafting, Tubing bei <a rel=\"noreferrer noopener\" href=\"https:\/\/rafting-carnica.at\/\" target=\"_blank\">Rafting Carnica<\/a> (N\u00f6tsch, in der N\u00e4he von Arnoldstein)<\/li><li><a rel=\"noreferrer noopener\" href=\"https:\/\/www.kaernten-radreisen.at\/nl\/detail\/fietskano-op-land-en-watertour\/\" target=\"_blank\">Paddeln auf dem Drau<\/a> (Villach, Wasenboden, Rosegg)<\/li><li><a rel=\"noreferrer noopener\" href=\"https:\/\/www.geopark-karawanken.at\/en\/home.html\" target=\"_blank\">Geopark Karawanken<\/a> miet den Obir Tropfsteinh\u00f6hlen (Bad Eisenkappel)<\/li><li>Freizeitpark <a rel=\"noreferrer noopener\" href=\"http:\/\/www.erlebnispark.cc\/\" target=\"_blank\">K\u00e4rnter Erlebnispark<\/a> (Hermagor)<\/li><\/ul>\n\n\n\n<h3 class=\"wp-block-heading\">Untersuchen und entdecken<\/h3>\n\n\n\n<ul class=\"wp-block-list\"><li><a rel=\"noreferrer noopener\" href=\"http:\/\/www.planetarium-klagenfurt.at\/\" target=\"_blank\">Planetarium<\/a> (Klagenfurt)<\/li><li><a rel=\"noreferrer noopener\" href=\"https:\/\/www.minimundus.at\/\" target=\"_blank\">Minimundus<\/a>, die Welt in Miniaturform (Klagenfurt)<\/li><li><a rel=\"noreferrer noopener\" href=\"https:\/\/www.terra-mystica.at\/\" target=\"_blank\">Terry Mystica<\/a>, Bergwerk Museum (Bad Bleiberg)<\/li><li><a rel=\"noreferrer noopener\" href=\"https:\/\/www.villacherfahrzeugmuseum.com\/\" target=\"_blank\">Fahrzeugmuseum<\/a> (Villach)<\/li><li><a rel=\"noreferrer noopener\" href=\"http:\/\/www.automuseum-villach.at\/\" target=\"_blank\">Taf-Timer Automuseum<\/a> (Villach)<\/li><li>Hacken Sie sich reich in der Edelsteinmine <a rel=\"noreferrer noopener\" href=\"https:\/\/www.granatium.at\/\" target=\"_blank\">Granatium<\/a>! (Radenthein)<\/li><li><a rel=\"noreferrer noopener\" href=\"https:\/\/www.keltenwelt.at\/\" target=\"_blank\">Keltenwelt<\/a>, historisches Museum \u00fcber die Kelten (Fr\u00f6g-Rosegg)<\/li><\/ul>\n\n\n\n<h3 class=\"wp-block-heading\">Golf in der Umgebung von Villach<\/h3>\n\n\n\n<p>Besuchen Sie zum Beispiel <a rel=\"noreferrer noopener\" href=\"http:\/\/www.leadingcourses.com\" target=\"_blank\">www.leadingcourses.com<\/a>, um lokale Golfpl\u00e4tze zu finden.<\/p>\n\n\n\n<h3 class=\"wp-block-heading\">Wandern<\/h3>\n\n\n\n<p>Viele Wanderungen sind m\u00f6glich. F\u00fcr alle Altersgruppen und von einem wunderbaren entspannenden Spaziergang bis zu sehr intensiven Touren f\u00fcr erfahrene Wanderer mit \u00dcbernachtungen auf dem Weg f\u00fcr mehrt\u00e4gige Touren. Es gibt bereits eine gro\u00dfe Auswahl von Arnoldstein und dem Dreil\u00e4ndereck. Vorschl\u00e4ge:<\/p>\n\n\n\n<ul class=\"wp-block-list\"><li><a rel=\"noreferrer noopener\" href=\"http:\/\/www.bijzonderplekje.nl\/oostenrijk-wandelen-in-karinthie\/\" target=\"_blank\">www.bijzonderplekje.nl\/oostenrijk-wandelen-in-karinthie\/<\/a><\/li><li><a rel=\"noreferrer noopener\" href=\"http:\/\/www.indebergen.nl\" target=\"_blank\">www.indebergen.nl<\/a> wandern und golf<\/li><li><a rel=\"noreferrer noopener\" href=\"http:\/\/www.wandelen.karinthie.com\" target=\"_blank\">www.wandelen.karinthie.com<\/a><\/li><\/ul>\n\n\n\n<h3 class=\"wp-block-heading\">Radfahren und mountainbiken<\/h3>\n\n\n\n<p>K\u00e4rnten ist \u00fcbers\u00e4t mit Rad- und Mountainbike-Strecken. Sie k\u00f6nnen endlose neue Wege durch die wilde Natur erkunden oder nach Herzenslust eine Radtour mit der Familie unternehmen! Einige Links mit Routen und n\u00fctzliche Tipps:<\/p>\n\n\n\n<ul class=\"wp-block-list\"><li><a rel=\"noreferrer noopener\" href=\"https:\/\/www.indebergen.nl\/vakantie\/oostenrijk\/karinthie\/themas\/fietsen\/\" target=\"_blank\">www.indebergen.nl\/vakantie\/oostenrijk\/karinthie\/themas\/fietsen\/<\/a><\/li><li><a rel=\"noreferrer noopener\" href=\"https:\/\/www.komoot.nl\/guide\/626\/mtb-routes-in-karinthie\" target=\"_blank\">www.komoot.nl\/guide\/626\/mtb-routes-in-karinthie<\/a><\/li><li><a rel=\"noreferrer noopener\" href=\"https:\/\/www.austria.info\/nl\/activiteiten\/fietsen\/mountainbiken-in-oostenrijk\" target=\"_blank\">www.austria.info\/nl\/activiteiten\/fietsen\/mountainbiken-in-oostenrijk<\/a><\/li><li><a rel=\"noreferrer noopener\" href=\"https:\/\/velo.woerthersee.com\/nl\/mountainbike\/\" target=\"_blank\">velo.woerthersee.com\/nl\/mountainbike\/<\/a><\/li><li><a rel=\"noreferrer noopener\" href=\"https:\/\/nl.wikiloc.com\/routes\/fietsen\/oostenrijk\/karinthie\" target=\"_blank\">nl.wikiloc.com\/routes\/fietsen\/oostenrijk\/karinthie<\/a><\/li><\/ul>\n<\/div><\/div>\n","protected":false},"excerpt":{"rendered":"Klicken Sie auf ein Bild, um eine Vergr\u00f6\u00dferung und die gesamte Serie anzuzeigen. K\u00e4rnten ist zu jeder Jahreszeit angenehm Unser Ferienhaus befindet sich auf einer H\u00f6he von 680 Metern im Dorf Seltschach und 150 Meter von der Talstation entfernt. Der Sessellift f\u00e4hrt auf einer H\u00f6he von 1560 Metern direkt am Grenzdreieck zwischen \u00d6sterreich, Italien und&#8230; <a class=\"view-article\" href=\"https:\/\/berghaus-edelhirsch.com\/de\/aktivitaeten-natur-und-kultur-in-dreilaendereck-kaernten\/\">\u279c Weiter lesen<\/a>","protected":false},"author":2,"featured_media":0,"parent":0,"menu_order":0,"comment_status":"closed","ping_status":"open","template":"","meta":{"_seopress_robots_primary_cat":"","_seopress_titles_title":"Entdecken Sie die Vielfalt der Natur und Aktivit\u00e4ten in K\u00e4rnten","_seopress_titles_desc":"In der N\u00e4he unseres Ferienhauses und in K\u00e4rnten gibt es viele Natursch\u00f6nheiten, Kultur und Aktivit\u00e4ten: Wandern, Radfahren, Festivals, Seen, Wintersport...","_seopress_robots_index":"","footnotes":""},"class_list":["post-663","page","type-page","status-publish","hentry"],"_links":{"self":[{"href":"https:\/\/berghaus-edelhirsch.com\/de\/wp-json\/wp\/v2\/pages\/663","targetHints":{"allow":["GET"]}}],"collection":[{"href":"https:\/\/berghaus-edelhirsch.com\/de\/wp-json\/wp\/v2\/pages"}],"about":[{"href":"https:\/\/berghaus-edelhirsch.com\/de\/wp-json\/wp\/v2\/types\/page"}],"author":[{"embeddable":true,"href":"https:\/\/berghaus-edelhirsch.com\/de\/wp-json\/wp\/v2\/users\/2"}],"replies":[{"embeddable":true,"href":"https:\/\/berghaus-edelhirsch.com\/de\/wp-json\/wp\/v2\/comments?post=663"}],"version-history":[{"count":7,"href":"https:\/\/berghaus-edelhirsch.com\/de\/wp-json\/wp\/v2\/pages\/663\/revisions"}],"predecessor-version":[{"id":1437,"href":"https:\/\/berghaus-edelhirsch.com\/de\/wp-json\/wp\/v2\/pages\/663\/revisions\/1437"}],"wp:attachment":[{"href":"https:\/\/berghaus-edelhirsch.com\/de\/wp-json\/wp\/v2\/media?parent=663"}],"curies":[{"name":"wp","href":"https:\/\/api.w.org\/{rel}","templated":true}]}}