{"id":661,"date":"2021-02-08T11:42:56","date_gmt":"2021-02-08T10:42:56","guid":{"rendered":"https:\/\/berghaus-edelhirsch.com\/berghaus-edelhirsch\/"},"modified":"2024-04-04T17:18:53","modified_gmt":"2024-04-04T15:18:53","slug":"berghaus-edelhirsch-ferienhaus-in-kaernten","status":"publish","type":"page","link":"https:\/\/berghaus-edelhirsch.com\/de\/berghaus-edelhirsch-ferienhaus-in-kaernten\/","title":{"rendered":"Das Berghaus"},"content":{"rendered":"<div class=\"n2-section-smartslider fitvidsignore  n2_clear\" data-ssid=\"12\" tabindex=\"0\" role=\"region\" aria-label=\"Slider\"><div id=\"n2-ss-12-align\" class=\"n2-ss-align\" style=\"margin: 0 auto; max-width: 1200px;\"><div class=\"n2-padding\"><div id=\"n2-ss-12\" data-creator=\"Smart Slider 3\" data-responsive=\"auto\" class=\"n2-ss-slider n2-ow n2-has-hover n2notransition   n2-ss-slider-carousel-animation-horizontal\">\n\n\n\n<div class=\"n2-ss-slider-wrapper-inside\">        <div class=\"n2-ss-slider-1 n2_ss__touch_element n2-ow\">\n            <div class=\"n2-ss-slider-2 n2-ow\" style=\"\">\n                                <div class=\"n2-ss-slider-3 n2-ow\">\n                    <svg xmlns=\"http:\/\/www.w3.org\/2000\/svg\" viewBox=\"0 0 1200 800\" data-related-device=\"desktopPortrait\" class=\"n2-ow n2-ss-preserve-size n2-ss-preserve-size--slider n2-ss-slide-limiter\" style=\"max-width:1200px\"><\/svg>                    <div class=\"n2-ss-slider-pane-single n2-ow\">\n                        <div class=\"n2-ss-slider-pipeline n2-ow\" style=\"--slide-width:1200px;\">\n                            <svg xmlns=\"http:\/\/www.w3.org\/2000\/svg\" viewBox=\"0 0 1200 800\" class=\"n2-ow n2-ss-preserve-size n2-ss-slide-limiter\"><\/svg>\n                            <div data-first=\"1\" data-slide-duration=\"0\" data-id=\"1100\" data-slide-public-id=\"1\" data-title=\"R\u00fcckseite mit Whirlpool Berghaus Edelhirsch\" data-lightbox-image=\"\/\/berghaus-edelhirsch.com\/wp-content\/uploads\/2024\/04\/achterkant-met-hot-tub-berghaus-edelhirsch.jpg\" data-lightbox-alt=\"R\u00fcckseite mit Whirlpool Berghaus Edelhirsch\" class=\"n2-ss-slide  n2-ss-slide-1100 n2-ow\"><div class=\"n2-ss-slide-background\" data-public-id=\"1\" data-mode=\"fill\"><div class=\"n2-ss-slide-background-image\" data-blur=\"0\" data-opacity=\"100\" data-x=\"50\" data-y=\"50\" data-alt=\"R\u00fcckseite mit Whirlpool Berghaus Edelhirsch\" data-title=\"\"><picture class=\"skip-lazy\" data-skip-lazy=\"1\"><img decoding=\"async\" src=\"\/\/berghaus-edelhirsch.com\/wp-content\/uploads\/2024\/04\/achterkant-met-hot-tub-berghaus-edelhirsch.jpg\" alt=\"R\u00fcckseite mit Whirlpool Berghaus Edelhirsch\" title=\"\" loading=\"lazy\" class=\"skip-lazy\" data-skip-lazy=\"1\"><\/picture><\/div><div data-color=\"RGBA(255,255,255,0)\" style=\"background-color: RGBA(255,255,255,0);\" class=\"n2-ss-slide-background-color\"><\/div><\/div><div role=\"note\" class=\"n2-ss-slide--focus\" tabindex=\"-1\">R\u00fcckseite mit Whirlpool Berghaus Edelhirsch<\/div><div class=\"n2-ss-layers-container n2-ss-slide-limiter n2-ow\"><div class=\"n2-ss-layer n2-ow n-uc-7888ALG7r8Cx\" data-sstype=\"slide\" data-pm=\"default\"><\/div><\/div><\/div><div data-slide-duration=\"0\" data-id=\"924\" data-slide-public-id=\"2\" aria-hidden=\"true\" data-title=\"Vor dem Berghaus Edelhirsch\" data-lightbox-image=\"\/\/berghaus-edelhirsch.com\/wp-content\/uploads\/2021\/07\/Voorkant-Berghaus-Edelhirsch.jpg\" data-lightbox-alt=\"Vor dem Berghaus Edelhirsch\" class=\"n2-ss-slide  n2-ss-slide-924 n2-ow\"><div class=\"n2-ss-slide-background\" data-public-id=\"2\" data-mode=\"fill\"><div class=\"n2-ss-slide-background-image\" data-blur=\"0\" data-opacity=\"100\" data-x=\"50\" data-y=\"50\" data-alt=\"Vor dem Berghaus Edelhirsch\" data-title=\"\"><picture class=\"skip-lazy\" data-skip-lazy=\"1\"><img decoding=\"async\" src=\"\/\/berghaus-edelhirsch.com\/wp-content\/uploads\/2021\/07\/Voorkant-Berghaus-Edelhirsch.jpg\" alt=\"Vor dem Berghaus Edelhirsch\" title=\"\" loading=\"lazy\" class=\"skip-lazy\" data-skip-lazy=\"1\"><\/picture><\/div><div data-color=\"RGBA(255,255,255,0)\" style=\"background-color: RGBA(255,255,255,0);\" class=\"n2-ss-slide-background-color\"><\/div><\/div><div role=\"note\" class=\"n2-ss-slide--focus\" tabindex=\"-1\">Vor dem Berghaus Edelhirsch<\/div><div class=\"n2-ss-layers-container n2-ss-slide-limiter n2-ow\"><div class=\"n2-ss-layer n2-ow n-uc-0LwYYjndWIvF\" data-sstype=\"slide\" data-pm=\"default\"><\/div><\/div><\/div><div data-slide-duration=\"0\" data-id=\"925\" data-slide-public-id=\"3\" aria-hidden=\"true\" data-title=\"Vordereingang Berghaus Edelhirsch\" data-lightbox-image=\"\/\/berghaus-edelhirsch.com\/wp-content\/uploads\/2021\/07\/Vooringang-Berghaus-Edelhirsch.jpg\" data-lightbox-alt=\"Vordereingang Berghaus Edelhirsch\" class=\"n2-ss-slide  n2-ss-slide-925 n2-ow\"><div class=\"n2-ss-slide-background\" data-public-id=\"3\" data-mode=\"fill\"><div class=\"n2-ss-slide-background-image\" data-blur=\"0\" data-opacity=\"100\" data-x=\"50\" data-y=\"50\" data-alt=\"Vordereingang Berghaus Edelhirsch\" data-title=\"\"><picture class=\"skip-lazy\" data-skip-lazy=\"1\"><img decoding=\"async\" src=\"\/\/berghaus-edelhirsch.com\/wp-content\/uploads\/2021\/07\/Vooringang-Berghaus-Edelhirsch.jpg\" alt=\"Vordereingang Berghaus Edelhirsch\" title=\"\" loading=\"lazy\" class=\"skip-lazy\" data-skip-lazy=\"1\"><\/picture><\/div><div data-color=\"RGBA(255,255,255,0)\" style=\"background-color: RGBA(255,255,255,0);\" class=\"n2-ss-slide-background-color\"><\/div><\/div><div role=\"note\" class=\"n2-ss-slide--focus\" tabindex=\"-1\">Vordereingang Berghaus Edelhirsch<\/div><div class=\"n2-ss-layers-container n2-ss-slide-limiter n2-ow\"><div class=\"n2-ss-layer n2-ow n-uc-I71OfsWbpW3l\" data-sstype=\"slide\" data-pm=\"default\"><\/div><\/div><\/div><div data-slide-duration=\"0\" data-id=\"926\" data-slide-public-id=\"4\" aria-hidden=\"true\" data-title=\"Vorderansicht Berghaus Edelhirsch\" data-lightbox-image=\"\/\/berghaus-edelhirsch.com\/wp-content\/uploads\/2021\/07\/Vooraanzicht-Berghaus-Edelhirsch.jpg\" data-lightbox-alt=\"Vorderansicht Berghaus Edelhirsch\" class=\"n2-ss-slide  n2-ss-slide-926 n2-ow\"><div class=\"n2-ss-slide-background\" data-public-id=\"4\" data-mode=\"fill\"><div class=\"n2-ss-slide-background-image\" data-blur=\"0\" data-opacity=\"100\" data-x=\"50\" data-y=\"50\" data-alt=\"Vorderansicht Berghaus Edelhirsch\" data-title=\"\"><picture class=\"skip-lazy\" data-skip-lazy=\"1\"><img decoding=\"async\" src=\"\/\/berghaus-edelhirsch.com\/wp-content\/uploads\/2021\/07\/Vooraanzicht-Berghaus-Edelhirsch.jpg\" alt=\"Vorderansicht Berghaus Edelhirsch\" title=\"\" loading=\"lazy\" class=\"skip-lazy\" data-skip-lazy=\"1\"><\/picture><\/div><div data-color=\"RGBA(255,255,255,0)\" style=\"background-color: RGBA(255,255,255,0);\" class=\"n2-ss-slide-background-color\"><\/div><\/div><div role=\"note\" class=\"n2-ss-slide--focus\" tabindex=\"-1\">Vorderansicht Berghaus Edelhirsch<\/div><div class=\"n2-ss-layers-container n2-ss-slide-limiter n2-ow\"><div class=\"n2-ss-layer n2-ow n-uc-oWGF0qAGZBhT\" data-sstype=\"slide\" data-pm=\"default\"><\/div><\/div><\/div><div data-slide-duration=\"0\" data-id=\"1105\" data-slide-public-id=\"5\" aria-hidden=\"true\" data-title=\"Ladestation zum Laden von Elektroautos Berghaus Edelhirsch\" data-lightbox-image=\"\/\/berghaus-edelhirsch.com\/wp-content\/uploads\/2024\/04\/laadpaal-opladen-electrische-auto-berghaus-edelhirsch.jpg\" data-lightbox-alt=\"Ladestation zum Laden von Elektroautos Berghaus Edelhirsch\" class=\"n2-ss-slide  n2-ss-slide-1105 n2-ow\"><div class=\"n2-ss-slide-background\" data-public-id=\"5\" data-mode=\"fill\"><div class=\"n2-ss-slide-background-image\" data-blur=\"0\" data-opacity=\"100\" data-x=\"50\" data-y=\"50\" data-alt=\"Ladestation zum Laden von Elektroautos Berghaus Edelhirsch\" data-title=\"\"><picture class=\"skip-lazy\" data-skip-lazy=\"1\"><img decoding=\"async\" src=\"\/\/berghaus-edelhirsch.com\/wp-content\/uploads\/2024\/04\/laadpaal-opladen-electrische-auto-berghaus-edelhirsch.jpg\" alt=\"Ladestation zum Laden von Elektroautos Berghaus Edelhirsch\" title=\"\" loading=\"lazy\" class=\"skip-lazy\" data-skip-lazy=\"1\"><\/picture><\/div><div data-color=\"RGBA(255,255,255,0)\" style=\"background-color: RGBA(255,255,255,0);\" class=\"n2-ss-slide-background-color\"><\/div><\/div><div role=\"note\" class=\"n2-ss-slide--focus\" tabindex=\"-1\">Ladestation zum Laden von Elektroautos Berghaus Edelhirsch<\/div><div class=\"n2-ss-layers-container n2-ss-slide-limiter n2-ow\"><div class=\"n2-ss-layer n2-ow n-uc-UFSINCoFG23z\" data-sstype=\"slide\" data-pm=\"default\"><\/div><\/div><\/div><div data-slide-duration=\"0\" data-id=\"936\" data-slide-public-id=\"6\" aria-hidden=\"true\" data-title=\"Berghaus Edelhirsch abdeckbarer Sandkasten\" data-lightbox-image=\"\/\/berghaus-edelhirsch.com\/wp-content\/uploads\/2021\/07\/Berghaus-Edelhirsch-Afdekbare-Zandbak.jpg\" data-lightbox-alt=\"Berghaus Edelhirsch abdeckbarer Sandkasten\" class=\"n2-ss-slide  n2-ss-slide-936 n2-ow\"><div class=\"n2-ss-slide-background\" data-public-id=\"6\" data-mode=\"fill\"><div class=\"n2-ss-slide-background-image\" data-blur=\"0\" data-opacity=\"100\" data-x=\"50\" data-y=\"50\" data-alt=\"Berghaus Edelhirsch abdeckbarer Sandkasten\" data-title=\"\"><picture class=\"skip-lazy\" data-skip-lazy=\"1\"><img decoding=\"async\" src=\"\/\/berghaus-edelhirsch.com\/wp-content\/uploads\/2021\/07\/Berghaus-Edelhirsch-Afdekbare-Zandbak.jpg\" alt=\"Berghaus Edelhirsch abdeckbarer Sandkasten\" title=\"\" loading=\"lazy\" class=\"skip-lazy\" data-skip-lazy=\"1\"><\/picture><\/div><div data-color=\"RGBA(255,255,255,0)\" style=\"background-color: RGBA(255,255,255,0);\" class=\"n2-ss-slide-background-color\"><\/div><\/div><div role=\"note\" class=\"n2-ss-slide--focus\" tabindex=\"-1\">Berghaus Edelhirsch abdeckbarer Sandkasten<\/div><div class=\"n2-ss-layers-container n2-ss-slide-limiter n2-ow\"><div class=\"n2-ss-layer n2-ow n-uc-z0kbOPBpxjYp\" data-sstype=\"slide\" data-pm=\"default\"><\/div><\/div><\/div><div data-slide-duration=\"0\" data-id=\"1103\" data-slide-public-id=\"7\" aria-hidden=\"true\" data-title=\"Terrasse Hinterhof Berghaus Edelhirsch\" data-lightbox-image=\"\/\/berghaus-edelhirsch.com\/wp-content\/uploads\/2024\/04\/patio-achtertuin-berghaus-edelhirsch.jpg\" data-lightbox-alt=\"Terrasse Hinterhof Berghaus Edelhirsch\" class=\"n2-ss-slide  n2-ss-slide-1103 n2-ow\"><div class=\"n2-ss-slide-background\" data-public-id=\"7\" data-mode=\"fill\"><div class=\"n2-ss-slide-background-image\" data-blur=\"0\" data-opacity=\"100\" data-x=\"50\" data-y=\"50\" data-alt=\"Terrasse Hinterhof Berghaus Edelhirsch\" data-title=\"\"><picture class=\"skip-lazy\" data-skip-lazy=\"1\"><img decoding=\"async\" src=\"\/\/berghaus-edelhirsch.com\/wp-content\/uploads\/2024\/04\/patio-achtertuin-berghaus-edelhirsch.jpg\" alt=\"Terrasse Hinterhof Berghaus Edelhirsch\" title=\"\" loading=\"lazy\" class=\"skip-lazy\" data-skip-lazy=\"1\"><\/picture><\/div><div data-color=\"RGBA(255,255,255,0)\" style=\"background-color: RGBA(255,255,255,0);\" class=\"n2-ss-slide-background-color\"><\/div><\/div><div role=\"note\" class=\"n2-ss-slide--focus\" tabindex=\"-1\">Terrasse Hinterhof Berghaus Edelhirsch<\/div><div class=\"n2-ss-layers-container n2-ss-slide-limiter n2-ow\"><div class=\"n2-ss-layer n2-ow n-uc-2RhF12T1XB48\" data-sstype=\"slide\" data-pm=\"default\"><\/div><\/div><\/div><div data-slide-duration=\"0\" data-id=\"1101\" data-slide-public-id=\"8\" aria-hidden=\"true\" data-title=\"Spa\u00df im Whirlpool Berghaus Edelhirsch\" data-lightbox-image=\"\/\/berghaus-edelhirsch.com\/wp-content\/uploads\/2024\/04\/fun-in-the-hot-tub-berghaus-edelhirsch.jpg\" data-lightbox-alt=\"Spa\u00df im Whirlpool Berghaus Edelhirsch\" class=\"n2-ss-slide  n2-ss-slide-1101 n2-ow\"><div class=\"n2-ss-slide-background\" data-public-id=\"8\" data-mode=\"fill\"><div class=\"n2-ss-slide-background-image\" data-blur=\"0\" data-opacity=\"100\" data-x=\"50\" data-y=\"50\" data-alt=\"Spa\u00df im Whirlpool Berghaus Edelhirsch\" data-title=\"\"><picture class=\"skip-lazy\" data-skip-lazy=\"1\"><img decoding=\"async\" src=\"\/\/berghaus-edelhirsch.com\/wp-content\/uploads\/2024\/04\/fun-in-the-hot-tub-berghaus-edelhirsch.jpg\" alt=\"Spa\u00df im Whirlpool Berghaus Edelhirsch\" title=\"\" loading=\"lazy\" class=\"skip-lazy\" data-skip-lazy=\"1\"><\/picture><\/div><div data-color=\"RGBA(255,255,255,0)\" style=\"background-color: RGBA(255,255,255,0);\" class=\"n2-ss-slide-background-color\"><\/div><\/div><div role=\"note\" class=\"n2-ss-slide--focus\" tabindex=\"-1\">Spa\u00df im Whirlpool Berghaus Edelhirsch<\/div><div class=\"n2-ss-layers-container n2-ss-slide-limiter n2-ow\"><div class=\"n2-ss-layer n2-ow n-uc-0vLyJDTbvQ9S\" data-sstype=\"slide\" data-pm=\"default\"><\/div><\/div><\/div><div data-slide-duration=\"0\" data-id=\"934\" data-slide-public-id=\"9\" aria-hidden=\"true\" data-title=\"Berghaus Edelhirsch der Grill (BBQ)\" data-lightbox-image=\"\/\/berghaus-edelhirsch.com\/wp-content\/uploads\/2021\/07\/Berghaus-Edelhirsch-De-BBQ.jpg\" data-lightbox-alt=\"Berghaus Edelhirsch der Grill (BBQ)\" class=\"n2-ss-slide  n2-ss-slide-934 n2-ow\"><div class=\"n2-ss-slide-background\" data-public-id=\"9\" data-mode=\"fill\"><div class=\"n2-ss-slide-background-image\" data-blur=\"0\" data-opacity=\"100\" data-x=\"50\" data-y=\"50\" data-alt=\"Berghaus Edelhirsch der Grill (BBQ)\" data-title=\"\"><picture class=\"skip-lazy\" data-skip-lazy=\"1\"><img decoding=\"async\" src=\"\/\/berghaus-edelhirsch.com\/wp-content\/uploads\/2021\/07\/Berghaus-Edelhirsch-De-BBQ.jpg\" alt=\"Berghaus Edelhirsch der Grill (BBQ)\" title=\"\" loading=\"lazy\" class=\"skip-lazy\" data-skip-lazy=\"1\"><\/picture><\/div><div data-color=\"RGBA(255,255,255,0)\" style=\"background-color: RGBA(255,255,255,0);\" class=\"n2-ss-slide-background-color\"><\/div><\/div><div role=\"note\" class=\"n2-ss-slide--focus\" tabindex=\"-1\">Berghaus Edelhirsch der Grill (BBQ)<\/div><div class=\"n2-ss-layers-container n2-ss-slide-limiter n2-ow\"><div class=\"n2-ss-layer n2-ow n-uc-wfK2BJsU6UKG\" data-sstype=\"slide\" data-pm=\"default\"><\/div><\/div><\/div><div data-slide-duration=\"0\" data-id=\"1033\" data-slide-public-id=\"10\" aria-hidden=\"true\" data-title=\"Rehe im Vorgarten Berghaus Edelhirsch\" data-lightbox-image=\"\/\/berghaus-edelhirsch.com\/wp-content\/uploads\/2022\/06\/Herten-in-de-voortuin-Berghaus-Edelhirsch.jpg\" data-lightbox-alt=\"Rehe im Vorgarten Berghaus Edelhirsch\" class=\"n2-ss-slide  n2-ss-slide-1033 n2-ow\"><div class=\"n2-ss-slide-background\" data-public-id=\"10\" data-mode=\"fill\"><div class=\"n2-ss-slide-background-image\" data-blur=\"0\" data-opacity=\"100\" data-x=\"50\" data-y=\"50\" data-alt=\"Rehe im Vorgarten Berghaus Edelhirsch\" data-title=\"\"><picture class=\"skip-lazy\" data-skip-lazy=\"1\"><img decoding=\"async\" src=\"\/\/berghaus-edelhirsch.com\/wp-content\/uploads\/2022\/06\/Herten-in-de-voortuin-Berghaus-Edelhirsch.jpg\" alt=\"Rehe im Vorgarten Berghaus Edelhirsch\" title=\"\" loading=\"lazy\" class=\"skip-lazy\" data-skip-lazy=\"1\"><\/picture><\/div><div data-color=\"RGBA(255,255,255,0)\" style=\"background-color: RGBA(255,255,255,0);\" class=\"n2-ss-slide-background-color\"><\/div><\/div><div role=\"note\" class=\"n2-ss-slide--focus\" tabindex=\"-1\">Rehe im Vorgarten Berghaus Edelhirsch<\/div><div class=\"n2-ss-layers-container n2-ss-slide-limiter n2-ow\"><div class=\"n2-ss-layer n2-ow n-uc-mWuSvPRq2oLK\" data-sstype=\"slide\" data-pm=\"default\"><\/div><\/div><\/div><div data-slide-duration=\"0\" data-id=\"1102\" data-slide-public-id=\"11\" aria-hidden=\"true\" data-title=\"Streiflicht vor den Bergen Berghaus Edelhirsch\" data-lightbox-image=\"\/\/berghaus-edelhirsch.com\/wp-content\/uploads\/2024\/04\/strijklicht-tegen-de-bergen-berghaus-edelhirsch.jpg\" data-lightbox-alt=\"Streiflicht vor den Bergen Berghaus Edelhirsch\" class=\"n2-ss-slide  n2-ss-slide-1102 n2-ow\"><div class=\"n2-ss-slide-background\" data-public-id=\"11\" data-mode=\"fill\"><div class=\"n2-ss-slide-background-image\" data-blur=\"0\" data-opacity=\"100\" data-x=\"50\" data-y=\"50\" data-alt=\"Streiflicht vor den Bergen Berghaus Edelhirsch\" data-title=\"\"><picture class=\"skip-lazy\" data-skip-lazy=\"1\"><img decoding=\"async\" src=\"\/\/berghaus-edelhirsch.com\/wp-content\/uploads\/2024\/04\/strijklicht-tegen-de-bergen-berghaus-edelhirsch.jpg\" alt=\"Streiflicht vor den Bergen Berghaus Edelhirsch\" title=\"\" loading=\"lazy\" class=\"skip-lazy\" data-skip-lazy=\"1\"><\/picture><\/div><div data-color=\"RGBA(255,255,255,0)\" style=\"background-color: RGBA(255,255,255,0);\" class=\"n2-ss-slide-background-color\"><\/div><\/div><div role=\"note\" class=\"n2-ss-slide--focus\" tabindex=\"-1\">Streiflicht vor den Bergen Berghaus Edelhirsch<\/div><div class=\"n2-ss-layers-container n2-ss-slide-limiter n2-ow\"><div class=\"n2-ss-layer n2-ow n-uc-BFGKVtKQK2av\" data-sstype=\"slide\" data-pm=\"default\"><\/div><\/div><\/div><div data-slide-duration=\"0\" data-id=\"929\" data-slide-public-id=\"12\" aria-hidden=\"true\" data-title=\"Berghaus Edelhirsch Sonnenuntergang\" data-lightbox-image=\"\/\/berghaus-edelhirsch.com\/wp-content\/uploads\/2021\/07\/Berghaus-Edelhirsch-Zonsondergang.jpg\" data-lightbox-alt=\"Berghaus Edelhirsch Sonnenuntergang\" class=\"n2-ss-slide  n2-ss-slide-929 n2-ow\"><div class=\"n2-ss-slide-background\" data-public-id=\"12\" data-mode=\"fill\"><div class=\"n2-ss-slide-background-image\" data-blur=\"0\" data-opacity=\"100\" data-x=\"50\" data-y=\"50\" data-alt=\"Berghaus Edelhirsch Sonnenuntergang\" data-title=\"\"><picture class=\"skip-lazy\" data-skip-lazy=\"1\"><img decoding=\"async\" src=\"\/\/berghaus-edelhirsch.com\/wp-content\/uploads\/2021\/07\/Berghaus-Edelhirsch-Zonsondergang.jpg\" alt=\"Berghaus Edelhirsch Sonnenuntergang\" title=\"\" loading=\"lazy\" class=\"skip-lazy\" data-skip-lazy=\"1\"><\/picture><\/div><div data-color=\"RGBA(255,255,255,0)\" style=\"background-color: RGBA(255,255,255,0);\" class=\"n2-ss-slide-background-color\"><\/div><\/div><div role=\"note\" class=\"n2-ss-slide--focus\" tabindex=\"-1\">Berghaus Edelhirsch Sonnenuntergang<\/div><div class=\"n2-ss-layers-container n2-ss-slide-limiter n2-ow\"><div class=\"n2-ss-layer n2-ow n-uc-CeZRi8NxITIu\" data-sstype=\"slide\" data-pm=\"default\"><\/div><\/div><\/div><div data-slide-duration=\"0\" data-id=\"561\" data-slide-public-id=\"13\" aria-hidden=\"true\" data-title=\"Hintere Fassade bei Nacht Berghaus Edelhirsch\" data-lightbox-image=\"\/\/berghaus-edelhirsch.com\/wp-content\/uploads\/2021\/04\/achtergevel-bij-nacht-berghaus-edelhirsch.jpg\" data-lightbox-alt=\"Hintere Fassade bei Nacht Berghaus Edelhirsch\" class=\"n2-ss-slide  n2-ss-slide-561 n2-ow\"><div class=\"n2-ss-slide-background\" data-public-id=\"13\" data-mode=\"fill\"><div class=\"n2-ss-slide-background-image\" data-blur=\"0\" data-opacity=\"100\" data-x=\"50\" data-y=\"50\" data-alt=\"Hintere Fassade bei Nacht Berghaus Edelhirsch\" data-title=\"\"><picture class=\"skip-lazy\" data-skip-lazy=\"1\"><img decoding=\"async\" src=\"\/\/berghaus-edelhirsch.com\/wp-content\/uploads\/2021\/04\/achtergevel-bij-nacht-berghaus-edelhirsch.jpg\" alt=\"Hintere Fassade bei Nacht Berghaus Edelhirsch\" title=\"\" loading=\"lazy\" class=\"skip-lazy\" data-skip-lazy=\"1\"><\/picture><\/div><div data-color=\"RGBA(255,255,255,0)\" style=\"background-color: RGBA(255,255,255,0);\" class=\"n2-ss-slide-background-color\"><\/div><\/div><div role=\"note\" class=\"n2-ss-slide--focus\" tabindex=\"-1\">Hintere Fassade bei Nacht Berghaus Edelhirsch<\/div><div class=\"n2-ss-layers-container n2-ss-slide-limiter n2-ow\"><div class=\"n2-ss-layer n2-ow n-uc-vLKuoMxnp2RV\" data-sstype=\"slide\" data-pm=\"default\"><\/div><\/div><\/div><div data-slide-duration=\"0\" data-id=\"568\" data-slide-public-id=\"14\" aria-hidden=\"true\" data-title=\"Blick durch die Haust\u00fcr Winter Berghaus Edelhirsch\" data-lightbox-image=\"\/\/berghaus-edelhirsch.com\/wp-content\/uploads\/2021\/02\/Uitzicht-door-voordeur-winter-Berghaus-Edelhirsch.jpg\" data-lightbox-alt=\"Blick durch die Haust\u00fcr Winter Berghaus Edelhirsch\" class=\"n2-ss-slide  n2-ss-slide-568 n2-ow\"><div class=\"n2-ss-slide-background\" data-public-id=\"14\" data-mode=\"fill\"><div class=\"n2-ss-slide-background-image\" data-blur=\"0\" data-opacity=\"100\" data-x=\"50\" data-y=\"50\" data-alt=\"Blick durch die Haust\u00fcr Winter Berghaus Edelhirsch\" data-title=\"\"><picture class=\"skip-lazy\" data-skip-lazy=\"1\"><img decoding=\"async\" src=\"\/\/berghaus-edelhirsch.com\/wp-content\/uploads\/2021\/02\/Uitzicht-door-voordeur-winter-Berghaus-Edelhirsch.jpg\" alt=\"Blick durch die Haust\u00fcr Winter Berghaus Edelhirsch\" title=\"\" loading=\"lazy\" class=\"skip-lazy\" data-skip-lazy=\"1\"><\/picture><\/div><div data-color=\"RGBA(255,255,255,0)\" style=\"background-color: RGBA(255,255,255,0);\" class=\"n2-ss-slide-background-color\"><\/div><\/div><div role=\"note\" class=\"n2-ss-slide--focus\" tabindex=\"-1\">Blick durch die Haust\u00fcr Winter Berghaus Edelhirsch<\/div><div class=\"n2-ss-layers-container n2-ss-slide-limiter n2-ow\"><div class=\"n2-ss-layer n2-ow n-uc-2G8ytbvcss3C\" data-sstype=\"slide\" data-pm=\"default\"><\/div><\/div><\/div><div data-slide-duration=\"0\" data-id=\"567\" data-slide-public-id=\"15\" aria-hidden=\"true\" data-title=\"Blick auf Villacher Alpenstra\u00dfe Winter Berghaus Edelhirsch\" data-lightbox-image=\"\/\/berghaus-edelhirsch.com\/wp-content\/uploads\/2021\/02\/Uitzicht-op-Villacher-Alpenstrasse-winter-Berghaus-Edelhirsch.jpg\" data-lightbox-alt=\"Blick auf Villacher Alpenstra\u00dfe Winter Berghaus Edelhirsch\" class=\"n2-ss-slide  n2-ss-slide-567 n2-ow\"><div class=\"n2-ss-slide-background\" data-public-id=\"15\" data-mode=\"fill\"><div class=\"n2-ss-slide-background-image\" data-blur=\"0\" data-opacity=\"100\" data-x=\"50\" data-y=\"50\" data-alt=\"Blick auf Villacher Alpenstra\u00dfe Winter Berghaus Edelhirsch\" data-title=\"\"><picture class=\"skip-lazy\" data-skip-lazy=\"1\"><img decoding=\"async\" src=\"\/\/berghaus-edelhirsch.com\/wp-content\/uploads\/2021\/02\/Uitzicht-op-Villacher-Alpenstrasse-winter-Berghaus-Edelhirsch.jpg\" alt=\"Blick auf Villacher Alpenstra\u00dfe Winter Berghaus Edelhirsch\" title=\"\" loading=\"lazy\" class=\"skip-lazy\" data-skip-lazy=\"1\"><\/picture><\/div><div data-color=\"RGBA(255,255,255,0)\" style=\"background-color: RGBA(255,255,255,0);\" class=\"n2-ss-slide-background-color\"><\/div><\/div><div role=\"note\" class=\"n2-ss-slide--focus\" tabindex=\"-1\">Blick auf Villacher Alpenstra\u00dfe Winter Berghaus Edelhirsch<\/div><div class=\"n2-ss-layers-container n2-ss-slide-limiter n2-ow\"><div class=\"n2-ss-layer n2-ow n-uc-VblHaDTS419n\" data-sstype=\"slide\" data-pm=\"default\"><\/div><\/div><\/div><div data-slide-duration=\"0\" data-id=\"1028\" data-slide-public-id=\"16\" aria-hidden=\"true\" data-title=\"Winterspa\u00df mit Feuerstelle Berghaus Edelhirsch\" data-lightbox-image=\"\/\/berghaus-edelhirsch.com\/wp-content\/uploads\/2022\/06\/Winterse-gezelligheid-met-vuurkorf-Berghaus-Edelhirsch.jpg\" data-lightbox-alt=\"Winterspa\u00df mit Feuerstelle Berghaus Edelhirsch\" class=\"n2-ss-slide  n2-ss-slide-1028 n2-ow\"><div class=\"n2-ss-slide-background\" data-public-id=\"16\" data-mode=\"fill\"><div class=\"n2-ss-slide-background-image\" data-blur=\"0\" data-opacity=\"100\" data-x=\"50\" data-y=\"50\" data-alt=\"Winterspa\u00df mit Feuerstelle Berghaus Edelhirsch\" data-title=\"\"><picture class=\"skip-lazy\" data-skip-lazy=\"1\"><img decoding=\"async\" src=\"\/\/berghaus-edelhirsch.com\/wp-content\/uploads\/2022\/06\/Winterse-gezelligheid-met-vuurkorf-Berghaus-Edelhirsch.jpg\" alt=\"Winterspa\u00df mit Feuerstelle Berghaus Edelhirsch\" title=\"\" loading=\"lazy\" class=\"skip-lazy\" data-skip-lazy=\"1\"><\/picture><\/div><div data-color=\"RGBA(255,255,255,0)\" style=\"background-color: RGBA(255,255,255,0);\" class=\"n2-ss-slide-background-color\"><\/div><\/div><div role=\"note\" class=\"n2-ss-slide--focus\" tabindex=\"-1\">Winterspa\u00df mit Feuerstelle Berghaus Edelhirsch<\/div><div class=\"n2-ss-layers-container n2-ss-slide-limiter n2-ow\"><div class=\"n2-ss-layer n2-ow n-uc-Jmn6DNoGLXlZ\" data-sstype=\"slide\" data-pm=\"default\"><\/div><\/div><\/div><div data-slide-duration=\"0\" data-id=\"1030\" data-slide-public-id=\"17\" aria-hidden=\"true\" data-title=\"Skiraum mit Schuhheizung Berghaus Edelhirsch\" data-lightbox-image=\"\/\/berghaus-edelhirsch.com\/wp-content\/uploads\/2022\/06\/Skikast-met-schoenverwarming-Berghaus-Edelhirsch.jpg\" data-lightbox-alt=\"Skiraum mit Schuhheizung Berghaus Edelhirsch\" class=\"n2-ss-slide  n2-ss-slide-1030 n2-ow\"><div class=\"n2-ss-slide-background\" data-public-id=\"17\" data-mode=\"fill\"><div class=\"n2-ss-slide-background-image\" data-blur=\"0\" data-opacity=\"100\" data-x=\"50\" data-y=\"50\" data-alt=\"Skiraum mit Schuhheizung Berghaus Edelhirsch\" data-title=\"\"><picture class=\"skip-lazy\" data-skip-lazy=\"1\"><img decoding=\"async\" src=\"\/\/berghaus-edelhirsch.com\/wp-content\/uploads\/2022\/06\/Skikast-met-schoenverwarming-Berghaus-Edelhirsch.jpg\" alt=\"Skiraum mit Schuhheizung Berghaus Edelhirsch\" title=\"\" loading=\"lazy\" class=\"skip-lazy\" data-skip-lazy=\"1\"><\/picture><\/div><div data-color=\"RGBA(255,255,255,0)\" style=\"background-color: RGBA(255,255,255,0);\" class=\"n2-ss-slide-background-color\"><\/div><\/div><div role=\"note\" class=\"n2-ss-slide--focus\" tabindex=\"-1\">Skiraum mit Schuhheizung Berghaus Edelhirsch<\/div><div class=\"n2-ss-layers-container n2-ss-slide-limiter n2-ow\"><div class=\"n2-ss-layer n2-ow n-uc-qJ6pgn7FlLsW\" data-sstype=\"slide\" data-pm=\"default\"><\/div><\/div><\/div><div data-slide-duration=\"0\" data-id=\"1031\" data-slide-public-id=\"18\" aria-hidden=\"true\" data-title=\"Skivergn\u00fcgen f\u00fcr Anf\u00e4nger und Fortgeschrittene Berghaus Edelhirsch\" data-lightbox-image=\"\/\/berghaus-edelhirsch.com\/wp-content\/uploads\/2022\/06\/Skieplezier-voor-beginners-en-gevorderden-Berghaus-Edelhirsch.jpg\" data-lightbox-alt=\"Skivergn\u00fcgen f\u00fcr Anf\u00e4nger und Fortgeschrittene Berghaus Edelhirsch\" class=\"n2-ss-slide  n2-ss-slide-1031 n2-ow\"><div class=\"n2-ss-slide-background\" data-public-id=\"18\" data-mode=\"fill\"><div class=\"n2-ss-slide-background-image\" data-blur=\"0\" data-opacity=\"100\" data-x=\"50\" data-y=\"50\" data-alt=\"Skivergn\u00fcgen f\u00fcr Anf\u00e4nger und Fortgeschrittene Berghaus Edelhirsch\" data-title=\"\"><picture class=\"skip-lazy\" data-skip-lazy=\"1\"><img decoding=\"async\" src=\"\/\/berghaus-edelhirsch.com\/wp-content\/uploads\/2022\/06\/Skieplezier-voor-beginners-en-gevorderden-Berghaus-Edelhirsch.jpg\" alt=\"Skivergn\u00fcgen f\u00fcr Anf\u00e4nger und Fortgeschrittene Berghaus Edelhirsch\" title=\"\" loading=\"lazy\" class=\"skip-lazy\" data-skip-lazy=\"1\"><\/picture><\/div><div data-color=\"RGBA(255,255,255,0)\" style=\"background-color: RGBA(255,255,255,0);\" class=\"n2-ss-slide-background-color\"><\/div><\/div><div role=\"note\" class=\"n2-ss-slide--focus\" tabindex=\"-1\">Skivergn\u00fcgen f\u00fcr Anf\u00e4nger und Fortgeschrittene Berghaus Edelhirsch<\/div><div class=\"n2-ss-layers-container n2-ss-slide-limiter n2-ow\"><div class=\"n2-ss-layer n2-ow n-uc-ObMIDyH94dMq\" data-sstype=\"slide\" data-pm=\"default\"><\/div><\/div><\/div><div data-slide-duration=\"0\" data-id=\"1029\" data-slide-public-id=\"19\" aria-hidden=\"true\" data-title=\"Winteransicht Berghaus Edelhirsch\" data-lightbox-image=\"\/\/berghaus-edelhirsch.com\/wp-content\/uploads\/2022\/06\/Utizcht-in-de-winter-Berghaus-Edelhirsch.jpg\" data-lightbox-alt=\"Winteransicht Berghaus Edelhirsch\" class=\"n2-ss-slide  n2-ss-slide-1029 n2-ow\"><div class=\"n2-ss-slide-background\" data-public-id=\"19\" data-mode=\"fill\"><div class=\"n2-ss-slide-background-image\" data-blur=\"0\" data-opacity=\"100\" data-x=\"50\" data-y=\"50\" data-alt=\"Winteransicht Berghaus Edelhirsch\" data-title=\"\"><picture class=\"skip-lazy\" data-skip-lazy=\"1\"><img decoding=\"async\" src=\"\/\/berghaus-edelhirsch.com\/wp-content\/uploads\/2022\/06\/Utizcht-in-de-winter-Berghaus-Edelhirsch.jpg\" alt=\"Winteransicht Berghaus Edelhirsch\" title=\"\" loading=\"lazy\" class=\"skip-lazy\" data-skip-lazy=\"1\"><\/picture><\/div><div data-color=\"RGBA(255,255,255,0)\" style=\"background-color: RGBA(255,255,255,0);\" class=\"n2-ss-slide-background-color\"><\/div><\/div><div role=\"note\" class=\"n2-ss-slide--focus\" tabindex=\"-1\">Winteransicht Berghaus Edelhirsch<\/div><div class=\"n2-ss-layers-container n2-ss-slide-limiter n2-ow\"><div class=\"n2-ss-layer n2-ow n-uc-syeD7mKkZ2eC\" data-sstype=\"slide\" data-pm=\"default\"><\/div><\/div><\/div><div data-slide-duration=\"0\" data-id=\"553\" data-slide-public-id=\"20\" aria-hidden=\"true\" data-title=\"Schneeb\u00e4ume Berghaus Edelhirsch\" data-lightbox-image=\"\/\/berghaus-edelhirsch.com\/wp-content\/uploads\/2021\/04\/besneeuwde-bomen-berghaus-edelhirsch.jpg\" data-lightbox-alt=\"Schneeb\u00e4ume Berghaus Edelhirsch\" class=\"n2-ss-slide  n2-ss-slide-553 n2-ow\"><div class=\"n2-ss-slide-background\" data-public-id=\"20\" data-mode=\"fill\"><div class=\"n2-ss-slide-background-image\" data-blur=\"0\" data-opacity=\"100\" data-x=\"50\" data-y=\"50\" data-alt=\"Schneeb\u00e4ume Berghaus Edelhirsch\" data-title=\"\"><picture class=\"skip-lazy\" data-skip-lazy=\"1\"><img decoding=\"async\" src=\"\/\/berghaus-edelhirsch.com\/wp-content\/uploads\/2021\/04\/besneeuwde-bomen-berghaus-edelhirsch.jpg\" alt=\"Schneeb\u00e4ume Berghaus Edelhirsch\" title=\"\" loading=\"lazy\" class=\"skip-lazy\" data-skip-lazy=\"1\"><\/picture><\/div><div data-color=\"RGBA(255,255,255,0)\" style=\"background-color: RGBA(255,255,255,0);\" class=\"n2-ss-slide-background-color\"><\/div><\/div><div role=\"note\" class=\"n2-ss-slide--focus\" tabindex=\"-1\">Schneeb\u00e4ume Berghaus Edelhirsch<\/div><div class=\"n2-ss-layers-container n2-ss-slide-limiter n2-ow\"><div class=\"n2-ss-layer n2-ow n-uc-DLc2BARPk23Z\" data-sstype=\"slide\" data-pm=\"default\"><\/div><\/div><\/div><div data-slide-duration=\"0\" data-id=\"566\" data-slide-public-id=\"21\" aria-hidden=\"true\" data-title=\"Blick vom Schlafzimmer Seitenfenster Berghaus Edelhirsch\" data-lightbox-image=\"\/\/berghaus-edelhirsch.com\/wp-content\/uploads\/2021\/02\/Uitzicht-uit-slaapkamer-zijraam-Berghaus-Edelhirsch.jpg\" data-lightbox-alt=\"Blick vom Schlafzimmer Seitenfenster Berghaus Edelhirsch\" class=\"n2-ss-slide  n2-ss-slide-566 n2-ow\"><div class=\"n2-ss-slide-background\" data-public-id=\"21\" data-mode=\"fill\"><div class=\"n2-ss-slide-background-image\" data-blur=\"0\" data-opacity=\"100\" data-x=\"50\" data-y=\"50\" data-alt=\"Blick vom Schlafzimmer Seitenfenster Berghaus Edelhirsch\" data-title=\"\"><picture class=\"skip-lazy\" data-skip-lazy=\"1\"><img decoding=\"async\" src=\"\/\/berghaus-edelhirsch.com\/wp-content\/uploads\/2021\/02\/Uitzicht-uit-slaapkamer-zijraam-Berghaus-Edelhirsch.jpg\" alt=\"Blick vom Schlafzimmer Seitenfenster Berghaus Edelhirsch\" title=\"\" loading=\"lazy\" class=\"skip-lazy\" data-skip-lazy=\"1\"><\/picture><\/div><div data-color=\"RGBA(255,255,255,0)\" style=\"background-color: RGBA(255,255,255,0);\" class=\"n2-ss-slide-background-color\"><\/div><\/div><div role=\"note\" class=\"n2-ss-slide--focus\" tabindex=\"-1\">Blick vom Schlafzimmer Seitenfenster Berghaus Edelhirsch<\/div><div class=\"n2-ss-layers-container n2-ss-slide-limiter n2-ow\"><div class=\"n2-ss-layer n2-ow n-uc-mLxyLJFElr46\" data-sstype=\"slide\" data-pm=\"default\"><\/div><\/div><\/div><div data-slide-duration=\"0\" data-id=\"526\" data-slide-public-id=\"22\" aria-hidden=\"true\" data-title=\"Wohnzimmer\u00fcbersicht Berghaus Edelhirsch\" data-lightbox-image=\"\/\/berghaus-edelhirsch.com\/wp-content\/uploads\/2021\/04\/woonkamer-overzicht-berghaus-edelhirsch.jpg\" data-lightbox-alt=\"Wohnzimmer\u00fcbersicht Berghaus Edelhirsch\" class=\"n2-ss-slide  n2-ss-slide-526 n2-ow\"><div class=\"n2-ss-slide-background\" data-public-id=\"22\" data-mode=\"fill\"><div class=\"n2-ss-slide-background-image\" data-blur=\"0\" data-opacity=\"100\" data-x=\"50\" data-y=\"50\" data-alt=\"Wohnzimmer\u00fcbersicht Berghaus Edelhirsch\" data-title=\"\"><picture class=\"skip-lazy\" data-skip-lazy=\"1\"><img decoding=\"async\" src=\"\/\/berghaus-edelhirsch.com\/wp-content\/uploads\/2021\/04\/woonkamer-overzicht-berghaus-edelhirsch.jpg\" alt=\"Wohnzimmer\u00fcbersicht Berghaus Edelhirsch\" title=\"\" loading=\"lazy\" class=\"skip-lazy\" data-skip-lazy=\"1\"><\/picture><\/div><div data-color=\"RGBA(255,255,255,0)\" style=\"background-color: RGBA(255,255,255,0);\" class=\"n2-ss-slide-background-color\"><\/div><\/div><div role=\"note\" class=\"n2-ss-slide--focus\" tabindex=\"-1\">Wohnzimmer\u00fcbersicht Berghaus Edelhirsch<\/div><div class=\"n2-ss-layers-container n2-ss-slide-limiter n2-ow\"><div class=\"n2-ss-layer n2-ow n-uc-k8leWTsRHSLT\" data-sstype=\"slide\" data-pm=\"default\"><\/div><\/div><\/div><div data-slide-duration=\"0\" data-id=\"525\" data-slide-public-id=\"23\" aria-hidden=\"true\" data-title=\"Wohnzimmer Sitzbereich Berghaus Edelhirsch\" data-lightbox-image=\"\/\/berghaus-edelhirsch.com\/wp-content\/uploads\/2021\/04\/woonkamer-zithoek-berghaus-edelhirsch.jpg\" data-lightbox-alt=\"Wohnzimmer Sitzbereich Berghaus Edelhirsch\" class=\"n2-ss-slide  n2-ss-slide-525 n2-ow\"><div class=\"n2-ss-slide-background\" data-public-id=\"23\" data-mode=\"fill\"><div class=\"n2-ss-slide-background-image\" data-blur=\"0\" data-opacity=\"100\" data-x=\"50\" data-y=\"50\" data-alt=\"Wohnzimmer Sitzbereich Berghaus Edelhirsch\" data-title=\"\"><picture class=\"skip-lazy\" data-skip-lazy=\"1\"><img decoding=\"async\" src=\"\/\/berghaus-edelhirsch.com\/wp-content\/uploads\/2021\/04\/woonkamer-zithoek-berghaus-edelhirsch.jpg\" alt=\"Wohnzimmer Sitzbereich Berghaus Edelhirsch\" title=\"\" loading=\"lazy\" class=\"skip-lazy\" data-skip-lazy=\"1\"><\/picture><\/div><div data-color=\"RGBA(255,255,255,0)\" style=\"background-color: RGBA(255,255,255,0);\" class=\"n2-ss-slide-background-color\"><\/div><\/div><div role=\"note\" class=\"n2-ss-slide--focus\" tabindex=\"-1\">Wohnzimmer Sitzbereich Berghaus Edelhirsch<\/div><div class=\"n2-ss-layers-container n2-ss-slide-limiter n2-ow\"><div class=\"n2-ss-layer n2-ow n-uc-uL0MtHyAjCGn\" data-sstype=\"slide\" data-pm=\"default\"><\/div><\/div><\/div><div data-slide-duration=\"0\" data-id=\"528\" data-slide-public-id=\"24\" aria-hidden=\"true\" data-title=\"Wohnzimmerofen Berghaus Edelhirsch\" data-lightbox-image=\"\/\/berghaus-edelhirsch.com\/wp-content\/uploads\/2021\/04\/woonkamer-kachel-berghaus-edelhirsch.jpg\" data-lightbox-alt=\"Wohnzimmerofen Berghaus Edelhirsch\" class=\"n2-ss-slide  n2-ss-slide-528 n2-ow\"><div class=\"n2-ss-slide-background\" data-public-id=\"24\" data-mode=\"fill\"><div class=\"n2-ss-slide-background-image\" data-blur=\"0\" data-opacity=\"100\" data-x=\"50\" data-y=\"50\" data-alt=\"Wohnzimmerofen Berghaus Edelhirsch\" data-title=\"\"><picture class=\"skip-lazy\" data-skip-lazy=\"1\"><img decoding=\"async\" src=\"\/\/berghaus-edelhirsch.com\/wp-content\/uploads\/2021\/04\/woonkamer-kachel-berghaus-edelhirsch.jpg\" alt=\"Wohnzimmerofen Berghaus Edelhirsch\" title=\"\" loading=\"lazy\" class=\"skip-lazy\" data-skip-lazy=\"1\"><\/picture><\/div><div data-color=\"RGBA(255,255,255,0)\" style=\"background-color: RGBA(255,255,255,0);\" class=\"n2-ss-slide-background-color\"><\/div><\/div><div role=\"note\" class=\"n2-ss-slide--focus\" tabindex=\"-1\">Wohnzimmerofen Berghaus Edelhirsch<\/div><div class=\"n2-ss-layers-container n2-ss-slide-limiter n2-ow\"><div class=\"n2-ss-layer n2-ow n-uc-PzPTIVv1z1Yv\" data-sstype=\"slide\" data-pm=\"default\"><\/div><\/div><\/div><div data-slide-duration=\"0\" data-id=\"527\" data-slide-public-id=\"25\" aria-hidden=\"true\" data-title=\"Wohnzimmer mit Herd und Fernseher Berghaus Edelhirsch\" data-lightbox-image=\"\/\/berghaus-edelhirsch.com\/wp-content\/uploads\/2021\/04\/woonkamer-met-kachel-en-tv-berghaus-edelhirsch.jpg\" data-lightbox-alt=\"Wohnzimmer mit Herd und Fernseher Berghaus Edelhirsch\" class=\"n2-ss-slide  n2-ss-slide-527 n2-ow\"><div class=\"n2-ss-slide-background\" data-public-id=\"25\" data-mode=\"fill\"><div class=\"n2-ss-slide-background-image\" data-blur=\"0\" data-opacity=\"100\" data-x=\"50\" data-y=\"50\" data-alt=\"Wohnzimmer mit Herd und Fernseher Berghaus Edelhirsch\" data-title=\"\"><picture class=\"skip-lazy\" data-skip-lazy=\"1\"><img decoding=\"async\" src=\"\/\/berghaus-edelhirsch.com\/wp-content\/uploads\/2021\/04\/woonkamer-met-kachel-en-tv-berghaus-edelhirsch.jpg\" alt=\"Wohnzimmer mit Herd und Fernseher Berghaus Edelhirsch\" title=\"\" loading=\"lazy\" class=\"skip-lazy\" data-skip-lazy=\"1\"><\/picture><\/div><div data-color=\"RGBA(255,255,255,0)\" style=\"background-color: RGBA(255,255,255,0);\" class=\"n2-ss-slide-background-color\"><\/div><\/div><div role=\"note\" class=\"n2-ss-slide--focus\" tabindex=\"-1\">Wohnzimmer mit Herd und Fernseher Berghaus Edelhirsch<\/div><div class=\"n2-ss-layers-container n2-ss-slide-limiter n2-ow\"><div class=\"n2-ss-layer n2-ow n-uc-oqY0uyZc9YbZ\" data-sstype=\"slide\" data-pm=\"default\"><\/div><\/div><\/div><div data-slide-duration=\"0\" data-id=\"529\" data-slide-public-id=\"26\" aria-hidden=\"true\" data-title=\"Wohnzimmerofen brennt - Berghaus Edelhirsch\" data-lightbox-image=\"\/\/berghaus-edelhirsch.com\/wp-content\/uploads\/2021\/04\/woonkamer-kachel-aan-berghaus-edelhirsch.jpg\" data-lightbox-alt=\"Wohnzimmerofen brennt - Berghaus Edelhirsch\" class=\"n2-ss-slide  n2-ss-slide-529 n2-ow\"><div class=\"n2-ss-slide-background\" data-public-id=\"26\" data-mode=\"fill\"><div class=\"n2-ss-slide-background-image\" data-blur=\"0\" data-opacity=\"100\" data-x=\"50\" data-y=\"50\" data-alt=\"Wohnzimmerofen brennt - Berghaus Edelhirsch\" data-title=\"\"><picture class=\"skip-lazy\" data-skip-lazy=\"1\"><img decoding=\"async\" src=\"\/\/berghaus-edelhirsch.com\/wp-content\/uploads\/2021\/04\/woonkamer-kachel-aan-berghaus-edelhirsch.jpg\" alt=\"Wohnzimmerofen brennt - Berghaus Edelhirsch\" title=\"\" loading=\"lazy\" class=\"skip-lazy\" data-skip-lazy=\"1\"><\/picture><\/div><div data-color=\"RGBA(255,255,255,0)\" style=\"background-color: RGBA(255,255,255,0);\" class=\"n2-ss-slide-background-color\"><\/div><\/div><div role=\"note\" class=\"n2-ss-slide--focus\" tabindex=\"-1\">Wohnzimmerofen brennt &#8211; Berghaus Edelhirsch<\/div><div class=\"n2-ss-layers-container n2-ss-slide-limiter n2-ow\"><div class=\"n2-ss-layer n2-ow n-uc-qTzW93jfTnto\" data-sstype=\"slide\" data-pm=\"default\"><\/div><\/div><\/div><div data-slide-duration=\"0\" data-id=\"928\" data-slide-public-id=\"27\" aria-hidden=\"true\" data-title=\"Kommode mit Spielzeug und Duplo, Berghaus Edelhirsch\" data-lightbox-image=\"\/\/berghaus-edelhirsch.com\/wp-content\/uploads\/2021\/07\/Kist-met-speelgoed-Duplo-Berghaus-Edelhirsch.jpg\" data-lightbox-alt=\"Kommode mit Spielzeug und Duplo, Berghaus Edelhirsch\" class=\"n2-ss-slide  n2-ss-slide-928 n2-ow\"><div class=\"n2-ss-slide-background\" data-public-id=\"27\" data-mode=\"fill\"><div class=\"n2-ss-slide-background-image\" data-blur=\"0\" data-opacity=\"100\" data-x=\"50\" data-y=\"50\" data-alt=\"Kommode mit Spielzeug und Duplo, Berghaus Edelhirsch\" data-title=\"\"><picture class=\"skip-lazy\" data-skip-lazy=\"1\"><img decoding=\"async\" src=\"\/\/berghaus-edelhirsch.com\/wp-content\/uploads\/2021\/07\/Kist-met-speelgoed-Duplo-Berghaus-Edelhirsch.jpg\" alt=\"Kommode mit Spielzeug und Duplo, Berghaus Edelhirsch\" title=\"\" loading=\"lazy\" class=\"skip-lazy\" data-skip-lazy=\"1\"><\/picture><\/div><div data-color=\"RGBA(255,255,255,0)\" style=\"background-color: RGBA(255,255,255,0);\" class=\"n2-ss-slide-background-color\"><\/div><\/div><div role=\"note\" class=\"n2-ss-slide--focus\" tabindex=\"-1\">Kommode mit Spielzeug und Duplo, Berghaus Edelhirsch<\/div><div class=\"n2-ss-layers-container n2-ss-slide-limiter n2-ow\"><div class=\"n2-ss-layer n2-ow n-uc-5LAUkU0zV5s6\" data-sstype=\"slide\" data-pm=\"default\"><\/div><\/div><\/div><div data-slide-duration=\"0\" data-id=\"524\" data-slide-public-id=\"28\" aria-hidden=\"true\" data-title=\"Wohnzimmer Sitzbereich mit Holzofen im Berghaus Edelhirsch\" data-lightbox-image=\"\/\/berghaus-edelhirsch.com\/wp-content\/uploads\/2021\/04\/woonkamer-zithoek-met-houtkachel-aan-berghaus-edelhirsch.jpg\" data-lightbox-alt=\"Wohnzimmer Sitzbereich mit Holzofen im Berghaus Edelhirsch\" class=\"n2-ss-slide  n2-ss-slide-524 n2-ow\"><div class=\"n2-ss-slide-background\" data-public-id=\"28\" data-mode=\"fill\"><div class=\"n2-ss-slide-background-image\" data-blur=\"0\" data-opacity=\"100\" data-x=\"50\" data-y=\"50\" data-alt=\"Wohnzimmer Sitzbereich mit Holzofen im Berghaus Edelhirsch\" data-title=\"\"><picture class=\"skip-lazy\" data-skip-lazy=\"1\"><img decoding=\"async\" src=\"\/\/berghaus-edelhirsch.com\/wp-content\/uploads\/2021\/04\/woonkamer-zithoek-met-houtkachel-aan-berghaus-edelhirsch.jpg\" alt=\"Wohnzimmer Sitzbereich mit Holzofen im Berghaus Edelhirsch\" title=\"\" loading=\"lazy\" class=\"skip-lazy\" data-skip-lazy=\"1\"><\/picture><\/div><div data-color=\"RGBA(255,255,255,0)\" style=\"background-color: RGBA(255,255,255,0);\" class=\"n2-ss-slide-background-color\"><\/div><\/div><div role=\"note\" class=\"n2-ss-slide--focus\" tabindex=\"-1\">Wohnzimmer Sitzbereich mit Holzofen im Berghaus Edelhirsch<\/div><div class=\"n2-ss-layers-container n2-ss-slide-limiter n2-ow\"><div class=\"n2-ss-layer n2-ow n-uc-6KWZRZ6teoUH\" data-sstype=\"slide\" data-pm=\"default\"><\/div><\/div><\/div><div data-slide-duration=\"0\" data-id=\"549\" data-slide-public-id=\"29\" aria-hidden=\"true\" data-title=\"Essbereich Berghaus Edelhirsch\" data-lightbox-image=\"\/\/berghaus-edelhirsch.com\/wp-content\/uploads\/2021\/04\/eethoek-berghaus-edelhirsch.jpg\" data-lightbox-alt=\"Essbereich Berghaus Edelhirsch\" class=\"n2-ss-slide  n2-ss-slide-549 n2-ow\"><div class=\"n2-ss-slide-background\" data-public-id=\"29\" data-mode=\"fill\"><div class=\"n2-ss-slide-background-image\" data-blur=\"0\" data-opacity=\"100\" data-x=\"50\" data-y=\"50\" data-alt=\"Essbereich Berghaus Edelhirsch\" data-title=\"\"><picture class=\"skip-lazy\" data-skip-lazy=\"1\"><img decoding=\"async\" src=\"\/\/berghaus-edelhirsch.com\/wp-content\/uploads\/2021\/04\/eethoek-berghaus-edelhirsch.jpg\" alt=\"Essbereich Berghaus Edelhirsch\" title=\"\" loading=\"lazy\" class=\"skip-lazy\" data-skip-lazy=\"1\"><\/picture><\/div><div data-color=\"RGBA(255,255,255,0)\" style=\"background-color: RGBA(255,255,255,0);\" class=\"n2-ss-slide-background-color\"><\/div><\/div><div role=\"note\" class=\"n2-ss-slide--focus\" tabindex=\"-1\">Essbereich Berghaus Edelhirsch<\/div><div class=\"n2-ss-layers-container n2-ss-slide-limiter n2-ow\"><div class=\"n2-ss-layer n2-ow n-uc-ZVTuYECV7WF4\" data-sstype=\"slide\" data-pm=\"default\"><\/div><\/div><\/div><div data-slide-duration=\"0\" data-id=\"548\" data-slide-public-id=\"30\" aria-hidden=\"true\" data-title=\"Essbereich und K\u00fcche Berghaus Edelhirsch\" data-lightbox-image=\"\/\/berghaus-edelhirsch.com\/wp-content\/uploads\/2021\/04\/eethoek-en-keuken-berghaus-edelhirsch.jpg\" data-lightbox-alt=\"Essbereich und K\u00fcche Berghaus Edelhirsch\" class=\"n2-ss-slide  n2-ss-slide-548 n2-ow\"><div class=\"n2-ss-slide-background\" data-public-id=\"30\" data-mode=\"fill\"><div class=\"n2-ss-slide-background-image\" data-blur=\"0\" data-opacity=\"100\" data-x=\"50\" data-y=\"50\" data-alt=\"Essbereich und K\u00fcche Berghaus Edelhirsch\" data-title=\"\"><picture class=\"skip-lazy\" data-skip-lazy=\"1\"><img decoding=\"async\" src=\"\/\/berghaus-edelhirsch.com\/wp-content\/uploads\/2021\/04\/eethoek-en-keuken-berghaus-edelhirsch.jpg\" alt=\"Essbereich und K\u00fcche Berghaus Edelhirsch\" title=\"\" loading=\"lazy\" class=\"skip-lazy\" data-skip-lazy=\"1\"><\/picture><\/div><div data-color=\"RGBA(255,255,255,0)\" style=\"background-color: RGBA(255,255,255,0);\" class=\"n2-ss-slide-background-color\"><\/div><\/div><div role=\"note\" class=\"n2-ss-slide--focus\" tabindex=\"-1\">Essbereich und K\u00fcche Berghaus Edelhirsch<\/div><div class=\"n2-ss-layers-container n2-ss-slide-limiter n2-ow\"><div class=\"n2-ss-layer n2-ow n-uc-9Ghp0lWOLxKr\" data-sstype=\"slide\" data-pm=\"default\"><\/div><\/div><\/div><div data-slide-duration=\"0\" data-id=\"547\" data-slide-public-id=\"31\" aria-hidden=\"true\" data-title=\"Essbereich Atmosph\u00e4risches Berghaus Edelhirsch\" data-lightbox-image=\"\/\/berghaus-edelhirsch.com\/wp-content\/uploads\/2021\/04\/eethoek-sfeervol-berghaus-edelhirsch.jpg\" data-lightbox-alt=\"Essbereich Atmosph\u00e4risches Berghaus Edelhirsch\" class=\"n2-ss-slide  n2-ss-slide-547 n2-ow\"><div class=\"n2-ss-slide-background\" data-public-id=\"31\" data-mode=\"fill\"><div class=\"n2-ss-slide-background-image\" data-blur=\"0\" data-opacity=\"100\" data-x=\"50\" data-y=\"50\" data-alt=\"Essbereich Atmosph\u00e4risches Berghaus Edelhirsch\" data-title=\"\"><picture class=\"skip-lazy\" data-skip-lazy=\"1\"><img decoding=\"async\" src=\"\/\/berghaus-edelhirsch.com\/wp-content\/uploads\/2021\/04\/eethoek-sfeervol-berghaus-edelhirsch.jpg\" alt=\"Essbereich Atmosph\u00e4risches Berghaus Edelhirsch\" title=\"\" loading=\"lazy\" class=\"skip-lazy\" data-skip-lazy=\"1\"><\/picture><\/div><div data-color=\"RGBA(255,255,255,0)\" style=\"background-color: RGBA(255,255,255,0);\" class=\"n2-ss-slide-background-color\"><\/div><\/div><div role=\"note\" class=\"n2-ss-slide--focus\" tabindex=\"-1\">Essbereich Atmosph\u00e4risches Berghaus Edelhirsch<\/div><div class=\"n2-ss-layers-container n2-ss-slide-limiter n2-ow\"><div class=\"n2-ss-layer n2-ow n-uc-a9VdVwL3hS6S\" data-sstype=\"slide\" data-pm=\"default\"><\/div><\/div><\/div><div data-slide-duration=\"0\" data-id=\"546\" data-slide-public-id=\"32\" aria-hidden=\"true\" data-title=\"K\u00fcche mit Ofen Berghaus Edelhirsch\" data-lightbox-image=\"\/\/berghaus-edelhirsch.com\/wp-content\/uploads\/2021\/04\/keuken-met-oven-berghaus-edelhirsch.jpg\" data-lightbox-alt=\"K\u00fcche mit Ofen Berghaus Edelhirsch\" class=\"n2-ss-slide  n2-ss-slide-546 n2-ow\"><div class=\"n2-ss-slide-background\" data-public-id=\"32\" data-mode=\"fill\"><div class=\"n2-ss-slide-background-image\" data-blur=\"0\" data-opacity=\"100\" data-x=\"50\" data-y=\"50\" data-alt=\"K\u00fcche mit Ofen Berghaus Edelhirsch\" data-title=\"\"><picture class=\"skip-lazy\" data-skip-lazy=\"1\"><img decoding=\"async\" src=\"\/\/berghaus-edelhirsch.com\/wp-content\/uploads\/2021\/04\/keuken-met-oven-berghaus-edelhirsch.jpg\" alt=\"K\u00fcche mit Ofen Berghaus Edelhirsch\" title=\"\" loading=\"lazy\" class=\"skip-lazy\" data-skip-lazy=\"1\"><\/picture><\/div><div data-color=\"RGBA(255,255,255,0)\" style=\"background-color: RGBA(255,255,255,0);\" class=\"n2-ss-slide-background-color\"><\/div><\/div><div role=\"note\" class=\"n2-ss-slide--focus\" tabindex=\"-1\">K\u00fcche mit Ofen Berghaus Edelhirsch<\/div><div class=\"n2-ss-layers-container n2-ss-slide-limiter n2-ow\"><div class=\"n2-ss-layer n2-ow n-uc-q4404dnupcDc\" data-sstype=\"slide\" data-pm=\"default\"><\/div><\/div><\/div><div data-slide-duration=\"0\" data-id=\"545\" data-slide-public-id=\"33\" aria-hidden=\"true\" data-title=\"K\u00fcchengeschirr Berghaus Edelhirsch\" data-lightbox-image=\"\/\/berghaus-edelhirsch.com\/wp-content\/uploads\/2021\/04\/keuken-servies-berghaus-edelhirsch.jpg\" data-lightbox-alt=\"K\u00fcchengeschirr Berghaus Edelhirsch\" class=\"n2-ss-slide  n2-ss-slide-545 n2-ow\"><div class=\"n2-ss-slide-background\" data-public-id=\"33\" data-mode=\"fill\"><div class=\"n2-ss-slide-background-image\" data-blur=\"0\" data-opacity=\"100\" data-x=\"50\" data-y=\"50\" data-alt=\"K\u00fcchengeschirr Berghaus Edelhirsch\" data-title=\"\"><picture class=\"skip-lazy\" data-skip-lazy=\"1\"><img decoding=\"async\" src=\"\/\/berghaus-edelhirsch.com\/wp-content\/uploads\/2021\/04\/keuken-servies-berghaus-edelhirsch.jpg\" alt=\"K\u00fcchengeschirr Berghaus Edelhirsch\" title=\"\" loading=\"lazy\" class=\"skip-lazy\" data-skip-lazy=\"1\"><\/picture><\/div><div data-color=\"RGBA(255,255,255,0)\" style=\"background-color: RGBA(255,255,255,0);\" class=\"n2-ss-slide-background-color\"><\/div><\/div><div role=\"note\" class=\"n2-ss-slide--focus\" tabindex=\"-1\">K\u00fcchengeschirr Berghaus Edelhirsch<\/div><div class=\"n2-ss-layers-container n2-ss-slide-limiter n2-ow\"><div class=\"n2-ss-layer n2-ow n-uc-PM3RdQJHZSRw\" data-sstype=\"slide\" data-pm=\"default\"><\/div><\/div><\/div><div data-slide-duration=\"0\" data-id=\"532\" data-slide-public-id=\"34\" aria-hidden=\"true\" data-title=\"Toilette Erdgeschoss Berghaus Edelhirsch\" data-lightbox-image=\"\/\/berghaus-edelhirsch.com\/wp-content\/uploads\/2021\/04\/toilet-begane-grond-berghaus-edelhirsch.jpg\" data-lightbox-alt=\"Toilette Erdgeschoss Berghaus Edelhirsch\" class=\"n2-ss-slide  n2-ss-slide-532 n2-ow\"><div class=\"n2-ss-slide-background\" data-public-id=\"34\" data-mode=\"fill\"><div class=\"n2-ss-slide-background-image\" data-blur=\"0\" data-opacity=\"100\" data-x=\"50\" data-y=\"50\" data-alt=\"Toilette Erdgeschoss Berghaus Edelhirsch\" data-title=\"\"><picture class=\"skip-lazy\" data-skip-lazy=\"1\"><img decoding=\"async\" src=\"\/\/berghaus-edelhirsch.com\/wp-content\/uploads\/2021\/04\/toilet-begane-grond-berghaus-edelhirsch.jpg\" alt=\"Toilette Erdgeschoss Berghaus Edelhirsch\" title=\"\" loading=\"lazy\" class=\"skip-lazy\" data-skip-lazy=\"1\"><\/picture><\/div><div data-color=\"RGBA(255,255,255,0)\" style=\"background-color: RGBA(255,255,255,0);\" class=\"n2-ss-slide-background-color\"><\/div><\/div><div role=\"note\" class=\"n2-ss-slide--focus\" tabindex=\"-1\">Toilette Erdgeschoss Berghaus Edelhirsch<\/div><div class=\"n2-ss-layers-container n2-ss-slide-limiter n2-ow\"><div class=\"n2-ss-layer n2-ow n-uc-1HLfO3Pe85n3\" data-sstype=\"slide\" data-pm=\"default\"><\/div><\/div><\/div><div data-slide-duration=\"0\" data-id=\"531\" data-slide-public-id=\"35\" aria-hidden=\"true\" data-title=\"Toilette Erdgeschoss Waschmaschine W\u00e4schetrockner Berghaus Edelhirsch\" data-lightbox-image=\"\/\/berghaus-edelhirsch.com\/wp-content\/uploads\/2021\/04\/toilet-begane-grond-wasmachine-wasdroger-berghaus-edelhirsch.jpg\" data-lightbox-alt=\"Toilette Erdgeschoss Waschmaschine W\u00e4schetrockner Berghaus Edelhirsch\" class=\"n2-ss-slide  n2-ss-slide-531 n2-ow\"><div class=\"n2-ss-slide-background\" data-public-id=\"35\" data-mode=\"fill\"><div class=\"n2-ss-slide-background-image\" data-blur=\"0\" data-opacity=\"100\" data-x=\"50\" data-y=\"50\" data-alt=\"Toilette Erdgeschoss Waschmaschine W\u00e4schetrockner Berghaus Edelhirsch\" data-title=\"\"><picture class=\"skip-lazy\" data-skip-lazy=\"1\"><img decoding=\"async\" src=\"\/\/berghaus-edelhirsch.com\/wp-content\/uploads\/2021\/04\/toilet-begane-grond-wasmachine-wasdroger-berghaus-edelhirsch.jpg\" alt=\"Toilette Erdgeschoss Waschmaschine W\u00e4schetrockner Berghaus Edelhirsch\" title=\"\" loading=\"lazy\" class=\"skip-lazy\" data-skip-lazy=\"1\"><\/picture><\/div><div data-color=\"RGBA(255,255,255,0)\" style=\"background-color: RGBA(255,255,255,0);\" class=\"n2-ss-slide-background-color\"><\/div><\/div><div role=\"note\" class=\"n2-ss-slide--focus\" tabindex=\"-1\">Toilette Erdgeschoss Waschmaschine W\u00e4schetrockner Berghaus Edelhirsch<\/div><div class=\"n2-ss-layers-container n2-ss-slide-limiter n2-ow\"><div class=\"n2-ss-layer n2-ow n-uc-QYNIz9JcgNy6\" data-sstype=\"slide\" data-pm=\"default\"><\/div><\/div><\/div><div data-slide-duration=\"0\" data-id=\"544\" data-slide-public-id=\"36\" aria-hidden=\"true\" data-title=\"Ordner mit touristischen Informationen Berghaus Edelhirsch\" data-lightbox-image=\"\/\/berghaus-edelhirsch.com\/wp-content\/uploads\/2021\/04\/mappen-met-touristische-informatie-berghaus-edelhirsch.jpg\" data-lightbox-alt=\"Ordner mit touristischen Informationen Berghaus Edelhirsch\" class=\"n2-ss-slide  n2-ss-slide-544 n2-ow\"><div class=\"n2-ss-slide-background\" data-public-id=\"36\" data-mode=\"fill\"><div class=\"n2-ss-slide-background-image\" data-blur=\"0\" data-opacity=\"100\" data-x=\"50\" data-y=\"50\" data-alt=\"Ordner mit touristischen Informationen Berghaus Edelhirsch\" data-title=\"\"><picture class=\"skip-lazy\" data-skip-lazy=\"1\"><img decoding=\"async\" src=\"\/\/berghaus-edelhirsch.com\/wp-content\/uploads\/2021\/04\/mappen-met-touristische-informatie-berghaus-edelhirsch.jpg\" alt=\"Ordner mit touristischen Informationen Berghaus Edelhirsch\" title=\"\" loading=\"lazy\" class=\"skip-lazy\" data-skip-lazy=\"1\"><\/picture><\/div><div data-color=\"RGBA(255,255,255,0)\" style=\"background-color: RGBA(255,255,255,0);\" class=\"n2-ss-slide-background-color\"><\/div><\/div><div role=\"note\" class=\"n2-ss-slide--focus\" tabindex=\"-1\">Ordner mit touristischen Informationen Berghaus Edelhirsch<\/div><div class=\"n2-ss-layers-container n2-ss-slide-limiter n2-ow\"><div class=\"n2-ss-layer n2-ow n-uc-YPNHwAXA5l57\" data-sstype=\"slide\" data-pm=\"default\"><\/div><\/div><\/div><div data-slide-duration=\"0\" data-id=\"542\" data-slide-public-id=\"37\" aria-hidden=\"true\" data-title=\"Schlafzimmer 1 Berghaus Edelhirsch\" data-lightbox-image=\"\/\/berghaus-edelhirsch.com\/wp-content\/uploads\/2021\/04\/slaapkamer-1-berghaus-edelhirsch.jpg\" data-lightbox-alt=\"Schlafzimmer 1 Berghaus Edelhirsch\" class=\"n2-ss-slide  n2-ss-slide-542 n2-ow\"><div class=\"n2-ss-slide-background\" data-public-id=\"37\" data-mode=\"fill\"><div class=\"n2-ss-slide-background-image\" data-blur=\"0\" data-opacity=\"100\" data-x=\"50\" data-y=\"50\" data-alt=\"Schlafzimmer 1 Berghaus Edelhirsch\" data-title=\"\"><picture class=\"skip-lazy\" data-skip-lazy=\"1\"><img decoding=\"async\" src=\"\/\/berghaus-edelhirsch.com\/wp-content\/uploads\/2021\/04\/slaapkamer-1-berghaus-edelhirsch.jpg\" alt=\"Schlafzimmer 1 Berghaus Edelhirsch\" title=\"\" loading=\"lazy\" class=\"skip-lazy\" data-skip-lazy=\"1\"><\/picture><\/div><div data-color=\"RGBA(255,255,255,0)\" style=\"background-color: RGBA(255,255,255,0);\" class=\"n2-ss-slide-background-color\"><\/div><\/div><div role=\"note\" class=\"n2-ss-slide--focus\" tabindex=\"-1\">Schlafzimmer 1 Berghaus Edelhirsch<\/div><div class=\"n2-ss-layers-container n2-ss-slide-limiter n2-ow\"><div class=\"n2-ss-layer n2-ow n-uc-WYWyEusKShiT\" data-sstype=\"slide\" data-pm=\"default\"><\/div><\/div><\/div><div data-slide-duration=\"0\" data-id=\"540\" data-slide-public-id=\"38\" aria-hidden=\"true\" data-title=\"Schlafzimmer 1 mit Balkont\u00fcren Berghaus Edelhirsch\" data-lightbox-image=\"\/\/berghaus-edelhirsch.com\/wp-content\/uploads\/2021\/04\/slaapkamer-1-met-balkondeuren-berghaus-edelhirsch.jpg\" data-lightbox-alt=\"Schlafzimmer 1 mit Balkont\u00fcren Berghaus Edelhirsch\" class=\"n2-ss-slide  n2-ss-slide-540 n2-ow\"><div class=\"n2-ss-slide-background\" data-public-id=\"38\" data-mode=\"fill\"><div class=\"n2-ss-slide-background-image\" data-blur=\"0\" data-opacity=\"100\" data-x=\"50\" data-y=\"50\" data-alt=\"Schlafzimmer 1 mit Balkont\u00fcren Berghaus Edelhirsch\" data-title=\"\"><picture class=\"skip-lazy\" data-skip-lazy=\"1\"><img decoding=\"async\" src=\"\/\/berghaus-edelhirsch.com\/wp-content\/uploads\/2021\/04\/slaapkamer-1-met-balkondeuren-berghaus-edelhirsch.jpg\" alt=\"Schlafzimmer 1 mit Balkont\u00fcren Berghaus Edelhirsch\" title=\"\" loading=\"lazy\" class=\"skip-lazy\" data-skip-lazy=\"1\"><\/picture><\/div><div data-color=\"RGBA(255,255,255,0)\" style=\"background-color: RGBA(255,255,255,0);\" class=\"n2-ss-slide-background-color\"><\/div><\/div><div role=\"note\" class=\"n2-ss-slide--focus\" tabindex=\"-1\">Schlafzimmer 1 mit Balkont\u00fcren Berghaus Edelhirsch<\/div><div class=\"n2-ss-layers-container n2-ss-slide-limiter n2-ow\"><div class=\"n2-ss-layer n2-ow n-uc-9VJDeqsR9GHz\" data-sstype=\"slide\" data-pm=\"default\"><\/div><\/div><\/div><div data-slide-duration=\"0\" data-id=\"539\" data-slide-public-id=\"39\" aria-hidden=\"true\" data-title=\"Schlafzimmer 1 mit Balkont\u00fcren offen Berghaus Edelhirsch\" data-lightbox-image=\"\/\/berghaus-edelhirsch.com\/wp-content\/uploads\/2021\/04\/slaapkamer-1-met-balkondeuren-open-berghaus-edelhirsch.jpg\" data-lightbox-alt=\"Schlafzimmer 1 mit Balkont\u00fcren offen Berghaus Edelhirsch\" class=\"n2-ss-slide  n2-ss-slide-539 n2-ow\"><div class=\"n2-ss-slide-background\" data-public-id=\"39\" data-mode=\"fill\"><div class=\"n2-ss-slide-background-image\" data-blur=\"0\" data-opacity=\"100\" data-x=\"50\" data-y=\"50\" data-alt=\"Schlafzimmer 1 mit Balkont\u00fcren offen Berghaus Edelhirsch\" data-title=\"\"><picture class=\"skip-lazy\" data-skip-lazy=\"1\"><img decoding=\"async\" src=\"\/\/berghaus-edelhirsch.com\/wp-content\/uploads\/2021\/04\/slaapkamer-1-met-balkondeuren-open-berghaus-edelhirsch.jpg\" alt=\"Schlafzimmer 1 mit Balkont\u00fcren offen Berghaus Edelhirsch\" title=\"\" loading=\"lazy\" class=\"skip-lazy\" data-skip-lazy=\"1\"><\/picture><\/div><div data-color=\"RGBA(255,255,255,0)\" style=\"background-color: RGBA(255,255,255,0);\" class=\"n2-ss-slide-background-color\"><\/div><\/div><div role=\"note\" class=\"n2-ss-slide--focus\" tabindex=\"-1\">Schlafzimmer 1 mit Balkont\u00fcren offen Berghaus Edelhirsch<\/div><div class=\"n2-ss-layers-container n2-ss-slide-limiter n2-ow\"><div class=\"n2-ss-layer n2-ow n-uc-5PUyAmtpiOL6\" data-sstype=\"slide\" data-pm=\"default\"><\/div><\/div><\/div><div data-slide-duration=\"0\" data-id=\"541\" data-slide-public-id=\"40\" aria-hidden=\"true\" data-title=\"Schlafzimmer 1 mit Babybett Berghaus Edelhirsch\" data-lightbox-image=\"\/\/berghaus-edelhirsch.com\/wp-content\/uploads\/2021\/04\/slaapkamer-1-met-babybed-berghaus-edelhirsch.jpg\" data-lightbox-alt=\"Schlafzimmer 1 mit Babybett Berghaus Edelhirsch\" class=\"n2-ss-slide  n2-ss-slide-541 n2-ow\"><div class=\"n2-ss-slide-background\" data-public-id=\"40\" data-mode=\"fill\"><div class=\"n2-ss-slide-background-image\" data-blur=\"0\" data-opacity=\"100\" data-x=\"50\" data-y=\"50\" data-alt=\"Schlafzimmer 1 mit Babybett Berghaus Edelhirsch\" data-title=\"\"><picture class=\"skip-lazy\" data-skip-lazy=\"1\"><img decoding=\"async\" src=\"\/\/berghaus-edelhirsch.com\/wp-content\/uploads\/2021\/04\/slaapkamer-1-met-babybed-berghaus-edelhirsch.jpg\" alt=\"Schlafzimmer 1 mit Babybett Berghaus Edelhirsch\" title=\"\" loading=\"lazy\" class=\"skip-lazy\" data-skip-lazy=\"1\"><\/picture><\/div><div data-color=\"RGBA(255,255,255,0)\" style=\"background-color: RGBA(255,255,255,0);\" class=\"n2-ss-slide-background-color\"><\/div><\/div><div role=\"note\" class=\"n2-ss-slide--focus\" tabindex=\"-1\">Schlafzimmer 1 mit Babybett Berghaus Edelhirsch<\/div><div class=\"n2-ss-layers-container n2-ss-slide-limiter n2-ow\"><div class=\"n2-ss-layer n2-ow n-uc-dNrGR0NBrUrT\" data-sstype=\"slide\" data-pm=\"default\"><\/div><\/div><\/div><div data-slide-duration=\"0\" data-id=\"543\" data-slide-public-id=\"41\" aria-hidden=\"true\" data-title=\"Schlafzimmer 1 Babybett Berghaus Edelhirsch\" data-lightbox-image=\"\/\/berghaus-edelhirsch.com\/wp-content\/uploads\/2021\/04\/slaapkamer-1-babybed-berghaus-edelhirsch.jpg\" data-lightbox-alt=\"Schlafzimmer 1 Babybett Berghaus Edelhirsch\" class=\"n2-ss-slide  n2-ss-slide-543 n2-ow\"><div class=\"n2-ss-slide-background\" data-public-id=\"41\" data-mode=\"fill\"><div class=\"n2-ss-slide-background-image\" data-blur=\"0\" data-opacity=\"100\" data-x=\"50\" data-y=\"50\" data-alt=\"Schlafzimmer 1 Babybett Berghaus Edelhirsch\" data-title=\"\"><picture class=\"skip-lazy\" data-skip-lazy=\"1\"><img decoding=\"async\" src=\"\/\/berghaus-edelhirsch.com\/wp-content\/uploads\/2021\/04\/slaapkamer-1-babybed-berghaus-edelhirsch.jpg\" alt=\"Schlafzimmer 1 Babybett Berghaus Edelhirsch\" title=\"\" loading=\"lazy\" class=\"skip-lazy\" data-skip-lazy=\"1\"><\/picture><\/div><div data-color=\"RGBA(255,255,255,0)\" style=\"background-color: RGBA(255,255,255,0);\" class=\"n2-ss-slide-background-color\"><\/div><\/div><div role=\"note\" class=\"n2-ss-slide--focus\" tabindex=\"-1\">Schlafzimmer 1 Babybett Berghaus Edelhirsch<\/div><div class=\"n2-ss-layers-container n2-ss-slide-limiter n2-ow\"><div class=\"n2-ss-layer n2-ow n-uc-YFD6C7ttMxxC\" data-sstype=\"slide\" data-pm=\"default\"><\/div><\/div><\/div><div data-slide-duration=\"0\" data-id=\"931\" data-slide-public-id=\"42\" aria-hidden=\"true\" data-title=\"Berghaus Edelhirsch gro\u00dfz\u00fcgiger Balkon\" data-lightbox-image=\"\/\/berghaus-edelhirsch.com\/wp-content\/uploads\/2021\/07\/Berghaus-Edelhirsch-ruim-balkon.jpg\" data-lightbox-alt=\"Berghaus Edelhirsch gro\u00dfz\u00fcgiger Balkon\" class=\"n2-ss-slide  n2-ss-slide-931 n2-ow\"><div class=\"n2-ss-slide-background\" data-public-id=\"42\" data-mode=\"fill\"><div class=\"n2-ss-slide-background-image\" data-blur=\"0\" data-opacity=\"100\" data-x=\"50\" data-y=\"50\" data-alt=\"Berghaus Edelhirsch gro\u00dfz\u00fcgiger Balkon\" data-title=\"\"><picture class=\"skip-lazy\" data-skip-lazy=\"1\"><img decoding=\"async\" src=\"\/\/berghaus-edelhirsch.com\/wp-content\/uploads\/2021\/07\/Berghaus-Edelhirsch-ruim-balkon.jpg\" alt=\"Berghaus Edelhirsch gro\u00dfz\u00fcgiger Balkon\" title=\"\" loading=\"lazy\" class=\"skip-lazy\" data-skip-lazy=\"1\"><\/picture><\/div><div data-color=\"RGBA(255,255,255,0)\" style=\"background-color: RGBA(255,255,255,0);\" class=\"n2-ss-slide-background-color\"><\/div><\/div><div role=\"note\" class=\"n2-ss-slide--focus\" tabindex=\"-1\">Berghaus Edelhirsch gro\u00dfz\u00fcgiger Balkon<\/div><div class=\"n2-ss-layers-container n2-ss-slide-limiter n2-ow\"><div class=\"n2-ss-layer n2-ow n-uc-0hLFOTHckJBo\" data-sstype=\"slide\" data-pm=\"default\"><\/div><\/div><\/div><div data-slide-duration=\"0\" data-id=\"935\" data-slide-public-id=\"43\" aria-hidden=\"true\" data-title=\"Berghaus Edelhirsch Blumenk\u00e4sten\" data-lightbox-image=\"\/\/berghaus-edelhirsch.com\/wp-content\/uploads\/2021\/07\/Berghaus-Edelhirsch-Bloembakken.jpg\" data-lightbox-alt=\"Berghaus Edelhirsch Blumenk\u00e4sten\" class=\"n2-ss-slide  n2-ss-slide-935 n2-ow\"><div class=\"n2-ss-slide-background\" data-public-id=\"43\" data-mode=\"fill\"><div class=\"n2-ss-slide-background-image\" data-blur=\"0\" data-opacity=\"100\" data-x=\"50\" data-y=\"50\" data-alt=\"Berghaus Edelhirsch Blumenk\u00e4sten\" data-title=\"\"><picture class=\"skip-lazy\" data-skip-lazy=\"1\"><img decoding=\"async\" src=\"\/\/berghaus-edelhirsch.com\/wp-content\/uploads\/2021\/07\/Berghaus-Edelhirsch-Bloembakken.jpg\" alt=\"Berghaus Edelhirsch Blumenk\u00e4sten\" title=\"\" loading=\"lazy\" class=\"skip-lazy\" data-skip-lazy=\"1\"><\/picture><\/div><div data-color=\"RGBA(255,255,255,0)\" style=\"background-color: RGBA(255,255,255,0);\" class=\"n2-ss-slide-background-color\"><\/div><\/div><div role=\"note\" class=\"n2-ss-slide--focus\" tabindex=\"-1\">Berghaus Edelhirsch Blumenk\u00e4sten<\/div><div class=\"n2-ss-layers-container n2-ss-slide-limiter n2-ow\"><div class=\"n2-ss-layer n2-ow n-uc-hU1xPQxrUkAk\" data-sstype=\"slide\" data-pm=\"default\"><\/div><\/div><\/div><div data-slide-duration=\"0\" data-id=\"558\" data-slide-public-id=\"44\" aria-hidden=\"true\" data-title=\"Bad 1. Stock Dusche und WC Berghaus Edelhirsch\" data-lightbox-image=\"\/\/berghaus-edelhirsch.com\/wp-content\/uploads\/2021\/04\/badkamer-1e-verdieping-douche-en-toilet-berghaus-edelhirsch.jpg\" data-lightbox-alt=\"Bad 1. Stock Dusche und WC Berghaus Edelhirsch\" class=\"n2-ss-slide  n2-ss-slide-558 n2-ow\"><div class=\"n2-ss-slide-background\" data-public-id=\"44\" data-mode=\"fill\"><div class=\"n2-ss-slide-background-image\" data-blur=\"0\" data-opacity=\"100\" data-x=\"50\" data-y=\"50\" data-alt=\"Bad 1. Stock Dusche und WC Berghaus Edelhirsch\" data-title=\"\"><picture class=\"skip-lazy\" data-skip-lazy=\"1\"><img decoding=\"async\" src=\"\/\/berghaus-edelhirsch.com\/wp-content\/uploads\/2021\/04\/badkamer-1e-verdieping-douche-en-toilet-berghaus-edelhirsch.jpg\" alt=\"Bad 1. Stock Dusche und WC Berghaus Edelhirsch\" title=\"\" loading=\"lazy\" class=\"skip-lazy\" data-skip-lazy=\"1\"><\/picture><\/div><div data-color=\"RGBA(255,255,255,0)\" style=\"background-color: RGBA(255,255,255,0);\" class=\"n2-ss-slide-background-color\"><\/div><\/div><div role=\"note\" class=\"n2-ss-slide--focus\" tabindex=\"-1\">Bad 1. Stock Dusche und WC Berghaus Edelhirsch<\/div><div class=\"n2-ss-layers-container n2-ss-slide-limiter n2-ow\"><div class=\"n2-ss-layer n2-ow n-uc-ADbXKOeoPfbQ\" data-sstype=\"slide\" data-pm=\"default\"><\/div><\/div><\/div><div data-slide-duration=\"0\" data-id=\"557\" data-slide-public-id=\"45\" aria-hidden=\"true\" data-title=\"Badezimmer 1. Stock Toilette Berghaus Edelhirsch\" data-lightbox-image=\"\/\/berghaus-edelhirsch.com\/wp-content\/uploads\/2021\/04\/badkamer-1e-verdieping-toilet-berghaus-edelhirsch.jpg\" data-lightbox-alt=\"Badezimmer 1. Stock Toilette Berghaus Edelhirsch\" class=\"n2-ss-slide  n2-ss-slide-557 n2-ow\"><div class=\"n2-ss-slide-background\" data-public-id=\"45\" data-mode=\"fill\"><div class=\"n2-ss-slide-background-image\" data-blur=\"0\" data-opacity=\"100\" data-x=\"50\" data-y=\"50\" data-alt=\"Badezimmer 1. Stock Toilette Berghaus Edelhirsch\" data-title=\"\"><picture class=\"skip-lazy\" data-skip-lazy=\"1\"><img decoding=\"async\" src=\"\/\/berghaus-edelhirsch.com\/wp-content\/uploads\/2021\/04\/badkamer-1e-verdieping-toilet-berghaus-edelhirsch.jpg\" alt=\"Badezimmer 1. Stock Toilette Berghaus Edelhirsch\" title=\"\" loading=\"lazy\" class=\"skip-lazy\" data-skip-lazy=\"1\"><\/picture><\/div><div data-color=\"RGBA(255,255,255,0)\" style=\"background-color: RGBA(255,255,255,0);\" class=\"n2-ss-slide-background-color\"><\/div><\/div><div role=\"note\" class=\"n2-ss-slide--focus\" tabindex=\"-1\">Badezimmer 1. Stock Toilette Berghaus Edelhirsch<\/div><div class=\"n2-ss-layers-container n2-ss-slide-limiter n2-ow\"><div class=\"n2-ss-layer n2-ow n-uc-LoKrED6EXE6Q\" data-sstype=\"slide\" data-pm=\"default\"><\/div><\/div><\/div><div data-slide-duration=\"0\" data-id=\"556\" data-slide-public-id=\"46\" aria-hidden=\"true\" data-title=\"Badezimmer 1. Stock Waschbecken Berghaus Edelhirsch\" data-lightbox-image=\"\/\/berghaus-edelhirsch.com\/wp-content\/uploads\/2021\/04\/badkamer-1e-verdieping-wastafel-berghaus-edelhirsch.jpg\" data-lightbox-alt=\"Badezimmer 1. Stock Waschbecken Berghaus Edelhirsch\" class=\"n2-ss-slide  n2-ss-slide-556 n2-ow\"><div class=\"n2-ss-slide-background\" data-public-id=\"46\" data-mode=\"fill\"><div class=\"n2-ss-slide-background-image\" data-blur=\"0\" data-opacity=\"100\" data-x=\"50\" data-y=\"50\" data-alt=\"Badezimmer 1. Stock Waschbecken Berghaus Edelhirsch\" data-title=\"\"><picture class=\"skip-lazy\" data-skip-lazy=\"1\"><img decoding=\"async\" src=\"\/\/berghaus-edelhirsch.com\/wp-content\/uploads\/2021\/04\/badkamer-1e-verdieping-wastafel-berghaus-edelhirsch.jpg\" alt=\"Badezimmer 1. Stock Waschbecken Berghaus Edelhirsch\" title=\"\" loading=\"lazy\" class=\"skip-lazy\" data-skip-lazy=\"1\"><\/picture><\/div><div data-color=\"RGBA(255,255,255,0)\" style=\"background-color: RGBA(255,255,255,0);\" class=\"n2-ss-slide-background-color\"><\/div><\/div><div role=\"note\" class=\"n2-ss-slide--focus\" tabindex=\"-1\">Badezimmer 1. Stock Waschbecken Berghaus Edelhirsch<\/div><div class=\"n2-ss-layers-container n2-ss-slide-limiter n2-ow\"><div class=\"n2-ss-layer n2-ow n-uc-WIBMuAS8fR6l\" data-sstype=\"slide\" data-pm=\"default\"><\/div><\/div><\/div><div data-slide-duration=\"0\" data-id=\"534\" data-slide-public-id=\"47\" aria-hidden=\"true\" data-title=\"Schlafzimmer 2 Doppel Boxspring Bett Berghaus Edelhirsch\" data-lightbox-image=\"\/\/berghaus-edelhirsch.com\/wp-content\/uploads\/2021\/04\/slaapkamer-2-tweepersoons-boxspring-bed-berghaus-edelhirsch.jpg\" data-lightbox-alt=\"Schlafzimmer 2 Doppel Boxspring Bett Berghaus Edelhirsch\" class=\"n2-ss-slide  n2-ss-slide-534 n2-ow\"><div class=\"n2-ss-slide-background\" data-public-id=\"47\" data-mode=\"fill\"><div class=\"n2-ss-slide-background-image\" data-blur=\"0\" data-opacity=\"100\" data-x=\"50\" data-y=\"50\" data-alt=\"Schlafzimmer 2 Doppel Boxspring Bett Berghaus Edelhirsch\" data-title=\"\"><picture class=\"skip-lazy\" data-skip-lazy=\"1\"><img decoding=\"async\" src=\"\/\/berghaus-edelhirsch.com\/wp-content\/uploads\/2021\/04\/slaapkamer-2-tweepersoons-boxspring-bed-berghaus-edelhirsch.jpg\" alt=\"Schlafzimmer 2 Doppel Boxspring Bett Berghaus Edelhirsch\" title=\"\" loading=\"lazy\" class=\"skip-lazy\" data-skip-lazy=\"1\"><\/picture><\/div><div data-color=\"RGBA(255,255,255,0)\" style=\"background-color: RGBA(255,255,255,0);\" class=\"n2-ss-slide-background-color\"><\/div><\/div><div role=\"note\" class=\"n2-ss-slide--focus\" tabindex=\"-1\">Schlafzimmer 2 Doppel Boxspring Bett Berghaus Edelhirsch<\/div><div class=\"n2-ss-layers-container n2-ss-slide-limiter n2-ow\"><div class=\"n2-ss-layer n2-ow n-uc-r5aXY6pJff16\" data-sstype=\"slide\" data-pm=\"default\"><\/div><\/div><\/div><div data-slide-duration=\"0\" data-id=\"537\" data-slide-public-id=\"48\" aria-hidden=\"true\" data-title=\"Schlafzimmer 2 Schrankwand Berghaus Edelhirsch\" data-lightbox-image=\"\/\/berghaus-edelhirsch.com\/wp-content\/uploads\/2021\/04\/slaapkamer-2-kastenwand-berghaus-edelhirsch.jpg\" data-lightbox-alt=\"Schlafzimmer 2 Schrankwand Berghaus Edelhirsch\" class=\"n2-ss-slide  n2-ss-slide-537 n2-ow\"><div class=\"n2-ss-slide-background\" data-public-id=\"48\" data-mode=\"fill\"><div class=\"n2-ss-slide-background-image\" data-blur=\"0\" data-opacity=\"100\" data-x=\"50\" data-y=\"50\" data-alt=\"Schlafzimmer 2 Schrankwand Berghaus Edelhirsch\" data-title=\"\"><picture class=\"skip-lazy\" data-skip-lazy=\"1\"><img decoding=\"async\" src=\"\/\/berghaus-edelhirsch.com\/wp-content\/uploads\/2021\/04\/slaapkamer-2-kastenwand-berghaus-edelhirsch.jpg\" alt=\"Schlafzimmer 2 Schrankwand Berghaus Edelhirsch\" title=\"\" loading=\"lazy\" class=\"skip-lazy\" data-skip-lazy=\"1\"><\/picture><\/div><div data-color=\"RGBA(255,255,255,0)\" style=\"background-color: RGBA(255,255,255,0);\" class=\"n2-ss-slide-background-color\"><\/div><\/div><div role=\"note\" class=\"n2-ss-slide--focus\" tabindex=\"-1\">Schlafzimmer 2 Schrankwand Berghaus Edelhirsch<\/div><div class=\"n2-ss-layers-container n2-ss-slide-limiter n2-ow\"><div class=\"n2-ss-layer n2-ow n-uc-DPgvJ0hyRWa8\" data-sstype=\"slide\" data-pm=\"default\"><\/div><\/div><\/div><div data-slide-duration=\"0\" data-id=\"838\" data-slide-public-id=\"49\" aria-hidden=\"true\" data-title=\"1 Bett Schlafzimmer 2\" data-lightbox-image=\"\/\/berghaus-edelhirsch.com\/wp-content\/uploads\/2021\/05\/1-persoonsbed-slaapkamer-2.jpg\" data-lightbox-alt=\"1 Bett Schlafzimmer 2\" class=\"n2-ss-slide  n2-ss-slide-838 n2-ow\"><div class=\"n2-ss-slide-background\" data-public-id=\"49\" data-mode=\"fill\"><div class=\"n2-ss-slide-background-image\" data-blur=\"0\" data-opacity=\"100\" data-x=\"50\" data-y=\"50\" data-alt=\"1 Bett Schlafzimmer 2\" data-title=\"\"><picture class=\"skip-lazy\" data-skip-lazy=\"1\"><img decoding=\"async\" src=\"\/\/berghaus-edelhirsch.com\/wp-content\/uploads\/2021\/05\/1-persoonsbed-slaapkamer-2.jpg\" alt=\"1 Bett Schlafzimmer 2\" title=\"\" loading=\"lazy\" class=\"skip-lazy\" data-skip-lazy=\"1\"><\/picture><\/div><div data-color=\"RGBA(255,255,255,0)\" style=\"background-color: RGBA(255,255,255,0);\" class=\"n2-ss-slide-background-color\"><\/div><\/div><div role=\"note\" class=\"n2-ss-slide--focus\" tabindex=\"-1\">1 Bett Schlafzimmer 2<\/div><div class=\"n2-ss-layers-container n2-ss-slide-limiter n2-ow\"><div class=\"n2-ss-layer n2-ow n-uc-jJm3hdg0XpG0\" data-sstype=\"slide\" data-pm=\"default\"><\/div><\/div><\/div><div data-slide-duration=\"0\" data-id=\"839\" data-slide-public-id=\"50\" aria-hidden=\"true\" data-title=\"Doppelbett Schlafzimmer 2\" data-lightbox-image=\"\/\/berghaus-edelhirsch.com\/wp-content\/uploads\/2021\/05\/2-persoonsbed-slaapkamer-2.jpg\" data-lightbox-alt=\"Doppelbett Schlafzimmer 2\" class=\"n2-ss-slide  n2-ss-slide-839 n2-ow\"><div class=\"n2-ss-slide-background\" data-public-id=\"50\" data-mode=\"fill\"><div class=\"n2-ss-slide-background-image\" data-blur=\"0\" data-opacity=\"100\" data-x=\"50\" data-y=\"50\" data-alt=\"Doppelbett Schlafzimmer 2\" data-title=\"\"><picture class=\"skip-lazy\" data-skip-lazy=\"1\"><img decoding=\"async\" src=\"\/\/berghaus-edelhirsch.com\/wp-content\/uploads\/2021\/05\/2-persoonsbed-slaapkamer-2.jpg\" alt=\"Doppelbett Schlafzimmer 2\" title=\"\" loading=\"lazy\" class=\"skip-lazy\" data-skip-lazy=\"1\"><\/picture><\/div><div data-color=\"RGBA(255,255,255,0)\" style=\"background-color: RGBA(255,255,255,0);\" class=\"n2-ss-slide-background-color\"><\/div><\/div><div role=\"note\" class=\"n2-ss-slide--focus\" tabindex=\"-1\">Doppelbett Schlafzimmer 2<\/div><div class=\"n2-ss-layers-container n2-ss-slide-limiter n2-ow\"><div class=\"n2-ss-layer n2-ow n-uc-y2ObpHewT07j\" data-sstype=\"slide\" data-pm=\"default\"><\/div><\/div><\/div><div data-slide-duration=\"0\" data-id=\"555\" data-slide-public-id=\"51\" aria-hidden=\"true\" data-title=\"Badezimmer 2. Stock Berghaus Edelhirsch\" data-lightbox-image=\"\/\/berghaus-edelhirsch.com\/wp-content\/uploads\/2021\/04\/badkamer-2e-verdieping-berghaus-edelhirsch.jpg\" data-lightbox-alt=\"Badezimmer 2. Stock Berghaus Edelhirsch\" class=\"n2-ss-slide  n2-ss-slide-555 n2-ow\"><div class=\"n2-ss-slide-background\" data-public-id=\"51\" data-mode=\"fill\"><div class=\"n2-ss-slide-background-image\" data-blur=\"0\" data-opacity=\"100\" data-x=\"50\" data-y=\"50\" data-alt=\"Badezimmer 2. Stock Berghaus Edelhirsch\" data-title=\"\"><picture class=\"skip-lazy\" data-skip-lazy=\"1\"><img decoding=\"async\" src=\"\/\/berghaus-edelhirsch.com\/wp-content\/uploads\/2021\/04\/badkamer-2e-verdieping-berghaus-edelhirsch.jpg\" alt=\"Badezimmer 2. Stock Berghaus Edelhirsch\" title=\"\" loading=\"lazy\" class=\"skip-lazy\" data-skip-lazy=\"1\"><\/picture><\/div><div data-color=\"RGBA(255,255,255,0)\" style=\"background-color: RGBA(255,255,255,0);\" class=\"n2-ss-slide-background-color\"><\/div><\/div><div role=\"note\" class=\"n2-ss-slide--focus\" tabindex=\"-1\">Badezimmer 2. Stock Berghaus Edelhirsch<\/div><div class=\"n2-ss-layers-container n2-ss-slide-limiter n2-ow\"><div class=\"n2-ss-layer n2-ow n-uc-joi4XA6HkM0b\" data-sstype=\"slide\" data-pm=\"default\"><\/div><\/div><\/div><div data-slide-duration=\"0\" data-id=\"533\" data-slide-public-id=\"52\" aria-hidden=\"true\" data-title=\"Schlafzimmer 3 Dachgeschoss Berghaus Edelhirsch\" data-lightbox-image=\"\/\/berghaus-edelhirsch.com\/wp-content\/uploads\/2021\/04\/slaapkamer-3-zolder-berghaus-edelhirsch.jpg\" data-lightbox-alt=\"Schlafzimmer 3 Dachgeschoss Berghaus Edelhirsch\" class=\"n2-ss-slide  n2-ss-slide-533 n2-ow\"><div class=\"n2-ss-slide-background\" data-public-id=\"52\" data-mode=\"fill\"><div class=\"n2-ss-slide-background-image\" data-blur=\"0\" data-opacity=\"100\" data-x=\"50\" data-y=\"50\" data-alt=\"Schlafzimmer 3 Dachgeschoss Berghaus Edelhirsch\" data-title=\"\"><picture class=\"skip-lazy\" data-skip-lazy=\"1\"><img decoding=\"async\" src=\"\/\/berghaus-edelhirsch.com\/wp-content\/uploads\/2021\/04\/slaapkamer-3-zolder-berghaus-edelhirsch.jpg\" alt=\"Schlafzimmer 3 Dachgeschoss Berghaus Edelhirsch\" title=\"\" loading=\"lazy\" class=\"skip-lazy\" data-skip-lazy=\"1\"><\/picture><\/div><div data-color=\"RGBA(255,255,255,0)\" style=\"background-color: RGBA(255,255,255,0);\" class=\"n2-ss-slide-background-color\"><\/div><\/div><div role=\"note\" class=\"n2-ss-slide--focus\" tabindex=\"-1\">Schlafzimmer 3 Dachgeschoss Berghaus Edelhirsch<\/div><div class=\"n2-ss-layers-container n2-ss-slide-limiter n2-ow\"><div class=\"n2-ss-layer n2-ow n-uc-TnTZiG6tCM4X\" data-sstype=\"slide\" data-pm=\"default\"><\/div><\/div><\/div><div data-slide-duration=\"0\" data-id=\"563\" data-slide-public-id=\"53\" aria-hidden=\"true\" data-title=\"Karte Erdgeschoss Berghaus Edelhirsch\" data-lightbox-image=\"\/\/berghaus-edelhirsch.com\/wp-content\/uploads\/2021\/02\/Plattegrond-begane-grond-Berghaus-Edelhirsch.jpg\" data-lightbox-alt=\"Karte Erdgeschoss Berghaus Edelhirsch\" class=\"n2-ss-slide  n2-ss-slide-563 n2-ow\"><div class=\"n2-ss-slide-background\" data-public-id=\"53\" data-mode=\"fill\"><div class=\"n2-ss-slide-background-image\" data-blur=\"0\" data-opacity=\"100\" data-x=\"50\" data-y=\"50\" data-alt=\"Karte Erdgeschoss Berghaus Edelhirsch\" data-title=\"\"><picture class=\"skip-lazy\" data-skip-lazy=\"1\"><img decoding=\"async\" src=\"\/\/berghaus-edelhirsch.com\/wp-content\/uploads\/2021\/02\/Plattegrond-begane-grond-Berghaus-Edelhirsch.jpg\" alt=\"Karte Erdgeschoss Berghaus Edelhirsch\" title=\"\" loading=\"lazy\" class=\"skip-lazy\" data-skip-lazy=\"1\"><\/picture><\/div><div data-color=\"RGBA(255,255,255,0)\" style=\"background-color: RGBA(255,255,255,0);\" class=\"n2-ss-slide-background-color\"><\/div><\/div><div role=\"note\" class=\"n2-ss-slide--focus\" tabindex=\"-1\">Karte Erdgeschoss Berghaus Edelhirsch<\/div><div class=\"n2-ss-layers-container n2-ss-slide-limiter n2-ow\"><div class=\"n2-ss-layer n2-ow n-uc-sQA2BsL3DXvI\" data-sstype=\"slide\" data-pm=\"default\"><\/div><\/div><\/div><div data-slide-duration=\"0\" data-id=\"565\" data-slide-public-id=\"54\" aria-hidden=\"true\" data-title=\"Grundriss 1. Stock Berghaus Edelhirsch\" data-lightbox-image=\"\/\/berghaus-edelhirsch.com\/wp-content\/uploads\/2021\/02\/Plattegrond-1e-verdieping-Berghaus-Edelhirsch.jpg\" data-lightbox-alt=\"Grundriss 1. Stock Berghaus Edelhirsch\" class=\"n2-ss-slide  n2-ss-slide-565 n2-ow\"><div class=\"n2-ss-slide-background\" data-public-id=\"54\" data-mode=\"fill\"><div class=\"n2-ss-slide-background-image\" data-blur=\"0\" data-opacity=\"100\" data-x=\"50\" data-y=\"50\" data-alt=\"Grundriss 1. Stock Berghaus Edelhirsch\" data-title=\"\"><picture class=\"skip-lazy\" data-skip-lazy=\"1\"><img decoding=\"async\" src=\"\/\/berghaus-edelhirsch.com\/wp-content\/uploads\/2021\/02\/Plattegrond-1e-verdieping-Berghaus-Edelhirsch.jpg\" alt=\"Grundriss 1. Stock Berghaus Edelhirsch\" title=\"\" loading=\"lazy\" class=\"skip-lazy\" data-skip-lazy=\"1\"><\/picture><\/div><div data-color=\"RGBA(255,255,255,0)\" style=\"background-color: RGBA(255,255,255,0);\" class=\"n2-ss-slide-background-color\"><\/div><\/div><div role=\"note\" class=\"n2-ss-slide--focus\" tabindex=\"-1\">Grundriss 1. Stock Berghaus Edelhirsch<\/div><div class=\"n2-ss-layers-container n2-ss-slide-limiter n2-ow\"><div class=\"n2-ss-layer n2-ow n-uc-h5HA7pMaYDsF\" data-sstype=\"slide\" data-pm=\"default\"><\/div><\/div><\/div><div data-slide-duration=\"0\" data-id=\"564\" data-slide-public-id=\"55\" aria-hidden=\"true\" data-title=\"Grundriss 2. Stock Berghaus Edelhirsch\" data-lightbox-image=\"\/\/berghaus-edelhirsch.com\/wp-content\/uploads\/2021\/02\/Plattegrond-2e-verdieping-Berghaus-Edelhirsch.jpg\" data-lightbox-alt=\"Grundriss 2. Stock Berghaus Edelhirsch\" class=\"n2-ss-slide  n2-ss-slide-564 n2-ow\"><div class=\"n2-ss-slide-background\" data-public-id=\"55\" data-mode=\"fill\"><div class=\"n2-ss-slide-background-image\" data-blur=\"0\" data-opacity=\"100\" data-x=\"50\" data-y=\"50\" data-alt=\"Grundriss 2. Stock Berghaus Edelhirsch\" data-title=\"\"><picture class=\"skip-lazy\" data-skip-lazy=\"1\"><img decoding=\"async\" src=\"\/\/berghaus-edelhirsch.com\/wp-content\/uploads\/2021\/02\/Plattegrond-2e-verdieping-Berghaus-Edelhirsch.jpg\" alt=\"Grundriss 2. Stock Berghaus Edelhirsch\" title=\"\" loading=\"lazy\" class=\"skip-lazy\" data-skip-lazy=\"1\"><\/picture><\/div><div data-color=\"RGBA(255,255,255,0)\" style=\"background-color: RGBA(255,255,255,0);\" class=\"n2-ss-slide-background-color\"><\/div><\/div><div role=\"note\" class=\"n2-ss-slide--focus\" tabindex=\"-1\">Grundriss 2. Stock Berghaus Edelhirsch<\/div><div class=\"n2-ss-layers-container n2-ss-slide-limiter n2-ow\"><div class=\"n2-ss-layer n2-ow n-uc-awYPL72aBC7Y\" data-sstype=\"slide\" data-pm=\"default\"><\/div><\/div><\/div><\/div>\n                    <\/div>\n                <\/div>\n                            <\/div>\n        <\/div>\n        <div class=\"n2-ss-slider-controls n2-ss-slider-controls-absolute-left-center\"><div style=\"--widget-offset:15px;\" class=\"n2-ss-widget nextend-arrow n2-ow-all nextend-arrow-previous  nextend-arrow-animated-fade\" data-hide-mobileportrait=\"1\" id=\"n2-ss-12-arrow-previous\" role=\"button\" aria-label=\"previous arrow\" tabindex=\"0\"><img loading=\"lazy\" decoding=\"async\" width=\"32\" height=\"32\" class=\"skip-lazy\" data-skip-lazy=\"1\" src=\"data:image\/svg+xml;base64,PHN2ZyB3aWR0aD0iMzIiIGhlaWdodD0iMzIiIHZpZXdCb3g9IjAgMCAzMiAzMiIgeG1sbnM9Imh0dHA6Ly93d3cudzMub3JnLzIwMDAvc3ZnIj4KICAgIDxwYXRoIGQ9Ik0xMS40MzMgMTUuOTkyTDIyLjY5IDUuNzEyYy4zOTMtLjM5LjM5My0xLjAzIDAtMS40Mi0uMzkzLS4zOS0xLjAzLS4zOS0xLjQyMyAwbC0xMS45OCAxMC45NGMtLjIxLjIxLS4zLjQ5LS4yODUuNzYtLjAxNS4yOC4wNzUuNTYuMjg0Ljc3bDExLjk4IDEwLjk0Yy4zOTMuMzkgMS4wMy4zOSAxLjQyNCAwIC4zOTMtLjQuMzkzLTEuMDMgMC0xLjQybC0xMS4yNTctMTAuMjkiCiAgICAgICAgICBmaWxsPSIjZmY4ZTY4IiBvcGFjaXR5PSIxIiBmaWxsLXJ1bGU9ImV2ZW5vZGQiLz4KPC9zdmc+\" alt=\"previous arrow\"><\/div><\/div><div class=\"n2-ss-slider-controls n2-ss-slider-controls-absolute-right-center\"><div style=\"--widget-offset:15px;\" class=\"n2-ss-widget nextend-arrow n2-ow-all nextend-arrow-next  nextend-arrow-animated-fade\" data-hide-mobileportrait=\"1\" id=\"n2-ss-12-arrow-next\" role=\"button\" aria-label=\"next arrow\" tabindex=\"0\"><img loading=\"lazy\" decoding=\"async\" width=\"32\" height=\"32\" class=\"skip-lazy\" data-skip-lazy=\"1\" src=\"data:image\/svg+xml;base64,PHN2ZyB3aWR0aD0iMzIiIGhlaWdodD0iMzIiIHZpZXdCb3g9IjAgMCAzMiAzMiIgeG1sbnM9Imh0dHA6Ly93d3cudzMub3JnLzIwMDAvc3ZnIj4KICAgIDxwYXRoIGQ9Ik0xMC43MjIgNC4yOTNjLS4zOTQtLjM5LTEuMDMyLS4zOS0xLjQyNyAwLS4zOTMuMzktLjM5MyAxLjAzIDAgMS40MmwxMS4yODMgMTAuMjgtMTEuMjgzIDEwLjI5Yy0uMzkzLjM5LS4zOTMgMS4wMiAwIDEuNDIuMzk1LjM5IDEuMDMzLjM5IDEuNDI3IDBsMTIuMDA3LTEwLjk0Yy4yMS0uMjEuMy0uNDkuMjg0LS43Ny4wMTQtLjI3LS4wNzYtLjU1LS4yODYtLjc2TDEwLjcyIDQuMjkzeiIKICAgICAgICAgIGZpbGw9IiNmZjhlNjgiIG9wYWNpdHk9IjEiIGZpbGwtcnVsZT0iZXZlbm9kZCIvPgo8L3N2Zz4=\" alt=\"next arrow\"><\/div><\/div><div class=\"n2-ss-slider-controls n2-ss-slider-controls-absolute-center-bottom\"><div style=\"--widget-offset:10px;\" class=\"n2-ss-widget n2-ss-control-bullet n2-ow-all n2-ss-control-bullet-horizontal\"><div class=\" nextend-bullet-bar n2-bar-justify-content-center\" role=\"group\" aria-label=\"Choose slide to display.\"><div class=\"n2-bullet n2-style-c12f302588813d34c0c5d9de2517a3ee-dot \" style=\"visibility:hidden;\"><\/div><\/div><\/div><\/div><\/div><\/div><ss3-loader><\/ss3-loader><\/div><\/div><div class=\"n2_clear\"><\/div><\/div>\n\n\n<p class=\"has-text-align-center\">Klicken Sie auf ein Bild, um eine Vergr\u00f6\u00dferung und die gesamte Serie anzuzeigen.<\/p>\n\n\n\n<div class=\"wp-block-group subject intro\"><div class=\"wp-block-group__inner-container is-layout-flow wp-block-group-is-layout-flow\">\n<h1 class=\"wp-block-heading\">Alles \u00fcber Berghaus Edelhirsch<\/h1>\n\n\n\n<p>Wir sind Coty und Jan van Rijssel, Eigent\u00fcmer des privates Ferienhauses Berghaus Edelhirsch im sonnigen und schneesicheren K\u00e4rnten am Dreil\u00e4ndereck \u00d6sterreich &#8211; Italien &#8211; Slowenien.<\/p>\n\n\n\n<figure class=\"wp-block-image size-large is-style-default\"><img loading=\"lazy\" decoding=\"async\" width=\"900\" height=\"589\" itemprop=\"image\" src=\"https:\/\/berghaus-edelhirsch.com\/wp-content\/uploads\/2021\/07\/Berghaus-Edelhirsch-en-de-Villacher-Alpenstrasse.jpg\" alt=\"Berghaus Edelhirsch und die Villacher Alpenstrasse\" class=\"wp-image-1841\" srcset=\"https:\/\/berghaus-edelhirsch.com\/wp-content\/uploads\/2021\/07\/Berghaus-Edelhirsch-en-de-Villacher-Alpenstrasse.jpg 900w, https:\/\/berghaus-edelhirsch.com\/wp-content\/uploads\/2021\/07\/Berghaus-Edelhirsch-en-de-Villacher-Alpenstrasse-300x196.jpg 300w, https:\/\/berghaus-edelhirsch.com\/wp-content\/uploads\/2021\/07\/Berghaus-Edelhirsch-en-de-Villacher-Alpenstrasse-768x503.jpg 768w\" sizes=\"auto, (max-width: 900px) 100vw, 900px\" \/><\/figure>\n\n\n\n<p>Unser ger\u00e4umiges Ferienhaus (120 Quadratmeter) liegt wundersch\u00f6n mit Blick auf zwei Bergketten: das Villacher Alpenmassiv und die Karawanken.<\/p>\n\n\n\n<p>Wir haben das Ferienhaus sehr komplett eingerichtet, mit vielen Extras, damit Sie nichts verpassen. Es wird mit Fu\u00dfbodenheizung und einem Holzofen f\u00fcr die Atmosph\u00e4re beheizt (freies Holz befindet sich an der Seite des Hauses), was eine angenehme W\u00e4rme spendet. Das Steinhaus ist traditionell \u00f6sterreichisch gebaut und daher gut isoliert, was im Winter zu W\u00e4rme und im Sommer zu K\u00e4lte f\u00fchrt. Das Haus ist zudem mit integrierten Rolll\u00e4den ausgestattet, sodass die Schlafzimmer gut abgedunkelt werden k\u00f6nnen.<\/p>\n\n\n\n<p>Im Wohnzimmer k\u00f6nnen Sie in der gem\u00fctlichen Sitzecke entspannen und es gibt einen 4K-Smart-TV mit Netflix und Canal Digital. Es gibt WiFi und kostenloses Internet im ganzen Haus. In den Schr\u00e4nken befinden sich Spiele, Puzzles, Duplo und anderes Spielzeug f\u00fcr die Kinder, und es gibt auch einen Schlitten.<\/p>\n\n\n\n<p>Die moderne K\u00fcche ist komplett ausgestattet: K\u00fchlschrank, Gefrierschrank, Backofen, Induktionsherd, Mikrowelle, Geschirrsp\u00fcler, Toaster, Nespresso sowie eine normale Kaffeemaschine und ein Wasserkocher. Es gibt einen Kinderstuhl f\u00fcr den Esstisch. <\/p>\n\n\n\n<p>Der gro\u00dfe Garten ist nach S\u00fcden ausgerichtet mit Schaukel und Sandkasten, der \u00fcberdacht werden kann und es gibt eine gro\u00dfe, teilweise \u00fcberdachte Terrasse mit holzbefeuertem Whirlpool zum Entspannen das ganze Jahr \u00fcber. Viel Platz zum Sitzen in der Sonne oder im Schatten, wenn es Sie zu hei\u00df wird. Abends k\u00f6nnen Sie im Garten grillen. Ein Carport mit Platz f\u00fcr Fahrr\u00e4der und ein Schuppen zur Aufbewahrung von Gartenm\u00f6beln und dergleichen. Neben der Haust\u00fcr befindet sich unter dem Carport ein beheizter Skiraum. Ihre Skischuhe warten am n\u00e4chsten Morgen sch\u00f6n trocken auf Sie! Es gibt auch eine Ladestation f\u00fcr Ihr Elektroauto.<\/p>\n\n\n\n<p>Im Flur finden Sie eine Toilette und daneben den Waschraum mit Waschmaschine \/ Trockner-Kombination, B\u00fcgeleisen, B\u00fcgelbrett und Staubsauger.<\/p>\n\n\n\n<p>Im ersten Stock befinden sich zwei gro\u00dfe Schlafzimmer:<\/p>\n\n\n\n<ul class=\"wp-block-list\">\n<li>Schlafzimmer 1: einem doppelten Boxspringbett + ein Babybett (das Balkonzimmer).<\/li>\n\n\n\n<li>Schlafzimmer 2: einem doppelten Boxspringbett + ein Einzelbett mit einseitig arretierbaren hohen Seiten, ideal f\u00fcr kleinere (und \u00e4ltere) Kinder).<\/li>\n<\/ul>\n\n\n\n<p>Und zwei Badezimmer (eines davon en suite) mit jeweils einer wunderbaren Regendusche, einem Waschbecken und einer Toilette, und einen gro\u00dfen, wunderbar sonnigen Balkon (2,5 x 8,5 Meter).<\/p>\n\n\n\n<p>Es gibt auch ein ausklappbares Kinderbett f\u00fcr Ihr Baby oder Kleinkind.<\/p>\n\n\n\n<p>Eine leicht zug\u00e4ngliche und robuste feste Treppe f\u00fchrt Sie in den zweiten Stock, wo sich ein drittes, ger\u00e4umiges, voll m\u00f6bliertes Schlafzimmer mit drei einzelnen Boxspringbetten befindet.<\/p>\n\n\n\n<p>Bei der Buchung k\u00f6nnen Sie angeben, ob Sie Badw\u00e4sche oder Bettw\u00e4sche verwenden m\u00f6chten und ob die Betten vor Ihrer Ankunft hergestellt werden sollen.<\/p>\n\n\n\n<p>Kurz gesagt, es wird Ihnen nichts fehlen. Wir w\u00fcrden uns freuen, Sie in unserer Ferienvilla an diesem wundersch\u00f6nen Ort begr\u00fc\u00dfen zu d\u00fcrfen!<\/p>\n\n\n\n<div class=\"wp-block-buttons is-layout-flex wp-block-buttons-is-layout-flex\">\n<div class=\"wp-block-button\"><a class=\"wp-block-button__link wp-element-button\" href=\"https:\/\/berghaus-edelhirsch.com\/de\/buchen-sie-ihr-ferienhaus-in-kaernten\/\">Buchen Sie direkt<\/a><\/div>\n<\/div>\n<\/div><\/div>\n","protected":false},"excerpt":{"rendered":"Klicken Sie auf ein Bild, um eine Vergr\u00f6\u00dferung und die gesamte Serie anzuzeigen. Alles \u00fcber Berghaus Edelhirsch Wir sind Coty und Jan van Rijssel, Eigent\u00fcmer des privates Ferienhauses Berghaus Edelhirsch im sonnigen und schneesicheren K\u00e4rnten am Dreil\u00e4ndereck \u00d6sterreich &#8211; Italien &#8211; Slowenien. Unser ger\u00e4umiges Ferienhaus (120 Quadratmeter) liegt wundersch\u00f6n mit Blick auf zwei Bergketten: das&#8230; <a class=\"view-article\" href=\"https:\/\/berghaus-edelhirsch.com\/de\/berghaus-edelhirsch-ferienhaus-in-kaernten\/\">\u279c Weiter lesen<\/a>","protected":false},"author":2,"featured_media":0,"parent":0,"menu_order":0,"comment_status":"closed","ping_status":"open","template":"","meta":{"_seopress_robots_primary_cat":"","_seopress_titles_title":"\u00dcber unser Ferienhaus in K\u00e4rnten \u2600 Berghaus Edelhirsch","_seopress_titles_desc":"Alles, was Sie wissen m\u00f6chten \u00fcber unser privates Ferienhaus in K\u00e4rnten, sch\u00f6n im Winter und Sommer. Buchen Sie jetzt Ihren unvergesslichen Urlaub in \u00d6sterreich!","_seopress_robots_index":"","footnotes":""},"class_list":["post-661","page","type-page","status-publish","hentry"],"_links":{"self":[{"href":"https:\/\/berghaus-edelhirsch.com\/de\/wp-json\/wp\/v2\/pages\/661","targetHints":{"allow":["GET"]}}],"collection":[{"href":"https:\/\/berghaus-edelhirsch.com\/de\/wp-json\/wp\/v2\/pages"}],"about":[{"href":"https:\/\/berghaus-edelhirsch.com\/de\/wp-json\/wp\/v2\/types\/page"}],"author":[{"embeddable":true,"href":"https:\/\/berghaus-edelhirsch.com\/de\/wp-json\/wp\/v2\/users\/2"}],"replies":[{"embeddable":true,"href":"https:\/\/berghaus-edelhirsch.com\/de\/wp-json\/wp\/v2\/comments?post=661"}],"version-history":[{"count":13,"href":"https:\/\/berghaus-edelhirsch.com\/de\/wp-json\/wp\/v2\/pages\/661\/revisions"}],"predecessor-version":[{"id":1954,"href":"https:\/\/berghaus-edelhirsch.com\/de\/wp-json\/wp\/v2\/pages\/661\/revisions\/1954"}],"wp:attachment":[{"href":"https:\/\/berghaus-edelhirsch.com\/de\/wp-json\/wp\/v2\/media?parent=661"}],"curies":[{"name":"wp","href":"https:\/\/api.w.org\/{rel}","templated":true}]}}